{"id":981,"date":"2025-02-03T17:37:03","date_gmt":"2025-02-03T17:37:03","guid":{"rendered":"https:\/\/www.kadindostumarkalar.org\/yazilar\/kariyer-basamaklari\/ozge-doner-avsar-pluxee-turkiye-cfo-su-oldu"},"modified":"2025-02-03T17:38:31","modified_gmt":"2025-02-03T17:38:31","slug":"ozge-doner-avsar-pluxee-turkiye-cfo-su-oldu","status":"publish","type":"page","link":"","title":{"rendered":"\u00d6zge D\u00f6ner Av\u015far Pluxee T\u00fcrkiye CFO’su Oldu"},"content":{"rendered":"Pluxee T\u00fcrkiye’de yap\u0131lan \u00fcst d\u00fczey atamayla \u015firketin &nbsp;yeni CFO’su \u00d6zge D\u00f6ner Av\u015far oldu.   Pluxee T\u00fcrkiye ’de yap\u0131lan \u00fcst d\u00fczey ataman\u0131n ard\u0131ndan CFO pozisyonuna mali i\u015fler, kurumsal finans ve stratejik planlama alanlar\u0131nda deneyimli bir isim olan \u00d6zge D\u00f6ner Av\u015far  getirildi. \u00d6zge D\u00f6ner Av\u015far, Pluxee T\u00fcrkiye’deki yeni g\u00f6revinde \u015firketin mali ve finansal konulardaki stratejilerine liderlik ederek organizasyonun s\u00fcrd\u00fcr\u00fclebilir b\u00fcy\u00fcmesine destek olmay\u0131 hedefliyor. \u0130\u015f hayat\u0131na 2001 y\u0131l\u0131nda Do\u011fu\u015f Holding ’de denet\u00e7i olarak ad\u0131m atan D\u00f6ner Av\u015far, 2005 y\u0131l\u0131nda Do\u011fu\u015f Otomotiv ’de Kontrol M\u00fcd\u00fcr\u00fc olarak kariyerine devam etti. Ard\u0131ndan, Do\u011fu\u015f Yay\u0131n Grubu  b\u00fcnyesinde 7 y\u0131l boyunca Finans Direkt\u00f6r\u00fc ve CFO g\u00f6revlerini \u00fcstlenerek \u00f6nemli ba\u015far\u0131lara imza att\u0131. 2016 y\u0131l\u0131nda teknoloji sekt\u00f6r\u00fcne ge\u00e7i\u015f yaparak Do\u011fu\u015f Teknoloji ’de Mali \u0130\u015fler ve \u0130\u015f Geli\u015ftirme b\u00f6l\u00fcmlerinden sorumlu Genel M\u00fcd\u00fcr Yard\u0131mc\u0131s\u0131 olarak \u00e7al\u0131\u015fmalar\u0131n\u0131 s\u00fcrd\u00fcren D\u00f6ner Av\u015far, 2024’te PayTR ’\u0131n y\u00f6netim kadrosunda yer alarak \u00f6deme sistemleri ve fintek alan\u0131nda deneyimlerini zenginle\u015ftirdi. ","protected":false},"author":1,"featured_media":0,"parent":981,"menu_order":0,"comment_status":"open","ping_status":"closed","template":"","meta":{"_links_to":"https:\/\/www.kadindostumarkalar.org\/yazilar\/kariyer-basamaklari\/ozge-doner-avsar-pluxee-turkiye-cfo-su-oldu","_links_to_target":"https:\/\/www.kadindostumarkalar.org\/yazilar\/kariyer-basamaklari\/ozge-doner-avsar-pluxee-turkiye-cfo-su-oldu"},"_links":{"self":[{"href":"https:\/\/www.kadindostumarkalar.org\/yazilar\/kariyer-basamaklari\/ozge-doner-avsar-pluxee-turkiye-cfo-su-oldu"}],"collection":[{"href":"urlver"}],"about":[{"href":""}],"author":[{"embeddable":true,"href":"https:\/\/www.kadindostumarkalar.org\/yazilar\/kariyer-basamaklari\/ozge-doner-avsar-pluxee-turkiye-cfo-su-oldu"}],"replies":[{"embeddable":true,"href":"https:\/\/www.kadindostumarkalar.org\/yazilar\/kariyer-basamaklari\/ozge-doner-avsar-pluxee-turkiye-cfo-su-oldu"}],"version-history":[{"count":819,"href":"https:\/\/www.kadindostumarkalar.org\/yazilar\/kariyer-basamaklari\/ozge-doner-avsar-pluxee-turkiye-cfo-su-oldu"}],"predecessor-version":[{"id":981,"href":"https:\/\/www.kadindostumarkalar.org\/yazilar\/kariyer-basamaklari\/ozge-doner-avsar-pluxee-turkiye-cfo-su-oldu"}],"up":[{"embeddable":true,"href":"https:\/\/www.kadindostumarkalar.org\/yazilar\/kariyer-basamaklari\/ozge-doner-avsar-pluxee-turkiye-cfo-su-oldu"}],"wp:attachment":[{"href":"https:\/\/www.kadindostumarkalar.org\/img\/blog\/ozge-doner-avsar-pluxee-turkiye-cfo-su-oldu-0-46390.jpg"}],"curies":[{"name":".Net","href":"https:\/\/api.w.org\/{rel}","templated":true}]}}