{"id":561,"date":"2023-01-12T10:42:14","date_gmt":"2023-01-12T10:42:14","guid":{"rendered":"https:\/\/www.kadindostumarkalar.org\/yazilar\/gida\/patiswissten-kadinlara-destek"},"modified":"2023-01-12T10:43:24","modified_gmt":"2023-01-12T10:43:24","slug":"patiswissten-kadinlara-destek","status":"publish","type":"page","link":"","title":{"rendered":"PAT\u0130SW\u0130SS’TEN KADINLARA DESTEK"},"content":{"rendered":"CEO’su ve \u00e7al\u0131\u015fanlar\u0131n\u0131n y\u00fczde 70’i kad\u0131n olan Patiswiss \u00c7ikolata, hem kad\u0131n istihdam\u0131n\u0131 art\u0131r\u0131yor hem de kad\u0131nlara y\u00f6nelik projelerle fark yarat\u0131yor.  Ankara'da 200 metrekarelik bir pastaneyi sat\u0131n alarak 30 bin metrekarelik \u00e7ikolata devine d\u00f6n\u00fc\u015ft\u00fcren Patiswiss \u00c7ikolata  Ceosu Elif Asl\u0131 Y\u0131ld\u0131z , 20 \u00fclkeye ihracat yap\u0131yor. Firma, talebe yeti\u015fmek i\u00e7in 4. fabrikas\u0131n\u0131 a\u00e7t\u0131. \u015eu anda y\u00fczde 70'i kad\u0131nlardan olu\u015fan 700 \u00e7al\u0131\u015fan\u0131yla 10 bin ton \u00fcretim yapt\u0131klar\u0131n\u0131 belirten Y\u0131ld\u0131z “\u00dcretimimizin y\u00fczde 10'unu ABD, Rusya, \u0130ngiltere  ba\u015fta olmak \u00fczere 20 \u00fclkeye ihra\u00e7 ediyoruz. Y\u0131l\u0131 250 milyon TL ciroyla kapat\u0131yoruz. Gelecek y\u0131l hedefimiz bu say\u0131y\u0131 500 milyon TL \u00e7\u0131karmak. Bunlar\u0131 yaparken kad\u0131nlara y\u00f6nelik bir\u00e7ok proje de y\u00fcr\u00fct\u00fcyoruz. EQUALITY  isimli projeyle yard\u0131ma muhta\u00e7 kad\u0131nlara destek oluyoruz.&nbsp; Bu projeyle \u015firketimizde sadece kad\u0131n \u00e7al\u0131\u015fanlar\u0131n \u00fcretti\u011fi portakal kapl\u0131 \u00e7ikolatalar\u0131m\u0131zdan elde edilen geliri Mor \u00c7at\u0131'ya ba\u011f\u0131\u015fl\u0131yoruz. B\u00f6ylece kad\u0131nlardan kad\u0131nlara destek vermi\u015f oluyoruz” dedi. Y\u0131ld\u0131z, \u0130svi\u00e7re ’den getirdikleri hammaddeler ile bir ilki de ba\u015fard\u0131klar\u0131na dikkat \u00e7ekerek “Patiswiss duru\u015funa \u00e7ok yak\u0131\u015f\u0131r yeni bir d\u00f6neme ge\u00e7ti. T\u00fcrkiye’de bir ilki yaparak yeni bir s\u0131n\u0131r\u0131 daha kendisi belirledi. Patiswiss art\u0131k fairtrade  belgeli \u00e7ikolatalar \u00fcretecek. Peki nedir bu adil ticaret? \u00dcreticilerin ya\u015fam standartlar\u0131n\u0131n ve kalitelerinin iyile\u015ftirilmesi, D\u00fcnya ticaretinde dezavantajl\u0131 durumda olan \u00fcreticilere kalk\u0131nma olana\u011f\u0131 sa\u011flanmas\u0131 ve bunlara ek olarak kad\u0131nlar\u0131n daha aktif ve e\u015fit \u015fartlarda  \u00e7al\u0131\u015fmas\u0131 ve \u00e7ocuk i\u015f\u00e7i  \u00e7al\u0131\u015ft\u0131r\u0131lmamas\u0131; e\u011fitim imkanlar\u0131 sa\u011flanmas\u0131 gibi \u00e7ok ciddi maddeler i\u00e7eren s\u00fcrd\u00fcr\u00fclebilirli\u011fi temel alan bir uygulama. Patiswiss’in 2024 hedeflerinde ise tamamen geri d\u00f6n\u00fc\u015ft\u00fcr\u00fclebilir  ambalajlara ge\u00e7i\u015f yaparak yeni \u00fcr\u00fcnler tasarlamak bulunuyor” ifadelerini kulland\u0131. Patiswiss’in ba\u015far\u0131s\u0131 bir\u00e7ok alanda da tescilleniyor. Son olarak T\u00fcrkiye Odalar ve Borsalar Birli\u011fi (TOBB ) ve T\u00fcrkiye Ekonomi Politikalar\u0131 Ara\u015ft\u0131rma Vakf\u0131  i\u015f birli\u011finde d\u00fczenlenen T\u00fcrkiye'nin Giri\u015fimci Kad\u0131n G\u00fcc\u00fc  Yar\u0131\u015fmas\u0131 \u00d6d\u00fclleri’nde, Patiswiss \u00c7ikolata, Kad\u0131n İstihdam\u0131n\u0131 En Çok Art\u0131ran Şirket olurken Elif Asl\u0131 Y\u0131ld\u0131z da ‘En H\u0131zl\u0131 Büyüyen Kad\u0131n Girişimci ’ \u00f6d\u00fcl\u00fcn\u00fc ald\u0131. ","protected":false},"author":1,"featured_media":0,"parent":561,"menu_order":0,"comment_status":"open","ping_status":"closed","template":"","meta":{"_links_to":"https:\/\/www.kadindostumarkalar.org\/yazilar\/gida\/patiswissten-kadinlara-destek","_links_to_target":"https:\/\/www.kadindostumarkalar.org\/yazilar\/gida\/patiswissten-kadinlara-destek"},"_links":{"self":[{"href":"https:\/\/www.kadindostumarkalar.org\/yazilar\/gida\/patiswissten-kadinlara-destek"}],"collection":[{"href":"urlver"}],"about":[{"href":""}],"author":[{"embeddable":true,"href":"https:\/\/www.kadindostumarkalar.org\/yazilar\/gida\/patiswissten-kadinlara-destek"}],"replies":[{"embeddable":true,"href":"https:\/\/www.kadindostumarkalar.org\/yazilar\/gida\/patiswissten-kadinlara-destek"}],"version-history":[{"count":2436,"href":"https:\/\/www.kadindostumarkalar.org\/yazilar\/gida\/patiswissten-kadinlara-destek"}],"predecessor-version":[{"id":561,"href":"https:\/\/www.kadindostumarkalar.org\/yazilar\/gida\/patiswissten-kadinlara-destek"}],"up":[{"embeddable":true,"href":"https:\/\/www.kadindostumarkalar.org\/yazilar\/gida\/patiswissten-kadinlara-destek"}],"wp:attachment":[{"href":"https:\/\/www.kadindostumarkalar.org\/img\/blog\/patiswissten-kadinlara-destek-0-6309.jpg"}],"curies":[{"name":".Net","href":"https:\/\/api.w.org\/{rel}","templated":true}]}}