{"id":86,"date":"2022-03-12T00:00:00","date_gmt":"2022-03-12T00:00:00","guid":{"rendered":"https:\/\/www.kadindostumarkalar.org\/yazilar\/icecek\/pepsico-bilim-kizlari-akademisi-stem-alaninda-egitim-goren-kiz-ogrencileri-destekliyor"},"modified":"2022-05-31T03:58:03","modified_gmt":"2022-05-31T03:58:03","slug":"pepsico-bilim-kizlari-akademisi-stem-alaninda-egitim-goren-kiz-ogrencileri-destekliyor","status":"publish","type":"page","link":"","title":{"rendered":"“PEPSICO B\u0130L\u0130M KIZLARI AKADEM\u0130S\u0130” STEM ALANINDA E\u011e\u0130T\u0130M G\u00d6REN KIZ \u00d6\u011eRENC\u0130LER\u0130 DESTEKL\u0130YOR"},"content":{"rendered":"PepsiCo, daha s\u00fcrd\u00fcr\u00fclebilir bir ya\u015fam i\u00e7in hayata ge\u00e7irdi\u011fi pep+ stratejisi do\u011frultusunda, S\u00fcrd\u00fcr\u00fclebilir Kalk\u0131nma Ama\u00e7lar\u0131’n\u0131n ger\u00e7ekle\u015fmesine katk\u0131 sa\u011flayacak de\u011fer yaratan projeler \u00fcretmeye devam ediyor.   D\u00fcnyan\u0131n \u00f6nde gelen yiyecek ve i\u00e7ecek \u015firketlerinden PepsiCo, pep+ stratejisi do\u011frultusunda toplumsal cinsiyet e\u015fitli\u011fi ve nitelikli e\u011fitim ba\u015fl\u0131klar\u0131 alt\u0131nda de\u011fer yaratan projeler \u00fcretmeye devam ediyor. PepsiCo, pep+ stratejisi  do\u011frultusunda \u00e7e\u015fitlili\u011fi , e\u015fitli\u011fi  ve kapsay\u0131c\u0131l\u0131\u011f\u0131  geli\u015ftirerek daha iyi bir d\u00fcnya in\u015fa etmek \u00fczere k\u00fcresel ama\u00e7lar do\u011frultusunda bug\u00fcne kadar 71 \u00fclkede toplumsal cinsiyet e\u015fitli\u011fi  giri\u015fimlerini hayata ge\u00e7irdi. PepsiCo Bilim K\u0131zlar\u0131 Akademisi Projesi ile \u00f6nemli bir k\u00fcresel meselenin \u00e7\u00f6z\u00fcm\u00fcne katk\u0131da bulunmay\u0131 hedefliyor. Proje ile bilim, teknoloji, matematik ve m\u00fchendislik (STEM) alanlar\u0131nda k\u0131z \u00e7ocuklar\u0131 n\u0131n daha fazla yer almas\u0131 i\u00e7in fark\u0131ndal\u0131k yarat\u0131larak STEM  alanlar\u0131na kat\u0131l\u0131mda olu\u015fan toplumsal cinsiyet a\u00e7\u0131\u011f\u0131n\u0131n kapanmas\u0131na katk\u0131 sa\u011flanmas\u0131 ama\u00e7lan\u0131yor.  PepsiCo Bilim K\u0131zlar\u0131 Akademisi Projesi ile 200 k\u0131z \u00f6\u011frenciye TEV \u00fczerinden burs verilmesi sa\u011flanacak. Ayn\u0131 zamanda da bilim, teknoloji, matematik ve m\u00fchendislik (STEM) alanlar\u0131nda k\u0131z \u00f6\u011frencilere, e\u011fitimden, mentorlu\u011fa, seminerlerden panellere kadar uzanan bir\u00e7ok ba\u015fl\u0131kta destek verilecek.  STEM e\u011fitimine e\u015fit eri\u015fimin, refah\u0131n e\u015fit payla\u015f\u0131m\u0131 ve yoksullu\u011fun azalt\u0131lmas\u0131 a\u00e7\u0131s\u0131ndan \u00e7ok kritik bir \u00f6nem ta\u015f\u0131d\u0131\u011f\u0131na dikkat \u00e7eken,  PepsiCo  Genel M\u00fcd\u00fcr\u00fc Ece Aksel ; PepsiCo Bilim K\u0131zlar\u0131 Akademisi projesinin temelinde PepsiCo’nun global s\u00fcrd\u00fcr\u00fclebilirlik yakla\u015f\u0131m\u0131 \u00e7er\u00e7evesinde olu\u015fturulan PepsiCo Pozitif Stratejisi’nin yer ald\u0131\u011f\u0131n\u0131 ifade etti.  U\u00e7tan uca bir d\u00f6n\u00fc\u015f\u00fcm stratejisi olan pep+ kapsam\u0131ndaki taahh\u00fctlerini olu\u015ftururken Birle\u015fmi\u015f Milletler S\u00fcrd\u00fcr\u00fclebilir Kalk\u0131nma Ama\u00e7lar\u0131’n\u0131n bir\u00e7ok ba\u015fl\u0131\u011f\u0131n\u0131 rehber ald\u0131klar\u0131n\u0131 ve bu ba\u015fl\u0131klar alt\u0131nda \u00e7al\u0131\u015fmalar y\u00fcr\u00fctt\u00fcklerini belirten Aksel, \u00f6zellikle Toplumsal Cinsiyet E\u015fitli\u011fi ve Nitelikli E\u011fitim ba\u015fl\u0131klar\u0131 alt\u0131nda uzun y\u0131llard\u0131r de\u011fer yaratan projeleri hayata ge\u00e7irdiklerini dile getirdi. Aksel, “Bu kapsamda odakland\u0131\u011f\u0131m\u0131z en yeni projelerden biri de bilim, teknoloji, matematik ve m\u00fchendislik (STEM) alan\u0131ndaki PepsiCo Bilim K\u0131zlar\u0131 Akademisi. UNESCO’nun 2021 Bilim Raporu’na g\u00f6re d\u00fcnya \u00e7ap\u0131nda STEM alan\u0131n\u0131 se\u00e7en kad\u0131nlar\u0131n oran\u0131 sadece %33 ve bu oran ger\u00e7ekten \u00e7ok d\u00fc\u015f\u00fck. STEM e\u011fitimine e\u015fit eri\u015fim; refah\u0131n e\u015fit payla\u015f\u0131m\u0131 ve yoksullu\u011fun azalt\u0131lmas\u0131 a\u00e7\u0131s\u0131ndan \u00e7ok kritik bir \u00f6nem ta\u015f\u0131yor ve bu konuda kad\u0131nlara y\u00f6nelik e\u015fitsizlikleri ortadan kald\u0131rmadan bunu ba\u015faramay\u0131z” dedi.  “K\u0131z \u00e7ocuklar\u0131n STEM alanlar\u0131na uygun olmad\u0131klar\u0131na ili\u015fkin olumsuz \u00f6n yarg\u0131lar\u0131n \u00f6n\u00fcne ge\u00e7memiz gerekiyor.   &#8220;STEM alanlar\u0131na kad\u0131nlar\u0131n kat\u0131l\u0131m\u0131n\u0131n d\u00fc\u015f\u00fckl\u00fc\u011f\u00fc genelde k\u0131z \u00e7ocuklar\u0131n\u0131n bu alanlara ilgi ve yeteneklerinin olmad\u0131\u011f\u0131 \u015feklinde a\u00e7\u0131klan\u0131rken istatistiklerin bunun tersini s\u00f6yledi\u011fine dile getiren Ece Aksel,   UNDP ’nin verilerine g\u00f6re T\u00fcrkiye’de STEM alanlar\u0131ndan mezun olanlar aras\u0131nda kad\u0131nlar\u0131n oran\u0131n\u0131n %34,7 oldu\u011funu bildirdi. \u00dcniversite yerle\u015ftirmelerinde ilk 1000’de yer alan say\u0131sal b\u00f6l\u00fcm \u00f6\u011frencileri i\u00e7erisinde STEM alanlar\u0131na yerle\u015fme oran\u0131n\u0131n erkeklerde %81,3, k\u0131zlarda ise yaln\u0131zca %18,6 civar\u0131nda oldu\u011fu bilgisini veren Aksel, “Rakamlar\u0131n \u00f6tesinde kad\u0131nlar\u0131n bu alanlarda kariyer tercihi yap(a)mamalar\u0131n\u0131n nedenlerini anlamak, alandaki toplumsal cinsiyet e\u015fitsizli\u011fini ortadan kald\u0131rmam\u0131z i\u00e7in bize bir yol haritas\u0131 olu\u015fturacakt\u0131r. Bug\u00fcn hala toplumda ‘k\u0131z \u00e7ocuklar\u0131n STEM alanlar\u0131na uygun olmad\u0131klar\u0131na’ ili\u015fkin olumsuz \u00f6n yarg\u0131lar var. \u00d6zellikle bu konudaki \u00f6n yarg\u0131lar\u0131n \u00f6n\u00fcne ge\u00e7menin \u00e7ok kritik oldu\u011funu anlamam\u0131z gerekiyor’’ diye konu\u015ftu. “Bu proje STEM alan\u0131nda e\u011fitim g\u00f6ren k\u0131z \u00f6\u011frencilerimize,  organizasyonumuzun bir par\u00e7as\u0131 olma yolunda ilk ad\u0131mlar\u0131n\u0131 atma f\u0131rsat\u0131 yaratacak”   PepsiCo’nun bug\u00fcne kadar  “K\u0131zlar\u0131m\u0131z Okuyor, I\u015f\u0131k Sa\u00e7\u0131yor ” ve Milyon Kad\u0131na Mentor Hareketi  ile gen\u00e7lerin nitelikli e\u011fitime eri\u015fimi ve bu konudaki cinsiyet a\u00e7\u0131\u011f\u0131n\u0131n azalt\u0131lmas\u0131na y\u00f6nelik \u00e7ok \u00f6nemli projeleri hayat ge\u00e7irdi\u011fini belirten Ece Aksel, bu projelerden edinilen say\u0131s\u0131z i\u00e7 g\u00f6r\u00fc ile olu\u015fturulan PepsiCo Bilim K\u0131zlar\u0131 Akademisi Projesi’nin de STEM alan\u0131nda \u00e7ok \u00f6nemli bir proje olaca\u011f\u0131n\u0131 dile getirdi. Aksel s\u00f6zlerini \u015f\u00f6yle s\u00fcrd\u00fcrd\u00fc: PepsiCo Bilim K\u0131zlar\u0131 Akademisi’nin sadece bir burs program\u0131 olmamas\u0131 i\u00e7in ortak ak\u0131l, \u00fcst ak\u0131l akl\u0131m\u0131za gelen herkese dan\u0131\u015ft\u0131k. Gen\u00e7 k\u0131zlar\u0131m\u0131zla bulu\u015ftuk, onlar\u0131n hayallerini, endi\u015felerini, kayg\u0131, korku ve ideallerini dinledik, hayatlar\u0131m\u0131z\u0131 payla\u015fmaya ba\u015flad\u0131k. O y\u00fczden bu proje sadece STEM alan\u0131nda e\u011fitim g\u00f6ren k\u0131z \u00f6\u011frencilerimize maddi ve akademik projeden ziyade, PepsiCo i\u00e7inde ya\u015fayan ve geli\u015fen, organizasyonumuzun bir par\u00e7as\u0131 olma yolunda ilk ad\u0131mlar\u0131n\u0131 att\u0131. Bug\u00fcne kadar toplumsal cinsiyet e\u015fitli\u011fi odakl\u0131 global ve lokal t\u00fcm \u00e7al\u0131\u015fmalar\u0131m\u0131zla sa\u011flad\u0131\u011f\u0131m\u0131z bilgi birikimimizi PepsiCo Bilim Akademisi K\u0131zlar\u0131 projesine ta\u015f\u0131d\u0131k” dedi.  “200 k\u0131z \u00f6\u011frenciye TEV vas\u0131tas\u0131yla burs verilmesi sa\u011flanacak   Proje \u00e7er\u00e7evesinde k\u0131z \u00f6\u011frencileri destekleyecek bir\u00e7ok \u00f6nemli ad\u0131m atacaklar\u0131n\u0131 dile getiren Ece Aksel, proje ile birlikte, STEM alan\u0131ndaki b\u00f6l\u00fcmlerde \u00fcniversitede okuyan 200 k\u0131z \u00f6\u011frenciye TEV \u00fczerinden burs verilmesini sa\u011flayacaklar\u0131n\u0131 kaydetti. K\u0131z \u00f6\u011frencilerin TEV’in \u00e7e\u015fitli e\u011fitim programlar\u0131na da dahil olacaklar\u0131n\u0131 ayr\u0131ca 200 bursiyere Milyon Kad\u0131na Mentor projesi \u00fczerinden de mentorluk hizmeti verilmesini sa\u011flayacaklar\u0131n\u0131 belirten Aksel s\u00f6zlerine \u015fu \u015fekilde devam etti: “Ayn\u0131 zamanda k\u0131zlar\u0131m\u0131z\u0131n e\u011fitimleri, geli\u015fimlerini ve kariyerlerini desteklemek i\u00e7in \u00fclkemizde e\u011fitim alan\u0131nda uzun zamand\u0131r emek veren baz\u0131 yol arkada\u015flar\u0131m\u0131zla projemizi g\u00fc\u00e7lendirdik. Bilimin geni\u015f kitlelere ula\u015fmas\u0131 i\u00e7in \u00e7al\u0131\u015fmalar\u0131 olan ve \u00e7ocuklar i\u00e7in oyunlarla matematik akademisinin kurucusu Can G\u00fcrses  projemize dahil oldu. Bilimde m\u00fckemmeliyetin, bilimsel y\u00f6ntem, gelenek ve usullerin, bilimsel \u00f6zg\u00fcrl\u00fck, d\u00fcr\u00fcstl\u00fc\u011f\u00fcn tan\u0131t\u0131lmas\u0131 ve korunmas\u0131 i\u00e7in \u00e7al\u0131\u015fmalar\u0131n\u0131 s\u00fcrd\u00fcren Bilim Akademisi de bu projede bizimle olacak. Karadelikler , n\u00f6tron y\u0131ld\u0131zlar\u0131  ve teorik astrofizik  konusundaki ara\u015ft\u0131rmalar\u0131 ile d\u00fcnya \u00e7ap\u0131nda ses getiren bilim kad\u0131n\u0131 Feryal \u00d6zel  ile projeyi geli\u015ftirmek \u00f6zelinde i\u015fbirli\u011fi i\u00e7inde olaca\u011f\u0131z. Can G\u00fcrses, Bilim Akademisi hocalar\u0131 ve farkl\u0131 e\u011fitim \u015firketlerinin kat\u0131l\u0131m\u0131 ile 200 k\u0131z\u0131m\u0131z\u0131n akademik, sosyal beceriler konusunda geli\u015fimlerine nas\u0131l katk\u0131da bulunaca\u011f\u0131m\u0131z\u0131 irdeledi\u011fimiz toplant\u0131lar d\u00fczenliyor, k\u0131zlar\u0131nda kat\u0131ld\u0131klar\u0131, ihtiya\u00e7 ve beklentilerini ifade ettikleri toplant\u0131lar ger\u00e7ekle\u015ftirmeye ba\u015flad\u0131k. T\u00fcm bunlar \u0131\u015f\u0131\u011f\u0131nda, akademik takvim d\u0131\u015f\u0131nda bir e\u011fitim ve geli\u015fim takvimi ile onlarca e\u011fitim, panel, seminer serimiz bu d\u00f6nemde aktive edilecek. Bunun yan\u0131nda ‘Kariyer sahibi STEM profesyonelleri’ serimiz ile bursiyer \u00f6\u011frencilerimizi alan\u0131nda uzman bir\u00e7ok k\u0131ymetli bilim insan\u0131 ile de bulu\u015fturaca\u011f\u0131z.” “Stajyerlerimizin y\u00fczde 30’unu STEM bursiyerlerimiz aras\u0131ndan se\u00e7ece\u011fiz”  Projeye dahil olan k\u0131zlar\u0131n PepsiCo organizasyonun bir par\u00e7as\u0131 olmalar\u0131 i\u00e7in \u00f6zel bir \u00e7aba g\u00f6sterdiklerini dile getiren Ece Aksel, “Proje kapsam\u0131nda\u0130kinci ve \u00fc\u00e7\u00fcnc\u00fc s\u0131n\u0131fta okuyan ve zorunlu staj\u0131 olan \u00f6\u011frencilerimizin tamam\u0131n\u0131 \u015firket stajyer m\u00fclakatlar\u0131nda ba\u015fvurduklar\u0131 b\u00f6l\u00fcm i\u00e7in k\u0131sa listeye alaca\u011f\u0131z ve m\u00fclakat \u015fans\u0131 verece\u011fiz. Gelen geri bildirimler do\u011frultusunda PepsiCo T\u00fcrkiye olarak stajyerlerimizin y\u00fczde 30’unu STEM bursiyerlerimiz aras\u0131ndan se\u00e7ece\u011fiz. Mezun olan bursiyerlerimiz ilk sene ba\u015fvurduklar\u0131 PepsiCo pozisyonu i\u00e7in k\u0131sa listeye al\u0131narak, mutlaka m\u00fclakat deneyimi elde edecek, kendilerine yap\u0131c\u0131 geri bildirim verilecek.  \u0130htiya\u00e7lar\u0131na g\u00f6re \u015firket i\u00e7i s\u0131n\u0131f e\u011fitimlerimizden da yararlanabilecekler” diye konu\u015ftu. Ba\u015far\u0131 ve ihtiyaca f\u0131rsat e\u015fitli\u011fi  K\u0131z \u00f6\u011frencilerin e\u011fitimde, i\u015f ve sosyal hayatta belirli kal\u0131plara y\u00f6nlendiren \u00f6n yarg\u0131lar oldu\u011funu belirten TEV  Genel M\u00fcd\u00fcr\u00fc Banu Ta\u015fk\u0131n , T\u00fcrk E\u011fitim Vakf\u0131 olarak geleneksel kal\u0131p yarg\u0131lar\u0131 ortadan kald\u0131rman\u0131n yan\u0131 s\u0131ra e\u015fitli\u011fi te\u015fvik etme konusunda her d\u00f6nem ve her \u015fartta \u00fcstlerine d\u00fc\u015fen g\u00f6revleri yerine getirmek i\u00e7in \u00e7al\u0131\u015fmaya devam edeceklerini ifade etti. Bu \u00e7abalar\u0131nda sosyal etkisi g\u00fc\u00e7l\u00fc projeler yaratmay\u0131 esas ald\u0131klar\u0131n\u0131 belirten Ta\u015fk\u0131n, bu anlamda Bilim K\u0131zlar\u0131 Akademisi’nin \u00e7ok de\u011ferli oldu\u011funu s\u00f6yledi. Ta\u015fk\u0131n s\u00f6zlerine \u015fu \u015fekilde devam etti: “PepsiCo, k\u0131zlar\u0131m\u0131za sadece maddi destek sa\u011flamak de\u011fil, ba\u015far\u0131l\u0131 ve ihtiyac\u0131 olana f\u0131rsat e\u015fitli\u011fi sa\u011flamak istiyor. Destek verdi\u011fi bursiyerlerimizin sadece bug\u00fcnk\u00fc ihtiyac\u0131n\u0131 kar\u015f\u0131lam\u0131yor, gelece\u011fe dair ihtiya\u00e7lar\u0131n\u0131 anlamaya \u00e7al\u0131\u015f\u0131p farkl\u0131 e\u011fitim ve workshop \u00e7al\u0131\u015fmalar\u0131 ile hem e\u011fitimlerini hem de sosyal geli\u015fimlerini destekliyor. Kendi hikayesini yaratmak isteyen k\u0131zlar\u0131n arkas\u0131ndaki r\u00fczgâr oluyor. PepsiCo ile olan i\u015f birli\u011fimizin, fark\u0131ndal\u0131\u011f\u0131n daha geni\u015f kesimlere ula\u015fmas\u0131na ve ihtiya\u00e7 sahibi daha fazla \u00f6\u011frencimize destek verilmesine katk\u0131 sa\u011flayaca\u011f\u0131na inan\u0131yorum. Bu vesileyle PepsiCo Ailesine bir kez daha kalpten te\u015fekk\u00fcrlerimizi sunuyorum.” ","protected":false},"author":1,"featured_media":0,"parent":86,"menu_order":0,"comment_status":"open","ping_status":"closed","template":"","meta":{"_links_to":"https:\/\/www.kadindostumarkalar.org\/yazilar\/icecek\/pepsico-bilim-kizlari-akademisi-stem-alaninda-egitim-goren-kiz-ogrencileri-destekliyor","_links_to_target":"https:\/\/www.kadindostumarkalar.org\/yazilar\/icecek\/pepsico-bilim-kizlari-akademisi-stem-alaninda-egitim-goren-kiz-ogrencileri-destekliyor"},"_links":{"self":[{"href":"https:\/\/www.kadindostumarkalar.org\/yazilar\/icecek\/pepsico-bilim-kizlari-akademisi-stem-alaninda-egitim-goren-kiz-ogrencileri-destekliyor"}],"collection":[{"href":"urlver"}],"about":[{"href":""}],"author":[{"embeddable":true,"href":"https:\/\/www.kadindostumarkalar.org\/yazilar\/icecek\/pepsico-bilim-kizlari-akademisi-stem-alaninda-egitim-goren-kiz-ogrencileri-destekliyor"}],"replies":[{"embeddable":true,"href":"https:\/\/www.kadindostumarkalar.org\/yazilar\/icecek\/pepsico-bilim-kizlari-akademisi-stem-alaninda-egitim-goren-kiz-ogrencileri-destekliyor"}],"version-history":[{"count":883,"href":"https:\/\/www.kadindostumarkalar.org\/yazilar\/icecek\/pepsico-bilim-kizlari-akademisi-stem-alaninda-egitim-goren-kiz-ogrencileri-destekliyor"}],"predecessor-version":[{"id":86,"href":"https:\/\/www.kadindostumarkalar.org\/yazilar\/icecek\/pepsico-bilim-kizlari-akademisi-stem-alaninda-egitim-goren-kiz-ogrencileri-destekliyor"}],"up":[{"embeddable":true,"href":"https:\/\/www.kadindostumarkalar.org\/yazilar\/icecek\/pepsico-bilim-kizlari-akademisi-stem-alaninda-egitim-goren-kiz-ogrencileri-destekliyor"}],"wp:attachment":[{"href":"https:\/\/www.kadindostumarkalar.org\/img\/blog\/1644995497-1-e1647072802191.jpg"}],"curies":[{"name":".Net","href":"https:\/\/api.w.org\/{rel}","templated":true}]}}