{"id":494,"date":"2022-10-18T10:42:34","date_gmt":"2022-10-18T10:42:34","guid":{"rendered":"https:\/\/www.kadindostumarkalar.org\/yazilar\/kariyer-basamaklari\/pepsicoda-ust-duzey-atama"},"modified":"2022-10-18T12:10:39","modified_gmt":"2022-10-18T12:10:39","slug":"pepsicoda-ust-duzey-atama","status":"publish","type":"page","link":"","title":{"rendered":"PEPSICO’DA \u00dcST D\u00dcZEY ATAMA"},"content":{"rendered":"PepsiCo T\u00fcrkiye’nin deneyimli Genel M\u00fcd\u00fcr\u00fc Ece Aksel, Orta Avrupa Genel M\u00fcd\u00fcr\u00fc olarak atand\u0131.   PepsiCo ’ya 18 y\u0131l \u00f6nce T\u00fcrkiye ve Orta Avrupa’dan sorumlu Pazarlama K\u0131demli Direkt\u00f6r\u00fc olarak kat\u0131lan PepsiCo Genel M\u00fcd\u00fcr\u00fc Ece Aksel , Orta Avrupa Genel M\u00fcd\u00fcr\u00fc olarak atand\u0131. Aksel, yeni g\u00f6revinde i\u015f ve organizasyon yap\u0131s\u0131n\u0131n geli\u015fmesi ve g\u00fc\u00e7lenmesi i\u00e7in \u00e7al\u0131\u015facak. Ece Aksel, 2019 y\u0131l\u0131nda PepsiCo Genel M\u00fcd\u00fcr\u00fc g\u00f6revine geldi\u011finden bu yana PepsiCo T\u00fcrkiye’yi ba\u015fta global salg\u0131n s\u00fcreci olmak \u00fczere, k\u00fcresel ekonomik ve finansal dalgalanmalara ra\u011fmen en iyi \u015fekilde y\u00f6neten ve ba\u015far\u0131l\u0131 i\u015flere imza atan bir isim. Aksel, 18 y\u0131l \u00f6nce kat\u0131ld\u0131\u011f\u0131 PepsiCo’da T\u00fcrkiye ve Orta Avrupa’dan sorumlu Pazarlama K\u0131demli Direkt\u00f6r\u00fc , T\u00fcrkiye Ticari Fonksiyonlar K\u0131demli Direkt\u00f6r\u00fc, T\u00fcrkiye Yiyecek Genel M\u00fcd\u00fcr\u00fc ve ard\u0131ndan Do\u011fu Avrupa Yiyecek Kategorisi K\u0131demli Ba\u015fkan Yard\u0131mc\u0131s\u0131 g\u00f6revlerinde bulundu. Son 3 y\u0131ld\u0131r, T\u00fcrkiye Genel M\u00fcd\u00fcr\u00fc  rol\u00fcn\u00fc \u00fcstlenen Aksel, g\u00f6rev s\u00fcresince elde etti\u011fi ba\u015far\u0131larla \u00f6ne \u00e7\u0131kan PepsiCo’nun \u00f6nemli liderlerinden.  Ayr\u0131ca Aksel, PepsiCo’ya kat\u0131lmadan \u00f6nce 12 y\u0131l s\u00fcre ile P&amp;G ’de ABD, T\u00fcrkiye  ve Ma\u011frip  \u00fclkelerinde g\u00f6revler de \u00fcstlendi.  Aksel, 5 Pazar Birimi’nden olu\u015fan (Polonya, Do\u011fu Balkanlar, G\u00fcney-Orta Avrupa ve Balt\u0131k \u00dclkeleri, Yunanistan &amp; K\u0131br\u0131s ve Ukrayna) ve 20’den fazla \u00fclkeyi kapsayan, 12 fabrika ve bir\u00e7ok farkl\u0131 GTM  modelini i\u00e7eren Orta Avrupa Genel M\u00fcd\u00fcr\u00fc g\u00f6revinde, i\u015f ve organizasyon yap\u0131s\u0131n\u0131n geli\u015fmesi ve g\u00fc\u00e7lenmesi i\u00e7in \u00e7al\u0131\u015f\u0131rken, \u0130stanbul’da yerle\u015fik olmaya devam edecek. ","protected":false},"author":1,"featured_media":0,"parent":494,"menu_order":0,"comment_status":"open","ping_status":"closed","template":"","meta":{"_links_to":"https:\/\/www.kadindostumarkalar.org\/yazilar\/kariyer-basamaklari\/pepsicoda-ust-duzey-atama","_links_to_target":"https:\/\/www.kadindostumarkalar.org\/yazilar\/kariyer-basamaklari\/pepsicoda-ust-duzey-atama"},"_links":{"self":[{"href":"https:\/\/www.kadindostumarkalar.org\/yazilar\/kariyer-basamaklari\/pepsicoda-ust-duzey-atama"}],"collection":[{"href":"urlver"}],"about":[{"href":""}],"author":[{"embeddable":true,"href":"https:\/\/www.kadindostumarkalar.org\/yazilar\/kariyer-basamaklari\/pepsicoda-ust-duzey-atama"}],"replies":[{"embeddable":true,"href":"https:\/\/www.kadindostumarkalar.org\/yazilar\/kariyer-basamaklari\/pepsicoda-ust-duzey-atama"}],"version-history":[{"count":1525,"href":"https:\/\/www.kadindostumarkalar.org\/yazilar\/kariyer-basamaklari\/pepsicoda-ust-duzey-atama"}],"predecessor-version":[{"id":494,"href":"https:\/\/www.kadindostumarkalar.org\/yazilar\/kariyer-basamaklari\/pepsicoda-ust-duzey-atama"}],"up":[{"embeddable":true,"href":"https:\/\/www.kadindostumarkalar.org\/yazilar\/kariyer-basamaklari\/pepsicoda-ust-duzey-atama"}],"wp:attachment":[{"href":"https:\/\/www.kadindostumarkalar.org\/img\/blog\/pepsicoda-ust-duzey-atama-0-53873.jpg"}],"curies":[{"name":".Net","href":"https:\/\/api.w.org\/{rel}","templated":true}]}}