{"id":1010,"date":"2025-03-02T05:52:57","date_gmt":"2025-03-02T05:52:57","guid":{"rendered":"https:\/\/www.kadindostumarkalar.org\/yazilar\/kultur-sanat\/pera-muzesi-dunya-kadinlar-gunu-ne-ozel-atolye-duzenliyor"},"modified":"2025-03-02T06:25:52","modified_gmt":"2025-03-02T06:25:52","slug":"pera-muzesi-dunya-kadinlar-gunu-ne-ozel-atolye-duzenliyor","status":"publish","type":"page","link":"","title":{"rendered":"Pera M\u00fczesi, D\u00fcnya Kad\u0131nlar G\u00fcn\u00fc’ne \u00d6zel At\u00f6lye D\u00fczenliyor"},"content":{"rendered":"Pera M\u00fczesi, D\u00fcnya Kad\u0131nlar G\u00fcn\u00fc’n\u00fc “Bir S\u00fcper G\u00fc\u00e7 Olarak Sanat” at\u00f6lyesiyle kutluyor. Kad\u0131n sanat\u00e7\u0131lar\u0131n m\u00fccadelesinden ilham alan etkinlik, sanat\u0131n ifade \u00f6zg\u00fcrl\u00fc\u011f\u00fc ve dayan\u0131\u015fma alan\u0131 yaratma g\u00fcc\u00fcne odaklan\u0131yor. At\u00f6lye, 7 Mart Cuma saat 18.00’de ger\u00e7ekle\u015fecek.   Suna ve \u0130nan K\u0131ra\u00e7 Vakf\u0131 Pera M\u00fczesi \u00d6\u011frenme Programlar\u0131 , D\u00fcnya Kad\u0131nlar G\u00fcn\u00fc ’n\u00fc “Bir S\u00fcper G\u00fc\u00e7 Olarak Sanat ” ba\u015fl\u0131kl\u0131 at\u00f6lye ile kutlamaya haz\u0131rlan\u0131yor. Sanat d\u00fcnyas\u0131nda var olabilmek i\u00e7in b\u00fcy\u00fck m\u00fccadeleler veren kad\u0131n sanat\u00e7\u0131lar dan yola \u00e7\u0131kan at\u00f6lye, sanat\u0131n bir g\u00fc\u00e7lenme prati\u011fi olarak nas\u0131l kullan\u0131labilece\u011fini ele al\u0131yor. Kad\u0131nlara yeni bir bak\u0131\u015f a\u00e7\u0131s\u0131 kazand\u0131rmay\u0131 hedefliyor  At\u00f6lyede, kat\u0131l\u0131mc\u0131lar sanat\u0131n d\u00f6n\u00fc\u015ft\u00fcr\u00fcc\u00fc etkisini ke\u015ffederken \u00e7e\u015fitli malzemeler ve sanat terapisi ara\u00e7lar\u0131yla sanatsal \u00fcretim yap\u0131yor. Sanat\u0131n ifade \u00f6zg\u00fcrl\u00fc\u011f\u00fc ve dayan\u0131\u015fma alan\u0131 yaratma g\u00fcc\u00fc \u00fczerine odaklanan etkinlik, kad\u0131nlara yarat\u0131c\u0131 s\u00fcre\u00e7ler arac\u0131l\u0131\u011f\u0131yla yeni bir bak\u0131\u015f a\u00e7\u0131s\u0131 kazand\u0131rmay\u0131 hedefliyor. “Bir S\u00fcper G\u00fc\u00e7 Olarak Sanat” at\u00f6lyesi, sanat y\u00f6netimi ve g\u00f6rsel sanatlar alan\u0131ndaki deneyimlerini seramik, mozaik ve ah\u015fap oymac\u0131l\u0131\u011f\u0131 gibi disiplinlerle birle\u015ftiren sanat\u00e7\u0131 ve yazar Karin \u00d6zdemirci  ile klinik psikoloji ve sanat terapisi alan\u0131nda \u00e7al\u0131\u015fmalar y\u00fcr\u00fcten psikolog Virna G\u00fclzari  y\u00fcr\u00fct\u00fcc\u00fcl\u00fc\u011f\u00fcnde 7 Mart Cuma saat 18.00’de  ger\u00e7ekle\u015fecek. Kat\u0131l\u0131m\u0131n \u00fccretsiz olaca\u011f\u0131 etkinli\u011fe \u00f6nceden rezervasyon yap\u0131lmas\u0131 gerekiyor.  ","protected":false},"author":1,"featured_media":0,"parent":1010,"menu_order":0,"comment_status":"open","ping_status":"closed","template":"","meta":{"_links_to":"https:\/\/www.kadindostumarkalar.org\/yazilar\/kultur-sanat\/pera-muzesi-dunya-kadinlar-gunu-ne-ozel-atolye-duzenliyor","_links_to_target":"https:\/\/www.kadindostumarkalar.org\/yazilar\/kultur-sanat\/pera-muzesi-dunya-kadinlar-gunu-ne-ozel-atolye-duzenliyor"},"_links":{"self":[{"href":"https:\/\/www.kadindostumarkalar.org\/yazilar\/kultur-sanat\/pera-muzesi-dunya-kadinlar-gunu-ne-ozel-atolye-duzenliyor"}],"collection":[{"href":"urlver"}],"about":[{"href":""}],"author":[{"embeddable":true,"href":"https:\/\/www.kadindostumarkalar.org\/yazilar\/kultur-sanat\/pera-muzesi-dunya-kadinlar-gunu-ne-ozel-atolye-duzenliyor"}],"replies":[{"embeddable":true,"href":"https:\/\/www.kadindostumarkalar.org\/yazilar\/kultur-sanat\/pera-muzesi-dunya-kadinlar-gunu-ne-ozel-atolye-duzenliyor"}],"version-history":[{"count":1125,"href":"https:\/\/www.kadindostumarkalar.org\/yazilar\/kultur-sanat\/pera-muzesi-dunya-kadinlar-gunu-ne-ozel-atolye-duzenliyor"}],"predecessor-version":[{"id":1010,"href":"https:\/\/www.kadindostumarkalar.org\/yazilar\/kultur-sanat\/pera-muzesi-dunya-kadinlar-gunu-ne-ozel-atolye-duzenliyor"}],"up":[{"embeddable":true,"href":"https:\/\/www.kadindostumarkalar.org\/yazilar\/kultur-sanat\/pera-muzesi-dunya-kadinlar-gunu-ne-ozel-atolye-duzenliyor"}],"wp:attachment":[{"href":"https:\/\/www.kadindostumarkalar.org\/img\/blog\/pera-muzesi-dunya-kadinlar-gunu-ne-ozel-atolye-duzenliyor-0-38319.jpg"}],"curies":[{"name":".Net","href":"https:\/\/api.w.org\/{rel}","templated":true}]}}