{"id":99,"date":"2021-10-13T00:00:00","date_gmt":"2021-10-13T00:00:00","guid":{"rendered":"https:\/\/www.kadindostumarkalar.org\/yazilar\/kamu\/ptt-doga-dostu-uygulamalari-ile-atik-kaynakli-sera-gazi-salinimini-azaltiyor"},"modified":"2022-05-31T04:05:07","modified_gmt":"2022-05-31T04:05:07","slug":"ptt-doga-dostu-uygulamalari-ile-atik-kaynakli-sera-gazi-salinimini-azaltiyor","status":"publish","type":"page","link":"","title":{"rendered":"PTT DO\u011eA DOSTU UYGULAMALARI \u0130LE ATIK KAYNAKLI SERA GAZI SALINIMINI AZALTIYOR"},"content":{"rendered":"Ula\u015ft\u0131rma ve Haberle\u015fme \u015eûras\u0131’n\u0131n 12’ncisi, PTT A\u015e Genel M\u00fcd\u00fcr\u00fc Hakan G\u00fclten’in de kat\u0131l\u0131m\u0131yla bu y\u0131l, 25 binden fazla kat\u0131l\u0131mc\u0131yla ger\u00e7ekle\u015ftirildi.    Bu y\u0131l 12’ncisi d\u00fczenlenen \u015fûrada, PTT A\u015e . Genel M\u00fcd\u00fcr\u00fc Hakan G\u00fclten , “S\u00fcrd\u00fcr\u00fclebilir Lojistikte \u0130novasyon,  Yeni Trendler ve Ye\u015fil Lojistik  Uygulamalar\u0131” oturumunda bir konu\u015fma yapt\u0131. G\u00fclten konu\u015fmas\u0131nda, PTT’nin gelece\u011fin \u00f6nemli \u00e7\u00f6z\u00fcmleri aras\u0131nda g\u00f6r\u00fclen Ye\u015fil Lojistik alan\u0131na b\u00fcy\u00fck \u00f6nem verdi\u011fini belirtti. D \u00fcnyan\u0131n b\u00fcy\u00fck bir h\u0131zla yeni teknolojiler geli\u015ftirdi\u011fi bir d\u00f6nemde lojistik  sekt\u00f6r\u00fcndeki dinamiklerin de de\u011fi\u015fime u\u011frad\u0131\u011f\u0131n\u0131n alt\u0131n\u0131 \u00e7izen G\u00fclten , “Perakende sat\u0131\u015f, E-ticaretin hayat\u0131m\u0131za girmesiyle lojistik sekt\u00f6rleri i\u00e7in bir d\u00f6n\u00fcm noktas\u0131 oldu. \u00d6ncesinde tedarik\u00e7iler aras\u0131nda bir k\u00f6pr\u00fc g\u00f6revi \u00fcstlenen sekt\u00f6r\u00fcm\u00fcz, bug\u00fcn son t\u00fcketiciye kadar mal ve hizmet sa\u011flanmas\u0131na arac\u0131l\u0131k eder hale geldi. Lojistik ve kargo sekt\u00f6r\u00fc, bug\u00fcn do\u011fuyu bat\u0131yla, kuzeyi g\u00fcneyle bulu\u015fturan en dinamik a\u011f\u0131 kurmu\u015f durumda. D\u00fcnya \u00e7ap\u0131nda da bu hizmetlerden kaynaklanan karbon sal\u0131n\u0131m\u0131n\u0131n azalt\u0131labilmesi i\u00e7in PTT Ailesi olarak \u00e7evre dostu projelere \u00f6nem veriyor ve bu kapsamdaki projelerimizi hayata ge\u00e7iriyoruz.” \u015feklinde konu\u015ftu. “PTT, \u00e7evre dostu projelerle gelece\u011fe umutla bak\u0131yor”  PTT’nin \u00e7evre dostu projeleriyle gelece\u011fe umutla bakt\u0131\u011f\u0131n\u0131 dile getiren G\u00fclten , bu kapsamda hayata ge\u00e7irdikleri projelerle ilgili konu\u015ftu. \u00c7evre kirlili\u011fi ni azaltan, pratik hizmet sunmay\u0131 sa\u011flayan do\u011fa dostu  elektrikli scooterlar\u0131 2021 Haziran ay\u0131ndan itibaren \u0130stanbul’da da\u011f\u0131t\u0131m hizmetlerinde kullanmaya ba\u015flad\u0131klar\u0131n\u0131 ifade eden G\u00fclten, bu ara\u00e7larla 3 ayda yakla\u015f\u0131k 450 bin g\u00f6nderiyi sahiplerine ula\u015ft\u0131rd\u0131klar\u0131n\u0131 vurgulad\u0131. Da\u011f\u0131t\u0131m s\u00fcrecinde kulland\u0131klar\u0131 elektrikli scooterlar\u0131n sundu\u011fu verimlilik konusunda sahadan olumlu geri d\u00f6n\u00fc\u015fler ald\u0131klar\u0131n\u0131 vurgulayan G\u00fclten, ayr\u0131ca, \u015firketlerinde kullan\u0131lan ara\u00e7lar\u0131n, binde 5’inin hibrit  ara\u00e7 lardan se\u00e7ilmesi y\u00f6n\u00fcnde ald\u0131klar\u0131 kararla da karbon sal\u0131n\u0131m\u0131  konusunda g\u00f6sterdikleri hassasiyetle faaliyetlerine devam ettiklerini s\u00f6zlerine ekledi. “S\u0131f\u0131r at\u0131k prensibi ile temiz bir gelecek in\u015fa ediyoruz”   \u00c7evre Kanunu  kapsam\u0131nda, S\u0131f\u0131r At\u0131k  Y\u00f6netmeli\u011fi ile pek \u00e7ok kurum ve kurulu\u015f gibi PTT’nin de \u00f6nemli faaliyetlerde bulundu\u011funu kaydeden G\u00fclten , 2018 y\u0131l\u0131ndan bu yana 3 bin tonun \u00fczerinde tehlikeli ve tehlikesiz at\u0131k biriktirerek belediyelere veya lisansl\u0131 geri d\u00f6n\u00fc\u015f\u00fcm  firmalar\u0131na teslim ettiklerini ve bu kapsamda \u00fclke ekonomisine katk\u0131 sa\u011flad\u0131klar\u0131n\u0131 ifade etti. S\u0131f\u0131r At\u0131k Y\u00f6netmeli\u011fi kapsam\u0131nda olan 3 bin 100 i\u015f yerinden 2 bin 482 adedinin temel seviyede s\u0131f\u0131r at\u0131k belgesi alarak faaliyetlerini belgeli bir \u015fekilde s\u00fcrd\u00fcrd\u00fc\u011f\u00fcn\u00fc dile getiren G\u00fclten , “Faaliyetlerimiz neticesinde kurumumuzda olu\u015fan at\u0131klardan kaynakl\u0131 sera gaz\u0131 sal\u0131n\u0131mlar\u0131 n\u0131n azalt\u0131lmas\u0131n\u0131 sa\u011fl\u0131yoruz. Y\u00fcr\u00fctt\u00fc\u011f\u00fcm\u00fcz bu \u00e7al\u0131\u015fmalar; Avrupa Kamu Posta \u0130\u015fletmecileri Birli\u011fi  (Post Europ ) taraf\u0131ndan her y\u0131l olu\u015fturulan &#8220;En \u0130yi Sosyal Sorumluluk Bro\u015f\u00fcr\u00fc&#8221; i\u00e7erisinde 2020 y\u0131l\u0131n\u0131n iyi uygulamalar\u0131 aras\u0131nda yerini ald\u0131. S\u00fcre\u00e7lerimizde ve uygulamalar\u0131m\u0131zda \u00e7\u0131tay\u0131 hi\u00e7 d\u00fc\u015f\u00fcrmeden ayn\u0131 anlay\u0131\u015f ve tempoyla devam edece\u011fiz.” dedi. S\u0131f\u0131r at\u0131k  kapsam\u0131nda, PTT  olarak \u00e7evreye zarar vermeyen malzemeleri kullanmaya \u00f6zen g\u00f6sterdiklerini vurgulayan G\u00fclten , “Posta ve kargo da\u011f\u0131t\u0131m hizmetlerinde kulland\u0131\u011f\u0131m\u0131z t\u00fcm ambalaj malzemelerimiz y\u00fczde 100 geri d\u00f6n\u00fc\u015ft\u00fcr\u00fclebilir ve renklendirmelerde faydaland\u0131\u011f\u0131m\u0131z materyaller ise suda \u00e7\u00f6z\u00fclebilir \u00f6zellikte. T\u00fcm bunlar\u0131n yan\u0131nda, \u00e7evreye duyarl\u0131 projeler geli\u015ftirmeye ve bu anlamdaki i\u015f birliklerimizi s\u00fcrd\u00fcrmeye de devam ediyoruz. Ulusal Elektronik Tebligat Sistemi (UETS) ile yarg\u0131sal s\u00fcre\u00e7leri h\u0131zland\u0131rman\u0131n yan\u0131nda binlerce a\u011fac\u0131 kesilmekten kurtar\u0131yoruz. Elektronik Belge Y\u00f6netim Sistemi’ni kullanarak kâ\u011f\u0131t israf\u0131n\u0131n \u00f6n\u00fcne ge\u00e7mi\u015f oluyoruz.” \u015feklinde konu\u015ftu. “PTT olarak do\u011fal afetlerde de vatanda\u015f\u0131m\u0131z\u0131n yan\u0131nday\u0131z”  Her zaman ve her ko\u015fulda, 181 y\u0131ld\u0131r vatanda\u015f\u0131n yan\u0131nda yer alarak hizmetlerini s\u00fcrd\u00fcrd\u00fcklerini belirten G\u00fclten , afet lojisti\u011fi  konusunda da b\u00fcy\u00fck sorumluluk \u00fcstlendiklerini, AFAD ile PTT aras\u0131nda ger\u00e7ekle\u015fen i\u015f birli\u011fi kapsam\u0131nda; T\u00fcrkiye’nin \u00e7e\u015fitli b\u00f6lgelerinde ger\u00e7ekle\u015fen deprem, yang\u0131n ve sel gibi t\u00fcm do\u011fal afetlerde AFAD  Ba\u015fkanl\u0131\u011f\u0131’na ait ta\u015f\u0131malar\u0131n PTT taraf\u0131ndan yap\u0131ld\u0131\u011f\u0131n\u0131 da dile getirdi. PTT  olarak t\u00fcm bu s\u00fcre\u00e7leri proaktif bir yakla\u015f\u0131mla y\u00fcr\u00fctt\u00fcklerini s\u00f6yleyen G\u00fclten, AFAD’a ait 27 deponun ve 53 cep deposunun i\u015fletmesini, depolarda bulunan ekipmanlar\u0131n bak\u0131m ve kontrollerini, acil durumlarda 7\/24 olarak istenen yard\u0131m malzemelerinin istenen yere h\u0131zla sevk edilmesi g\u00f6revlerini ba\u015far\u0131yla yerine getirdiklerini ifade etti. G\u00fclten konu\u015fmas\u0131na \u015fu \u015fekilde devam etti: “Bu alanda s\u00fcrekli yeni de\u011fi\u015fkenler kar\u015f\u0131m\u0131za \u00e7\u0131k\u0131yor. H\u0131zl\u0131 m\u00fcdahale etme becerisini s\u00fcrekli hale getirmek ve ihtiya\u00e7lar\u0131n daha do\u011fmadan belirlenmesini sa\u011flamak konusunda \u00e7al\u0131\u015fmalar\u0131m\u0131z devam ediyor. Bu noktada \u0131s\u0131 kontroll\u00fc ara\u00e7larla ger\u00e7ekle\u015ftirilen nakliyelerin de \u00f6nemi ortaya \u00e7\u0131k\u0131yor. Ge\u00e7ti\u011fimiz y\u0131llarda \u0130stanbul \u0130l Sa\u011fl\u0131k M\u00fcd\u00fcrl\u00fc\u011f\u00fc’ne ba\u011fl\u0131 sa\u011fl\u0131k birimlerinin laboratuvar numunelerinin ta\u015f\u0131nmas\u0131n\u0131 \u0131s\u0131 kontroll\u00fc, takip sistemli ara\u00e7lar\u0131m\u0131z ve operasyonda kulland\u0131\u011f\u0131m\u0131z yaz\u0131l\u0131mlarla ger\u00e7ekle\u015ftirdik. Bu alanda da kendimizi s\u00fcrekli geli\u015ftiriyor, deneyimimizi ve teknik kapasitemizi art\u0131rmaya devam ediyoruz.” ","protected":false},"author":1,"featured_media":0,"parent":99,"menu_order":0,"comment_status":"open","ping_status":"closed","template":"","meta":{"_links_to":"https:\/\/www.kadindostumarkalar.org\/yazilar\/kamu\/ptt-doga-dostu-uygulamalari-ile-atik-kaynakli-sera-gazi-salinimini-azaltiyor","_links_to_target":"https:\/\/www.kadindostumarkalar.org\/yazilar\/kamu\/ptt-doga-dostu-uygulamalari-ile-atik-kaynakli-sera-gazi-salinimini-azaltiyor"},"_links":{"self":[{"href":"https:\/\/www.kadindostumarkalar.org\/yazilar\/kamu\/ptt-doga-dostu-uygulamalari-ile-atik-kaynakli-sera-gazi-salinimini-azaltiyor"}],"collection":[{"href":"urlver"}],"about":[{"href":""}],"author":[{"embeddable":true,"href":"https:\/\/www.kadindostumarkalar.org\/yazilar\/kamu\/ptt-doga-dostu-uygulamalari-ile-atik-kaynakli-sera-gazi-salinimini-azaltiyor"}],"replies":[{"embeddable":true,"href":"https:\/\/www.kadindostumarkalar.org\/yazilar\/kamu\/ptt-doga-dostu-uygulamalari-ile-atik-kaynakli-sera-gazi-salinimini-azaltiyor"}],"version-history":[{"count":1328,"href":"https:\/\/www.kadindostumarkalar.org\/yazilar\/kamu\/ptt-doga-dostu-uygulamalari-ile-atik-kaynakli-sera-gazi-salinimini-azaltiyor"}],"predecessor-version":[{"id":99,"href":"https:\/\/www.kadindostumarkalar.org\/yazilar\/kamu\/ptt-doga-dostu-uygulamalari-ile-atik-kaynakli-sera-gazi-salinimini-azaltiyor"}],"up":[{"embeddable":true,"href":"https:\/\/www.kadindostumarkalar.org\/yazilar\/kamu\/ptt-doga-dostu-uygulamalari-ile-atik-kaynakli-sera-gazi-salinimini-azaltiyor"}],"wp:attachment":[{"href":"https:\/\/www.kadindostumarkalar.org\/img\/blog\/1633686649-ptt-a---genel-m--d--r---hakan-g--lten-2.jpeg"}],"curies":[{"name":".Net","href":"https:\/\/api.w.org\/{rel}","templated":true}]}}