{"id":353,"date":"2021-06-10T00:00:00","date_gmt":"2021-06-10T00:00:00","guid":{"rendered":"https:\/\/www.kadindostumarkalar.org\/yazilar\/genel\/puduhepa-ve-kiz-kardesleriailesine-asuman-baytop-bebegi-de-katiliyor"},"modified":"2022-06-06T13:32:43","modified_gmt":"2022-06-06T13:32:43","slug":"puduhepa-ve-kiz-kardesleriailesine-asuman-baytop-bebegi-de-katiliyor","status":"publish","type":"page","link":"","title":{"rendered":"“PUDUHEPA VE KIZ KARDE\u015eLER\u0130”A\u0130LES\u0130NE ASUMAN BAYTOP BEBE\u011e\u0130 DE KATILIYOR"},"content":{"rendered":"Ba\u015far\u0131l\u0131 kad\u0131n hikayeleri ile \u00e7ocuklara ilham olan &#8216;Puduhepa ve K\u0131z Karde\u015fleri&#8217; ailesine Yves Rocher Vakf\u0131 deste\u011fi ile 5 Haziran D\u00fcnya \u00c7evre G\u00fcn\u00fc’nde d\u00f6rd\u00fcnc\u00fc bebek olarak  T\u00fcrk kad\u0131n botanik\u00e7i Asuman Baytop kat\u0131l\u0131yor .  Puduhepa ve K\u0131z Karde\u015fleri  ailesine yeni kat\u0131lan bebek, T\u00fcrk kad\u0131n botanik\u00e7i, bitki toplay\u0131c\u0131s\u0131  ve eczac\u0131  olarak g\u00f6rev yapm\u0131\u015f, T\u00fcrk floras\u0131na katk\u0131lar\u0131 ile tan\u0131nan, T\u00fcrk bilim  tarihinin \u00f6nemli ismi Asuman Baytop  oluyor. Tuvana B\u00fcy\u00fck\u00e7\u0131nar’ \u0131n tasar\u0131m\u0131 ile hayat bulan Asuman Baytop  bebe\u011fin, daha parlak bir gelecek hayali i\u00e7in t\u00fcm \u00e7ocuklara ilham olmas\u0131 ama\u00e7lan\u0131yor. Daha iyi bir toplum i\u00e7in t\u00fcm yat\u0131r\u0131mlar\u0131n \u00e7ocuklardan yana yap\u0131lmas\u0131 gerekti\u011fini d\u00fc\u015f\u00fcnen Renan Tan Tavuk\u00e7uo\u011flu ; projesi “Puduhepa ve K\u0131z Karde\u015fleri”  i\u00e7in Anadolu’nun ger\u00e7ek kad\u0131n  s\u00fcper kahramanlar\u0131n\u0131n ba\u015far\u0131 hikayelerinden ilham al\u0131yor. Bu ilham\u0131 \u00e7ocuklara aktarmak \u00fczere haz\u0131rlad\u0131\u011f\u0131 bez bebekleri  ve hikâye kitaplar\u0131n\u0131  ise arac\u0131 olarak kullan\u0131yor. Proje k\u0131z \u00e7ocuklar\u0131 n\u0131n g\u00fc\u00e7l\u00fc bireyler olarak geli\u015fimlerini tamamlamalar\u0131, k\u0131z \u00e7ocuklar\u0131na e\u011fitim deste\u011fi verilmesi, k\u00fclt\u00fcrel ve tarihsel de\u011ferlere sahip \u00e7\u0131karak yeni nesillere ilham olmas\u0131 ve proje b\u00fcnyesinde \u00e7al\u0131\u015fan kad\u0131n istihdam\u0131 n\u0131n art\u0131r\u0131lmas\u0131 gibi ama\u00e7lar ile yoluna devam ediyor. Bez bebek lerin t\u00fcm\u00fc el yap\u0131m\u0131 olarak T\u00fcrkiye’nin d\u00f6rt bir yan\u0131ndan ev kad\u0131nlar\u0131  taraf\u0131ndan \u00fcretiliyor. \u00dcretime katk\u0131 sa\u011flayan ev kad\u0131nlar\u0131 na istihdam  sa\u011flan\u0131rken,  projenin masraflar ve vergiler sonras\u0131nda elde kalan t\u00fcm geliri ise k\u0131z \u00e7ocuklar\u0131 n\u0131n e\u011fitimine destek olmas\u0131 i\u00e7in T\u00fcvana Okuma \u0130stekli \u00c7ocuk E\u011fitim Vakf\u0131’ na (TO\u00c7EV)  aktar\u0131l\u0131yor. Puduhepa ve K\u0131z Karde\u015fleri  Projesi her ge\u00e7en g\u00fcn daha da \u00e7ok geli\u015ftirilmeye devam edilirken aileye kat\u0131lan T\u00fcrk do\u011fa bilimi ne katk\u0131lar\u0131na olan sayg\u0131 ve minnettarl\u0131k ile tercih edilmi\u015f g\u00fc\u00e7l\u00fc kad\u0131n  karakter Asuman Baytop  bebe\u011fi ile do\u011fa  ve \u00e7evrenin \u00f6nemine dikkat \u00e7ekiliyor. ","protected":false},"author":1,"featured_media":0,"parent":353,"menu_order":0,"comment_status":"open","ping_status":"closed","template":"","meta":{"_links_to":"https:\/\/www.kadindostumarkalar.org\/yazilar\/genel\/puduhepa-ve-kiz-kardesleriailesine-asuman-baytop-bebegi-de-katiliyor","_links_to_target":"https:\/\/www.kadindostumarkalar.org\/yazilar\/genel\/puduhepa-ve-kiz-kardesleriailesine-asuman-baytop-bebegi-de-katiliyor"},"_links":{"self":[{"href":"https:\/\/www.kadindostumarkalar.org\/yazilar\/genel\/puduhepa-ve-kiz-kardesleriailesine-asuman-baytop-bebegi-de-katiliyor"}],"collection":[{"href":"urlver"}],"about":[{"href":""}],"author":[{"embeddable":true,"href":"https:\/\/www.kadindostumarkalar.org\/yazilar\/genel\/puduhepa-ve-kiz-kardesleriailesine-asuman-baytop-bebegi-de-katiliyor"}],"replies":[{"embeddable":true,"href":"https:\/\/www.kadindostumarkalar.org\/yazilar\/genel\/puduhepa-ve-kiz-kardesleriailesine-asuman-baytop-bebegi-de-katiliyor"}],"version-history":[{"count":1206,"href":"https:\/\/www.kadindostumarkalar.org\/yazilar\/genel\/puduhepa-ve-kiz-kardesleriailesine-asuman-baytop-bebegi-de-katiliyor"}],"predecessor-version":[{"id":353,"href":"https:\/\/www.kadindostumarkalar.org\/yazilar\/genel\/puduhepa-ve-kiz-kardesleriailesine-asuman-baytop-bebegi-de-katiliyor"}],"up":[{"embeddable":true,"href":"https:\/\/www.kadindostumarkalar.org\/yazilar\/genel\/puduhepa-ve-kiz-kardesleriailesine-asuman-baytop-bebegi-de-katiliyor"}],"wp:attachment":[{"href":"https:\/\/www.kadindostumarkalar.org\/img\/blog\/puduhepa-ve-kiz-kardesleri-1-scaled.jpeg"}],"curies":[{"name":".Net","href":"https:\/\/api.w.org\/{rel}","templated":true}]}}