{"id":246,"date":"2021-05-09T00:00:00","date_gmt":"2021-05-09T00:00:00","guid":{"rendered":"https:\/\/www.kadindostumarkalar.org\/yazilar\/kadin-dostu-markalar-tv\/reis-bakliyat-bakliyat-koyu-projesiyle-kadin-dostu-markalar-2021-farkindalik-odulunun-sahibi-oldu"},"modified":"2022-06-02T04:05:00","modified_gmt":"2022-06-02T04:05:00","slug":"reis-bakliyat-bakliyat-koyu-projesiyle-kadin-dostu-markalar-2021-farkindalik-odulunun-sahibi-oldu","status":"publish","type":"page","link":"","title":{"rendered":"RE\u0130S BAKL\u0130YAT “BAKL\u0130YAT K\u00d6Y\u00dc” PROJES\u0130YLE KADIN DOSTU MARKALAR 2021 FARKINDALIK \u00d6D\u00dcL\u00dcN\u00dcN SAH\u0130B\u0130 OLDU"},"content":{"rendered":"Reis Bakliyat,  toplumun ba\u015f tac\u0131 olan kad\u0131n lar\u0131 her alanda desteklemek gerekti\u011fine olan inan\u00e7la hayata ge\u00e7irdi\u011fi “Bakliyat K\u00f6y\u00fc”  projesiyle Kad\u0131n Dostu Markalar  2021 Fark\u0131ndal\u0131k  \u00d6d\u00fcl\u00fc&#8217;n\u00fcn sahibi oldu. \u00d6d\u00fcl\u00fc almak \u00fczere t\u00f6rene kat\u0131lan Reis Bakliyat  Y\u00f6netim Kurulu \u00dcyesi Sn. I\u015f\u0131lay Reis Yorgun,  y apt\u0131\u011f\u0131 konu\u015fmada, projelerinin b\u00fcy\u00fck ilgi g\u00f6rd\u00fc\u011f\u00fcnden bahsetti. Projeyle birlikte kad\u0131n eme\u011fi ni de\u011fere d\u00f6n\u00fc\u015ft\u00fcrd\u00fcklerini dile getirdi. &#8220;Bakliyat K\u00f6y\u00fc&#8221; projesini &#8220;Topra\u011f\u0131 Bereketlendiren Eller &#8221; isminde bir devam projesiyle s\u00fcrd\u00fcreceklerinin de haberini verdi. ","protected":false},"author":1,"featured_media":0,"parent":246,"menu_order":0,"comment_status":"open","ping_status":"closed","template":"","meta":{"_links_to":"https:\/\/www.kadindostumarkalar.org\/yazilar\/kadin-dostu-markalar-tv\/reis-bakliyat-bakliyat-koyu-projesiyle-kadin-dostu-markalar-2021-farkindalik-odulunun-sahibi-oldu","_links_to_target":"https:\/\/www.kadindostumarkalar.org\/yazilar\/kadin-dostu-markalar-tv\/reis-bakliyat-bakliyat-koyu-projesiyle-kadin-dostu-markalar-2021-farkindalik-odulunun-sahibi-oldu"},"_links":{"self":[{"href":"https:\/\/www.kadindostumarkalar.org\/yazilar\/kadin-dostu-markalar-tv\/reis-bakliyat-bakliyat-koyu-projesiyle-kadin-dostu-markalar-2021-farkindalik-odulunun-sahibi-oldu"}],"collection":[{"href":"urlver"}],"about":[{"href":""}],"author":[{"embeddable":true,"href":"https:\/\/www.kadindostumarkalar.org\/yazilar\/kadin-dostu-markalar-tv\/reis-bakliyat-bakliyat-koyu-projesiyle-kadin-dostu-markalar-2021-farkindalik-odulunun-sahibi-oldu"}],"replies":[{"embeddable":true,"href":"https:\/\/www.kadindostumarkalar.org\/yazilar\/kadin-dostu-markalar-tv\/reis-bakliyat-bakliyat-koyu-projesiyle-kadin-dostu-markalar-2021-farkindalik-odulunun-sahibi-oldu"}],"version-history":[{"count":1129,"href":"https:\/\/www.kadindostumarkalar.org\/yazilar\/kadin-dostu-markalar-tv\/reis-bakliyat-bakliyat-koyu-projesiyle-kadin-dostu-markalar-2021-farkindalik-odulunun-sahibi-oldu"}],"predecessor-version":[{"id":246,"href":"https:\/\/www.kadindostumarkalar.org\/yazilar\/kadin-dostu-markalar-tv\/reis-bakliyat-bakliyat-koyu-projesiyle-kadin-dostu-markalar-2021-farkindalik-odulunun-sahibi-oldu"}],"up":[{"embeddable":true,"href":"https:\/\/www.kadindostumarkalar.org\/yazilar\/kadin-dostu-markalar-tv\/reis-bakliyat-bakliyat-koyu-projesiyle-kadin-dostu-markalar-2021-farkindalik-odulunun-sahibi-oldu"}],"wp:attachment":[{"href":"https:\/\/www.kadindostumarkalar.org\/img\/blog\/ekran-alintisi-reis.png"}],"curies":[{"name":".Net","href":"https:\/\/api.w.org\/{rel}","templated":true}]}}