{"id":428,"date":"2022-10-05T20:19:08","date_gmt":"2022-10-05T20:19:08","guid":{"rendered":"https:\/\/www.kadindostumarkalar.org\/yazilar\/kariyer-basamaklari\/renault-group-turkiye-kurumsal-iletisim-direktoru-saadet-alpago-oldu"},"modified":"2022-10-05T20:19:45","modified_gmt":"2022-10-05T20:19:45","slug":"renault-group-turkiye-kurumsal-iletisim-direktoru-saadet-alpago-oldu","status":"publish","type":"page","link":"","title":{"rendered":"RENAULT GROUP T\u00dcRK\u0130YE KURUMSAL \u0130LET\u0130\u015e\u0130M D\u0130REKT\u00d6R\u00dc SAADET ALPAGO OLDU"},"content":{"rendered":"Otomotiv  d\u00fcnyas\u0131n\u0131n en \u00f6nemli i\u015f birliklerinden Alliance (Renault-Nissan-Mitsubishi)  ittifak\u0131 i\u00e7inde ger\u00e7ekle\u015fen \u00fcst d\u00fczey  atama, T\u00fcrkiye otomotiv sekt\u00f6r\u00fc a\u00e7\u0131s\u0131ndan da \u00f6nemli bir geli\u015fme olarak  kayda ge\u00e7ti. Renault Group  T\u00fcrkiye’nin Kurumsal \u0130leti\u015fim Direkt\u00f6r\u00fc pozisyonuna, otomotiv sekt\u00f6r\u00fcn\u00fcn  deneyimli kurumsal ileti\u015fimcisi Saadet Alpago  getirildi. 1996 y\u0131l\u0131ndan bu yana \u00e7e\u015fitli firmalarda  \u00f6nemli pozisyonlarda ba\u015far\u0131yla g\u00f6rev alan Saadet Alpago, 27 Haziran itibar\u0131yla Renault Group  T\u00fcrkiye’de Kurumsal \u0130leti\u015fim Direkt\u00f6r\u00fc  unvan\u0131yla \u00e7al\u0131\u015fmaya ba\u015flayacak. Saadet Alpago, 1995 y\u0131l\u0131nda \u0130stanbul Teknik \u00dcniversitesi Uzay M\u00fchendisli\u011fi  B\u00f6l\u00fcm\u00fc’nden mezun oldu ve \u0130\u015fletme M\u00fchendisli\u011fi y\u00fcksek lisans\u0131n\u0131 yine ayn\u0131 \u00fcniversitede tamamlad\u0131. 1996 y\u0131l\u0131nda i\u015f hayat\u0131na at\u0131lan Alpago; s\u0131ras\u0131yla Temsa ’da Pazarlama ve \u00dcr\u00fcn Uzman\u0131, Otomotiv Distrib\u00fct\u00f6rler Derne\u011fi ’nde Pazarlama ve \u0130leti\u015fim M\u00fcd\u00fcr\u00fc ve Bor Holding ’de Pazarlama M\u00fcd\u00fcr\u00fc pozisyonlar\u0131nda \u00e7al\u0131\u015ft\u0131. 2020 Ocak ay\u0131ndan bu yana ise NISSAN  T\u00fcrkiye Kurumsal \u0130leti\u015fim M\u00fcd\u00fcr\u00fc g\u00f6revini s\u00fcrd\u00fcrmekteydi. ","protected":false},"author":1,"featured_media":0,"parent":428,"menu_order":0,"comment_status":"open","ping_status":"closed","template":"","meta":{"_links_to":"https:\/\/www.kadindostumarkalar.org\/yazilar\/kariyer-basamaklari\/renault-group-turkiye-kurumsal-iletisim-direktoru-saadet-alpago-oldu","_links_to_target":"https:\/\/www.kadindostumarkalar.org\/yazilar\/kariyer-basamaklari\/renault-group-turkiye-kurumsal-iletisim-direktoru-saadet-alpago-oldu"},"_links":{"self":[{"href":"https:\/\/www.kadindostumarkalar.org\/yazilar\/kariyer-basamaklari\/renault-group-turkiye-kurumsal-iletisim-direktoru-saadet-alpago-oldu"}],"collection":[{"href":"urlver"}],"about":[{"href":""}],"author":[{"embeddable":true,"href":"https:\/\/www.kadindostumarkalar.org\/yazilar\/kariyer-basamaklari\/renault-group-turkiye-kurumsal-iletisim-direktoru-saadet-alpago-oldu"}],"replies":[{"embeddable":true,"href":"https:\/\/www.kadindostumarkalar.org\/yazilar\/kariyer-basamaklari\/renault-group-turkiye-kurumsal-iletisim-direktoru-saadet-alpago-oldu"}],"version-history":[{"count":1271,"href":"https:\/\/www.kadindostumarkalar.org\/yazilar\/kariyer-basamaklari\/renault-group-turkiye-kurumsal-iletisim-direktoru-saadet-alpago-oldu"}],"predecessor-version":[{"id":428,"href":"https:\/\/www.kadindostumarkalar.org\/yazilar\/kariyer-basamaklari\/renault-group-turkiye-kurumsal-iletisim-direktoru-saadet-alpago-oldu"}],"up":[{"embeddable":true,"href":"https:\/\/www.kadindostumarkalar.org\/yazilar\/kariyer-basamaklari\/renault-group-turkiye-kurumsal-iletisim-direktoru-saadet-alpago-oldu"}],"wp:attachment":[{"href":"https:\/\/www.kadindostumarkalar.org\/img\/blog\/renault-group-turkiye-kurumsal-iletisim-direktoru-saadet-alpago-oldu-0-3906.jpg"}],"curies":[{"name":".Net","href":"https:\/\/api.w.org\/{rel}","templated":true}]}}