{"id":366,"date":"2022-04-01T00:00:00","date_gmt":"2022-04-01T00:00:00","guid":{"rendered":"https:\/\/www.kadindostumarkalar.org\/yazilar\/haberler\/romatem-kadin-istihdamina-destek-odulu-aldi"},"modified":"2022-06-06T14:42:07","modified_gmt":"2022-06-06T14:42:07","slug":"romatem-kadin-istihdamina-destek-odulu-aldi","status":"publish","type":"page","link":"","title":{"rendered":"ROMATEM, KADIN \u0130ST\u0130HDAMINA DESTEK \u00d6D\u00dcL\u00dc ALDI"},"content":{"rendered":"alt kademeden \u00fcst kademeye kadar kad\u0131n \u00e7al\u0131\u015fanlar\u0131n a\u011f\u0131rl\u0131kl\u0131 oldu\u011fu fizik tedavi merkezi Romatem Sa\u011fl\u0131k Grubu, kad\u0131n istihdam\u0131na verdi\u011fi \u00f6nemden dolay\u0131 te\u015fekk\u00fcr \u00f6d\u00fcl\u00fc ald\u0131.   Romatem y\u00f6netimi, hem kurumun hem de kad\u0131nlar\u0131n kazanmas\u0131 prensibiyle insan kaynaklar\u0131 politikas\u0131nda kad\u0131nlar\u0131 \u00f6n plana alarak istihdamda f\u0131rsat e\u015fitli\u011fi  yaratt\u0131. Romatem Sa\u011fl\u0131k Grubu hastanelerinin her departman\u0131nda doktor, sa\u011fl\u0131k \u00e7al\u0131\u015fan\u0131  ve idari personel  olarak kad\u0131n \u00e7al\u0131\u015fanlar\u0131n aktif rol ald\u0131klar\u0131n\u0131 belirten Romatem Sa\u011fl\u0131k Grubu Ba\u015fkan Yard\u0131mc\u0131s\u0131 Sinem \u00c7amur , kad\u0131n istihdam\u0131na katk\u0131lar\u0131 ve desteklerinden dolay\u0131  \u0130\u015f-Kur  taraf\u0131ndan kendilerine te\u015fekk\u00fcr plaketleri verildi\u011fini ifade etti. T\u00fcm hastanelerin \u00e7al\u0131\u015fan ortalamas\u0131n\u0131n y\u00fczde 70’ini kad\u0131n istihdam\u0131n\u0131n olu\u015fturdu\u011funun alt\u0131n\u0131 \u00e7izen \u00c7amur, kurumun kad\u0131nlara emanet edilmesinin en \u00f6nemli g\u00f6stergesinin Romatem Sa\u011fl\u0131k Grubu’nun Y\u00f6netim Kurulu Ba\u015fkan yard\u0131mc\u0131l\u0131\u011f\u0131n\u0131 2 kad\u0131n y\u00f6neticinin \u00fcstlenmesi ve T\u0131bbi Direkt\u00f6r\u00fcn  kad\u0131n  olmas\u0131 oldu\u011funu da dile getirdi. \u0130dari b\u00f6l\u00fcmlerdeki y\u00f6netici ve sorumlular\u0131n y\u00fczde 85’inin de kad\u0131n \u00e7al\u0131\u015fanlardan olu\u015ftu\u011funu vurgulayan \u00c7amur, kalite ve hasta memnuniyeti odakl\u0131 \u00e7al\u0131\u015fmalar\u0131, \u00e7ok iyi bir dinleyici ve \u00e7\u00f6z\u00fcm odakl\u0131 olmalar\u0131, zaman y\u00f6netimini iyi kullanmalar\u0131, empati yetene\u011fi y\u00fcksek, sa\u011fduyulu ve be\u015feri ili\u015fkilerde etkili olmalar\u0131n\u0131n hem kuruma hem de hasta memnuniyetine belirgin katma de\u011fer sa\u011flad\u0131\u011f\u0131n\u0131 ifade etti.Kad\u0131n y\u00f6neticilerin belirgin \u00f6zelliklerinin inovatif  olmalar\u0131, analitik d\u00fc\u015f\u00fcn\u00fcp verilere dayal\u0131 hareket etmeleri, temkinli olmalar\u0131 oldu\u011funu belirten \u00c7amur, kad\u0131n y\u00f6neticilerin bilinenin aksine duygusal de\u011fil son derece g\u00fc\u00e7l\u00fc, kararl\u0131 ve sonu\u00e7 odakl\u0131 davrand\u0131klar\u0131n\u0131, etkili ve do\u011fru ileti\u015fim y\u00f6ntemleri ile ba\u015far\u0131l\u0131 projeler ve sosyal sorumluluk \u00e7al\u0131\u015fmalar\u0131 y\u00fcr\u00fctt\u00fcklerini s\u00f6zlerine ekledi. Kad\u0131nlar\u0131n aidiyet duygusu y\u00fcksek oldu\u011fu i\u00e7in i\u015f yerlerine ba\u011fl\u0131l\u0131klar\u0131n\u0131n y\u00fcksek oldu\u011funu dile getiren \u00c7amur, bu nedenle departmanlardaki personel devir h\u0131z\u0131n\u0131n \u00e7ok d\u00fc\u015f\u00fck oldu\u011funu ve Romatem’in kurulu\u015f a\u015famas\u0131ndan bu yana birlikte yol ald\u0131klar\u0131 bir\u00e7ok kad\u0131n \u00e7al\u0131\u015fanlar\u0131n halen devam ettiklerini vurgulad\u0131. Romatem Sa\u011fl\u0131k Grubu olarak kad\u0131n istihdam\u0131na katk\u0131lar\u0131n\u0131n her zaman devam edece\u011fini aktaran Sinem \u00c7amur, kad\u0131nlar\u0131n hizmet sekt\u00f6r\u00fcndeki varl\u0131\u011f\u0131n\u0131n \u00e7ok \u00f6nemli oldu\u011funu s\u00f6yledi. \u00c7amur, “T\u00fcrkiye’de art\u0131k kad\u0131nlar i\u015f hayat\u0131nda daha \u00e7ok aktif rol \u00fcstlenip, karar verici konuma geliyor ve \u015firketlerin y\u00f6netim kat\u0131nda g\u00f6rev alan kad\u0131n y\u00f6netici oran\u0131 her ge\u00e7en g\u00fcn art\u0131yor. Ancak toplumsal \u00f6n yarg\u0131lar\u0131m\u0131z maalesef devam etmektedir. Hayat\u0131n her dal\u0131nda, \u00fcretimde, sanatta, sporda kad\u0131n\u0131n daha aktif rol almas\u0131n\u0131 temenni ediyorum” diye konu\u015ftu. ","protected":false},"author":1,"featured_media":0,"parent":366,"menu_order":0,"comment_status":"open","ping_status":"closed","template":"","meta":{"_links_to":"https:\/\/www.kadindostumarkalar.org\/yazilar\/haberler\/romatem-kadin-istihdamina-destek-odulu-aldi","_links_to_target":"https:\/\/www.kadindostumarkalar.org\/yazilar\/haberler\/romatem-kadin-istihdamina-destek-odulu-aldi"},"_links":{"self":[{"href":"https:\/\/www.kadindostumarkalar.org\/yazilar\/haberler\/romatem-kadin-istihdamina-destek-odulu-aldi"}],"collection":[{"href":"urlver"}],"about":[{"href":""}],"author":[{"embeddable":true,"href":"https:\/\/www.kadindostumarkalar.org\/yazilar\/haberler\/romatem-kadin-istihdamina-destek-odulu-aldi"}],"replies":[{"embeddable":true,"href":"https:\/\/www.kadindostumarkalar.org\/yazilar\/haberler\/romatem-kadin-istihdamina-destek-odulu-aldi"}],"version-history":[{"count":972,"href":"https:\/\/www.kadindostumarkalar.org\/yazilar\/haberler\/romatem-kadin-istihdamina-destek-odulu-aldi"}],"predecessor-version":[{"id":366,"href":"https:\/\/www.kadindostumarkalar.org\/yazilar\/haberler\/romatem-kadin-istihdamina-destek-odulu-aldi"}],"up":[{"embeddable":true,"href":"https:\/\/www.kadindostumarkalar.org\/yazilar\/haberler\/romatem-kadin-istihdamina-destek-odulu-aldi"}],"wp:attachment":[{"href":"https:\/\/www.kadindostumarkalar.org\/img\/blog\/romatem-bursa-hastane.jpg"}],"curies":[{"name":".Net","href":"https:\/\/api.w.org\/{rel}","templated":true}]}}