{"id":289,"date":"2022-02-17T00:00:00","date_gmt":"2022-02-17T00:00:00","guid":{"rendered":"https:\/\/www.kadindostumarkalar.org\/yazilar\/genel\/sagliga-yon-verecek-kadin-liderler-gelisim-programi-basladi"},"modified":"2022-06-06T12:37:13","modified_gmt":"2022-06-06T12:37:13","slug":"sagliga-yon-verecek-kadin-liderler-gelisim-programi-basladi","status":"publish","type":"page","link":"","title":{"rendered":"“SA\u011eLI\u011eA Y\u00d6N VERECEK KADIN L\u0130DERLER” GEL\u0130\u015e\u0130M PROGRAMI BA\u015eLADI"},"content":{"rendered":"Bo\u011fazi\u00e7i \u00dcniversitesi  Ya\u015famboyu E\u011fitim Merkezi (B\u00dcYEM) ve Professional Women’s Network (PWN) \u0130stanbul taraf\u0131ndan UN SDSN ve Awen for Us deste\u011fi ile hayata ge\u00e7irilen  “Sa\u011fl\u0131\u011fa Y\u00f6n Verecek Kad\u0131n Liderler” Geli\u015fim Program\u0131’n\u0131n ilk etab\u0131 8 Ocak 2022 itibar\u0131yla ba\u015flad\u0131. 50’nin \u00fczerinde gelen ba\u015fvuru i\u00e7erisinden se\u00e7ilen 23 kat\u0131l\u0131mc\u0131 ile ba\u015flayan “Sa\u011fl\u0131\u011fa Y\u00f6n Verecek Kad\u0131n Liderler” program\u0131 d\u00f6rt ay boyunca devam edecek.   Bo\u011fazi\u00e7i \u00dcniversitesi Ya\u015famboyu E\u011fitim Merkezi (B\u00dcYEM) ve Professional Women’s Network (PWN) \u0130stanbul’un sa\u011fl\u0131k sekt\u00f6r\u00fcndeki kad\u0131n liderli\u011finin \u00f6n\u00fcndeki engelleri kald\u0131rmak amac\u0131yla UN SDSN ve Awen for Us deste\u011fi ile hayata ge\u00e7irdi\u011fi “Sa\u011fl\u0131\u011fa Y\u00f6n Verecek Kad\u0131n Liderler” Geli\u015fim Program\u0131’n\u0131n ilk etab\u0131 8 Ocak 2022’de ba\u015flad\u0131. 50 ki\u015filik ba\u015fvuru i\u00e7erisinden se\u00e7ilen 23 kat\u0131l\u0131mc\u0131 ile ba\u015flayan “Sa\u011fl\u0131\u011fa Y\u00f6n Verecek Kad\u0131n Liderler” program\u0131, sa\u011fl\u0131k  ve ila\u00e7 sekt\u00f6r\u00fc nde en az be\u015f y\u0131ld\u0131r \u00e7al\u0131\u015fan kad\u0131n liderler in geli\u015fimine y\u00f6nelik toplam 6 mod\u00fcl ve sa\u011fl\u0131k sekt\u00f6r\u00fcndeki \u00fcst d\u00fczey y\u00f6neticil erin birebir ko\u00e7luk ve ment\u00f6rl\u00fck deste\u011finden olu\u015fuyor. Program kapsam\u0131nda PWN \u0130stanbul \u00fcyesi ve g\u00f6n\u00fcll\u00fcs\u00fc pek \u00e7ok sa\u011fl\u0131k ve ila\u00e7 \u015firketi nin \u00fcst d\u00fczey liderleri kat\u0131l\u0131mc\u0131larla bir araya geliyor.&nbsp; D\u00f6rt ay s\u00fcrecek programda opsiyonel olarak Harvard \u00dcniversitesi  ilave mod\u00fclleri ile Harvard \u00dcniversitesi “Liderlikte Kad\u0131n: Y\u00fckselen Liderler i\u00e7in Online Sertifika Program\u0131 &#8220;n\u0131 tamamlama olana\u011f\u0131 da sunuluyor. \u0130kinci etab\u0131n\u0131n sonbaharda d\u00fczenlenmesi planlanan program, Yeni D\u00fcnya D\u00fczeni, Etkin Y\u00f6netim, Liderlik, De\u011ferler ve Ki\u015fisel Fark\u0131ndal\u0131k, Y\u00f6netimde Kad\u0131n Liderli\u011fi, Etkin \u0130leti\u015fim, Ki\u015fisel Marka Yarat\u0131m\u0131 ve Tak\u0131m Olmak  ve Sa\u011fl\u0131k Sekt\u00f6r\u00fcne Genel Bak\u0131\u015f- Cafe Diyalog  konular\u0131n\u0131n i\u015flenece\u011fi 6 Mod\u00fcl olarak haz\u0131rland\u0131. 7.Mod\u00fcl ment\u00f6rl\u00fck olacak  Sa\u011fl\u0131k sekt\u00f6r\u00fcn\u00fcn \u00f6nde gelen \u015firketlerindeki kad\u0131n liderlerin de katk\u0131da bulundu\u011fu “Sa\u011fl\u0131\u011fa Y\u00f6n Verecek Kad\u0131n Liderler” program\u0131 kapsam\u0131nda PWN \u0130stanbul taraf\u0131ndan sa\u011fl\u0131k sekt\u00f6r\u00fcndeki Genel M\u00fcd\u00fcr ve \u00fcst d\u00fczey liderlerden olu\u015fan ment\u00f6rler ile kat\u0131l\u0131mc\u0131 mentilerin e\u015fle\u015fmesi yap\u0131lacak. Her e\u015fle\u015fmede \u00fc\u00e7 g\u00f6r\u00fc\u015fme ger\u00e7ekle\u015ftirilecek. Program\u0131n “Ment\u00f6rl\u00fck” ba\u015fl\u0131\u011f\u0131nda d\u00fczenlenecek 7. Mod\u00fcl\u00fcnde kat\u0131l\u0131mc\u0131lara; Kurtsan \u0130la\u00e7  Genel M\u00fcd\u00fcr\u00fc Aylin Kurt , Novo Nordisk  Genel M\u00fcd\u00fcr\u00fc Burak Cem, Roche Diagnostik  T\u00fcrkiye Genel M\u00fcd\u00fcr\u00fc Bur\u00e7ak \u00c7elik,  Kampotu  Genel M\u00fcd\u00fcr\u00fc Beril Koparal Erg\u00fcn , Abbott  Genel M\u00fcd\u00fcr\u00fc Canan Bademlio\u011flu, Pfizer  Genel M\u00fcd\u00fcr\u00fc Cem A\u00e7\u0131k, Taze Fikir Ajans  Ba\u015fkan\u0131 \u00c7a\u011flar G\u00f6z\u00fca\u00e7\u0131k, Janssen  T\u00fcrkiye  Genel M\u00fcd\u00fcr\u00fc Demet Russ, Kansersiz Ya\u015fam Derne\u011fi  Ba\u015fkan\u0131 Dida Kaymaz, Italfarmaco  Genel M\u00fcd\u00fcr\u00fc Didem Bay, Bristol Myers Squibb  Genel M\u00fcd\u00fcr\u00fc Ece Ka\u015f\u0131k\u00e7\u0131 , Kurtsan \u0130la\u00e7, Centrion  \u0130la\u00e7 ve Otac\u0131 Ba\u011f\u0131ms\u0131z Y\u00f6netim Kurulu \u00dcyesi Elif \u00c7elik,  Eczac\u0131ba\u015f\u0131 Sa\u011fl\u0131k Grubu  Ba\u015fkan\u0131 Emin Fad\u0131ll\u0131o\u011flu, Medicana Hastaneler Grubu &nbsp; Y\u00f6netim Kurulu Ba\u015fkan Yard\u0131mc\u0131s\u0131 Esen Girit T\u00fcmer, Daicchi Sankyo  Genel M\u00fcd\u00fcr\u00fc Fatih Yedikarde\u015f,  Amgen T\u00fcrkiye ve Gensenta  Genel M\u00fcd\u00fcr\u00fc G\u00fcldem Berkman ,  MSD T\u00fcrkiye  Genel M\u00fcd\u00fcr\u00fc G\u00f6zde G\u00fcll\u00fco\u011flu,  Solgar \u0130la\u00e7  Kurucu H\u00fcseyin \u00dctebay , Genel M\u00fcd\u00fcr Kaniye Onat,  Amgen T\u00fcrkiye ve Gensenta CFO’su Meltem Y\u0131ld\u0131z,  Liv Hospital  Genel Koordinat\u00f6r\u00fc Meri \u0130stiroti ,  Abbvie  Genel M\u00fcd\u00fcr\u00fc Mete H\u00fcsemo\u011flu,  Roche  Genel M\u00fcd\u00fcr\u00fc Natasa Klicko, Novartis Onkoloji  Genel M\u00fcd\u00fcr\u00fc P\u0131nar \u00dcst\u00fcnda\u011f, Fresenius Kabi  Genel M\u00fcd\u00fcr\u00fc Rezzan \u00d6zo\u011ful, Takeda \u0130la\u00e7  Genel M\u00fcd\u00fcr\u00fc \u015eeyda Atadan Memi\u015f, Gilead \u0130la\u00e7  T\u00fcrkiye Genel M\u00fcd\u00fcr\u00fc \u015eebnem Girgin, Atabay \u0130la\u00e7  Genel M\u00fcd\u00fcr\u00fc Zeynep Atabay  gibi isimler taraf\u0131ndan ment\u00f6rl\u00fck deste\u011fi verilecek. ","protected":false},"author":1,"featured_media":0,"parent":289,"menu_order":0,"comment_status":"open","ping_status":"closed","template":"","meta":{"_links_to":"https:\/\/www.kadindostumarkalar.org\/yazilar\/genel\/sagliga-yon-verecek-kadin-liderler-gelisim-programi-basladi","_links_to_target":"https:\/\/www.kadindostumarkalar.org\/yazilar\/genel\/sagliga-yon-verecek-kadin-liderler-gelisim-programi-basladi"},"_links":{"self":[{"href":"https:\/\/www.kadindostumarkalar.org\/yazilar\/genel\/sagliga-yon-verecek-kadin-liderler-gelisim-programi-basladi"}],"collection":[{"href":"urlver"}],"about":[{"href":""}],"author":[{"embeddable":true,"href":"https:\/\/www.kadindostumarkalar.org\/yazilar\/genel\/sagliga-yon-verecek-kadin-liderler-gelisim-programi-basladi"}],"replies":[{"embeddable":true,"href":"https:\/\/www.kadindostumarkalar.org\/yazilar\/genel\/sagliga-yon-verecek-kadin-liderler-gelisim-programi-basladi"}],"version-history":[{"count":1164,"href":"https:\/\/www.kadindostumarkalar.org\/yazilar\/genel\/sagliga-yon-verecek-kadin-liderler-gelisim-programi-basladi"}],"predecessor-version":[{"id":289,"href":"https:\/\/www.kadindostumarkalar.org\/yazilar\/genel\/sagliga-yon-verecek-kadin-liderler-gelisim-programi-basladi"}],"up":[{"embeddable":true,"href":"https:\/\/www.kadindostumarkalar.org\/yazilar\/genel\/sagliga-yon-verecek-kadin-liderler-gelisim-programi-basladi"}],"wp:attachment":[{"href":"https:\/\/www.kadindostumarkalar.org\/img\/blog\/1638179833-sagl--ga-yon-verecek-kadin-liderler-gelisim-programi-afis.jpeg"}],"curies":[{"name":".Net","href":"https:\/\/api.w.org\/{rel}","templated":true}]}}