{"id":358,"date":"2022-06-04T00:00:00","date_gmt":"2022-06-04T00:00:00","guid":{"rendered":"https:\/\/www.kadindostumarkalar.org\/yazilar\/haberler\/saglik-sektoru-kadin-liderlerle-gucleniyor"},"modified":"2022-06-06T14:34:02","modified_gmt":"2022-06-06T14:34:02","slug":"saglik-sektoru-kadin-liderlerle-gucleniyor","status":"publish","type":"page","link":"","title":{"rendered":"SA\u011eLIK SEKT\u00d6R\u00dc KADIN L\u0130DERLERLE G\u00dc\u00c7LEN\u0130YOR"},"content":{"rendered":"Bo\u011fazi\u00e7i \u00dcniversitesi Ya\u015famboyu E\u011fitim Merkezi (B\u00dcYEM) ve Professional Women’s Network (PWN) \u0130stanbul taraf\u0131ndan UN SDSN ve Awen for Us deste\u011fi ile hayata ge\u00e7irilen “Sa\u011fl\u0131\u011fa Y\u00f6n Verecek Kad\u0131n Liderler” Geli\u015fim Program\u0131’na kat\u0131lan 23 kat\u0131l\u0131mc\u0131, Bo\u011fazi\u00e7i \u00dcniversitesi’nde d\u00fczenlenen t\u00f6renle sertifikalar\u0131n\u0131 ald\u0131.   Sa\u011fl\u0131k sekt\u00f6r\u00fcndeki kad\u0131nlar\u0131n geli\u015fimini desteklemek amac\u0131yla PWN \u0130stanbul (Professional Women’s Network) ve B\u00dcYEM’in (Bo\u011fazi\u00e7i \u00dcniversitesi Ya\u015famboyu E\u011fitim Merkezi), UN SDSN T\u00fcrkiye  (Birle\u015fmi\u015f Milletler S\u00fcrd\u00fcr\u00fclebilir Kalk\u0131nma \u00c7\u00f6z\u00fcmleri A\u011f\u0131) ve ‘Awen for Us’ deste\u011fi ile hayata ge\u00e7irdi\u011fi “Sa\u011fl\u0131\u011fa Y\u00f6n Verecek Kad\u0131n Liderler Geli\u015fim Sertifika Program\u0131”n\u0131n ilki tamamland\u0131. Programdan yararlanan 23 kat\u0131l\u0131mc\u0131, Bo\u011fazi\u00e7i \u00dcniversitesi’nde d\u00fczenlenen t\u00f6renle sertifikalar\u0131n\u0131 ald\u0131. T\u00f6rende; program kat\u0131l\u0131mc\u0131lar\u0131n\u0131n yan\u0131 s\u0131ra projeyi hayata ge\u00e7iren ve liderlik eden ekipten PWN \u0130stanbul Y\u00f6netim Kurulu Ba\u015fkan\u0131 Aylin Olsun , PWN \u0130stanbul Dan\u0131\u015fma Kurulu \u00dcyesi ve Program Ment\u00f6r\u00fc &#8211; Amgen ve Gensenta  Genel M\u00fcd\u00fcr\u00fc G\u00fcldem Berkman , PWN \u0130stanbul Y\u00f6netim Kurulu \u00dcyesi ve Kampotu  Genel M\u00fcd\u00fcr\u00fc Beril Koparal Erg\u00fcn , PWN \u0130stanbul Dan\u0131\u015fma Kurulu \u00dcyesi ve Takeda T\u00fcrkiye  Genel M\u00fcd\u00fcr\u00fc \u015eeyda Atadan Memi\u015f , PWN \u0130stanbul Y\u00f6netim Kurulu \u00dcyesi ve TimePR  Ajans Ba\u015fkan\u0131 Sevda Solak , Program Ment\u00f6r\u00fc ve Janssen T\u00fcrkiye  Genel M\u00fcd\u00fcr\u00fc Demet Russ , B\u00dcYEM &amp; UN SDSN  T\u00fcrkiye Direkt\u00f6r\u00fc Dr. Tamer Atabarut, Awen for Us  Kurucusu Dr. Aylin L\u00f6le , PWN \u0130stanbul \u00fcyeleri ile Bo\u011fazi\u00e7i \u00dcniversitesi \u00f6\u011fretim \u00fcyeleri haz\u0131r bulundular. “M\u00fcthi\u015f bir k\u0131z karde\u015flik hikayesi yaz\u0131ld\u0131”  PWN’in ba\u011f kuran, harekete ge\u00e7iren ve etki yaratan network \u00e7al\u0131\u015fmalar\u0131n\u0131 T\u00fcrkiye’de ba\u015far\u0131yla y\u00fcr\u00fctt\u00fcklerini s\u00f6yleyen PWN \u0130stanbul Y\u00f6netim Kurulu Ba\u015fkan\u0131 Aylin Olsun, projenin, sa\u011fl\u0131k sekt\u00f6r\u00fcnde kad\u0131n y\u00f6netici oran\u0131ndaki art\u0131\u015f\u0131 h\u0131zland\u0131raca\u011f\u0131n\u0131 ifade etti. Olsun, sa\u011fl\u0131k sekt\u00f6r\u00fcn\u00fcn hem d\u00fcnyada hem de \u00fclkemizde di\u011fer sekt\u00f6rlere g\u00f6re toplumsal cinsiyet e\u015fitli\u011fi  a\u00e7\u0131s\u0131ndan daha avantajl\u0131 konumda g\u00f6z\u00fckmesine ra\u011fmen ortaya \u00e7\u0131kan rakamlar\u0131n al\u0131nacak daha \u00e7ok yol oldu\u011funu g\u00f6sterdi\u011fini dile getirdi. Sekt\u00f6rdeki y\u00fczde 17’lik kad\u0131n y\u00f6netici  oran\u0131ndan memnun olmad\u0131klar\u0131n\u0131 belirten Olsun, memnun olmad\u0131klar\u0131 bir konuda ele\u015ftiri getirmek yerine m\u00fcthi\u015f bir k\u0131z karde\u015flik  hikayesi yazd\u0131klar\u0131n\u0131 aktard\u0131. Aylin Olsun ayn\u0131 zamanda, PWN Dan\u0131\u015fma Kurulu \u00fcyelerinden G\u00fcldem Berkman, \u015eeyda Atadan Memi\u015f ve Y\u00f6netim Kurulu \u00fcyesi Beril Koparal Erg\u00fcn&#8217;\u00fcn fikir anneli\u011fini yapt\u0131\u011f\u0131, Y\u00f6netim Kurulu \u00dcyesi Sevda Solak’\u0131n destek verdi\u011fi; Bo\u011fazi\u00e7i \u00dcniversitesi gibi k\u00f6kl\u00fc bir kurumun payda\u015fl\u0131\u011f\u0131nda UN SDSN T\u00fcrkiye ve ‘Awen for Us’ deste\u011finde, 30’un \u00fczerindeki sa\u011fl\u0131k sekt\u00f6r\u00fcn\u00fcn genel m\u00fcd\u00fcrlerinden olu\u015fan ment\u00f6rler ile hayata ge\u00e7irmi\u015f olduklar\u0131 ‘Sa\u011fl\u0131\u011fa Y\u00f6n Verecek Kad\u0131n Liderler Geli\u015fim Sertifika Program\u0131’n\u0131n ilk mezunlar\u0131n\u0131 verdi\u011fini ve bundan dolay\u0131 da \u00e7ok gururlu olduklar\u0131n\u0131 ifade etti. H\u0131z kesmeden yola devam edecekleri ve 1 Ekim’de projenin ikinci s\u0131n\u0131f\u0131n\u0131 a\u00e7m\u0131\u015f olacaklar\u0131 bilgisini veren Olsun, sa\u011fl\u0131k sekt\u00f6r\u00fcn\u00fcn 23 kad\u0131n y\u00f6netici aday\u0131n\u0131n da daima k\u0131z karde\u015flik networkleri i\u00e7inde yer alaca\u011f\u0131n\u0131 s\u00f6yleyip, hepsini i\u00e7tenlikle kutlad\u0131\u011f\u0131n\u0131 dile getirdi.  “Y\u00f6netim kurullar\u0131ndaki kad\u0131n lider say\u0131s\u0131 y\u00fckseldik\u00e7e ba\u015far\u0131 hikayeleri de artacak”  S\u00fcrd\u00fcr\u00fclebilirli\u011fin  t\u00fcm d\u00fcnyan\u0131n en \u00f6nemli g\u00fcndem maddesi oldu\u011funu belirten B\u00dcYEM ve UN SDSN T\u00fcrkiye Direkt\u00f6r\u00fc Dr. Tamer Atabarut g\u00fcn\u00fcm\u00fcz d\u00fcnyas\u0131nda s\u00fcrd\u00fcr\u00fclebilir ba\u015far\u0131n\u0131n kad\u0131n ve erkeklerin e\u015fitli\u011fine dayal\u0131 bir y\u00f6netim anlay\u0131\u015f\u0131 ile m\u00fcmk\u00fcn oldu\u011funu dile getirdi. Kad\u0131nlarla erkeklerin dengeli bir \u015fekilde yer ald\u0131\u011f\u0131 y\u00f6netim kurullar\u0131n\u0131n daha iyi \u00e7al\u0131\u015ft\u0131\u011f\u0131n\u0131 aktaran Atabarut, kad\u0131n ve erkek y\u00f6neticilerin, \u00e7e\u015fitli alanlarda getirdikleri g\u00fc\u00e7l\u00fc y\u00f6nleri ile birlikte fark yaratt\u0131klar\u0131n\u0131 ifade etti. Y\u00f6netim kurullar\u0131ndaki kad\u0131n lider  say\u0131s\u0131 y\u00fckseldik\u00e7e ba\u015far\u0131 hikayelerinin de artaca\u011f\u0131n\u0131n alt\u0131n\u0131 \u00e7izen Atabarut, b\u00fcy\u00fck bir \u00f6zenle ve titizlikle haz\u0131rlanm\u0131\u015f ‘Sa\u011fl\u0131\u011fa Y\u00f6n Verecek Kad\u0131n Liderler Program\u0131’n\u0131n \u00f6n\u00fcm\u00fczdeki aylarda da yeni kat\u0131l\u0131mc\u0131lar\u0131na ev sahipli\u011fi yapmaya devam edece\u011fini dile getirdi. E\u015fitli\u011fi savunmaya devam  \u00dc\u00e7 k\u0131z karde\u015fin en k\u00fc\u00e7\u00fc\u011f\u00fc olarak, d\u00f6rt ya\u015f\u0131ndan itibaren k\u0131zlar\u0131n erkekler ile e\u015fit \u015fartlara sahip olmas\u0131 ve \u00f6nemsenmesinin kendisi i\u00e7in kritik bir konu oldu\u011funu vurgulayan projenin Sekt\u00f6rel Dan\u0131\u015fma Kurulu \u00dcyesi ve Program Ment\u00f6r\u00fc olarak g\u00f6rev alan PWN Dan\u0131\u015fma Kurulu \u00fcyesi, Amgen ve Gensenta Genel M\u00fcd\u00fcr\u00fc G\u00fcldem Berkman, bu konunun bir \u00f6rne\u011fi olmak ad\u0131na t\u00fcm hayat\u0131 boyunca \u00e7abalad\u0131\u011f\u0131n\u0131 ifade etti. Kariyerinin 31. y\u0131l\u0131nda oldu\u011funu ve 15 y\u0131ld\u0131r da genel m\u00fcd\u00fcrl\u00fck yapt\u0131\u011f\u0131n\u0131 aktaran Berkman, “Tecr\u00fcbelerim do\u011frultusunda anlad\u0131m ki kad\u0131nlar olarak sonu\u00e7 odakl\u0131 yakla\u015f\u0131mlar\u0131m\u0131z nedeniyle bazen stratejik hikâye anlat\u0131c\u0131l\u0131\u011f\u0131 ya da zaman azl\u0131\u011f\u0131 nedeniyle network olu\u015fturmak gibi baz\u0131 \u00f6nemli noktalara yeterince vakit ve enerji ay\u0131ram\u0131yoruz. Bu program ile arka planda b\u0131rakt\u0131\u011f\u0131m\u0131z bu noktalar\u0131 geli\u015ftirmeyi istedik. Bu amaca ula\u015fma yolundaki en b\u00fcy\u00fck etken ise, \u00fcniversite, dernek ve sa\u011fl\u0131k sekt\u00f6r\u00fcndeki \u00f6nemli liderlerin yaratt\u0131\u011f\u0131 m\u00fcthi\u015f \u00fc\u00e7gen oldu! Deniz y\u0131ld\u0131zlar\u0131n\u0131n hikayesini san\u0131r\u0131m hepimiz biliyoruz. K\u0131saca, “onun i\u00e7in \u00e7ok \u015fey fark etti”. Bu programa kat\u0131lan ilk 23 mezunumuz i\u00e7in umar\u0131m \u00e7ok \u015fey fark etti ve edecek!” \u015feklinde konu\u015ftu. \u00d6rnek bir i\u015f birli\u011fi ger\u00e7ekle\u015fti   Sertifika t\u00f6reninin MoC&#8217;sini \u00fcstlenen Awen for Us&#8217;\u0131n kurucusu ve B\u00dcYEM&#8217;in Kurumsal Sosyal Sorumluluk Projeleri Dan\u0131\u015fman\u0131 Dr. Aylin L\u00f6le de t\u00f6rende bir konu\u015fma yapt\u0131. Amerikal\u0131 \u00fcnl\u00fc yazar Maya Angelou’ya ait, &#8216;Bir \u015feyi be\u011fenmiyorsan\u0131z, onu de\u011fi\u015ftirin. Onu de\u011fi\u015ftiremezsiniz kendi tutumunuzu de\u011fi\u015ftirin, \u015fikâyet etmeyin&#8217; s\u00f6z\u00fcyle konu\u015fmas\u0131na ba\u015flayan L\u00f6le, kad\u0131nlar\u0131n, k\u00fcresel olarak sa\u011fl\u0131k ve sosyal bak\u0131m  \u00e7al\u0131\u015fanlar\u0131n\u0131n y\u00fczde 70’ini olu\u015ftururken, kad\u0131n liderlerin oran\u0131n\u0131n sadece y\u00fczde 17 d\u00fczeyinde kalmas\u0131n\u0131n \u00fcz\u00fcnt\u00fc verici oldu\u011funu dile getirdi. Verilerin k\u00fcresel sa\u011fl\u0131\u011f\u0131n kad\u0131nlar taraf\u0131ndan sa\u011flan\u0131rken, erkekler taraf\u0131ndan y\u00f6netildi\u011fini bir kez daha ortaya koydu\u011funu aktaran L\u00f6le, T\u00fcrkiye’de de durumun maalesef \u00e7ok farkl\u0131 olmad\u0131\u011f\u0131n\u0131 ifade etti. T\u0131pk\u0131 Maya Angelou&#8217;nun dedi\u011fi gibi \u015fikâyet etmek yerine, be\u011fenilmeyen bu durumu de\u011fi\u015ftirmek \u00fczere hep birlikte yola \u00e7\u0131k\u0131ld\u0131\u011f\u0131n\u0131 vurgulayan L\u00f6le, her biri itinayla olu\u015fturulmu\u015f akademik ve sekt\u00f6rel mod\u00fcllerden olu\u015fan program\u0131n, sekt\u00f6r\u00fc birle\u015ftiren \u00f6rnek bir i\u015f birli\u011fine de sahne oldu\u011funu dile getirdi. L\u00f6le son olarak, sa\u011fl\u0131k sekt\u00f6r\u00fcndeki hali haz\u0131rdaki liderlerin de, y\u00f6netim konusundaki birikimleriyle bu programa g\u00f6n\u00fclden destek verdi\u011fini s\u00f6yledi. Yeni s\u0131n\u0131f 1 Ekim’de a\u00e7\u0131l\u0131yor  Sa\u011fl\u0131k sekt\u00f6r\u00fcn\u00fcn deste\u011fi ve program\u0131n ba\u015far\u0131s\u0131 sayesinde b\u00fcy\u00fck ilgi g\u00f6ren “Sa\u011fl\u0131\u011fa Y\u00f6n Verecek Kad\u0131n Liderler Geli\u015fim Program\u0131’n\u0131n ikinci s\u0131n\u0131f\u0131 1 Ekim 2022 tarihinde ba\u015flayacak. Program hakk\u0131nda daha fazla bilgi ve ba\u015fvuru i\u00e7in B\u00dcYEM web sitesi ziyaret edilebilir: http:\/\/buyem.boun.edu.tr &nbsp;\/ buyem@boun.edu.tr &nbsp; ","protected":false},"author":1,"featured_media":0,"parent":358,"menu_order":0,"comment_status":"open","ping_status":"closed","template":"","meta":{"_links_to":"https:\/\/www.kadindostumarkalar.org\/yazilar\/haberler\/saglik-sektoru-kadin-liderlerle-gucleniyor","_links_to_target":"https:\/\/www.kadindostumarkalar.org\/yazilar\/haberler\/saglik-sektoru-kadin-liderlerle-gucleniyor"},"_links":{"self":[{"href":"https:\/\/www.kadindostumarkalar.org\/yazilar\/haberler\/saglik-sektoru-kadin-liderlerle-gucleniyor"}],"collection":[{"href":"urlver"}],"about":[{"href":""}],"author":[{"embeddable":true,"href":"https:\/\/www.kadindostumarkalar.org\/yazilar\/haberler\/saglik-sektoru-kadin-liderlerle-gucleniyor"}],"replies":[{"embeddable":true,"href":"https:\/\/www.kadindostumarkalar.org\/yazilar\/haberler\/saglik-sektoru-kadin-liderlerle-gucleniyor"}],"version-history":[{"count":1226,"href":"https:\/\/www.kadindostumarkalar.org\/yazilar\/haberler\/saglik-sektoru-kadin-liderlerle-gucleniyor"}],"predecessor-version":[{"id":358,"href":"https:\/\/www.kadindostumarkalar.org\/yazilar\/haberler\/saglik-sektoru-kadin-liderlerle-gucleniyor"}],"up":[{"embeddable":true,"href":"https:\/\/www.kadindostumarkalar.org\/yazilar\/haberler\/saglik-sektoru-kadin-liderlerle-gucleniyor"}],"wp:attachment":[{"href":"https:\/\/www.kadindostumarkalar.org\/img\/blog\/1652885385-sa--l----a-y--n-verecek-kad--n-liderler-geli--im-programi-mezuniyet2.jpg"}],"curies":[{"name":".Net","href":"https:\/\/api.w.org\/{rel}","templated":true}]}}