{"id":797,"date":"2024-09-27T15:27:54","date_gmt":"2024-09-27T15:27:54","guid":{"rendered":"https:\/\/www.kadindostumarkalar.org\/yazilar\/haberler\/sahibindencom-bir-ilke-imza-atti"},"modified":"2024-09-27T15:27:54","modified_gmt":"2024-09-27T15:27:54","slug":"sahibindencom-bir-ilke-imza-atti","status":"publish","type":"page","link":"","title":{"rendered":"Sahibinden.com Bir \u0130lke \u0130mza Att\u0131"},"content":{"rendered":"S\u00fcrd\u00fcr\u00fclebilirlik Akademisi ve Intertek i\u015f birli\u011fiyle belgelendirilen kurumlar\u0131n d\u00fcnya \u00e7ap\u0131nda say\u0131s\u0131 her ge\u00e7en g\u00fcn art\u0131\u015f g\u00f6steriyor. T\u00fcrkiye’de ise bu sertifikaya sahip olan ilk e-ticaret platformu “sahibinden.com” oldu.  \u0130\u015f ya\u015fam\u0131nda kad\u0131nlara e\u015fit haklar ve f\u0131rsatlar sunan kurumlar, bu yakla\u015f\u0131mlar\u0131n\u0131 belgelendirerek i\u015f d\u00fcnyas\u0131ndaki d\u00f6n\u00fc\u015f\u00fcm\u00fcn \u00f6nc\u00fcleri aras\u0131nda yer alarak&nbsp;“\u0130\u015f’te E\u015fit Kad\u0131n  Sertifikas\u0131”  almaya hak kazan\u0131yorlar. S\u00fcrd\u00fcr\u00fclebilirlik Akademisi&nbsp; ve&nbsp;Intertek&nbsp; i\u015f birli\u011fi ile i\u015f hayat\u0131nda kad\u0131nlar a e\u015fit haklar ve f\u0131rsatlar sunan kurumlar ba\u011f\u0131ms\u0131z bir denetim sonras\u0131 sertifikaland\u0131r\u0131l\u0131yor.&nbsp; Sertifikaya hak kazanan \u00f6zel \u015firketlerin, sivil toplum  kurulu\u015flar\u0131 n\u0131n ve yerel y\u00f6netimlerin e\u015fitlik\u00e7i yakla\u015f\u0131mlar\u0131n\u0131n bu y\u00f6ndeki d\u00f6n\u00fc\u015f\u00fcm\u00fc desteklemesi hedefleniyor. Ba\u011f\u0131ms\u0131z sertifikasyon denetimlerini 100’den fazla \u00fclkede denetim, g\u00f6zetim, test, kalite denetimi ve sertifikasyona kadar pek \u00e7ok alanda farkl\u0131 sekt\u00f6rlerde hizmet veren \u0130ngiliz denetim \u015firketi&nbsp;Intertek&nbsp;ger\u00e7ekle\u015ftiriyor. \u0130\u015f’te E\u015fit Kad\u0131n Sertifikas\u0131  alan kurumlar 2015’te Birle\u015fmi\u015f Milletler’e  \u00fcye t\u00fcm \u00fclkeler taraf\u0131ndan kabul edilen “17 S\u00fcrd\u00fcr\u00fclebilir Kalk\u0131nma Amac\u0131n\u0131” ger\u00e7ekle\u015ftirme yolundaki s\u00fcrece de katk\u0131 sa\u011fl\u0131yorlar. Toplumsal cinsiyet  e\u015fitli\u011fi nin sa\u011flanmas\u0131na y\u00f6nelik yap\u0131lan her \u00e7al\u0131\u015fma, kuruma yararlar\u0131n\u0131n yan\u0131nda, ulusal ve k\u00fcresel \u00f6l\u00e7ekte de b\u00fct\u00fcnsel bir amaca hizmet ediyor. F\u0131rsat e\u015fitli\u011fi  kapsam\u0131ndaki vaatlerini eyleme d\u00f6ken kurumlar Y\u00f6netim Sistemi, \u0130\u015fe Al\u0131m ve \u00c7al\u0131\u015ft\u0131rma, \u0130\u015f Sa\u011fl\u0131\u011f\u0131 ve G\u00fcvenli\u011fi, Tedarik Zinciri ve Sosyal Etki ba\u015fl\u0131klar\u0131ndaki 5 kritere g\u00f6re denetleniyor. En temel hedef olarak ise kurumlar\u0131n sertifikaya hak kazanmalar\u0131n\u0131 sa\u011flayan uygulamalar\u0131n\u0131n s\u00fcrd\u00fcr\u00fclebilir ve s\u00fcrekli geli\u015fime a\u00e7\u0131k olmas\u0131na bak\u0131l\u0131yor. \u00d6te yandan sertifikan\u0131n ge\u00e7erlilik s\u00fcresi 2 y\u0131l olarak belirtiliyor.  &nbsp;Sertifikay\u0131 Almaya Hak Kazanan \u0130lk E-Ticaret Platformu: “sahibinden.com” S\u00fcrd\u00fcr\u00fclebilirlik Akademisi ve Intertek i\u015f birli\u011fiyle belgelendirilen kurumlar\u0131n say\u0131s\u0131 her ge\u00e7en g\u00fcn art\u0131\u015f g\u00f6steriyor. Bu kurumlardan biri de g\u00fc\u00e7l\u00fc teknolojik altyap\u0131s\u0131 ve \u00e7a\u011f\u0131n gereklerine uygun i\u015f modeliyle dikkat \u00e7eken “sahibinden.com”  oldu. \u015eirket taraf\u0131ndan yap\u0131lan a\u00e7\u0131klamada, sahibinden.com’un yap\u0131lan ba\u011f\u0131ms\u0131z denetim sonras\u0131 T\u00fcrkiye’de \u0130\u015f’te E\u015fit Kad\u0131n Sertifikas\u0131 almaya hak kazanan ilk e-ticaret platformu oldu\u011fu duyuruldu.  sahibinden.com \u0130nsan ve S\u00fcrd\u00fcr\u00fclebilirlik Genel M\u00fcd\u00fcr Yard\u0131mc\u0131s\u0131 G\u00fcntulu Peker,  \u015firketin “\u0130\u015f’te E\u015fit Kad\u0131n Sertifikas\u0131” almas\u0131na dair a\u00e7\u0131klamada bulundu. \u0130\u015f d\u00fcnyas\u0131nda toplumsal cinsiyet e\u015fitli\u011fini desteklemenin, kapsay\u0131c\u0131 kurum k\u00fclt\u00fcrlerinin ayr\u0131lmaz bir par\u00e7as\u0131 oldu\u011funu vurgulayan Peker, “&nbsp;Kad\u0131nlar\u0131n ekonomik ya\u015famda her seviyede aktif rol almas\u0131 ve haklar\u0131n\u0131n korunarak daha g\u00fc\u00e7l\u00fc bir \u015fekilde toplumda var olmalar\u0131, hem \u015firketlerin ba\u015far\u0131s\u0131 hem de \u00fclkemizin s\u00fcrd\u00fcr\u00fclebilir  kalk\u0131nma s\u0131 i\u00e7in b\u00fcy\u00fck \u00f6nem ta\u015f\u0131yor” dedi.  Kad\u0131n  liderler in i\u015f d\u00fcnyas\u0131na sa\u011flad\u0131\u011f\u0131 katk\u0131lar\u0131n, \u015firketlerin de\u011ferini ve imaj\u0131n\u0131 do\u011frudan olumlu etkiledi\u011fini g\u00f6rd\u00fcklerini belirten Peker s\u00f6zlerini, “Y\u00fcksek empati yetenekleri ve inovasyonu tetikleyen \u00e7al\u0131\u015fma azimleri, i\u015f s\u00fcre\u00e7lerinin iyile\u015ftirilmesinden m\u00fc\u015fteri ihtiya\u00e7lar\u0131na daha duyarl\u0131 yan\u0131t vermeye kadar bir\u00e7ok alanda fark yarat\u0131yor. Bu de\u011ferlerin \u0131\u015f\u0131\u011f\u0131nda, toplumsal cinsiyet e\u015fitli\u011fini destekleyen i\u015f stratejimiz ve projelerimizle \u00fclkemizin s\u00fcrd\u00fcr\u00fclebilir kalk\u0131nmas\u0131na katk\u0131 sa\u011flamaya kararl\u0131y\u0131z” \u015feklinde tamamlad\u0131.  ","protected":false},"author":1,"featured_media":0,"parent":797,"menu_order":0,"comment_status":"open","ping_status":"closed","template":"","meta":{"_links_to":"https:\/\/www.kadindostumarkalar.org\/yazilar\/haberler\/sahibindencom-bir-ilke-imza-atti","_links_to_target":"https:\/\/www.kadindostumarkalar.org\/yazilar\/haberler\/sahibindencom-bir-ilke-imza-atti"},"_links":{"self":[{"href":"https:\/\/www.kadindostumarkalar.org\/yazilar\/haberler\/sahibindencom-bir-ilke-imza-atti"}],"collection":[{"href":"urlver"}],"about":[{"href":""}],"author":[{"embeddable":true,"href":"https:\/\/www.kadindostumarkalar.org\/yazilar\/haberler\/sahibindencom-bir-ilke-imza-atti"}],"replies":[{"embeddable":true,"href":"https:\/\/www.kadindostumarkalar.org\/yazilar\/haberler\/sahibindencom-bir-ilke-imza-atti"}],"version-history":[{"count":920,"href":"https:\/\/www.kadindostumarkalar.org\/yazilar\/haberler\/sahibindencom-bir-ilke-imza-atti"}],"predecessor-version":[{"id":797,"href":"https:\/\/www.kadindostumarkalar.org\/yazilar\/haberler\/sahibindencom-bir-ilke-imza-atti"}],"up":[{"embeddable":true,"href":"https:\/\/www.kadindostumarkalar.org\/yazilar\/haberler\/sahibindencom-bir-ilke-imza-atti"}],"wp:attachment":[{"href":"https:\/\/www.kadindostumarkalar.org\/img\/blog\/sahibindencom-bir-ilke-imza-atti-0-68643.jpg"}],"curies":[{"name":".Net","href":"https:\/\/api.w.org\/{rel}","templated":true}]}}