{"id":871,"date":"2024-11-15T17:10:16","date_gmt":"2024-11-15T17:10:16","guid":{"rendered":"https:\/\/www.kadindostumarkalar.org\/yazilar\/kariyer-basamaklari\/sanem-cetmin-sahibindencom-kurumsal-iletisim-direktoru-oldu"},"modified":"2024-11-15T17:10:16","modified_gmt":"2024-11-15T17:10:16","slug":"sanem-cetmin-sahibindencom-kurumsal-iletisim-direktoru-oldu","status":"publish","type":"page","link":"","title":{"rendered":"Sanem \u00c7etmin, sahibinden.com Kurumsal \u0130leti\u015fim Direkt\u00f6r\u00fc Oldu"},"content":{"rendered":" Sahibinden.com’da yap\u0131lan \u00fcst d\u00fczey atamayla, Kurumsal \u0130leti\u015fim Direkt\u00f6rl\u00fc\u011f\u00fc g\u00f6revine Sanem \u00c7etmin atand\u0131.&nbsp;  T\u00fcrkiye’nin \u00f6nde gelen teknoloji \u015firketlerinden sahibinden.com ’da \u00fcst d\u00fczey bir atama ger\u00e7ekle\u015fti. Yeni atamayla \u015firketin ileti\u015fim ve itibar y\u00f6netimi stratejisini, sekt\u00f6r\u00fcn deneyimli ismi Sanem \u00c7etmin y\u00f6netecek. Kurumsal \u0130leti\u015fim Direkt\u00f6r\u00fc olarak atanan \u00c7etmin, 11 Kas\u0131m 2024 tarihi itibar\u0131yla sahibinden.com’un kurumsal ili\u015fkiler, itibar y\u00f6netimi, lider ileti\u015fimi, kurumsal sosyal sorumluluk ve s\u00fcrd\u00fcr\u00fclebilirlik ileti\u015fiminin de aralar\u0131nda oldu\u011fu t\u00fcm kurumsal ileti\u015fim faaliyetlerini y\u00f6netecek.     Saint Joseph Frans\u0131z Lisesi   mezunu olan Sanem \u00c7etmin  lisans e\u011fitimini Yeditepe \u00dcniversitesi  G\u00fczel Sanatlar Fak\u00fcltesi Radyo-TV-Sinema b\u00f6l\u00fcm\u00fcnde tamamlad\u0131ktan sonra Yeditepe \u00dcniversitesi Halkla \u0130li\u015fkiler ve Tan\u0131t\u0131m b\u00f6l\u00fcm\u00fcnde y\u00fcksek lisans yapt\u0131. E\u011fitimini tamamlayan \u00c7etmin, 2008-2019 y\u0131llar\u0131 aras\u0131nda T\u00fcrkiye’nin \u00e7e\u015fitli ileti\u015fim dan\u0131\u015fmanl\u0131\u011f\u0131 firmalar\u0131nda bir\u00e7ok uluslararas\u0131 markaya dan\u0131\u015fmanl\u0131k hizmeti verdi. 2019 y\u0131l\u0131 ba\u015f\u0131nda Dyson  markas\u0131n\u0131n T\u00fcrkiye pazar\u0131na giri\u015fi itibar\u0131yla kurucu ekip i\u00e7erisinde yer alan ve markan\u0131n t\u00fcm ileti\u015fim ve itibar \u00e7al\u0131\u015fmalar\u0131ndan sorumlu olan \u00c7etmin, son olarak T\u00fcrkiye, Orta Do\u011fu ve Afrika B\u00f6lgesi Kurumsal \u0130leti\u015fim \u00e7al\u0131\u015fmalar\u0131na liderlik etti.  ","protected":false},"author":1,"featured_media":0,"parent":871,"menu_order":0,"comment_status":"open","ping_status":"closed","template":"","meta":{"_links_to":"https:\/\/www.kadindostumarkalar.org\/yazilar\/kariyer-basamaklari\/sanem-cetmin-sahibindencom-kurumsal-iletisim-direktoru-oldu","_links_to_target":"https:\/\/www.kadindostumarkalar.org\/yazilar\/kariyer-basamaklari\/sanem-cetmin-sahibindencom-kurumsal-iletisim-direktoru-oldu"},"_links":{"self":[{"href":"https:\/\/www.kadindostumarkalar.org\/yazilar\/kariyer-basamaklari\/sanem-cetmin-sahibindencom-kurumsal-iletisim-direktoru-oldu"}],"collection":[{"href":"urlver"}],"about":[{"href":""}],"author":[{"embeddable":true,"href":"https:\/\/www.kadindostumarkalar.org\/yazilar\/kariyer-basamaklari\/sanem-cetmin-sahibindencom-kurumsal-iletisim-direktoru-oldu"}],"replies":[{"embeddable":true,"href":"https:\/\/www.kadindostumarkalar.org\/yazilar\/kariyer-basamaklari\/sanem-cetmin-sahibindencom-kurumsal-iletisim-direktoru-oldu"}],"version-history":[{"count":939,"href":"https:\/\/www.kadindostumarkalar.org\/yazilar\/kariyer-basamaklari\/sanem-cetmin-sahibindencom-kurumsal-iletisim-direktoru-oldu"}],"predecessor-version":[{"id":871,"href":"https:\/\/www.kadindostumarkalar.org\/yazilar\/kariyer-basamaklari\/sanem-cetmin-sahibindencom-kurumsal-iletisim-direktoru-oldu"}],"up":[{"embeddable":true,"href":"https:\/\/www.kadindostumarkalar.org\/yazilar\/kariyer-basamaklari\/sanem-cetmin-sahibindencom-kurumsal-iletisim-direktoru-oldu"}],"wp:attachment":[{"href":"https:\/\/www.kadindostumarkalar.org\/img\/blog\/sanem-cetmin-sahibindencom-kurumsal-iletisim-direktoru-oldu-0-70540.jpg"}],"curies":[{"name":".Net","href":"https:\/\/api.w.org\/{rel}","templated":true}]}}