{"id":505,"date":"2022-10-25T12:44:52","date_gmt":"2022-10-25T12:44:52","guid":{"rendered":"https:\/\/www.kadindostumarkalar.org\/yazilar\/haberler\/santa-farma-ve-teknolojide-kadin-dernegi-isbirligi"},"modified":"2022-10-25T12:46:17","modified_gmt":"2022-10-25T12:46:17","slug":"santa-farma-ve-teknolojide-kadin-dernegi-isbirligi","status":"publish","type":"page","link":"","title":{"rendered":"SANTA FARMA VE TEKNOLOJ\u0130DE KADIN DERNE\u011e\u0130 \u0130\u015eB\u0130RL\u0130\u011e\u0130"},"content":{"rendered":"Santa Farma ve Teknolojide Kad\u0131n Derne\u011fi “Sa\u011fl\u0131\u011f\u0131n D\u00f6n\u00fc\u015ft\u00fcren Kad\u0131nlar\u0131” projesi ile i\u015fbirli\u011fi yap\u0131yor.  Santa Farma  ve Teknolojide Kad\u0131n Derne\u011fi  (Wtech) ‘’Sa\u011fl\u0131\u011f\u0131n D\u00f6n\u00fc\u015ft\u00fcren Kad\u0131nlar\u0131 ” projesi kapsam\u0131nda, \u00fcniversitelerde ve meslek y\u00fcksekokullar\u0131nda Bilim, Teknoloji, M\u00fchendislik, Matematik  ve Bili\u015fim Teknolojileri  b\u00f6l\u00fcmlerinin son s\u0131n\u0131flar\u0131nda okuyan veya yeni mezun olmu\u015f 100 gen\u00e7 kad\u0131na, \u00fccretsiz Pazarlama ve Sat\u0131\u015f Teknolojileri, \u0130\u015f Analistli\u011fi ve Gamification (Oyunla\u015ft\u0131rma) e\u011fitimleri verdi. 100 gen\u00e7 kad\u0131n e\u011fitimler sonras\u0131nda programdan mezun olmaya hak kazand\u0131.  Teknolojide Kad\u0131n Derne\u011fi taraf\u0131ndan verilen e\u011fitimlerle d\u00f6rt e\u011fitim s\u0131n\u0131f\u0131ndan mezun olan 100 gen\u00e7 kad\u0131na sa\u011fl\u0131k sekt\u00f6r\u00fcnde staj ve istihdamda \u00f6ncelik imkan\u0131 yarat\u0131ld\u0131. Santa Farma \u0130la\u00e7 Stratejik Planlama ve Operasyon Ba\u015fkan Yard\u0131mc\u0131s\u0131 Sami Kiresepi , “Hepimizin bildi\u011fi gibi k\u00fcreselle\u015fme, iklim de\u011fi\u015fikli\u011fi, demografik de\u011fi\u015fimler, teknolojik geli\u015fme ve dijital d\u00f6n\u00fc\u015f\u00fcm t\u00fcm \u00fclkelerin sosyo ekonomik alt yap\u0131lar\u0131n\u0131 etkilemekte ve de\u011fi\u015ftirmektedir. Bu de\u011fi\u015fimden i\u015f d\u00fcnyas\u0131 da pay\u0131n\u0131 almakta ve bug\u00fcne kadar do\u011fru bilinen uygulamalar d\u00f6n\u00fc\u015f\u00fcme u\u011framaktad\u0131r. \u0130\u015f d\u00fcnyas\u0131n\u0131n ve e\u011fitim kurumlar\u0131n\u0131n, h\u0131z\u0131n\u0131 s\u00fcrekli artt\u0131ran teknolojik geli\u015fmelere ve dijital d\u00f6n\u00fc\u015f\u00fcmlere ayak uydurmalar\u0131 giderek zorla\u015fmaktad\u0131r… \u00dclkemizde ve ila\u00e7 sekt\u00f6r\u00fcnde kad\u0131n istihdam\u0131n\u0131n ve kad\u0131n y\u00f6netici oran\u0131n\u0131n y\u00fckselmesine katk\u0131da bulunan bu ve benzeri projelere liderlik etmekten b\u00fcy\u00fck mutluluk duyuyoruz. Teknolojide Kad\u0131n Derne\u011fi’ne i\u015fbirlikleri i\u00e7in te\u015fekk\u00fcr ederiz. E\u011fitimlere kat\u0131lanlara da i\u015f hayatlar\u0131nda ba\u015far\u0131lar dileriz.” dedi. Teknolojide Kad\u0131n Derne\u011fi Kurucu Y\u00f6netim Kurulu Ba\u015fkan\u0131 Zehra \u00d6ney  ise “Pandemi d\u00f6nemi, sa\u011fl\u0131k alan\u0131nda \u00fcreten ve \u00f6nc\u00fc insanlar\u0131n y\u00fcksek bir \u00f6neme sahip oldu\u011funu t\u00fcm d\u00fcnyaya g\u00f6stermi\u015f oldu. T\u00fcrkiye de bu alanda \u00e7ok b\u00fcy\u00fck bir potansiyele sahip. T\u00fcrkiye'de sa\u011fl\u0131k alan\u0131nda \u00f6zellikle kad\u0131nlar\u0131n teknolojide uzmanla\u015farak robotik s\u00fcre\u00e7lerde ve ar-ge faaliyetlerinde \u00e7ok b\u00fcy\u00fck bir g\u00fc\u00e7 yarataca\u011f\u0131na \u00fclke ve sekt\u00f6r olarak inan\u0131yoruz. Siber g\u00fcvenlik alan\u0131nda her y\u0131l Verizon  taraf\u0131ndan yay\u0131mlanan Data Breach Investigations  Report 2021'de veri ihlali konusunda ya\u015fanan art\u0131\u015f\u0131 net \u015fekilde ortaya koyuyor. Ve 2019’a k\u0131yasla veri ihlallerindeki en \u00f6nemli art\u0131\u015f\u0131n sa\u011fl\u0131k alan\u0131nda ya\u015fand\u0131\u011f\u0131n\u0131 ortaya koyuyor. %71’lik \u00e7ok ciddi bir art\u0131\u015f\u0131n ya\u015fand\u0131\u011f\u0131 sekt\u00f6r\u00fcn s\u0131k\u00e7a kar\u015f\u0131la\u015ft\u0131\u011f\u0131 siber g\u00fcvenlik zorluklar\u0131n\u0131 d\u00fc\u015f\u00fcn\u00fcrsek \u015firketlerin siber g\u00fcvenlik, robotik s\u00fcre\u00e7ler gibi teknik konularda g\u00fc\u00e7l\u00fc olmas\u0131 ekonomik a\u00e7\u0131dan \u00fclkemizin sa\u011fl\u0131k turizmini ve sa\u011fl\u0131k ihracat\u0131n\u0131 \u00f6nemli \u00f6l\u00e7\u00fcde etkileyecektir. Ayr\u0131ca teknolojide g\u00fc\u00e7lenen kad\u0131nlar \u00fclkenin Gayri Safi Yurti\u00e7i Has\u0131las\u0131na \u00e7ok \u00f6nemli bir ekonomik g\u00fc\u00e7 katacakt\u0131r. Bu nedenle Santa Farma \u0130la\u00e7 gibi g\u00fc\u00e7l\u00fc bir sa\u011fl\u0131k kurulu\u015funun liderli\u011finde Teknolojide Kad\u0131n Derne\u011fi olarak sa\u011fl\u0131kta ve teknolojide uzman kad\u0131nlar yeti\u015ftirmek \u00fczere yola \u00e7\u0131kt\u0131k. \u00c7ok ba\u015far\u0131l\u0131 bir e\u011fitim d\u00f6neminden sonra da ilk mezunlar\u0131m\u0131z\u0131 verdik. Mezunlar\u0131m\u0131z\u0131n bu alanda rol model  ve etkili olacaklar\u0131na inanc\u0131m\u0131z sonsuz. \u00c7al\u0131\u015fmalar\u0131m\u0131z\u0131 ayn\u0131 heyecanla ve ayn\u0131 g\u00fc\u00e7le devam ettirmeyi arzu ediyoruz. Teknolojide Kad\u0131n Derne\u011fi olarak bu ilkeler do\u011frultusunda \u00e7al\u0131\u015fmalar\u0131m\u0131z\u0131 ve Santa Farma \u0130la\u00e7’\u0131n \u00f6nc\u00fcs\u00fc oldu\u011fu bu \u00f6nemli projeyi azimle, heyecanla ve g\u00fc\u00e7le s\u00fcrd\u00fcrece\u011fiz. Mezun olan 100 kad\u0131n\u0131 tebrik ediyor, bu alanda insan kayna\u011f\u0131na yap\u0131lacak olan yat\u0131r\u0131mlar\u0131n artmas\u0131n\u0131 temenni ediyoruz” \u015feklinde konu\u015ftu. ","protected":false},"author":1,"featured_media":0,"parent":505,"menu_order":0,"comment_status":"open","ping_status":"closed","template":"","meta":{"_links_to":"https:\/\/www.kadindostumarkalar.org\/yazilar\/haberler\/santa-farma-ve-teknolojide-kadin-dernegi-isbirligi","_links_to_target":"https:\/\/www.kadindostumarkalar.org\/yazilar\/haberler\/santa-farma-ve-teknolojide-kadin-dernegi-isbirligi"},"_links":{"self":[{"href":"https:\/\/www.kadindostumarkalar.org\/yazilar\/haberler\/santa-farma-ve-teknolojide-kadin-dernegi-isbirligi"}],"collection":[{"href":"urlver"}],"about":[{"href":""}],"author":[{"embeddable":true,"href":"https:\/\/www.kadindostumarkalar.org\/yazilar\/haberler\/santa-farma-ve-teknolojide-kadin-dernegi-isbirligi"}],"replies":[{"embeddable":true,"href":"https:\/\/www.kadindostumarkalar.org\/yazilar\/haberler\/santa-farma-ve-teknolojide-kadin-dernegi-isbirligi"}],"version-history":[{"count":1056,"href":"https:\/\/www.kadindostumarkalar.org\/yazilar\/haberler\/santa-farma-ve-teknolojide-kadin-dernegi-isbirligi"}],"predecessor-version":[{"id":505,"href":"https:\/\/www.kadindostumarkalar.org\/yazilar\/haberler\/santa-farma-ve-teknolojide-kadin-dernegi-isbirligi"}],"up":[{"embeddable":true,"href":"https:\/\/www.kadindostumarkalar.org\/yazilar\/haberler\/santa-farma-ve-teknolojide-kadin-dernegi-isbirligi"}],"wp:attachment":[{"href":"https:\/\/www.kadindostumarkalar.org\/img\/blog\/santa-farma-ve-teknolojide-kadin-dernegi-isbirligi-0-95226.jpg"}],"curies":[{"name":".Net","href":"https:\/\/api.w.org\/{rel}","templated":true}]}}