{"id":123,"date":"2022-03-23T00:00:00","date_gmt":"2022-03-23T00:00:00","guid":{"rendered":"https:\/\/www.kadindostumarkalar.org\/yazilar\/kimya\/sapro-sektordeki-gucunu-kadinlardan-aliyor"},"modified":"2022-05-31T10:02:58","modified_gmt":"2022-05-31T10:02:58","slug":"sapro-sektordeki-gucunu-kadinlardan-aliyor","status":"publish","type":"page","link":"","title":{"rendered":"SAPRO, SEKT\u00d6RDEK\u0130 G\u00dcC\u00dcN\u00dc KADINLARDAN ALIYOR"},"content":{"rendered":"T\u00fcrkiye’nin \u0131slak mendil ihracat\u0131nda \u00f6nc\u00fc markalar\u0131ndan olan Sapro, makine operat\u00f6r\u00fcnden hat liderine kadar \u00e7ok farkl\u0131 ve zorlu alanlarda g\u00f6rev yapan kad\u0131n \u00e7al\u0131\u015fanlar\u0131yla sekt\u00f6r\u00fcnde fark yarat\u0131yor.  T\u00fcrkiye’nin \u0131slak mendil  \u00fcretiminde ilk s\u0131ralarda yer alan Sapro, \u00e7al\u0131\u015fanlar\u0131na y\u00f6nelik \u00f6zel e\u011fitimler ba\u015flatarak, \u00e7al\u0131\u015fanlar\u0131n\u0131n kariyer hedeflerini ger\u00e7ekle\u015ftirmelerine destek veriyor.  Kad\u0131n istihdam  oran\u0131n\u0131n Sapro ve grup \u015firketleri ile birlikte 800 \u00e7al\u0131\u015fan aras\u0131nda % 45 civar\u0131nda oldu\u011funu vurgulayan Sapro \u0130K Direkt\u00f6r\u00fc Nilg\u00fcn Zincirk\u0131ran , \u00fcretim tesislerinde\u00f6zellikle t\u00fcm b\u00f6l\u00fcmlere kad\u0131n atamalar\u0131n\u0131 artt\u0131rd\u0131klar\u0131n\u0131 s\u00f6zlerine ekledi. 2022 y\u0131l\u0131nda \u00fcretim b\u00f6l\u00fcm\u00fcnde \u00e7al\u0131\u015fan iki kad\u0131n \u00e7al\u0131\u015fan\u0131n operat\u00f6r  olarak terfi etti\u011fini ve Sapro’nun grup \u015firketlerden Lotus ’ta da kad\u0131n makine operat\u00f6r  adaylar\u0131n\u0131n yeti\u015ftirilmek \u00fczere istihdam edildi\u011fini alt\u0131n\u0131 \u00e7izdi. Genel olarak “erkek i\u015fi ” olarak de\u011ferlendirilen makine operat\u00f6rl\u00fc\u011f\u00fc  pozisyonunda, grup firmalar\u0131 b\u00fcnyesinde \u015fu an 15 kad\u0131n \u00e7al\u0131\u015fanlar\u0131 oldu\u011funu belirten Zincirk\u0131ran, beyaz yakal\u0131 ofis \u00e7al\u0131\u015fanlar\u0131ndan % 55’inin de kad\u0131n oldu\u011funun alt\u0131n\u0131 \u00e7izdi. Paketleme personeli  olarak i\u015fe al\u0131nan bir\u00e7ok kad\u0131n \u00e7al\u0131\u015fan\u0131n \u00f6zel e\u011fitimlerle farkl\u0131 pozisyonlarda meslek sahibi oldu\u011funu kaydeden Zincirk\u0131ran, Sapro olarak yeni bir proje ba\u015flatt\u0131klar\u0131 bilgisini verdi. Bu proje kapsam\u0131nda \u00f6zel bir e\u011fitimci ekip olu\u015fturduklar\u0131n\u0131 kaydeden Zincirk\u0131ran, \u00e7al\u0131\u015fanlara her g\u00fcn i\u015f ba\u015f\u0131nda teknik ve kalite konular\u0131nda \u00f6zel e\u011fitimler verdiklerini dile getirdi. Bu e\u011fitimleri alan kad\u0131n \u00e7al\u0131\u015fanlardan ba\u015far\u0131l\u0131 olanlar\u0131 ayr\u0131ca takip edip \u00f6nlerini a\u00e7t\u0131klar\u0131n\u0131 da s\u00f6yleyen Zincirk\u0131ran, “Biz inan\u0131yor ve destekliyoruz, onlar da kendi g\u00fc\u00e7lerine inan\u0131yor, emek veriyor ve ba\u015far\u0131yorlar. Birlikte de bunun gururunu payla\u015f\u0131yoruz” dedi. Nilg\u00fcn Zincirk\u0131ran, “2022 y\u0131l\u0131 stratejimizde \u015firketimizin kurulu\u015fundan itibaren benimsedi\u011fi gibi kad\u0131nlar\u0131n sosyal ve ekonomik varolu\u015flar\u0131na katk\u0131 sa\u011flamay\u0131, kariyer hedeflerine destek olarak \u015firketimizde kad\u0131n istihdam\u0131n\u0131n varolu\u015funu desteklemeyi s\u00fcrd\u00fcrece\u011fiz. Ocak 2021’de faaliyete ald\u0131\u011f\u0131m\u0131z Bulgaristan tesislerimizde de istihdam\u0131 artt\u0131raca\u011f\u0131z” \u015feklinde konu\u015farak s\u00f6zlerini tamamlad\u0131. ","protected":false},"author":1,"featured_media":0,"parent":123,"menu_order":0,"comment_status":"open","ping_status":"closed","template":"","meta":{"_links_to":"https:\/\/www.kadindostumarkalar.org\/yazilar\/kimya\/sapro-sektordeki-gucunu-kadinlardan-aliyor","_links_to_target":"https:\/\/www.kadindostumarkalar.org\/yazilar\/kimya\/sapro-sektordeki-gucunu-kadinlardan-aliyor"},"_links":{"self":[{"href":"https:\/\/www.kadindostumarkalar.org\/yazilar\/kimya\/sapro-sektordeki-gucunu-kadinlardan-aliyor"}],"collection":[{"href":"urlver"}],"about":[{"href":""}],"author":[{"embeddable":true,"href":"https:\/\/www.kadindostumarkalar.org\/yazilar\/kimya\/sapro-sektordeki-gucunu-kadinlardan-aliyor"}],"replies":[{"embeddable":true,"href":"https:\/\/www.kadindostumarkalar.org\/yazilar\/kimya\/sapro-sektordeki-gucunu-kadinlardan-aliyor"}],"version-history":[{"count":1263,"href":"https:\/\/www.kadindostumarkalar.org\/yazilar\/kimya\/sapro-sektordeki-gucunu-kadinlardan-aliyor"}],"predecessor-version":[{"id":123,"href":"https:\/\/www.kadindostumarkalar.org\/yazilar\/kimya\/sapro-sektordeki-gucunu-kadinlardan-aliyor"}],"up":[{"embeddable":true,"href":"https:\/\/www.kadindostumarkalar.org\/yazilar\/kimya\/sapro-sektordeki-gucunu-kadinlardan-aliyor"}],"wp:attachment":[{"href":"https:\/\/www.kadindostumarkalar.org\/img\/blog\/1646727164-dsc-0082-scaled.jpg"}],"curies":[{"name":".Net","href":"https:\/\/api.w.org\/{rel}","templated":true}]}}