{"id":881,"date":"2024-11-20T13:39:57","date_gmt":"2024-11-20T13:39:57","guid":{"rendered":"https:\/\/www.kadindostumarkalar.org\/yazilar\/kariyer-basamaklari\/secil-ileri-sanofi-de-pazara-erisim-direktorlugu-gorevine-getirildi"},"modified":"2024-11-20T16:55:06","modified_gmt":"2024-11-20T16:55:06","slug":"secil-ileri-sanofi-de-pazara-erisim-direktorlugu-gorevine-getirildi","status":"publish","type":"page","link":"","title":{"rendered":"Se\u00e7il \u0130leri, Sanofi’de Pazara Eri\u015fim Direkt\u00f6rl\u00fc\u011f\u00fc G\u00f6revine Getirildi"},"content":{"rendered":"Sanofi’de ger\u00e7ekle\u015fen \u00fcst d\u00fczey g\u00f6rev de\u011fi\u015fiklikleri kapsam\u0131nda Se\u00e7il \u0130leri, Pazara Eri\u015fim Direkt\u00f6rl\u00fc\u011f\u00fc g\u00f6revine getirildi.   Sanofi 'de T\u00fcrkiye'yi de kapsayan Avrasya B\u00f6lgesi’nde yap\u0131lan \u00fcst d\u00fczey g\u00f6rev de\u011fi\u015fiklikleri kapsam\u0131nda Pazara Eri\u015fim Direkt\u00f6r\u00fc olarak atanan Se\u00e7il \u0130leri,  Sanofi’nin t\u00fcm pazara eri\u015fim faaliyetlerine liderlik edecek. Se\u00e7il \u0130leri, &nbsp;\u0130stanbul Teknik \u00dcniversitesi ’nden mezun olduktan sonra kariyer hayat\u0131na Nestlé Health Science T\u00fcrkiye ’de Pazar Eri\u015fimi ve Ruhsat M\u00fcd\u00fcr\u00fc olarak ba\u015flad\u0131. Daha sonras\u0131nda IMS Dan\u0131\u015fmanl\u0131k Grubu ’nda K\u0131demli Dan\u0131\u015fman olarak kat\u0131ld\u0131 ve burada da fiyatland\u0131rma, pazara eri\u015fim s\u00fcre\u00e7leri ile ilgili stratejik projelerde yer ald\u0131. Global \u00f6l\u00e7ekli farkl\u0131 firmalarda Fiyatland\u0131rma &amp; Pazar Eri\u015fimi Y\u00f6neticisi rol\u00fcn\u00fc \u00fcstlenerek pazara eri\u015fim projelerine liderlik etti.&nbsp;\u0130leri, 2017 y\u0131l\u0131nda Sanofi’ye Pazara Eri\u015fim Lideri olarak kat\u0131ld\u0131 ve 2022 y\u0131l\u0131nda Genel \u0130la\u00e7lar Kurumsal \u0130li\u015fkiler ve Pazar Eri\u015fimi Lideri pozisyonuna gelerek Genel \u0130la\u00e7lar portf\u00f6y\u00fc i\u00e7in pazara eri\u015fim ve fiyatland\u0131rma ile kurumlar aras\u0131 ili\u015fki y\u00f6netimi ve proje geli\u015ftirme s\u00fcre\u00e7lerini y\u00fcr\u00fctt\u00fc. ","protected":false},"author":1,"featured_media":0,"parent":881,"menu_order":0,"comment_status":"open","ping_status":"closed","template":"","meta":{"_links_to":"https:\/\/www.kadindostumarkalar.org\/yazilar\/kariyer-basamaklari\/secil-ileri-sanofi-de-pazara-erisim-direktorlugu-gorevine-getirildi","_links_to_target":"https:\/\/www.kadindostumarkalar.org\/yazilar\/kariyer-basamaklari\/secil-ileri-sanofi-de-pazara-erisim-direktorlugu-gorevine-getirildi"},"_links":{"self":[{"href":"https:\/\/www.kadindostumarkalar.org\/yazilar\/kariyer-basamaklari\/secil-ileri-sanofi-de-pazara-erisim-direktorlugu-gorevine-getirildi"}],"collection":[{"href":"urlver"}],"about":[{"href":""}],"author":[{"embeddable":true,"href":"https:\/\/www.kadindostumarkalar.org\/yazilar\/kariyer-basamaklari\/secil-ileri-sanofi-de-pazara-erisim-direktorlugu-gorevine-getirildi"}],"replies":[{"embeddable":true,"href":"https:\/\/www.kadindostumarkalar.org\/yazilar\/kariyer-basamaklari\/secil-ileri-sanofi-de-pazara-erisim-direktorlugu-gorevine-getirildi"}],"version-history":[{"count":881,"href":"https:\/\/www.kadindostumarkalar.org\/yazilar\/kariyer-basamaklari\/secil-ileri-sanofi-de-pazara-erisim-direktorlugu-gorevine-getirildi"}],"predecessor-version":[{"id":881,"href":"https:\/\/www.kadindostumarkalar.org\/yazilar\/kariyer-basamaklari\/secil-ileri-sanofi-de-pazara-erisim-direktorlugu-gorevine-getirildi"}],"up":[{"embeddable":true,"href":"https:\/\/www.kadindostumarkalar.org\/yazilar\/kariyer-basamaklari\/secil-ileri-sanofi-de-pazara-erisim-direktorlugu-gorevine-getirildi"}],"wp:attachment":[{"href":"https:\/\/www.kadindostumarkalar.org\/img\/blog\/ekran-goruntusu-2024-11-20-134400.png-52880.png"}],"curies":[{"name":".Net","href":"https:\/\/api.w.org\/{rel}","templated":true}]}}