{"id":532,"date":"2022-11-15T18:36:10","date_gmt":"2022-11-15T18:36:10","guid":{"rendered":"https:\/\/www.kadindostumarkalar.org\/yazilar\/otomotiv-ve-sanayi\/seger-ev-ici-siddete-karsi-sirketler-aginda"},"modified":"2022-11-15T18:36:57","modified_gmt":"2022-11-15T18:36:57","slug":"seger-ev-ici-siddete-karsi-sirketler-aginda","status":"publish","type":"page","link":"","title":{"rendered":"SEGER “EV \u0130\u00c7\u0130 \u015e\u0130DDETE KAR\u015eI \u015e\u0130RKETLER A\u011eI”NDA"},"content":{"rendered":"Bursa ve \u00c7in’deki fabrikalar\u0131nda \u00fcretti\u011fi yakla\u015f\u0131k 13 milyon kornan\u0131n y\u00fczde 80’ini ihra\u00e7 ederek d\u00fcnyada ilk 10 s\u0131rada yer alan Seger , kuruldu\u011fu g\u00fcnden bu yana toplumsal konulara da deste\u011fini s\u00fcrd\u00fcrmeye devam ediyor. 2017’de '\u0130\u015f D\u00fcnyas\u0131 Aile \u0130\u00e7i \u015eiddete Kar\u015f\u0131 Projesi 'ne destek vermeye ba\u015flayan Seger, proje kapsam\u0131nda hayata ge\u00e7irilen “Ev \u0130\u00e7i \u015eiddete Kar\u015f\u0131 \u015eirketler A\u011f\u0131 ”n\u0131n Sabanc\u0131 Center ’da ger\u00e7ekle\u015fen lansman\u0131nda yer alarak katk\u0131 sa\u011flamay\u0131 s\u00fcrd\u00fcrece\u011finin i\u015faretini verdi. 1981’den bug\u00fcne kal\u0131p yarg\u0131lar\u0131ndan s\u0131yr\u0131larak e\u015fitlik\u00e7i bir anlay\u0131\u015f\u0131n yerle\u015fmesi i\u00e7in \u00e7abalayan Seger, toplumsal cinsiyet e\u015fitli\u011fi  ve kad\u0131n\u0131n g\u00fc\u00e7lenmesini kalk\u0131nman\u0131n ba\u015fl\u0131ca gereklerinden biri olarak g\u00f6r\u00fcyor. 2016 y\u0131l\u0131nda \u00f6nce WEPs  (Women Empowerment  Principles – Kad\u0131n\u0131n G\u00fc\u00e7lenmesi  Prensipleri)’i imzalayan T\u00fcrkiye’nin y\u00fczde 100 yerli ve global firmas\u0131, 2017’de ise T\u00dcS\u0130AD, Sabanc\u0131 \u00dcniversitesi Kurumsal Y\u00f6netim Forumu, Sabanc\u0131 Vakf\u0131  ve UNFPA  taraf\u0131ndan desteklenen \u0130\u015f D\u00fcnyas\u0131 Ev \u0130\u00e7i \u015eiddete Kar\u015f\u0131 ( BADV) projesine dahil oldu. Projenin 10’ncu y\u0131ld\u00f6n\u00fcm\u00fcne yakla\u015f\u0131l\u0131rken hayata ge\u00e7irilen ve Sabanc\u0131 Center’da lansman\u0131 ger\u00e7ekle\u015ftirilen “Ev \u0130\u00e7i \u015eiddete Kar\u015f\u0131 \u015eirketler A\u011f\u0131”nda, Strateji Grubunda” Seger de yer alacak. Lansmana Seger ad\u0131na kat\u0131lan Kurumsal \u0130leti\u015fim Y\u00f6neticisi Eren Jale Y\u00f6r\u00fcko\u011flu ’na plaket takdimini Sabanc\u0131 \u00dcniversitesi Kurumsal Y\u00f6netim Forumu Direkt\u00f6r\u00fc Ata Can Bertay  yapt\u0131. Y\u00f6r\u00fcko\u011flu,&nbsp; \u0130\u015f D\u00fcnyas\u0131 Ev \u0130\u00e7i \u015eiddete Kar\u015f\u0131 ( BADV) projesine 2017 y\u0131l\u0131ndan bu yana destek vermekten gurur duyduklar\u0131n\u0131 ve y\u0131llar i\u00e7inde geli\u015fip faydal\u0131 bilgiler edindiklerini ifade etti. Ev \u0130\u00e7i \u015eiddete Kar\u015f\u0131 \u015eirketler A\u011f\u0131 ile, i\u015f d\u00fcnyas\u0131n\u0131n \u00f6rg\u00fctsel yetenekleri kullan\u0131larak aile i\u00e7i \u015fiddete kar\u015f\u0131 \u00f6nlem ve destek yollar\u0131 olu\u015fturulmas\u0131n\u0131n yan\u0131nda toplumsal cinsiyet e\u015fitli\u011finin desteklenmesi ve i\u015f d\u00fcnyas\u0131nda kad\u0131n haklar\u0131 konusunda fark\u0131ndal\u0131k yarat\u0131lmas\u0131 hedefleniyor.  ","protected":false},"author":1,"featured_media":0,"parent":532,"menu_order":0,"comment_status":"open","ping_status":"closed","template":"","meta":{"_links_to":"https:\/\/www.kadindostumarkalar.org\/yazilar\/otomotiv-ve-sanayi\/seger-ev-ici-siddete-karsi-sirketler-aginda","_links_to_target":"https:\/\/www.kadindostumarkalar.org\/yazilar\/otomotiv-ve-sanayi\/seger-ev-ici-siddete-karsi-sirketler-aginda"},"_links":{"self":[{"href":"https:\/\/www.kadindostumarkalar.org\/yazilar\/otomotiv-ve-sanayi\/seger-ev-ici-siddete-karsi-sirketler-aginda"}],"collection":[{"href":"urlver"}],"about":[{"href":""}],"author":[{"embeddable":true,"href":"https:\/\/www.kadindostumarkalar.org\/yazilar\/otomotiv-ve-sanayi\/seger-ev-ici-siddete-karsi-sirketler-aginda"}],"replies":[{"embeddable":true,"href":"https:\/\/www.kadindostumarkalar.org\/yazilar\/otomotiv-ve-sanayi\/seger-ev-ici-siddete-karsi-sirketler-aginda"}],"version-history":[{"count":1045,"href":"https:\/\/www.kadindostumarkalar.org\/yazilar\/otomotiv-ve-sanayi\/seger-ev-ici-siddete-karsi-sirketler-aginda"}],"predecessor-version":[{"id":532,"href":"https:\/\/www.kadindostumarkalar.org\/yazilar\/otomotiv-ve-sanayi\/seger-ev-ici-siddete-karsi-sirketler-aginda"}],"up":[{"embeddable":true,"href":"https:\/\/www.kadindostumarkalar.org\/yazilar\/otomotiv-ve-sanayi\/seger-ev-ici-siddete-karsi-sirketler-aginda"}],"wp:attachment":[{"href":"https:\/\/www.kadindostumarkalar.org\/img\/blog\/seger-ev-ici-siddete-karsi-sirketler-aginda-0-16992.jpg"}],"curies":[{"name":".Net","href":"https:\/\/api.w.org\/{rel}","templated":true}]}}