{"id":247,"date":"2021-05-09T00:00:00","date_gmt":"2021-05-09T00:00:00","guid":{"rendered":"https:\/\/www.kadindostumarkalar.org\/yazilar\/kadin-dostu-markalar-tv\/seger-korna-pembe-korna-projesiyle-kadin-dostu-markalar-2021-farkindalik-odulunun-sahibi-oldu"},"modified":"2022-06-02T04:06:19","modified_gmt":"2022-06-02T04:06:19","slug":"seger-korna-pembe-korna-projesiyle-kadin-dostu-markalar-2021-farkindalik-odulunun-sahibi-oldu","status":"publish","type":"page","link":"","title":{"rendered":"SEGER KORNA “PEMBE KORNA” PROJES\u0130YLE KADIN DOSTU MARKALAR 2021 FARKINDALIK \u00d6D\u00dcL\u00dcN\u00dcN SAH\u0130B\u0130 OLDU"},"content":{"rendered":"Seger Korna, meme kanseri nde erken te\u015fhisin \u00f6nemine dikkat \u00e7ekmek amac\u0131yla “Erken Tan\u0131, Hayata Sar\u0131l”  slogan\u0131 ile \u00fcretti\u011fi pembe  renkli korna lar\u0131 i\u00e7eren “Pembe Korna ” projesiyle Kad\u0131n Dostu Markalar  2021 Fark\u0131ndal\u0131k  \u00d6d\u00fcl\u00fc&#8217;n\u00fcn sahibi oldu. \u00d6d\u00fcl\u00fc almak \u00fczere t\u00f6rene kat\u0131lan Seger Korna  Genel M\u00fcd\u00fcr\u00fc Sn. T\u00fclin Tezer  yapt\u0131\u011f\u0131 konu\u015fmada, markan\u0131n kad\u0131nlar\u0131n desteklenmesi konusunda g\u00f6sterdi\u011fi duyarl\u0131l\u0131ktan bahsetti. Toplumsal cinsiyet e\u015fitli\u011fi ni g\u00f6n\u00fclden desteklediklerini ve bu konuda hayata ge\u00e7irdikleri di\u011fer fark\u0131ndal\u0131k  projelerinden k\u0131saca s\u00f6z etti. ","protected":false},"author":1,"featured_media":0,"parent":247,"menu_order":0,"comment_status":"open","ping_status":"closed","template":"","meta":{"_links_to":"https:\/\/www.kadindostumarkalar.org\/yazilar\/kadin-dostu-markalar-tv\/seger-korna-pembe-korna-projesiyle-kadin-dostu-markalar-2021-farkindalik-odulunun-sahibi-oldu","_links_to_target":"https:\/\/www.kadindostumarkalar.org\/yazilar\/kadin-dostu-markalar-tv\/seger-korna-pembe-korna-projesiyle-kadin-dostu-markalar-2021-farkindalik-odulunun-sahibi-oldu"},"_links":{"self":[{"href":"https:\/\/www.kadindostumarkalar.org\/yazilar\/kadin-dostu-markalar-tv\/seger-korna-pembe-korna-projesiyle-kadin-dostu-markalar-2021-farkindalik-odulunun-sahibi-oldu"}],"collection":[{"href":"urlver"}],"about":[{"href":""}],"author":[{"embeddable":true,"href":"https:\/\/www.kadindostumarkalar.org\/yazilar\/kadin-dostu-markalar-tv\/seger-korna-pembe-korna-projesiyle-kadin-dostu-markalar-2021-farkindalik-odulunun-sahibi-oldu"}],"replies":[{"embeddable":true,"href":"https:\/\/www.kadindostumarkalar.org\/yazilar\/kadin-dostu-markalar-tv\/seger-korna-pembe-korna-projesiyle-kadin-dostu-markalar-2021-farkindalik-odulunun-sahibi-oldu"}],"version-history":[{"count":1016,"href":"https:\/\/www.kadindostumarkalar.org\/yazilar\/kadin-dostu-markalar-tv\/seger-korna-pembe-korna-projesiyle-kadin-dostu-markalar-2021-farkindalik-odulunun-sahibi-oldu"}],"predecessor-version":[{"id":247,"href":"https:\/\/www.kadindostumarkalar.org\/yazilar\/kadin-dostu-markalar-tv\/seger-korna-pembe-korna-projesiyle-kadin-dostu-markalar-2021-farkindalik-odulunun-sahibi-oldu"}],"up":[{"embeddable":true,"href":"https:\/\/www.kadindostumarkalar.org\/yazilar\/kadin-dostu-markalar-tv\/seger-korna-pembe-korna-projesiyle-kadin-dostu-markalar-2021-farkindalik-odulunun-sahibi-oldu"}],"wp:attachment":[{"href":"https:\/\/www.kadindostumarkalar.org\/img\/blog\/ekran-alintisi-seger.png"}],"curies":[{"name":".Net","href":"https:\/\/api.w.org\/{rel}","templated":true}]}}