{"id":132,"date":"2020-11-25T00:00:00","date_gmt":"2020-11-25T00:00:00","guid":{"rendered":"https:\/\/www.kadindostumarkalar.org\/yazilar\/otomotiv-ve-sanayi\/seger-korna-pembe-kornayla-erken-tani-hayata-saril"},"modified":"2022-05-31T10:07:01","modified_gmt":"2022-05-31T10:07:01","slug":"seger-korna-pembe-kornayla-erken-tani-hayata-saril","status":"publish","type":"page","link":"","title":{"rendered":"SEGER KORNA; PEMBE KORNAYLA “ERKEN TANI, HAYATA SARIL”"},"content":{"rendered":"Seger, erken te\u015fhisin \u00f6nemine Pembe Korna ile dikkat \u00e7ekiyor.  Meme kanserinde erken te\u015fhisin \u00f6nemine dikkat \u00e7ekmek amac\u0131yla ge\u00e7en y\u0131l “pembe korna” projesini hayata ge\u00e7iren Seger, bu y\u0131l da pembe korna \u00fcretti. “Erken Tan\u0131, Hayata Sar\u0131l” slogan\u0131 ile kornalar\u0131n\u0131 pembe renkte \u00fcreten Seger’in projesi b\u00fcy\u00fck ilgi g\u00f6rd\u00fc.   T\u00fcrkiye’de otomotiv yan sanayisine, yedek par\u00e7a sekt\u00f6r\u00fcne ve d\u00fcnya devi otomobil \u00fcreticilerine korna tedarik etmesiyle tan\u0131nan Seger, sosyal sorumluluk bilinciyle ge\u00e7en y\u0131l ba\u015flatt\u0131\u011f\u0131 projeye bu y\u0131l da devam etti. Seger, “Meme Kanseri Fark\u0131ndal\u0131k” ay\u0131 kapsam\u0131nda erken te\u015fhisin \u00f6nemine dikkat \u00e7ekmek amac\u0131yla bu y\u0131l da pembe korna \u00fcretti. Toplum sa\u011fl\u0131\u011f\u0131n\u0131n \u00f6nemine dikkat \u00e7ekmek i\u00e7in bir\u00e7ok projeyi hayata ge\u00e7iren Seger, pembe korna projesiyle b\u00fcy\u00fck ilgi g\u00f6rd\u00fc. Medya d\u00fcnyas\u0131n\u0131n \u00fcnl\u00fc isimleri, radyo programc\u0131lar\u0131, kanser derneklerinin y\u00f6neticileri, bu hastal\u0131\u011f\u0131 yenen ve m\u00fccadele eden kad\u0131nlar ve Seger \u00e7al\u0131\u015fanlar\u0131 #erkentan\u0131hayatasar\u0131l hashtagi ile hayata ge\u00e7irilen projeye, pembe korna ile \u00e7ektikleri foto\u011fraflar\u0131n\u0131 sosyal medya hesaplar\u0131ndan payla\u015farak destek oldular. Kendilerini sadece korna \u00fcreten bir marka olarak konumland\u0131rmad\u0131klar\u0131n\u0131 belirten Seger Genel M\u00fcd\u00fcr\u00fc T\u00fclin Tezer, “D\u00fcnya \u00e7ap\u0131nda korna \u00fcreticisi bir firma olarak meme kanserinde erken te\u015fhisin \u00f6nemine dikkat \u00e7ekmek \u00fczere hayata ge\u00e7irdi\u011fimiz projeler \u015fa\u015fk\u0131nl\u0131k ve be\u011feniyle kar\u015f\u0131lan\u0131yor. Sosyal duyarl\u0131l\u0131\u011f\u0131 y\u00fcksek olan bir markay\u0131z; dolay\u0131s\u0131yla toplumu ilgilendiren konularda da fark\u0131ndal\u0131k yaratmay\u0131 ve toplumu bilin\u00e7lendirmeyi g\u00f6rev olarak g\u00f6r\u00fcyoruz. \u00dclkemizde her y\u0131l Ekim ay\u0131 ‘Meme Kanseri Fark\u0131ndal\u0131k Ay\u0131’ olarak an\u0131l\u0131yor ve bu \u00e7er\u00e7evede fark\u0131ndal\u0131\u011f\u0131 art\u0131racak aktiviteler yap\u0131l\u0131yor. Biz de “pembe korna” projemizle toplumsal fark\u0131ndal\u0131\u011f\u0131 art\u0131rmaya, insanlar\u0131 bilin\u00e7lendirmeye \u00e7al\u0131\u015f\u0131yoruz. Bu \u00e7er\u00e7evede ge\u00e7ti\u011fimiz y\u0131l ba\u015flatt\u0131\u011f\u0131m\u0131z ‘Erken Tan\u0131, Hayata Sar\u0131l’ projemizi bu y\u0131l da devam ettiriyoruz. Proje kapsam\u0131nda kornalar\u0131m\u0131z\u0131 pembe renkte ve slogan\u0131m\u0131z\u0131 da vurgulayacak bi\u00e7imde \u00fcreterek sosyal medyada payla\u015f\u0131p insanlar\u0131n dikkatini bu noktaya \u00e7ekmeye \u00e7al\u0131\u015f\u0131yoruz.” dedi. Tezer, meme kanserinin hem kad\u0131nlar\u0131 hem de erkekleri ilgilendiren toplumsal bir sorun oldu\u011funu s\u00f6yleyerek s\u00f6zlerine \u015f\u00f6yle devam etti: “Bu sorun, \u00f6n planda kad\u0131nlar olsa da erkekleri de ilgilendiriyor. Biz erkek a\u011f\u0131rl\u0131kl\u0131 otomotiv yan sanayi sekt\u00f6r\u00fcne hizmet veriyoruz ama meme kanseri ile m\u00fccadelede cinsiyetten ba\u011f\u0131ms\u0131z hareket edilmesi gerekti\u011fine inan\u0131yoruz. Kad\u0131nlarda g\u00f6r\u00fclme yo\u011funlu\u011fu erkeklere g\u00f6re daha fazla ama meme kanseri -e\u011fer ailesinde varsa- erkeklerde de g\u00f6r\u00fclebilen bir kanser t\u00fcr\u00fc. Dolay\u0131s\u0131yla cinsiyetten ba\u011f\u0131ms\u0131z toplumsal bir fark\u0131ndal\u0131k yarat\u0131lmas\u0131 gereken \u00f6nemli bir konu&#8230; Veriler meme kanseri vakalar\u0131nda art\u0131\u015f ya\u015fand\u0131\u011f\u0131n\u0131 g\u00f6steriyor. Erken tan\u0131 konma oran\u0131 ne kadar artarsa insanlar\u0131n hayatta kalma \u015fanslar\u0131 da art\u0131yor. O y\u00fczden erken tan\u0131, hayat kurtar\u0131yor diyebiliriz.” ","protected":false},"author":1,"featured_media":0,"parent":132,"menu_order":0,"comment_status":"open","ping_status":"closed","template":"","meta":{"_links_to":"https:\/\/www.kadindostumarkalar.org\/yazilar\/otomotiv-ve-sanayi\/seger-korna-pembe-kornayla-erken-tani-hayata-saril","_links_to_target":"https:\/\/www.kadindostumarkalar.org\/yazilar\/otomotiv-ve-sanayi\/seger-korna-pembe-kornayla-erken-tani-hayata-saril"},"_links":{"self":[{"href":"https:\/\/www.kadindostumarkalar.org\/yazilar\/otomotiv-ve-sanayi\/seger-korna-pembe-kornayla-erken-tani-hayata-saril"}],"collection":[{"href":"urlver"}],"about":[{"href":""}],"author":[{"embeddable":true,"href":"https:\/\/www.kadindostumarkalar.org\/yazilar\/otomotiv-ve-sanayi\/seger-korna-pembe-kornayla-erken-tani-hayata-saril"}],"replies":[{"embeddable":true,"href":"https:\/\/www.kadindostumarkalar.org\/yazilar\/otomotiv-ve-sanayi\/seger-korna-pembe-kornayla-erken-tani-hayata-saril"}],"version-history":[{"count":958,"href":"https:\/\/www.kadindostumarkalar.org\/yazilar\/otomotiv-ve-sanayi\/seger-korna-pembe-kornayla-erken-tani-hayata-saril"}],"predecessor-version":[{"id":132,"href":"https:\/\/www.kadindostumarkalar.org\/yazilar\/otomotiv-ve-sanayi\/seger-korna-pembe-kornayla-erken-tani-hayata-saril"}],"up":[{"embeddable":true,"href":"https:\/\/www.kadindostumarkalar.org\/yazilar\/otomotiv-ve-sanayi\/seger-korna-pembe-kornayla-erken-tani-hayata-saril"}],"wp:attachment":[{"href":"https:\/\/www.kadindostumarkalar.org\/img\/blog\/seger-pembe-korna5.jpg"}],"curies":[{"name":".Net","href":"https:\/\/api.w.org\/{rel}","templated":true}]}}