{"id":723,"date":"2024-05-24T11:56:38","date_gmt":"2024-05-24T11:56:38","guid":{"rendered":"https:\/\/www.kadindostumarkalar.org\/yazilar\/kariyer-basamaklari\/sekerbank-insan-kaynaklarini-albek-ile-guclendirdi"},"modified":"2024-05-24T11:56:38","modified_gmt":"2024-05-24T11:56:38","slug":"sekerbank-insan-kaynaklarini-albek-ile-guclendirdi","status":"publish","type":"page","link":"","title":{"rendered":"\u015eekerbank, \u0130nsan Kaynaklar\u0131n\u0131 Albek ile g\u00fc\u00e7lendirdi"},"content":{"rendered":"Toplumsal cinsiyet e\u015fitli\u011fi ba\u015fta olmak \u00fczere bir\u00e7ok sosyal alanda \u00f6nemli roller \u00fcstlenen Tuba Kara Albek, \u015eekerbank \u0130nsan Kaynaklar\u0131 Genel M\u00fcd\u00fcr Yard\u0131mc\u0131l\u0131\u011f\u0131 g\u00f6revine atand\u0131.  Ulusal ve uluslararas\u0131 \u015firketlerde&nbsp;25 y\u0131l\u0131 a\u015fk\u0131n tecr\u00fcbe sahibi Tuba Kara Albek, \u015eekerbank \u0130nsan Kaynaklar\u0131 Genel M\u00fcd\u00fcr Yard\u0131mc\u0131l\u0131\u011f\u0131 g\u00f6revine atand\u0131. Bankan\u0131n insan kaynaklar\u0131 alan\u0131ndaki t\u00fcm \u00e7al\u0131\u015fmalar\u0131n\u0131n y\u00f6netimini \u00fcstlenen Albek, deneyimini \u015eekerbank’\u0131n insan kayna\u011f\u0131n\u0131 geli\u015ftirmek i\u00e7in kullanacak. Sivil topluma y\u00f6nelik g\u00f6n\u00fcll\u00fc \u00e7al\u0131\u015fmalarda da aktif olarak g\u00f6revlerde bulunan Albek, ba\u015fta toplumsal cinsiyet e\u015fitli\u011fi, \u00fcst d\u00fczeyde kad\u0131n lider say\u0131s\u0131n\u0131n art\u0131r\u0131lmas\u0131 ve gelece\u011fin kad\u0131n lider adaylar\u0131n\u0131n e\u011fitimine y\u00f6nelik faaliyetlerde kurucu\/y\u00f6netici olarak da g\u00f6revlerde bulundu. Lisans e\u011fitimini Marmara \u00dcniversitesi \u0130ngiliz Dili ve E\u011fitimi B\u00f6l\u00fcm\u00fc'nde tamamlayan ve ayn\u0131 \u00fcniversitede \u0130nsan Kaynaklar\u0131 Y\u00f6netimi \u00fczerine y\u00fcksek lisans program\u0131na kat\u0131lan Albek, \u00e7al\u0131\u015fma ya\u015fam\u0131na 1998’de insan kaynaklar\u0131 uzman\u0131 olarak ba\u015flad\u0131. Telekom, \u00e7a\u011fr\u0131 merkezi ve perakende gibi sekt\u00f6rlerde \u00fcst d\u00fczey y\u00f6neticilik g\u00f6revleri y\u00fcr\u00fcten Albek, insan kaynaklar\u0131 alan\u0131n\u0131n t\u00fcm s\u00fcre\u00e7lerinde aktif olarak sorumluluk ald\u0131. &nbsp;Albek, \u015eekerbank ailesine kat\u0131lmadan \u00f6nce ING T\u00fcrkiye b\u00fcnyesinde \u0130nsan Kaynaklar\u0131 Direkt\u00f6rl\u00fc\u011f\u00fc g\u00f6revini s\u00fcrd\u00fcr\u00fcyordu.&nbsp; ","protected":false},"author":1,"featured_media":0,"parent":723,"menu_order":0,"comment_status":"open","ping_status":"closed","template":"","meta":{"_links_to":"https:\/\/www.kadindostumarkalar.org\/yazilar\/kariyer-basamaklari\/sekerbank-insan-kaynaklarini-albek-ile-guclendirdi","_links_to_target":"https:\/\/www.kadindostumarkalar.org\/yazilar\/kariyer-basamaklari\/sekerbank-insan-kaynaklarini-albek-ile-guclendirdi"},"_links":{"self":[{"href":"https:\/\/www.kadindostumarkalar.org\/yazilar\/kariyer-basamaklari\/sekerbank-insan-kaynaklarini-albek-ile-guclendirdi"}],"collection":[{"href":"urlver"}],"about":[{"href":""}],"author":[{"embeddable":true,"href":"https:\/\/www.kadindostumarkalar.org\/yazilar\/kariyer-basamaklari\/sekerbank-insan-kaynaklarini-albek-ile-guclendirdi"}],"replies":[{"embeddable":true,"href":"https:\/\/www.kadindostumarkalar.org\/yazilar\/kariyer-basamaklari\/sekerbank-insan-kaynaklarini-albek-ile-guclendirdi"}],"version-history":[{"count":1084,"href":"https:\/\/www.kadindostumarkalar.org\/yazilar\/kariyer-basamaklari\/sekerbank-insan-kaynaklarini-albek-ile-guclendirdi"}],"predecessor-version":[{"id":723,"href":"https:\/\/www.kadindostumarkalar.org\/yazilar\/kariyer-basamaklari\/sekerbank-insan-kaynaklarini-albek-ile-guclendirdi"}],"up":[{"embeddable":true,"href":"https:\/\/www.kadindostumarkalar.org\/yazilar\/kariyer-basamaklari\/sekerbank-insan-kaynaklarini-albek-ile-guclendirdi"}],"wp:attachment":[{"href":"https:\/\/www.kadindostumarkalar.org\/img\/blog\/sekerbank-insan-kaynaklarini-albek-ile-guclendirdi-0-12104.jpg"}],"curies":[{"name":".Net","href":"https:\/\/api.w.org\/{rel}","templated":true}]}}