{"id":1309,"date":"2025-09-22T14:34:27","date_gmt":"2025-09-22T14:34:27","guid":{"rendered":"https:\/\/www.kadindostumarkalar.org\/yazilar\/kariyer-basamaklari\/selcen-tokgoz-ozkan-barilla-turkiye-de-orta-ve-kuzey-avrupa-dan-sorumlu-pazarlama-direktoru-oldu"},"modified":"2025-09-22T14:37:14","modified_gmt":"2025-09-22T14:37:14","slug":"selcen-tokgoz-ozkan-barilla-turkiye-de-orta-ve-kuzey-avrupa-dan-sorumlu-pazarlama-direktoru-oldu","status":"publish","type":"page","link":"","title":{"rendered":"Selcen Tokg\u00f6z \u00d6zkan, Barilla T\u00fcrkiye’de Orta ve Kuzey Avrupa’dan Sorumlu Pazarlama Direkt\u00f6r\u00fc Oldu"},"content":{"rendered":"Barilla T\u00fcrkiye’de \u00dclke Pazarlama Direkt\u00f6r\u00fc olarak ba\u015far\u0131l\u0131 \u00e7al\u0131\u015fmalara imza atan Selcen Tokg\u00f6z \u00d6zkan, 1 Ekim 2025 itibar\u0131yla Orta ve Kuzey Avrupa’dan Sorumlu Pazarlama Direkt\u00f6r\u00fc olarak g\u00f6rev alacak.   Barilla T\u00fcrkiye  \u00dclke Pazarlama Direkt\u00f6r\u00fc olarak Temmuz 2021'den bu yana ba\u015far\u0131l\u0131 \u00e7al\u0131\u015fmalara imza atan Selcen Tokg\u00f6z \u00d6zkan , Barilla’n\u0131n Avrupa pazarlama stratejilerine ve b\u00fcy\u00fcmesine y\u00f6n verecek yeni bir pozisyona atand\u0131. Tokg\u00f6z \u00d6zkan, 1 Ekim 2025 tarihi itibariyle Barilla’n\u0131n Almanya – K\u00f6ln’de yer alan b\u00f6lge ofisinde Orta ve Kuzey Avrupa B\u00f6lge Pazarlama Direkt\u00f6r\u00fc olarak g\u00f6rev yapacak. Yeni rol\u00fcnde Almanya, \u0130svi\u00e7re, \u0130sve\u00e7, Norve\u00e7, Finlandiya, Danimarka, Avusturya, Litvanya, Letonya  ve Estonya  pazarlar\u0131n\u0131n tamam\u0131ndan sorumlu olacak ve makarna kategorisindeki pazarlama stratejilerine liderlik edecek. Tokg\u00f6z \u00d6zkan; Orta ve Kuzey Avrupa B\u00f6lgesi liderlik ekibi ve Barilla global pasta liderlik ekibinin \u00fcyesi olarak Barilla’n\u0131n Avrupa’daki b\u00fcy\u00fcme hedeflerine katk\u0131 sa\u011flayacak.&nbsp;Selcen Tokg\u00f6z \u00d6zkan’\u0131n yeni g\u00f6revi, Barilla’n\u0131n Avrupa’daki markalar\u0131n\u0131n pazarlama stratejilerinin g\u00fc\u00e7lendirilmesinde \u00f6nemli bir ad\u0131m olarak de\u011ferlendiriliyor. \u0130stanbul Teknik \u00dcniversitesi ’nde \u0130\u015fletme ve Teknoloji alan\u0131nda y\u00fcksek lisans, Bilkent \u00dcniversitesi ’nde \u0130\u015fletme alan\u0131nda lisans e\u011fitimi alan Tokg\u00f6z \u00d6zkan, ayn\u0131 zamanda Danimarka’daki Aarhus \u00dcniversitesi ’nde e\u011fitim g\u00f6rerek uluslararas\u0131 bir vizyon kazand\u0131. Kariyerine 2008 y\u0131l\u0131nda T\u00fcrkiye S\u0131nai Kalk\u0131nma Bankas\u0131 ’nda (TSKB) Y\u00f6netici Aday\u0131 olarak ba\u015flayan Tokg\u00f6z \u00d6zkan, ard\u0131ndan Migros Ticaret A.\u015e .’de H\u0131zl\u0131 T\u00fcketim \u00dcr\u00fcnleri Pazarlama Uzman\u0131 olarak g\u00f6rev yapt\u0131. 2011 y\u0131l\u0131nda Unilever  b\u00fcnyesine kat\u0131larak Lipton, Knorr, Carte d’Or,  Sana, Becel  ve OMO  gibi global markalar\u0131n pazarlama ve ileti\u015fim stratejilerini y\u00f6netti. 2018 y\u0131l\u0131nda Danone Waters ’a ge\u00e7en \u00d6zkan, Hayat  ve Akmin a markalar\u0131n\u0131n inovasyon ve s\u00fcrd\u00fcr\u00fclebilirlik \u00e7al\u0131\u015fmalar\u0131na liderlik ederek \u00fcr\u00fcn lansmanlar\u0131 ve ambalaj geli\u015ftirme projelerini hayata ge\u00e7irdi.  2021 y\u0131l\u0131ndan bu yana Barilla, Filiz  ve Wasa  markalar\u0131n\u0131n b\u00fcy\u00fcmesi ve kârl\u0131l\u0131\u011f\u0131na \u00f6nemli katk\u0131larda bulunan Tokg\u00f6z \u00d6zkan, \u00f6zellikle Filiz markas\u0131nda stratejik konumland\u0131rma ve etkili kampanyalarla T\u00fcrkiye makarna pazar\u0131nda liderli\u011fe ula\u015f\u0131lmas\u0131nda kritik bir rol oynad\u0131. Yarat\u0131c\u0131 pazarlama vizyonu ve g\u00fc\u00e7l\u00fc liderlik yakla\u015f\u0131m\u0131yla markalar\u0131n t\u00fcketicilerle ba\u011f\u0131n\u0131 g\u00fc\u00e7lendirdi ve Barilla T\u00fcrkiye’nin ba\u015far\u0131s\u0131n\u0131n uluslararas\u0131 d\u00fczeyde de g\u00f6r\u00fcn\u00fcr olmas\u0131na katk\u0131da bulundu. ","protected":false},"author":1,"featured_media":0,"parent":1309,"menu_order":0,"comment_status":"open","ping_status":"closed","template":"","meta":{"_links_to":"https:\/\/www.kadindostumarkalar.org\/yazilar\/kariyer-basamaklari\/selcen-tokgoz-ozkan-barilla-turkiye-de-orta-ve-kuzey-avrupa-dan-sorumlu-pazarlama-direktoru-oldu","_links_to_target":"https:\/\/www.kadindostumarkalar.org\/yazilar\/kariyer-basamaklari\/selcen-tokgoz-ozkan-barilla-turkiye-de-orta-ve-kuzey-avrupa-dan-sorumlu-pazarlama-direktoru-oldu"},"_links":{"self":[{"href":"https:\/\/www.kadindostumarkalar.org\/yazilar\/kariyer-basamaklari\/selcen-tokgoz-ozkan-barilla-turkiye-de-orta-ve-kuzey-avrupa-dan-sorumlu-pazarlama-direktoru-oldu"}],"collection":[{"href":"urlver"}],"about":[{"href":""}],"author":[{"embeddable":true,"href":"https:\/\/www.kadindostumarkalar.org\/yazilar\/kariyer-basamaklari\/selcen-tokgoz-ozkan-barilla-turkiye-de-orta-ve-kuzey-avrupa-dan-sorumlu-pazarlama-direktoru-oldu"}],"replies":[{"embeddable":true,"href":"https:\/\/www.kadindostumarkalar.org\/yazilar\/kariyer-basamaklari\/selcen-tokgoz-ozkan-barilla-turkiye-de-orta-ve-kuzey-avrupa-dan-sorumlu-pazarlama-direktoru-oldu"}],"version-history":[{"count":662,"href":"https:\/\/www.kadindostumarkalar.org\/yazilar\/kariyer-basamaklari\/selcen-tokgoz-ozkan-barilla-turkiye-de-orta-ve-kuzey-avrupa-dan-sorumlu-pazarlama-direktoru-oldu"}],"predecessor-version":[{"id":1309,"href":"https:\/\/www.kadindostumarkalar.org\/yazilar\/kariyer-basamaklari\/selcen-tokgoz-ozkan-barilla-turkiye-de-orta-ve-kuzey-avrupa-dan-sorumlu-pazarlama-direktoru-oldu"}],"up":[{"embeddable":true,"href":"https:\/\/www.kadindostumarkalar.org\/yazilar\/kariyer-basamaklari\/selcen-tokgoz-ozkan-barilla-turkiye-de-orta-ve-kuzey-avrupa-dan-sorumlu-pazarlama-direktoru-oldu"}],"wp:attachment":[{"href":"https:\/\/www.kadindostumarkalar.org\/img\/blog\/selcen-tokgoz-ozkan-barilla-turkiye-de-orta-ve-kuzey-avrupa-dan-sorumlu-pazarlama-direktoru-oldu-0-69289.jpg"}],"curies":[{"name":".Net","href":"https:\/\/api.w.org\/{rel}","templated":true}]}}