{"id":502,"date":"2022-10-20T12:02:48","date_gmt":"2022-10-20T12:02:48","guid":{"rendered":"https:\/\/www.kadindostumarkalar.org\/yazilar\/kariyer-basamaklari\/shell-turkiyede-yeni-atamalar"},"modified":"2022-10-20T12:04:11","modified_gmt":"2022-10-20T12:04:11","slug":"shell-turkiyede-yeni-atamalar","status":"publish","type":"page","link":"","title":{"rendered":"SHELL T\u00dcRK\u0130YE'DE YEN\u0130 ATAMALAR"},"content":{"rendered":"Shell T\u00fcrkiye’de ger\u00e7ekle\u015ftirilen yeni atamalarla Petek I\u015f\u0131k Eyilik, Shell Enerji T\u00fcrkiye \u00dclke M\u00fcd\u00fcr\u00fc oldu.   1923 y\u0131l\u0131ndan bu yana T\u00fcrkiye’de faaliyetlerini s\u00fcrd\u00fcren Shell, Shell Enerji  T\u00fcrkiye \u00dclke M\u00fcd\u00fcrl\u00fc\u011f\u00fc g\u00f6revine Petek I\u015f\u0131k Eyilik ’in getirildi\u011fini duyurdu.  Petek I\u015f\u0131k Eyilik, 2010 y\u0131l\u0131nda Shell’e kat\u0131ld\u0131 ve Shell Enerji T\u00fcrkiye operasyon ve ticaret tak\u0131mlar\u0131nda \u00e7e\u015fitli g\u00f6revler \u00fcstlendi. 2017 y\u0131l\u0131nda Shell Enerji’nin Ticaret M\u00fcd\u00fcr\u00fc olarak atanan Eyilik, sat\u0131\u015f  ve tedarik  alanlar\u0131nda \u00f6nemli \u00e7al\u0131\u015fmalara imza att\u0131. Yeni rol\u00fcnde Eyilik, Shell Enerji’nin T\u00fcrkiye’deki i\u015f kolunu y\u00f6netecek ve Shell’in do\u011falgaz  ve elektrik  portf\u00f6y\u00fcn\u00fcn b\u00fcy\u00fcmesine, karbon n\u00f6tr  hedefleri do\u011frultusunda m\u00fc\u015fterilerinin enerji d\u00f6n\u00fc\u015f\u00fcmlerine destek verilmesine liderlik edecek.&nbsp;  Bilkent \u00dcniversitesi  End\u00fcstri M\u00fchendisli\u011fi  B\u00f6l\u00fcm\u00fc mezunu olan Eyilik, Sabanc\u0131 \u00dcniversitesi  End\u00fcstri M\u00fchendisli\u011fi ve \u0130\u015fletme \u00e7ift anadal y\u00fcksek lisans program\u0131n\u0131 tamamlam\u0131\u015f bulunuyor. ","protected":false},"author":1,"featured_media":0,"parent":502,"menu_order":0,"comment_status":"open","ping_status":"closed","template":"","meta":{"_links_to":"https:\/\/www.kadindostumarkalar.org\/yazilar\/kariyer-basamaklari\/shell-turkiyede-yeni-atamalar","_links_to_target":"https:\/\/www.kadindostumarkalar.org\/yazilar\/kariyer-basamaklari\/shell-turkiyede-yeni-atamalar"},"_links":{"self":[{"href":"https:\/\/www.kadindostumarkalar.org\/yazilar\/kariyer-basamaklari\/shell-turkiyede-yeni-atamalar"}],"collection":[{"href":"urlver"}],"about":[{"href":""}],"author":[{"embeddable":true,"href":"https:\/\/www.kadindostumarkalar.org\/yazilar\/kariyer-basamaklari\/shell-turkiyede-yeni-atamalar"}],"replies":[{"embeddable":true,"href":"https:\/\/www.kadindostumarkalar.org\/yazilar\/kariyer-basamaklari\/shell-turkiyede-yeni-atamalar"}],"version-history":[{"count":1148,"href":"https:\/\/www.kadindostumarkalar.org\/yazilar\/kariyer-basamaklari\/shell-turkiyede-yeni-atamalar"}],"predecessor-version":[{"id":502,"href":"https:\/\/www.kadindostumarkalar.org\/yazilar\/kariyer-basamaklari\/shell-turkiyede-yeni-atamalar"}],"up":[{"embeddable":true,"href":"https:\/\/www.kadindostumarkalar.org\/yazilar\/kariyer-basamaklari\/shell-turkiyede-yeni-atamalar"}],"wp:attachment":[{"href":"https:\/\/www.kadindostumarkalar.org\/img\/blog\/shell-turkiyede-yeni-atamalar-0-17465.jpg"}],"curies":[{"name":".Net","href":"https:\/\/api.w.org\/{rel}","templated":true}]}}