{"id":97,"date":"2021-04-22T00:00:00","date_gmt":"2021-04-22T00:00:00","guid":{"rendered":"https:\/\/www.kadindostumarkalar.org\/yazilar\/kamu\/sisli-belediyesi-siddetsiz-bir-sisli-icin-calisiyor"},"modified":"2022-05-31T04:03:59","modified_gmt":"2022-05-31T04:03:59","slug":"sisli-belediyesi-siddetsiz-bir-sisli-icin-calisiyor","status":"publish","type":"page","link":"","title":{"rendered":"\u015e\u0130\u015eL\u0130 BELED\u0130YES\u0130 “\u015e\u0130DDETS\u0130Z B\u0130R \u015e\u0130\u015eL\u0130 \u0130\u00c7\u0130N” \u00c7ALI\u015eIYOR"},"content":{"rendered":"Kad\u0131na y\u00f6nelik \u015fiddetin \u00f6n\u00fcne ge\u00e7meyi ama\u00e7layan \u015ei\u015fli Belediyesi, \u0130stanbul Barosu Kad\u0131n Haklar\u0131 Merkezi ile di\u011fer belediyelere de \u00f6rnek olmas\u0131n\u0131 umdu\u011fu bir i\u015f birli\u011fi protokol\u00fcne imza att\u0131. \u015ei\u015fli Belediyesi, bu protokol ile kad\u0131n kom\u015fular\u0131n\u0131n \u015fiddet ve istismarla m\u00fccadelede hukuki taleplerinin kar\u015f\u0131lanmas\u0131na destek olacak.  \u015ei\u015fli Belediyesi , kad\u0131nlara y\u00f6nelik \u015fiddete ili\u015fkin toplumsal fark\u0131ndal\u0131\u011f\u0131 artt\u0131rmak ve \u015fiddetle m\u00fccadele  mekanizmalar\u0131n\u0131 yayg\u0131nla\u015ft\u0131rmak amac\u0131yla \u0130stanbul  Barosu Kad\u0131n Haklar\u0131 Merkezi  ile i\u015f birli\u011fi protokol\u00fc imzalad\u0131. \u0130\u015f birli\u011fi protokol\u00fc, \u015ei\u015fli Belediye  Ba\u015fkan\u0131 Muammer Keskin  ve \u0130stanbul Barosu  Ba\u015fkan\u0131 Avukat Mehmet Durako\u011flu ile \u0130stanbul Barosu  Ba\u015fkan Yard\u0131mc\u0131s\u0131 Avukat Nazan Moro\u011flu ’nun kat\u0131l\u0131m\u0131 ile 9 Mart Sal\u0131 g\u00fcn\u00fc imzaland\u0131. Protokol\u00fcn \u0130\u00e7eri\u011fi ve Amac\u0131  Protokol kapsam\u0131nda, ge\u00e7ti\u011fimiz 25 Kas\u0131m’da faaliyete ge\u00e7en \u015ei\u015fli Belediyesi Kad\u0131n Dan\u0131\u015fma Merkez i’ne ba\u015fvuran kad\u0131nlar, haklar\u0131na ili\u015fkin bilgiye kolayca eri\u015febilecekler. Toplumsal cinsiyet e\u015fitli\u011fi  i\u00e7in \u00f6nemli \u00e7al\u0131\u015fmalarda bulunan \u0130stanbul Barosu ’nun avukatlar\u0131, bu merkezde kad\u0131nlara \u00fccretsiz destek verecek. T\u00fcm Belediyelere \u00d6rnek Bir \u0130\u015f Birli\u011fi  \u015ei\u015fli Belediye  Ba\u015fkan\u0131 Muammer Keskin  konuya ili\u015fkin konu\u015fmas\u0131nda, \u0130stanbul Barosu Kad\u0131n Haklar\u0131 Merkezi  ile imzalad\u0131klar\u0131 bu protokol sayesinde, \u015ei\u015fli Belediyesi Kad\u0131n Dan\u0131\u015fma Merkezi ’nde, kad\u0131nlar i\u00e7in hayati \u00f6neme sahip olan haklara ili\u015fkin bilgiye eri\u015fim sa\u011flama i\u015flevinin de hayata ge\u00e7irildi\u011fini vurgulad\u0131. Bu protokol\u00fcn, kad\u0131nlar\u0131n \u015fiddetle m\u00fccadelede g\u00fc\u00e7lendirilmesinin en \u00f6nemli par\u00e7alar\u0131ndan birine zemin olu\u015fturaca\u011f\u0131n\u0131n alt\u0131n\u0131 \u00e7izen Keskin , kad\u0131nlar\u0131n, haklar\u0131na ili\u015fkin bilgiye eri\u015fmeleri konusunda destekleyici rol oynayacak bu protokol\u00fc imzalam\u0131\u015f olmaktan duydu\u011fu mutlulu\u011fu da dile getirdi. Keskin  s\u00f6zlerine \u015f\u00f6yle devam etti: “Kad\u0131n  cinayetleri siyasidir ve bizim gibi yerel y\u00f6netimler bu i\u015fbirliklerini do\u011fru zemine oturtabilirse bu cinayetler azalacakt\u0131r. Bize d\u00fc\u015fen e\u011fitim, dan\u0131\u015fmanl\u0131k hizmeti vererek ortak payday\u0131 yaratmakt\u0131r. G\u00f6reve geldi\u011fim g\u00fcnden bu yana b\u00fct\u00fcn kom\u015fular\u0131m, \u00e7al\u0131\u015fma arkada\u015flar\u0131m, sivil inisiyatifteki arkada\u015flar\u0131mla birlikte kad\u0131n\u0131 \u00f6nceleyen hizmetleri hayata ge\u00e7irmeye gayret ediyoruz.” Bu ama\u00e7la kad\u0131n istihdam\u0131n\u0131 art\u0131rmay\u0131 \u00f6ncelikli hedef olarak belirledikleri “A\u015fevi\/Sosyal Mutfak”  ve eve hapsolmu\u015f kad\u0131nlar\u0131 hayata katarak, onlar\u0131n emeklerini de\u011ferlendirebilecekleri ortamlar\u0131 yaratmaya \u00e7al\u0131\u015fmak amac\u0131yla “Mahalle Evleri ” projelerini hayatta ge\u00e7irdiklerini de kaydeden Keskin : “Bu i\u015f birli\u011finin, t\u00fcm belediyeler i\u00e7in bir \u00f6rnek olu\u015fturmas\u0131n\u0131 umuyor, kad\u0131n lar\u0131n \u015fiddetle m\u00fccadele de g\u00fc\u00e7lenerek s\u0131\u011f\u0131nak ve dan\u0131\u015fma merkezlerine ihtiya\u00e7 duymayacaklar\u0131 bir ya\u015fam hayal ediyoruz.” diyerek s\u00f6zlerini noktalad\u0131. “Haklar\u0131n\u0131 bilmek \u015fiddetin \u00f6nlenmesi i\u00e7in \u00e7ok \u00f6nemli”  T\u00f6rende konu\u015fma yapan \u0130stanbul Barosu  Ba\u015fkan Yard\u0131mc\u0131s\u0131 Nazan Moro\u011flu , bu protokol\u00fcn kad\u0131nlar\u0131n haklar\u0131n\u0131 \u00f6\u011frenmesine yard\u0131mc\u0131 olaca\u011f\u0131n\u0131, haklar\u0131n\u0131 bilen kad\u0131nlar\u0131n da \u015fiddetin \u00f6nlenmesinde hayati \u00f6neme sahip oldu\u011funu dile getirdi. Moro\u011flu : “Biz hem bilgilendirme yapaca\u011f\u0131z hem de yarg\u0131 yoluna ba\u015fvurmak isteyen kad\u0131nlar\u0131n adalete eri\u015fimlerine yard\u0131mc\u0131 olaca\u011f\u0131z. Ge\u00e7en y\u0131l Baro’nun Adli Yard\u0131m B\u00fcrosu’na 13 binden fazla ba\u015fvuru yap\u0131ld\u0131. Bunun 12.100’\u00fcn\u00fc \u015fiddete u\u011frayan kad\u0131nlar\u0131n korunma talebi olu\u015fturuyor. Bu noktada i\u015finde son derece bilgili avukatlarla kad\u0131nlar\u0131n yan\u0131nda yer ald\u0131k.” dedi. Kad\u0131n  haklar\u0131n\u0131n insan haklar\u0131 ve kad\u0131n  haklar\u0131n\u0131n ihlalinin insan haklar\u0131n\u0131n ihlali oldu\u011funu savunan Moro\u011flu , bunu \u00f6nlemenin en \u00f6nemli yolunun hakk\u0131n\u0131 bilmekten ge\u00e7ti\u011fine dikkat \u00e7ekti. Bu i\u015fbirli\u011fi ile \u015fiddetsiz ve insan haklar\u0131 ihlali olmayan bir \u015ei\u015fli i\u00e7in ad\u0131m att\u0131klar\u0131n\u0131n alt\u0131n\u0131 \u00e7izdi. T\u00f6rende \u0130stanbul Barosu  Ba\u015fkan\u0131 avukat Mehmet Durak  da bu \u00f6rnek \u00e7al\u0131\u015fma i\u00e7in \u015ei\u015fli Belediyesi’ne te\u015fekk\u00fcr ederek s\u00f6zlerine ba\u015flad\u0131. Durak  b\u00f6ylesi \u00e7al\u0131\u015fmalar\u0131n Bat\u0131 Avrupa’da s\u0131kl\u0131kla yap\u0131lmas\u0131na ra\u011fmen T\u00fcrkiye’de maalesef hala \u00e7ok nadir yap\u0131ld\u0131\u011f\u0131n\u0131 ve bu nedenle \u015ei\u015fli Belediyesi’nin att\u0131\u011f\u0131 ad\u0131m\u0131n \u00e7ok \u00f6nemli oldu\u011funu vurgulad\u0131. Bu \u00e7al\u0131\u015fman\u0131n demokrasi m\u00fccadelesinin somutland\u0131r\u0131lmas\u0131 oldu\u011funu belirten Durak  da kad\u0131n haklar\u0131 ihlalinin insan haklar\u0131 ihlali oldu\u011funu belirtti. Konu\u015fmalar\u0131n ard\u0131ndan protokol imza t\u00f6renine ge\u00e7ildi. \u00dc\u00e7l\u00fc imza sonras\u0131nda  protokol hayata ge\u00e7irilmi\u015f oldu. ","protected":false},"author":1,"featured_media":0,"parent":97,"menu_order":0,"comment_status":"open","ping_status":"closed","template":"","meta":{"_links_to":"https:\/\/www.kadindostumarkalar.org\/yazilar\/kamu\/sisli-belediyesi-siddetsiz-bir-sisli-icin-calisiyor","_links_to_target":"https:\/\/www.kadindostumarkalar.org\/yazilar\/kamu\/sisli-belediyesi-siddetsiz-bir-sisli-icin-calisiyor"},"_links":{"self":[{"href":"https:\/\/www.kadindostumarkalar.org\/yazilar\/kamu\/sisli-belediyesi-siddetsiz-bir-sisli-icin-calisiyor"}],"collection":[{"href":"urlver"}],"about":[{"href":""}],"author":[{"embeddable":true,"href":"https:\/\/www.kadindostumarkalar.org\/yazilar\/kamu\/sisli-belediyesi-siddetsiz-bir-sisli-icin-calisiyor"}],"replies":[{"embeddable":true,"href":"https:\/\/www.kadindostumarkalar.org\/yazilar\/kamu\/sisli-belediyesi-siddetsiz-bir-sisli-icin-calisiyor"}],"version-history":[{"count":1018,"href":"https:\/\/www.kadindostumarkalar.org\/yazilar\/kamu\/sisli-belediyesi-siddetsiz-bir-sisli-icin-calisiyor"}],"predecessor-version":[{"id":97,"href":"https:\/\/www.kadindostumarkalar.org\/yazilar\/kamu\/sisli-belediyesi-siddetsiz-bir-sisli-icin-calisiyor"}],"up":[{"embeddable":true,"href":"https:\/\/www.kadindostumarkalar.org\/yazilar\/kamu\/sisli-belediyesi-siddetsiz-bir-sisli-icin-calisiyor"}],"wp:attachment":[{"href":"https:\/\/www.kadindostumarkalar.org\/img\/blog\/protokol-imza-toreni-2-093900277.jpeg"}],"curies":[{"name":".Net","href":"https:\/\/api.w.org\/{rel}","templated":true}]}}