{"id":544,"date":"2022-11-26T17:36:46","date_gmt":"2022-11-26T17:36:46","guid":{"rendered":"https:\/\/www.kadindostumarkalar.org\/yazilar\/hizmet\/sodexo-grubuna-cesitlilik-ve-firsat-esitligi-odulu"},"modified":"2022-11-26T17:37:37","modified_gmt":"2022-11-26T17:37:37","slug":"sodexo-grubuna-cesitlilik-ve-firsat-esitligi-odulu","status":"publish","type":"page","link":"","title":{"rendered":"SODEXO GRUBU’NA \u00c7E\u015e\u0130TL\u0130L\u0130K VE FIRSAT E\u015e\u0130TL\u0130\u011e\u0130 \u00d6D\u00dcL\u00dc"},"content":{"rendered":"Cinsiyet e\u015fitli\u011fi anlay\u0131\u015f\u0131n\u0131 kurum k\u00fclt\u00fcr\u00fc haline getiren Sodexo, y\u00f6netim seviyesinde kad\u0131n oran\u0131n\u0131n art\u0131r\u0131lmas\u0131 konusundaki ba\u015far\u0131s\u0131yla 120 Fransa merkezli \u015firket i\u00e7inde \u00c7e\u015fitlilik ve F\u0131rsat E\u015fitli\u011fi s\u0131ralamas\u0131nda birinci oldu.  Bu vizyonun bir par\u00e7as\u0131 olmaktan memnuniyet duyduklar\u0131n\u0131 dile getiren Sodexo  Avantaj ve \u00d6d\u00fcllendirme CEO’su Eda Uluca \u00d6zcan ; T\u00fcrkiye’de bu bak\u0131\u015f a\u00e7\u0131s\u0131n\u0131 yans\u0131tacak \u00e7al\u0131\u015fmalar ger\u00e7ekle\u015ftirdiklerini ve bunun sonucunda y\u00f6netici kademesinde kad\u0131n \u00e7al\u0131\u015fan oran\u0131n\u0131 y\u00fczde 43’e ula\u015ft\u0131rd\u0131klar\u0131n\u0131 belirtti. Sodexo, dan\u0131\u015fmanl\u0131k firmas\u0131 Convictions RH  taraf\u0131ndan, 120 Fransa merkezli  \u015firketin \u00c7e\u015fitlilik ve F\u0131rsat E\u015fitli\u011fi alan\u0131nda y\u00fcr\u00fctt\u00fc\u011f\u00fc \u00e7al\u0131\u015fmalar\u0131n de\u011ferlendirildi\u011fi s\u0131ralamada birinci oldu. \u00d6d\u00fcl\u00fc Sodexo’ya, Frans\u0131z Ulusal Meclisi 'nde d\u00fczenlenen t\u00f6rende, Cinsiyet ve F\u0131rsat E\u015fitli\u011fi Bakan\u0131 Isabelle Rome  takdim etti. \u0130\u015f yerinde cinsiyet dengesinin sa\u011flanmas\u0131n\u0131n Sodexo’nun en \u00f6nemli \u00f6nceliklerinden biri oldu\u011funu belirten Sodexo Avantaj ve \u00d6d\u00fcllendirme Hizmetleri  CEO’su Eda Uluca \u00d6zcan yapt\u0131\u011f\u0131 a\u00e7\u0131klamada “Sodexo olarak i\u015f d\u00fcnyas\u0131n\u0131n g\u00fcndeminde olan \u00e7e\u015fitlilik, e\u015fitlik  ve kapsay\u0131c\u0131l\u0131k  konular\u0131nda somut ad\u0131mlar atmaya odaklan\u0131yoruz. Global de\u011ferlendirmeler sonucunda Sodexo’nun bu alanda taahh\u00fcd\u00fcn\u00fc yerine getirdi\u011fini g\u00f6rmekten ve de\u011ferli kurumlar taraf\u0131ndan takdir edilmesinden b\u00fcy\u00fck onur duyuyoruz. Bu ba\u015far\u0131da \u015f\u00fcphesiz ki faaliyet g\u00f6sterdi\u011fimiz di\u011fer \u00fclkelerin ald\u0131\u011f\u0131 inisiyatiflerin rol\u00fc b\u00fcy\u00fck. Sodexo T\u00fcrkiye  olarak cinsiyet ve f\u0131rsat e\u015fitli\u011fini t\u00fcm i\u015f s\u00fcre\u00e7lerimizin ve \u0130K politikalar\u0131m\u0131z\u0131n temeline oturtuyoruz. Bu \u00e7al\u0131\u015fmalar\u0131m\u0131zla \u00fclkemizde kad\u0131n istihdam\u0131na en fazla katk\u0131 sa\u011flayan \u015firketlerden biriyiz” dedi. Sodexo Grup b\u00fcnyesinde; 2022 A\u011fustos itibar\u0131yla y\u00f6netim kurulunun y\u00fczde 60'\u0131n\u0131, y\u00f6netim komitesinin y\u00fczde 41'ini, \u00fcst d\u00fczey y\u00f6neticilerin y\u00fczde 41'ini, t\u00fcm y\u00f6netimin y\u00fczde 44'\u00fcn\u00fc ve t\u00fcm \u00e7al\u0131\u015fanlar\u0131n y\u00fczde 56's\u0131n\u0131 kad\u0131nlar olu\u015fturuyor. ","protected":false},"author":1,"featured_media":0,"parent":544,"menu_order":0,"comment_status":"open","ping_status":"closed","template":"","meta":{"_links_to":"https:\/\/www.kadindostumarkalar.org\/yazilar\/hizmet\/sodexo-grubuna-cesitlilik-ve-firsat-esitligi-odulu","_links_to_target":"https:\/\/www.kadindostumarkalar.org\/yazilar\/hizmet\/sodexo-grubuna-cesitlilik-ve-firsat-esitligi-odulu"},"_links":{"self":[{"href":"https:\/\/www.kadindostumarkalar.org\/yazilar\/hizmet\/sodexo-grubuna-cesitlilik-ve-firsat-esitligi-odulu"}],"collection":[{"href":"urlver"}],"about":[{"href":""}],"author":[{"embeddable":true,"href":"https:\/\/www.kadindostumarkalar.org\/yazilar\/hizmet\/sodexo-grubuna-cesitlilik-ve-firsat-esitligi-odulu"}],"replies":[{"embeddable":true,"href":"https:\/\/www.kadindostumarkalar.org\/yazilar\/hizmet\/sodexo-grubuna-cesitlilik-ve-firsat-esitligi-odulu"}],"version-history":[{"count":1024,"href":"https:\/\/www.kadindostumarkalar.org\/yazilar\/hizmet\/sodexo-grubuna-cesitlilik-ve-firsat-esitligi-odulu"}],"predecessor-version":[{"id":544,"href":"https:\/\/www.kadindostumarkalar.org\/yazilar\/hizmet\/sodexo-grubuna-cesitlilik-ve-firsat-esitligi-odulu"}],"up":[{"embeddable":true,"href":"https:\/\/www.kadindostumarkalar.org\/yazilar\/hizmet\/sodexo-grubuna-cesitlilik-ve-firsat-esitligi-odulu"}],"wp:attachment":[{"href":"https:\/\/www.kadindostumarkalar.org\/img\/blog\/sodexo-grubuna-cesitlilik-ve-firsat-esitligi-odulu-0-48054.jpg"}],"curies":[{"name":".Net","href":"https:\/\/api.w.org\/{rel}","templated":true}]}}