{"id":440,"date":"2022-10-06T12:29:07","date_gmt":"2022-10-06T12:29:07","guid":{"rendered":"https:\/\/www.kadindostumarkalar.org\/yazilar\/kariyer-basamaklari\/sodexo-turkiyeden-globale-onemli-atama"},"modified":"2022-10-06T12:31:26","modified_gmt":"2022-10-06T12:31:26","slug":"sodexo-turkiyeden-globale-onemli-atama","status":"publish","type":"page","link":"","title":{"rendered":"SODEXO T\u00dcRK\u0130YE’DEN GLOBALE \u00d6NEML\u0130 ATAMA"},"content":{"rendered":"Sodexo ’nun \u00c7e\u015fitlilik, E\u015fitlik ve Kapsay\u0131c\u0131l\u0131k stratejileri T\u00fcrkiye’den y\u00f6netilecek. Sodexo Entegre Hizmet Y\u00f6netimi \u0130nsan Kaynaklar\u0131 Direkt\u00f6r\u00fc Damla Benli Y\u0131ld\u0131r\u0131m , sorumluluklar\u0131na bir yenisini ekleyerek COEU B\u00f6lgesi  \u00c7e\u015fitlilik, E\u015fitlik ve Kapsay\u0131c\u0131l\u0131k Direkt\u00f6r\u00fc  g\u00f6revini \u00fcstlendi. Y\u0131ld\u0131r\u0131m, yeni g\u00f6revinde K\u0131ta Avrupas\u0131 genelinde DE&amp;I  stratejisinin planlanmas\u0131 ve y\u00fcr\u00fct\u00fclmesine liderlik edecek.  Damla Benli Y\u0131ld\u0131r\u0131m, Uluda\u011f \u00dcniversitesi  \u00c7al\u0131\u015fma Ekonomisi ve Marmara \u00dcniversitesi  \u0130nsan Kaynaklar\u0131 Y\u00fcksek Lisans mezunu. Profesyonel i\u015f ya\u015fam\u0131na k\u00fcresel g\u00fcvenlik hizmetleri \u015firketi G4S ’de ba\u015flad\u0131. 1997-2015 y\u0131llar\u0131 aras\u0131nda G4S’de s\u0131ras\u0131yla; \u0130K M\u00fcd\u00fcr\u00fc, \u0130K ve Kalite M\u00fcd\u00fcr\u00fc ve \u0130K ve Kalite Direkt\u00f6r\u00fc g\u00f6revlerinde bulunan Damla Y\u0131ld\u0131r\u0131m, 2015 y\u0131l\u0131nda Sodexo’ya \u0130nsan Kaynaklar\u0131 Direkt\u00f6r\u00fc  olarak kat\u0131ld\u0131. Damla Benli Y\u0131ld\u0131r\u0131m, 2022 Temmuz ay\u0131 itibariyle y\u00fcr\u00fctt\u00fc\u011f\u00fc g\u00f6revine ek olarak COEU B\u00f6lgesi \u00c7e\u015fitlilik, E\u015fitlik ve Kapsay\u0131c\u0131l\u0131k Direkt\u00f6r\u00fc olarak atand\u0131. ","protected":false},"author":1,"featured_media":0,"parent":440,"menu_order":0,"comment_status":"open","ping_status":"closed","template":"","meta":{"_links_to":"https:\/\/www.kadindostumarkalar.org\/yazilar\/kariyer-basamaklari\/sodexo-turkiyeden-globale-onemli-atama","_links_to_target":"https:\/\/www.kadindostumarkalar.org\/yazilar\/kariyer-basamaklari\/sodexo-turkiyeden-globale-onemli-atama"},"_links":{"self":[{"href":"https:\/\/www.kadindostumarkalar.org\/yazilar\/kariyer-basamaklari\/sodexo-turkiyeden-globale-onemli-atama"}],"collection":[{"href":"urlver"}],"about":[{"href":""}],"author":[{"embeddable":true,"href":"https:\/\/www.kadindostumarkalar.org\/yazilar\/kariyer-basamaklari\/sodexo-turkiyeden-globale-onemli-atama"}],"replies":[{"embeddable":true,"href":"https:\/\/www.kadindostumarkalar.org\/yazilar\/kariyer-basamaklari\/sodexo-turkiyeden-globale-onemli-atama"}],"version-history":[{"count":1122,"href":"https:\/\/www.kadindostumarkalar.org\/yazilar\/kariyer-basamaklari\/sodexo-turkiyeden-globale-onemli-atama"}],"predecessor-version":[{"id":440,"href":"https:\/\/www.kadindostumarkalar.org\/yazilar\/kariyer-basamaklari\/sodexo-turkiyeden-globale-onemli-atama"}],"up":[{"embeddable":true,"href":"https:\/\/www.kadindostumarkalar.org\/yazilar\/kariyer-basamaklari\/sodexo-turkiyeden-globale-onemli-atama"}],"wp:attachment":[{"href":"https:\/\/www.kadindostumarkalar.org\/img\/blog\/httpswwwkadindostumarkalarorgblogkariyer-basamaklari-0-4564.jpg"}],"curies":[{"name":".Net","href":"https:\/\/api.w.org\/{rel}","templated":true}]}}