{"id":284,"date":"2020-12-07T00:00:00","date_gmt":"2020-12-07T00:00:00","guid":{"rendered":"https:\/\/www.kadindostumarkalar.org\/yazilar\/dost-kalemler\/sosyal-sorunluluklarimiz-oldugunu-biliyor-muydunuz"},"modified":"2022-06-06T12:35:12","modified_gmt":"2022-06-06T12:35:12","slug":"sosyal-sorunluluklarimiz-oldugunu-biliyor-muydunuz","status":"publish","type":"page","link":"","title":{"rendered":"SOSYAL SORUNLULUKLARIMIZ OLDU\u011eUNU B\u0130L\u0130YOR MUYDUNUZ?"},"content":{"rendered":"Nazl\u0131 Demirel \/ Kad\u0131n Dostu Markalar *** Sosyal sorumluluk iyi g\u00fczel de, sosyal sorunluluklar\u0131m\u0131z\u0131 ne yapaca\u011f\u0131z? Son zamanlarda kendime bu soruyu sorup duruyorum. Markalar\u0131n yapt\u0131\u011f\u0131 \u00f6nc\u00fc davran\u0131\u015flar\u0131 okuduk\u00e7a, sayfalar\u0131m\u0131za ta\u015f\u0131d\u0131k\u00e7a, bu g\u00fcne de\u011fin pek de bir \u015fey yapma f\u0131rsat\u0131 olmam\u0131\u015flar\u0131n “Ben ne yapabilirim?” dediklerini duyduk\u00e7a; \u00f6te yandan k\u0131l\u0131n\u0131 k\u0131p\u0131rdatmayanlar\u0131 da g\u00f6rd\u00fck\u00e7e sosyal sorunluluk bilincini a\u00e7\u0131\u011fa \u00e7\u0131karas\u0131m geldi. Sayfam\u0131zda okuyabilece\u011finiz \u00e7ok g\u00fczel marka davran\u0131\u015flar\u0131na rastlayacaks\u0131n\u0131z. Ev kad\u0131nlar\u0131na umut olan, ekmek kap\u0131s\u0131 a\u00e7an \u00fcreticilerden; kad\u0131n \u00e7al\u0131\u015fanlar\u0131 i\u00e7in her \u015feyin fazlas\u0131n\u0131 yapmak isteyenlere… Yeter ki ekonomide olsun kad\u0131n diyenlerden; k\u0131zlar\u0131m\u0131z sporla, sanatla g\u00fc\u00e7lensin diyenlere… Cinsiyet e\u015fitsizli\u011fi konusunda fark\u0131ndal\u0131k olu\u015fturup hepimizi yepyeni bir g\u00f6zl\u00fckle bulu\u015fturanlardan; kad\u0131na bi\u00e7ilmi\u015f mesleklerin \u00f6tesinde neler olu\u011funu ortaya koyanlara; bilime, sanata, i\u015f g\u00fcc\u00fcne, topluma daha fazla kad\u0131n laz\u0131m diyenlere rastlayacaks\u0131n\u0131z. \u0130\u015fte bunlar\u0131 bir b\u00fct\u00fcn olarak g\u00f6r\u00fcp sosyal sorumluluk projelerini her y\u00f6n\u00fcyle g\u00f6zden ge\u00e7irirken, as\u0131l, sosyal sorunluluklar\u0131m\u0131z\u0131n  \u00f6n plana \u00e7\u0131kmas\u0131 gerekti\u011fini d\u00fc\u015f\u00fcn\u00fcyorum. Yanl\u0131\u015flar\u0131 \u00f6nce kendimizde aray\u0131p a\u00e7\u0131\u011fa \u00e7\u0131karal\u0131m ve iyile\u015ftirelim. \u0130\u015fe, yanl\u0131\u015f s\u00f6zc\u00fckleri hayat\u0131m\u0131zdan \u00e7\u0131karmakla ba\u015flayal\u0131m. Hepimizin, zaman zaman dilimize gelen yanl\u0131\u015f s\u00f6ylemleri engelleyemedi\u011fimiz olmu\u015ftur. Bunlar toplumun, ailelerimizin, b\u00fcy\u00fcklerimizin dillerinden bizimkilere bula\u015fan yanl\u0131\u015f s\u00f6zc\u00fckler… \u0130lk i\u015f olarak onlardan ar\u0131nmal\u0131y\u0131z. *Elinin hamuru  – \u00c7amurdan ekme\u011fini kazanan \u00e7ok kad\u0131n tan\u0131yorum. \u00c7ok de\u011ferli seramik sanat\u00e7\u0131lar\u0131m\u0131z ve zanaatkarlar\u0131m\u0131z var. *O erkek i\u015fi  – Yok \u00f6yle bir \u015fey! Trakt\u00f6r\u00fcn tepesinde, a\u011f\u0131r sanayide, makinede, ula\u015f\u0131mda, benzin istasyonunda, in\u015faatta, lojistikte, bilimde, sporda… daha say\u0131lamayacak kadar \u00e7ok i\u015fte, f\u0131rsat verildi\u011fi takdirde, kad\u0131n kendini \u00f6yle de g\u00fczel g\u00f6steriyor ki \u015fa\u015f\u0131r\u0131r kal\u0131rs\u0131n\u0131z. *K\u0131z\u0131m sen ne anlars\u0131n – \u00d6yle g\u00fczel anlar ki!.. Desteklenirse, bilimde insanl\u0131\u011f\u0131 kurtaracak \u00e7ok de\u011ferli form\u00fcller geli\u015ftirebilir ve belki de d\u00fcnyay\u0131 kurtarabilir. Var m\u0131 \u00f6tesi? Bunlar sadece kad\u0131na dokunanlardan birka\u00e7\u0131. Bunun gibi topluma yara olmu\u015f ve olmaya devam eden sorunlu kelimelerimiz var. Bu sorunluluklar\u0131 iyile\u015ftirmek i\u00e7in ortak \u00e7aba sarf etmeliyiz. Hayat\u0131m\u0131za ayna tuttu\u011fumuzda kendi yanl\u0131\u015flar\u0131m\u0131z\u0131 fark edip d\u00fczeltmek de ya\u015fad\u0131\u011f\u0131m\u0131z toplum i\u00e7in bir duyarl\u0131l\u0131kt\u0131r. Etraf\u0131m\u0131za \u0131\u015f\u0131k sa\u00e7mam\u0131z i\u00e7in \u00f6nce kendimizin ayd\u0131nlan\u0131p parlamas\u0131 gerekmez mi? ","protected":false},"author":1,"featured_media":0,"parent":284,"menu_order":0,"comment_status":"open","ping_status":"closed","template":"","meta":{"_links_to":"https:\/\/www.kadindostumarkalar.org\/yazilar\/dost-kalemler\/sosyal-sorunluluklarimiz-oldugunu-biliyor-muydunuz","_links_to_target":"https:\/\/www.kadindostumarkalar.org\/yazilar\/dost-kalemler\/sosyal-sorunluluklarimiz-oldugunu-biliyor-muydunuz"},"_links":{"self":[{"href":"https:\/\/www.kadindostumarkalar.org\/yazilar\/dost-kalemler\/sosyal-sorunluluklarimiz-oldugunu-biliyor-muydunuz"}],"collection":[{"href":"urlver"}],"about":[{"href":""}],"author":[{"embeddable":true,"href":"https:\/\/www.kadindostumarkalar.org\/yazilar\/dost-kalemler\/sosyal-sorunluluklarimiz-oldugunu-biliyor-muydunuz"}],"replies":[{"embeddable":true,"href":"https:\/\/www.kadindostumarkalar.org\/yazilar\/dost-kalemler\/sosyal-sorunluluklarimiz-oldugunu-biliyor-muydunuz"}],"version-history":[{"count":1016,"href":"https:\/\/www.kadindostumarkalar.org\/yazilar\/dost-kalemler\/sosyal-sorunluluklarimiz-oldugunu-biliyor-muydunuz"}],"predecessor-version":[{"id":284,"href":"https:\/\/www.kadindostumarkalar.org\/yazilar\/dost-kalemler\/sosyal-sorunluluklarimiz-oldugunu-biliyor-muydunuz"}],"up":[{"embeddable":true,"href":"https:\/\/www.kadindostumarkalar.org\/yazilar\/dost-kalemler\/sosyal-sorunluluklarimiz-oldugunu-biliyor-muydunuz"}],"wp:attachment":[{"href":"https:\/\/www.kadindostumarkalar.org\/img\/blog\/shutterstock-1205245405-scaled.jpg"}],"curies":[{"name":".Net","href":"https:\/\/api.w.org\/{rel}","templated":true}]}}