{"id":477,"date":"2022-10-09T16:20:31","date_gmt":"2022-10-09T16:20:31","guid":{"rendered":"https:\/\/www.kadindostumarkalar.org\/yazilar\/egitim\/suna-kiracin-hayalleri-ve-sunanin-kizlari-projesi"},"modified":"2022-10-09T16:21:41","modified_gmt":"2022-10-09T16:21:41","slug":"suna-kiracin-hayalleri-ve-sunanin-kizlari-projesi","status":"publish","type":"page","link":"","title":{"rendered":"SUNA KIRA\u00c7’IN HAYALLER\u0130 VE SUNA’NIN KIZLARI PROJES\u0130"},"content":{"rendered":"T\u00fcrkiye’nin \u00f6nde gelen e\u011fitim g\u00f6n\u00fcll\u00fclerinden i\u015f insan\u0131 Suna K\u0131ra\u00e7’\u0131n vefat\u0131n\u0131n ikinci y\u0131l\u0131nda, Suna’n\u0131n K\u0131zlar\u0131 e\u011fitim yolculu\u011fu da bir y\u0131l\u0131 geride b\u0131rakt\u0131.   Sanayi, e\u011fitim, k\u00fclt\u00fcr ve sanat alanlar\u0131nda say\u0131s\u0131z ba\u015far\u0131ya imza atan i\u015f insan\u0131 Suna K\u0131ra\u00e7  aram\u0131zdan ayr\u0131l\u0131\u015f\u0131n\u0131n ikinci y\u0131l d\u00f6n\u00fcm\u00fcnde \u00e7e\u015fitli etkinliklerle an\u0131l\u0131rken, Ko\u00e7 Holding Y\u00f6netim Kurulu \u00dcyesi \u0130pek K\u0131ra\u00e7 ’\u0131n, annesi Suna K\u0131ra\u00e7’\u0131n ideallerini gelece\u011fe ta\u015f\u0131mak i\u00e7in ba\u015flatt\u0131\u011f\u0131 “Suna’n\u0131n K\u0131zlar\u0131”  e\u011fitim yolculu\u011fu  da birinci y\u0131l\u0131n\u0131 tamamlad\u0131.  \u0130pek K\u0131ra\u00e7, Suna’n\u0131n K\u0131zlar\u0131’n\u0131n e\u011fitime eri\u015femeyen, e\u011fitimini tamamlayamayan, nitelikli e\u011fitim  alamayan ve gelecek hayallerini ger\u00e7ekle\u015ftiremeyen k\u0131z \u00e7ocuklar\u0131na ula\u015fmak i\u00e7in yola \u00e7\u0131kt\u0131\u011f\u0131n\u0131 belirterek “Annem, bir e\u011fitim g\u00f6n\u00fcll\u00fcs\u00fc  olarak ya\u015fam\u0131n\u0131 e\u011fitime ve e\u011fitimde f\u0131rsat e\u015fitli\u011fine  adam\u0131\u015ft\u0131. Suna’n\u0131n K\u0131zlar\u0131, annemin e\u011fitim alan\u0131ndaki \u00e7abalar\u0131n\u0131, de\u011ferlerini, hedeflerini ve vizyonunu ya\u015fatacak” dedi. Ekim ay\u0131ndan itibaren \u00e7\u00f6z\u00fcm ve destek topluluklar\u0131n\u0131n olu\u015fturdu\u011fu modelleri pilot b\u00f6lgelerde uygulamaya ba\u015flayacaklar\u0131n\u0131 duyuran K\u0131ra\u00e7 , k\u0131z \u00e7ocuklar\u0131n bedensel ve duygusal olarak iyi halde olmalar\u0131, \u00f6\u011frenmeye kesintisiz devam edebilmeleri, oyundan ve e\u011flenmekten geri kalmamalar\u0131, bask\u0131 alt\u0131nda olmamalar\u0131 ve gelecekleri ile ilgili karar sahibi olmalar\u0131n\u0131 sa\u011flayacak bir ekosistemi olu\u015fturmak i\u00e7in yola \u00e7\u0131kt\u0131klar\u0131n\u0131 hat\u0131rlatt\u0131. ","protected":false},"author":1,"featured_media":0,"parent":477,"menu_order":0,"comment_status":"open","ping_status":"closed","template":"","meta":{"_links_to":"https:\/\/www.kadindostumarkalar.org\/yazilar\/egitim\/suna-kiracin-hayalleri-ve-sunanin-kizlari-projesi","_links_to_target":"https:\/\/www.kadindostumarkalar.org\/yazilar\/egitim\/suna-kiracin-hayalleri-ve-sunanin-kizlari-projesi"},"_links":{"self":[{"href":"https:\/\/www.kadindostumarkalar.org\/yazilar\/egitim\/suna-kiracin-hayalleri-ve-sunanin-kizlari-projesi"}],"collection":[{"href":"urlver"}],"about":[{"href":""}],"author":[{"embeddable":true,"href":"https:\/\/www.kadindostumarkalar.org\/yazilar\/egitim\/suna-kiracin-hayalleri-ve-sunanin-kizlari-projesi"}],"replies":[{"embeddable":true,"href":"https:\/\/www.kadindostumarkalar.org\/yazilar\/egitim\/suna-kiracin-hayalleri-ve-sunanin-kizlari-projesi"}],"version-history":[{"count":1246,"href":"https:\/\/www.kadindostumarkalar.org\/yazilar\/egitim\/suna-kiracin-hayalleri-ve-sunanin-kizlari-projesi"}],"predecessor-version":[{"id":477,"href":"https:\/\/www.kadindostumarkalar.org\/yazilar\/egitim\/suna-kiracin-hayalleri-ve-sunanin-kizlari-projesi"}],"up":[{"embeddable":true,"href":"https:\/\/www.kadindostumarkalar.org\/yazilar\/egitim\/suna-kiracin-hayalleri-ve-sunanin-kizlari-projesi"}],"wp:attachment":[{"href":"https:\/\/www.kadindostumarkalar.org\/img\/blog\/suna-kiracin-hayalleri-ve-sunanin-kizlari-projesi-0-83094.jpg"}],"curies":[{"name":".Net","href":"https:\/\/api.w.org\/{rel}","templated":true}]}}