{"id":779,"date":"2024-08-12T01:21:17","date_gmt":"2024-08-12T01:21:17","guid":{"rendered":"https:\/\/www.kadindostumarkalar.org\/yazilar\/haberler\/suna-nin-kizlari-kiz-kardeslik-dayanismasi-ile-buyuyor"},"modified":"2024-08-12T01:21:53","modified_gmt":"2024-08-12T01:21:53","slug":"suna-nin-kizlari-kiz-kardeslik-dayanismasi-ile-buyuyor","status":"publish","type":"page","link":"","title":{"rendered":"‘Suna’n\u0131n K\u0131zlar\u0131’, K\u0131z Karde\u015flik Dayan\u0131\u015fmas\u0131 ile B\u00fcy\u00fcyor"},"content":{"rendered":"\u0130\u015f insan\u0131 Suna K\u0131ra\u00e7’\u0131n k\u0131z \u00e7ocuklar\u0131n\u0131n e\u011fitimine \u00f6nem vermesi nedeniyle annesinin an\u0131s\u0131n\u0131 ya\u015fatmak isteyen k\u0131z\u0131 \u0130pak K\u0131ra\u00e7’\u0131n hayata ge\u00e7irdi\u011fi ‘Suna’n\u0131n K\u0131zlar\u0131’ projesinde ‘Yaz Enstit\u00fcs\u00fc’ program\u0131 tamamland\u0131. \u0130pek K\u0131ra\u00e7, programla ilgili olarak, “Suna’n\u0131n K\u0131zlar\u0131 bak\u0131\u015f a\u00e7\u0131s\u0131yla bir araya gelerek toplumsal de\u011fi\u015fim ve d\u00f6n\u00fc\u015f\u00fcm\u00fcn \u00f6nc\u00fcs\u00fc olmay\u0131 hayal ediyoruz” dedi.  ‘Suna’n\u0131n K\u0131zlar\u0131’ projesinde bu y\u0131l ikincisi ger\u00e7ekle\u015ftirilen ‘Yaz Enstit\u00fcs\u00fc’ program\u0131na kat\u0131lan 14-18 ya\u015f aral\u0131\u011f\u0131ndaki 39 k\u0131z \u00f6\u011frenci, k\u00fclt\u00fcr turlar\u0131, ke\u015fif gezileri, \u00e7ocuklar\u0131n iyi olma hallerini destekleyen \u00f6\u011frenme programlar\u0131 ve at\u00f6lyelere kat\u0131ld\u0131. Ayr\u0131ca alan\u0131nda ba\u015far\u0131l\u0131 kad\u0131nlarla da bir araya gelerek ilham sohbetlerine kat\u0131lan k\u0131z \u00e7ocuklar\u0131, \u015eanl\u0131urfa ve \u0130stanbul’da \u00fc\u00e7 hafta s\u00fcren programda farkl\u0131 deneyimler elde etti.  E\u011fitim alan\u0131nda k\u0131zlara b\u00fcy\u00fck \u00f6nem veren i\u015f insan\u0131 Suna K\u0131ra\u00e7’\u0131n \u00e7abalar\u0131n\u0131, de\u011ferlerini, hedeflerini ya\u015fatmay\u0131 ve ileriye ta\u015f\u0131may\u0131 hedefleyen k\u0131z\u0131 \u0130pek K\u0131ra\u00e7 taraf\u0131ndan hayata ge\u00e7irilen ‘Suna’n\u0131n K\u0131zlar\u0131’ projesinin etkinlikleri devam ediyor. Proje kapsam\u0131nda k\u0131z \u00e7ocuklar\u0131n g\u00fcvenli \u00f6\u011frenme imkânlar\u0131yla bulu\u015fmas\u0131n\u0131, birbirlerine \u00f6\u011frenme yolda\u015f\u0131 olmalar\u0131n\u0131, kar\u015f\u0131la\u015ft\u0131klar\u0131 sorunlar\u0131 dayan\u0131\u015fma i\u00e7erisinde yarat\u0131c\u0131 \u00e7\u00f6z\u00fcmler \u00fcretmelerini ama\u00e7layan ‘Yaz Enstit\u00fcs\u00fc’, \u015eanl\u0131urfa Valili\u011fi ve Ko\u00e7 Okulu i\u015f birli\u011fiyle d\u00fczenlendi.  Ko\u00e7 Okulu ile \u015eanl\u0131urfa k\u00f6ylerinden 39 k\u0131z \u00e7ocu\u011fun kat\u0131l\u0131m\u0131yla 8-13 Haziran’da organize edilen ‘Yaz Enstit\u00fcs\u00fc’n\u00fcn ilk etab\u0131 \u015eanl\u0131urfa’da tamamland\u0131. Program\u0131n ikinci etab\u0131 1-14 Temmuz’da \u0130stanbul’da ger\u00e7ekle\u015firken, k\u0131zlar; ilham veren bulu\u015fmalar, at\u00f6lye i\u00e7erikleri gibi etkinliklerde Suna'n\u0131n K\u0131zlar\u0131 \u00c7\u00f6z\u00fcm ve Destek topluluklar\u0131nda yer alan A\u00c7EV, BOMOVU ve \u015eehir Dedektifi gibi organizasyonlara kat\u0131ld\u0131. Farkl\u0131 sosyal, ekonomik ve k\u00fclt\u00fcrel \u00e7evrelerden gelen k\u0131z \u00e7ocuklar\u0131n birbirlerinin hayatlar\u0131yla temas ederek kar\u015f\u0131l\u0131kl\u0131 empati geli\u015ftirme, k\u00fclt\u00fcrel \u00e7e\u015fitlili\u011fin zenginli\u011fini ke\u015ffederek \u00f6n yarg\u0131lar\u0131 k\u0131rma ve birlikte \u00f6\u011frenme imkân\u0131n\u0131 yakalad\u0131klar\u0131 programda, 2023 y\u0131l\u0131 ‘Yaz Enstit\u00fcs\u00fc’ mezunlar\u0131 da kat\u0131larak, deneyimlerini ve becerilerini k\u0131z karde\u015fleriyle payla\u015ft\u0131lar. Pilot, polis, giri\u015fimci gibi ba\u015far\u0131l\u0131 kad\u0131nlarla ilham bulu\u015fmalar\u0131 ger\u00e7ekle\u015fti  Mesleklerinde ba\u015far\u0131l\u0131 olan giri\u015fimci, pilot, polis, kooperatif \u00fcyesi, k\u0131rsal kalk\u0131nma uzman\u0131 gibi farkl\u0131 mesleklerden kad\u0131nlarla da bir araya gelen k\u0131z \u00e7ocuklar; hem onlar\u0131n ilham veren hikâyelerini dinlediler hem de k\u0131rsal kalk\u0131nma \u00e7al\u0131\u015fmalar\u0131n\u0131n k\u0131z \u00e7ocuklar\u0131n\u0131n ya\u015fam\u0131na etkilerini somut \u00f6rnekleriyle g\u00f6zlemlediler. Ayr\u0131ca ev i\u00e7i i\u015f y\u00fck\u00fc, erken ya\u015fta evlilik, mevsimlik tar\u0131m i\u015f\u00e7ili\u011fi ve e\u011fitimden kopu\u015f gibi ba\u015fl\u0131klarda fark\u0131ndal\u0131k olu\u015fturulan ‘Suna’n\u0131n K\u0131zlar\u0131’n\u0131n e\u011fitim s\u00fcreci yaz aylar\u0131yla da s\u0131n\u0131rl\u0131 kalmayacak. Programa kat\u0131lan k\u0131z \u00e7ocuklar, eyl\u00fcl itibar\u0131yla 14 haftal\u0131k ‘Hayat Boyu Bulu\u015fmalar’ e\u011fitimlerine de kat\u0131larak, y\u0131l boyunca d\u00fczenli mentor g\u00f6r\u00fc\u015fmeleriyle desteklenecekler.  ‘Yaz Enstit\u00fcs\u00fc’n\u00fcn hedeflerini anlatan ‘Suna’n\u0131n K\u0131zlar\u0131’ kurucusu \u0130pek K\u0131ra\u00e7, farkl\u0131 ko\u015fullarda hayatlar\u0131n\u0131 s\u00fcrd\u00fcren k\u0131z \u00e7ocuklar\u0131n\u0131n bir program kapsam\u0131nda \u00fc\u00e7 haftay\u0131 birlikte ge\u00e7irmelerinin \u00f6nemine de\u011findi. K\u0131ra\u00e7, “Suna’n\u0131n K\u0131zlar\u0131 nesilden nesle devam edecek bir k\u0131z karde\u015flik ve kad\u0131n dayan\u0131\u015fmas\u0131 hareketi… K\u0131z \u00e7ocuklar\u0131n \u00f6zg\u00fcn ihtiya\u00e7lar\u0131n\u0131 duyarak, programlar\u0131m\u0131z\u0131 onlar\u0131n kat\u0131l\u0131m\u0131yla ve ihtiya\u00e7lar\u0131n\u0131 kar\u015f\u0131layacak \u015fekilde planlamay\u0131 ve akran dayan\u0131\u015fmas\u0131n\u0131 \u00e7ok de\u011ferli buluyorum. Yaz Enstit\u00fcs\u00fcn\u00fc, \u00e7ocuklar\u0131n birbirini tan\u0131mas\u0131na ve \u00f6\u011frenme yolda\u015f\u0131 olmalar\u0131na alan a\u00e7t\u0131\u011f\u0131 ve akran dayan\u0131\u015fmas\u0131n\u0131 destekledi\u011fi i\u00e7in \u00e7ok \u00f6nemsiyorum. Programdan mezun olan \u00e7ocuklar\u0131n, ‘Suna’n\u0131n K\u0131zlar\u0131’n\u0131n ortak ama\u00e7lar\u0131n\u0131 destekleyece\u011fine ve artlar\u0131ndan gelen k\u0131z karde\u015fleriyle birlikte bu hareketi b\u00fcy\u00fctece\u011fine inan\u0131yorum” \u015feklinde konu\u015ftu. ","protected":false},"author":1,"featured_media":0,"parent":779,"menu_order":0,"comment_status":"open","ping_status":"closed","template":"","meta":{"_links_to":"https:\/\/www.kadindostumarkalar.org\/yazilar\/haberler\/suna-nin-kizlari-kiz-kardeslik-dayanismasi-ile-buyuyor","_links_to_target":"https:\/\/www.kadindostumarkalar.org\/yazilar\/haberler\/suna-nin-kizlari-kiz-kardeslik-dayanismasi-ile-buyuyor"},"_links":{"self":[{"href":"https:\/\/www.kadindostumarkalar.org\/yazilar\/haberler\/suna-nin-kizlari-kiz-kardeslik-dayanismasi-ile-buyuyor"}],"collection":[{"href":"urlver"}],"about":[{"href":""}],"author":[{"embeddable":true,"href":"https:\/\/www.kadindostumarkalar.org\/yazilar\/haberler\/suna-nin-kizlari-kiz-kardeslik-dayanismasi-ile-buyuyor"}],"replies":[{"embeddable":true,"href":"https:\/\/www.kadindostumarkalar.org\/yazilar\/haberler\/suna-nin-kizlari-kiz-kardeslik-dayanismasi-ile-buyuyor"}],"version-history":[{"count":1171,"href":"https:\/\/www.kadindostumarkalar.org\/yazilar\/haberler\/suna-nin-kizlari-kiz-kardeslik-dayanismasi-ile-buyuyor"}],"predecessor-version":[{"id":779,"href":"https:\/\/www.kadindostumarkalar.org\/yazilar\/haberler\/suna-nin-kizlari-kiz-kardeslik-dayanismasi-ile-buyuyor"}],"up":[{"embeddable":true,"href":"https:\/\/www.kadindostumarkalar.org\/yazilar\/haberler\/suna-nin-kizlari-kiz-kardeslik-dayanismasi-ile-buyuyor"}],"wp:attachment":[{"href":"https:\/\/www.kadindostumarkalar.org\/img\/blog\/suna-nin-kizlari-kiz-kardeslik-dayanismasi-ile-buyuyor-0-45391.jpg"}],"curies":[{"name":".Net","href":"https:\/\/api.w.org\/{rel}","templated":true}]}}