{"id":527,"date":"2022-11-11T21:00:01","date_gmt":"2022-11-11T21:00:01","guid":{"rendered":"https:\/\/www.kadindostumarkalar.org\/yazilar\/haberler\/sunexpress-cinsiyet-esitligi-icin-iata-25by2025-girisimini-imzaladi"},"modified":"2022-11-11T21:02:57","modified_gmt":"2022-11-11T21:02:57","slug":"sunexpress-cinsiyet-esitligi-icin-iata-25by2025-girisimini-imzaladi","status":"publish","type":"page","link":"","title":{"rendered":"SUNEXPRESS, C\u0130NS\u0130YET E\u015e\u0130TL\u0130\u011e\u0130 \u0130\u00c7\u0130N IATA 25BY2025 G\u0130R\u0130\u015e\u0130M\u0130N\u0130 \u0130MZALADI"},"content":{"rendered":"SunExpress, kad\u0131n lider temsiliyetinin art\u0131r\u0131lmas\u0131n\u0131 ama\u00e7layan IATA 25by2025 Giri\u015fimi’ni imzalad\u0131.  T\u00fcrk Hava Yollar\u0131  ve Lufthansa  ortak kurulu\u015fu SunExpress, Uluslararas\u0131 Hava Ta\u015f\u0131mac\u0131l\u0131\u011f\u0131 Birli\u011fi’nin (IATA) 25by2025 Giri\u015fimi’ni 8 Kas\u0131m’da \u0130stanbul’da d\u00fczenlenen Wings of Change  etkinli\u011finde imzalad\u0131. G\u00f6n\u00fcll\u00fcl\u00fck esas\u0131na dayal\u0131 olan 25by2025 Giri\u015fimi, havac\u0131l\u0131k sekt\u00f6r\u00fcnde kad\u0131n temsiliyetinin art\u0131r\u0131lmas\u0131n\u0131 ve sekt\u00f6rde cinsiyet e\u015fitli\u011fi  konusunda fark\u0131ndal\u0131\u011f\u0131n geli\u015ftirilmesini ama\u00e7l\u0131yor. Giri\u015fime imza atan havac\u0131l\u0131k \u015firketleri, 2025 y\u0131l\u0131na kadar organizasyonlar\u0131 genelinde k\u0131demli rollerde g\u00f6rev alan kad\u0131n say\u0131s\u0131n\u0131n y\u00fckseltilece\u011fini ve kad\u0131n temsiliyetinin  az oldu\u011fu alanlarda art\u0131r\u0131laca\u011f\u0131n\u0131 taahh\u00fct ediyor. Konu ile ilgili de\u011ferlendirmede bulunan SunExpress CEO’su Max Kownatzki  “SunExpress olarak \u00e7al\u0131\u015fma arkada\u015flar\u0131m\u0131z\u0131n geli\u015fimine imkân tan\u0131yan \u00e7e\u015fitlilik ve kapsay\u0131c\u0131l\u0131\u011f\u0131n te\u015fvik edildi\u011fi bir \u00e7al\u0131\u015fma ortam\u0131 sunmak bizim i\u00e7in b\u00fcy\u00fck \u00f6nem ta\u015f\u0131yor. Herkese e\u015fit f\u0131rsat sunulmas\u0131 en \u00f6nemli \u00f6nceliklerimiz aras\u0131nda yer al\u0131yor. Bu ama\u00e7la, \u00e7al\u0131\u015fanlar\u0131m\u0131z\u0131n g\u00f6n\u00fcll\u00fc olarak \u00e7al\u0131\u015fmalar\u0131n\u0131 y\u00fcr\u00fctt\u00fc\u011f\u00fc T\u00fcrk havac\u0131l\u0131k sekt\u00f6r\u00fcnde bir ilk olan \u00c7e\u015fitlilik ve Kapsay\u0131c\u0131l\u0131k Komitemizi olu\u015fturduk. \u015eimdi de bu \u00f6nemli giri\u015fimi imzalayarak bu alandaki taahh\u00fcd\u00fcm\u00fcz\u00fc g\u00fc\u00e7lendiriyoruz. Havada ve yerde operasyonlar\u0131m\u0131z\u0131n her a\u015famas\u0131nda kad\u0131n \u00e7al\u0131\u015fma arkada\u015flar\u0131m\u0131z\u0131n b\u00fcy\u00fck eme\u011fi bulunuyor ve bundan gurur duyuyoruz. Onlar\u0131n katk\u0131lar\u0131n\u0131 art\u0131rmalar\u0131 i\u00e7in daha fazla f\u0131rsat sunarak markam\u0131z\u0131 ileriye ta\u015f\u0131maya devam edece\u011fiz” dedi.  IATA Genel M\u00fcd\u00fcr\u00fc Willie Walsh  ise “SunExpress'in IATA 25by2025 giri\u015fiminin imzac\u0131lar\u0131ndan biri olarak havac\u0131l\u0131k sekt\u00f6r\u00fcnde cinsiyet \u00e7e\u015fitlili\u011fini te\u015fvik etmeye y\u00f6nelik taahh\u00fcd\u00fcn\u00fc g\u00f6rmekten memnuniyet duyuyorum. Sekt\u00f6r olarak havac\u0131l\u0131kta cinsiyet dengesini iyile\u015ftirmeye kararl\u0131y\u0131z ve 25by2025 taahh\u00fcd\u00fcn\u00fc sonu\u00e7lara d\u00f6n\u00fc\u015ft\u00fcrerek ilerleme kaydedece\u011fiz” \u015feklinde konu\u015ftu. ","protected":false},"author":1,"featured_media":0,"parent":527,"menu_order":0,"comment_status":"open","ping_status":"closed","template":"","meta":{"_links_to":"https:\/\/www.kadindostumarkalar.org\/yazilar\/haberler\/sunexpress-cinsiyet-esitligi-icin-iata-25by2025-girisimini-imzaladi","_links_to_target":"https:\/\/www.kadindostumarkalar.org\/yazilar\/haberler\/sunexpress-cinsiyet-esitligi-icin-iata-25by2025-girisimini-imzaladi"},"_links":{"self":[{"href":"https:\/\/www.kadindostumarkalar.org\/yazilar\/haberler\/sunexpress-cinsiyet-esitligi-icin-iata-25by2025-girisimini-imzaladi"}],"collection":[{"href":"urlver"}],"about":[{"href":""}],"author":[{"embeddable":true,"href":"https:\/\/www.kadindostumarkalar.org\/yazilar\/haberler\/sunexpress-cinsiyet-esitligi-icin-iata-25by2025-girisimini-imzaladi"}],"replies":[{"embeddable":true,"href":"https:\/\/www.kadindostumarkalar.org\/yazilar\/haberler\/sunexpress-cinsiyet-esitligi-icin-iata-25by2025-girisimini-imzaladi"}],"version-history":[{"count":1109,"href":"https:\/\/www.kadindostumarkalar.org\/yazilar\/haberler\/sunexpress-cinsiyet-esitligi-icin-iata-25by2025-girisimini-imzaladi"}],"predecessor-version":[{"id":527,"href":"https:\/\/www.kadindostumarkalar.org\/yazilar\/haberler\/sunexpress-cinsiyet-esitligi-icin-iata-25by2025-girisimini-imzaladi"}],"up":[{"embeddable":true,"href":"https:\/\/www.kadindostumarkalar.org\/yazilar\/haberler\/sunexpress-cinsiyet-esitligi-icin-iata-25by2025-girisimini-imzaladi"}],"wp:attachment":[{"href":"https:\/\/www.kadindostumarkalar.org\/img\/blog\/sunexpress-cinsiyet-esitligi-icin-iata-25by2025-girisimini-imzaladi-0-78208.jpg"}],"curies":[{"name":".Net","href":"https:\/\/api.w.org\/{rel}","templated":true}]}}