{"id":324,"date":"2021-09-21T00:00:00","date_gmt":"2021-09-21T00:00:00","guid":{"rendered":"https:\/\/www.kadindostumarkalar.org\/yazilar\/yesil-donusum\/surdurulebilir-bir-gelecek-hayali-icin-hedef-ekolojik-bilinc"},"modified":"2022-06-06T13:16:07","modified_gmt":"2022-06-06T13:16:07","slug":"surdurulebilir-bir-gelecek-hayali-icin-hedef-ekolojik-bilinc","status":"publish","type":"page","link":"","title":{"rendered":"S\u00dcRD\u00dcR\u00dcLEB\u0130L\u0130R B\u0130R GELECEK HAYAL\u0130 \u0130\u00c7\u0130N HEDEF: EKOLOJ\u0130K B\u0130L\u0130N\u00c7"},"content":{"rendered":"Yurt d\u0131\u015f\u0131ndaki deneyimleri T\u00fcrkiye’ye aktarmak ve var olan birikime T\u00fcrkiye’den yerel katk\u0131 sa\u011flamak amac\u0131yla k\u0131sa bir s\u00fcre \u00f6nce kurulan “Empower with Nature (Do\u011fayla G\u00fc\u00e7len) Platformu” ekoloji y\u00f6nelimli \u00e7al\u0131\u015fmalar\u0131na devam ediyor.   Bireyleri ve kurumlar\u0131, ekoloji  alan\u0131nda d\u00fcnyada geli\u015fen kavram ve pratiklerle tan\u0131\u015ft\u0131rmay\u0131 hedefleyen Empower with Nature (Do\u011fayla G\u00fc\u00e7len) Platformu , kurucusu Maya Galimidi  \u00f6nderli\u011finde d\u00fcnyan\u0131n d\u00f6rt bir yan\u0131nda, \u00e7evre ve s\u00fcrd\u00fcr\u00fclebilirlik alan\u0131nda \u00e7al\u0131\u015fan 15 bilim insan\u0131n\u0131, yerel k\u00fclt\u00fcr temsilcisini, akademisyeni, aktivist ve yazar\u0131 bu ama\u00e7la bir araya getirdi. Ayn\u0131 zamanda Birle\u015fmi\u015f Milletler ’e ba\u011fl\u0131 Global Ekolojik K\u00f6yler A\u011f\u0131’n\u0131n (Global Ecovillage Network)  uluslararas\u0131 el\u00e7isi olan ve ya\u015fam\u0131n\u0131n son 5 y\u0131l\u0131n\u0131 \u00e7\u00f6lde ge\u00e7iren Maya Galimidi:  “ Necef \u00e7\u00f6l\u00fc benim \u00f6\u011fretmenim oldu. Hayat\u0131m\u0131z\u0131n vazge\u00e7ilmez par\u00e7alar\u0131 oldu\u011funu varsayd\u0131\u011f\u0131m\u0131z \u015feyler olmadan da ya\u015fam\u0131 s\u00fcrd\u00fcrebilmek \u00e7ok b\u00fcy\u00fck bir g\u00fc\u00e7, \u00f6zg\u00fcrl\u00fck ve umut veriyor insana…” &nbsp;a\u00e7\u0131klamalar\u0131nda bulundu\u011fu konu\u015fmas\u0131nda, ekolojik  fark\u0131ndal\u0131\u011f\u0131n  geli\u015fmesini yeni neslin anlam aray\u0131\u015f\u0131na, d\u00fcnyan\u0131n gelece\u011fi i\u00e7in bir ad\u0131m atma ihtiyac\u0131na ba\u011flad\u0131 ve fark\u0131ndal\u0131\u011f\u0131n  y\u00fckselmesini “yeni bir gelecek hayali i\u00e7in en \u00f6nemli ilk ad\u0131m” olarak g\u00f6rd\u00fc\u011f\u00fcn\u00fc dile getirdi. Galimidi  d\u00fc\u015f\u00fcncelerini: “ Ancak bunun i\u00e7in herkes \u00e7\u00f6le gitmek zorunda de\u011fil elbette! Evde ya da ofiste, b\u00fcy\u00fck \u015fehrin, i\u015f ya da \u00f6\u011frenim hayat\u0131n\u0131n merkezinde de‘d\u00fcnyam\u0131z i\u00e7in daha iyi bir gelecek’ \u00e7abas\u0131n\u0131n par\u00e7as\u0131 olmak m\u00fcmk\u00fcn. \u00dcstelik bizim co\u011frafyam\u0131zda bu bilin\u00e7 asl\u0131nda kendili\u011finden var. Yapmam\u0131z gereken, unutulan, \u00f6telenen, bast\u0131r\u0131lan bu bilinci kaz\u0131yarak yeniden ortaya \u00e7\u0131karmak.” \u015feklinde ifade etti. ODT\u00dc’de ‘Yerin Ekosu’  Maya Galimidi  i\u015fte bunu sa\u011flamak amac\u0131yla i\u00e7 i\u00e7e ge\u00e7mi\u015f disiplinlerle ortak projeler ger\u00e7ekle\u015ftiriyor, s\u00fcrd\u00fcr\u00fclebilir bir gelecek i\u00e7in \u00f6\u011frenme ve uygulama alanlar\u0131 yarat\u0131yor. \u015eu s\u0131ralar, bir yandan ABD’de alternatif bir y\u00fcksek\u00f6\u011frenim kurumunda \u00f6\u011frencilere “Do\u011faya Aidiyet”  (Nature and Belonging) ba\u015fl\u0131kl\u0131 5 haftal\u0131k \u00e7evrimi\u00e7i bir seminer dizisi sunarken, Temmuz ay\u0131nda daODT\u00dc Kamp\u00fcs\u00fc’nde ger\u00e7ekle\u015fecek“Yerin Ekosu”  ba\u015fl\u0131kl\u0131 s\u0131ra d\u0131\u015f\u0131 bir seminer e\u011fitimine kat\u0131l\u0131yor. Galimidi iki g\u00fcnl\u00fck bu seminerin ilk g\u00fcn\u00fcnde, kamp\u00fcs ekosisteminin k\u00fclt\u00fcrel ve do\u011fal \u00e7e\u015fitlili\u011fini deneyimlemeleri i\u00e7in gelece\u011fin mimar ve \u015fehir planlamac\u0131lar\u0131na rehberlik edecek; ekosistemi korumak ve ona katk\u0131da bulunmak i\u00e7in ad\u0131m ad\u0131m, tan\u0131ma, anlamland\u0131rma, i\u00e7selle\u015ftirme ve yorumlama evrelerini \u00f6rnekleyecek. “Yerin Ekosu”disiplinleraras\u0131 bir proje&#8230;”  Proje ekibinde, ODT\u00dc Mimarl\u0131k Fak\u00fcltesi \u015eehir ve B\u00f6lge Planlama B\u00f6l\u00fcm\u00fc’den Prof. Dr. Anl\u0131 Ata\u00f6v, Can G\u00f6lgelio\u011flu  ve Ece I\u015f\u0131l Eren  ile birlikte K\u00fclt\u00fcrel Miras\u0131 Koruma Program\u0131’ndan \u00d6\u011fr. G\u00f6r. Dr. \u00d6zg\u00fcn \u00d6z\u00e7ak\u0131r  yer al\u0131yor. Ankara \u00dcniversitesi Ziraat Fak\u00fcltesi’nden Prof. Dr. Nilg\u00fcl Karadeniz , Hacettepe \u00dcniversitesi Ankara Devlet Konservatuar\u0131’ndan \u00d6\u011fr. G\u00f6r. Dr. Atilla \u00c7a\u011fda\u015f De\u011fer , Bal\u0131kesir \u00dcniversitesi M\u00fczik E\u011fitimi Anabilim Dal\u0131’ndan Orkun Karaku\u015f  ve Maya Galimidi  proje ekibinin di\u011fer \u00fcyeleri&#8230; “Yerin Ekosu ” \u00e7al\u0131\u015fmas\u0131, kamp\u00fcs\u00fcn farkl\u0131 bir \u015fekilde deneyimlenerek yarat\u0131c\u0131 uygulamalarla yorumlanmas\u0131 ve duygular\u0131n haritaland\u0131r\u0131lmas\u0131 esas\u0131na dayan\u0131yor. Ama\u00e7, kamp\u00fcs\u00fcn mimari ve ekolojik  de\u011ferlerini \u00f6\u011frenmek, s\u00fcrd\u00fcr\u00fclebilir  bir gelecek i\u00e7in t\u00fckenen t\u00fcrleri koruyarak ve kaynaklar\u0131 etkili kullanarak insan\u0131n do\u011fa ile kurabilece\u011fi uyumlu ve bar\u0131\u015f\u00e7\u0131l ili\u015fkiler \u00fczerine d\u00fc\u015f\u00fcnmek, tart\u0131\u015fmak, seslendirme ve tasar\u0131m \u00e7al\u0131\u015fmalar\u0131 ile bunu ifade etmek. Kaybedileni yeniden kazanmak  Maya Galimidi , \u00e7\u00f6l deneyimi s\u00fcrecinde, bir yandan ‘\u00e7\u00f6lde permak\u00fclt\u00fcr’  alan\u0131nda uzmanla\u015f\u0131rken \u00f6te yandan M\u0131s\u0131r, \u00dcrd\u00fcn  ve Brezilya ’da \u00e7e\u015fitli projelerde yer alan Galimidi , ‘s\u00fcrd\u00fcr\u00fclebilir ya\u015fam’, ‘ekoloji ve ama\u00e7’, ‘ekolojik k\u00f6yler’, ‘ekolojik teknolojiler’  ba\u015fl\u0131klar\u0131 alt\u0131nda say\u0131s\u0131z seminer verdi. Maya Galimidi , Empowerwith Nature Platformu  ile ya\u015fam alanlar\u0131n\u0131 riske atan, iklim de\u011fi\u015fikli\u011fine  ve buna ba\u011fl\u0131 do\u011fal felaketlere yol a\u00e7an anlay\u0131\u015fa, t\u00fcketim k\u00fclt\u00fcr\u00fcne, ‘uygarl\u0131k’ olarak dayat\u0131lan ya\u015fam modellerine ve sosyal adaletsizli\u011fe itiraz\u0131 olan herkese seslenmeyi ama\u00e7lad\u0131klar\u0131n\u0131 belirtti. Platformun, insan\u0131 do\u011fayla yeniden bar\u0131\u015ft\u0131rmay\u0131, kucakla\u015ft\u0131rmay\u0131 ve insana yitirdi\u011fi duygular\u0131n\u0131, bilincini, yeteneklerini kazand\u0131rmay\u0131 hedefleyen bir deneyimsel e\u011fitim kurumu oldu\u011funa vurgu yapan Galimidi,  platformla birlikte bir\u00e7ok farkl\u0131 disiplinin bilgisini kullanan; bu bilgileri, do\u011fa i\u00e7inde do\u011fayla uyumlu ya\u015fama, do\u011fay\u0131 dinleme, hissetme, anlama deneyimi ile birle\u015ftiren, bunun i\u00e7inde alan\u0131n literat\u00fcr\u00fcne ge\u00e7mi\u015f, \u00f6zel teknikler kullanan bir e\u011fitim ve deneyim prati\u011fi sunduklar\u0131n\u0131 da ifade etti. Galimidi , platformun kurulu\u015f amac\u0131n\u0131 ise \u015f\u00f6yle aktar\u0131yor: “ Hem sosyal \u00e7evremiz, hem do\u011fal \u00e7evremiz t\u00fckenme noktas\u0131nda, k\u0131rm\u0131z\u0131 alarm veriyor. \u00dcstelik bunlar\u0131n t\u00fckenme s\u00fcre\u00e7leri birbirlerini g\u00fc\u00e7l\u00fc bir \u015fekilde etkiliyor ve s\u00fcreci h\u0131zland\u0131r\u0131yor, \u015fiddetlendiriyor. Bu d\u00f6ng\u00fcn\u00fcn k\u0131r\u0131lmas\u0131 laz\u0131m… Bunun yolu yaln\u0131zca h\u00fck\u00fcmetlerden, uluslararas\u0131 kurumlardan, Birle\u015fmi\u015f Milletler’den gelecek aksiyonlar\u0131 beklemek de\u011fil; herkesin aksiyon almas\u0131 laz\u0131m… Ki\u015filere ve kurumlara b\u00fcy\u00fck g\u00f6rev d\u00fc\u015f\u00fcyor. Gelece\u011fimizle, \u00e7ocuklar\u0131m\u0131z\u0131n gelece\u011fiyle ilgili olarak bizi ku\u015fatm\u0131\u015f olan bu kâbustan, do\u011fayla yeniden ba\u011f kurarak ve kucakla\u015farak uyanmak, kurtulmak i\u00e7in ba\u015fka \u00e7are yok. Bunu sa\u011flamak i\u00e7in de farkl\u0131 disiplinlerin, farkl\u0131 co\u011frafyalar\u0131n ve farkl\u0131 k\u00fclt\u00fcrlerin bilgi birikiminden ve deneyiminden yararlanmak, bunlar\u0131n hepsinden bir \u015feyler \u00f6\u011frenmek gerekiyor.” ","protected":false},"author":1,"featured_media":0,"parent":324,"menu_order":0,"comment_status":"open","ping_status":"closed","template":"","meta":{"_links_to":"https:\/\/www.kadindostumarkalar.org\/yazilar\/yesil-donusum\/surdurulebilir-bir-gelecek-hayali-icin-hedef-ekolojik-bilinc","_links_to_target":"https:\/\/www.kadindostumarkalar.org\/yazilar\/yesil-donusum\/surdurulebilir-bir-gelecek-hayali-icin-hedef-ekolojik-bilinc"},"_links":{"self":[{"href":"https:\/\/www.kadindostumarkalar.org\/yazilar\/yesil-donusum\/surdurulebilir-bir-gelecek-hayali-icin-hedef-ekolojik-bilinc"}],"collection":[{"href":"urlver"}],"about":[{"href":""}],"author":[{"embeddable":true,"href":"https:\/\/www.kadindostumarkalar.org\/yazilar\/yesil-donusum\/surdurulebilir-bir-gelecek-hayali-icin-hedef-ekolojik-bilinc"}],"replies":[{"embeddable":true,"href":"https:\/\/www.kadindostumarkalar.org\/yazilar\/yesil-donusum\/surdurulebilir-bir-gelecek-hayali-icin-hedef-ekolojik-bilinc"}],"version-history":[{"count":1011,"href":"https:\/\/www.kadindostumarkalar.org\/yazilar\/yesil-donusum\/surdurulebilir-bir-gelecek-hayali-icin-hedef-ekolojik-bilinc"}],"predecessor-version":[{"id":324,"href":"https:\/\/www.kadindostumarkalar.org\/yazilar\/yesil-donusum\/surdurulebilir-bir-gelecek-hayali-icin-hedef-ekolojik-bilinc"}],"up":[{"embeddable":true,"href":"https:\/\/www.kadindostumarkalar.org\/yazilar\/yesil-donusum\/surdurulebilir-bir-gelecek-hayali-icin-hedef-ekolojik-bilinc"}],"wp:attachment":[{"href":"https:\/\/www.kadindostumarkalar.org\/img\/blog\/mayagalimidi.png"}],"curies":[{"name":".Net","href":"https:\/\/api.w.org\/{rel}","templated":true}]}}