{"id":257,"date":"2021-05-17T00:00:00","date_gmt":"2021-05-17T00:00:00","guid":{"rendered":"https:\/\/www.kadindostumarkalar.org\/yazilar\/kadin-dostu-markalar-tv\/tarimda-kadin-gucu-paneli"},"modified":"2022-06-02T04:09:47","modified_gmt":"2022-06-02T04:09:47","slug":"tarimda-kadin-gucu-paneli","status":"publish","type":"page","link":"","title":{"rendered":"TARIMDA KADIN G\u00dcC\u00dc PANEL\u0130"},"content":{"rendered":"KADIN DOSTU MARKALAR &#8211; TARIMDA KADIN G\u00dcC\u00dc PANEL\u0130 BA\u015eARIYLA GER\u00c7EKLE\u015eT\u0130 YouTube Kad\u0131n Dostu Markalar Tv&#8217;de fark\u0131ndal\u0131k programlar\u0131n\u0131n a\u00e7\u0131l\u0131\u015f\u0131 14 May\u0131s \u00c7ift\u00e7iler G\u00fcn\u00fc \u00d6zel Program\u0131 ve \u00e7ok \u00f6zel konuklar\u0131 ile ger\u00e7ekle\u015fti. Kad\u0131na dair, kad\u0131n\u0131n g\u00fcc\u00fcn\u00fc ve ekonomi, kalk\u0131nma, s\u00fcrd\u00fcr\u00fclebilirlik i\u00e7in \u00f6nemini her f\u0131rsatta, her programda ortaya koymaya devam edece\u011fiz. Moderat\u00f6rl\u00fc\u011f\u00fcn\u00fc Sn. Ali Ekber Y\u0131ld\u0131r\u0131m&#8217;\u0131n ger\u00e7ekle\u015ftirdi\u011fi program\u0131n konuklar\u0131; P\u0131nar Parmaks\u0131z \/ Netafim T\u00fcrkiye ve Orta Asya Genel M\u00fcd\u00fcr\u00fc, Mehmet Resi \/ Reis G\u0131da Y\u00f6netim Kurulu Ba\u015fkan\u0131, Burcu T\u00fcrkay \/ Olam Prog\u0131da Global S\u00fcrd\u00fcr\u00fclebilirlik M\u00fcd\u00fcr\u00fc oldu. Programda tar\u0131mda kad\u0131n g\u00fcc\u00fcn\u00fc, tar\u0131msal kalk\u0131nmada kad\u0131n\u0131n rol\u00fcn\u00fc, sekt\u00f6r\u00fcn \u00f6nemli sorunlar\u0131n\u0131 ve \u00e7\u00f6z\u00fcm \u00f6nerilerini, yap\u0131lan ak\u0131ll\u0131 uygulamalar ve \u00f6rnek projeleri konu\u015ftuk. Anadoluda bu\u011fday\u0131, karadenizde f\u0131nd\u0131\u011f\u0131 ve kurakl\u0131k ile m\u00fccadelede sulamam\u0131n \u00f6nemi ve ak\u0131ll\u0131 tar\u0131m uygulamalar\u0131n\u0131 konu\u015ftuk. Program\u0131n \u00f6zel konu\u011fu Sn. Ebru Baybara da, Mardinden yola \u00e7\u0131k\u0131p, g\u00fcney do\u011fuda Mezopotamya toraklar\u0131nda kurakl\u0131k ve s\u00fcrd\u00fcr\u00fclebilirlik i\u00e7in ortaya koyduklar\u0131 \u00e7ok de\u011ferli \u00e7al\u0131\u015fmalar\u0131 hakk\u0131nda izleyenlerimize bilgiler payla\u015ft\u0131. ","protected":false},"author":1,"featured_media":0,"parent":257,"menu_order":0,"comment_status":"open","ping_status":"closed","template":"","meta":{"_links_to":"https:\/\/www.kadindostumarkalar.org\/yazilar\/kadin-dostu-markalar-tv\/tarimda-kadin-gucu-paneli","_links_to_target":"https:\/\/www.kadindostumarkalar.org\/yazilar\/kadin-dostu-markalar-tv\/tarimda-kadin-gucu-paneli"},"_links":{"self":[{"href":"https:\/\/www.kadindostumarkalar.org\/yazilar\/kadin-dostu-markalar-tv\/tarimda-kadin-gucu-paneli"}],"collection":[{"href":"urlver"}],"about":[{"href":""}],"author":[{"embeddable":true,"href":"https:\/\/www.kadindostumarkalar.org\/yazilar\/kadin-dostu-markalar-tv\/tarimda-kadin-gucu-paneli"}],"replies":[{"embeddable":true,"href":"https:\/\/www.kadindostumarkalar.org\/yazilar\/kadin-dostu-markalar-tv\/tarimda-kadin-gucu-paneli"}],"version-history":[{"count":1801,"href":"https:\/\/www.kadindostumarkalar.org\/yazilar\/kadin-dostu-markalar-tv\/tarimda-kadin-gucu-paneli"}],"predecessor-version":[{"id":257,"href":"https:\/\/www.kadindostumarkalar.org\/yazilar\/kadin-dostu-markalar-tv\/tarimda-kadin-gucu-paneli"}],"up":[{"embeddable":true,"href":"https:\/\/www.kadindostumarkalar.org\/yazilar\/kadin-dostu-markalar-tv\/tarimda-kadin-gucu-paneli"}],"wp:attachment":[{"href":"https:\/\/www.kadindostumarkalar.org\/img\/blog\/ekran-resmi-2021-05-17-12.18.42.png"}],"curies":[{"name":".Net","href":"https:\/\/api.w.org\/{rel}","templated":true}]}}