{"id":731,"date":"2024-05-28T00:40:57","date_gmt":"2024-05-28T00:40:57","guid":{"rendered":"https:\/\/www.kadindostumarkalar.org\/yazilar\/yesil-donusum\/tekfen-ve-enerjisa-uretim-yesile-odaklandi"},"modified":"2024-06-19T14:49:30","modified_gmt":"2024-06-19T14:49:30","slug":"tekfen-ve-enerjisa-uretim-yesile-odaklandi","status":"publish","type":"page","link":"","title":{"rendered":"Tekfen ve Enerjisa \u00dcretim, Ye\u015file Odakland\u0131"},"content":{"rendered":"D\u00fcnyay\u0131 iklim krizinden kurtarman\u0131n \u00f6ncelikli \u00e7al\u0131\u015fmalar\u0131 aras\u0131nda yer alan yenilenebilir enerji alan\u0131nda Tekfen ile Enerjisa \u00dcretim i\u015f birli\u011fi yapt\u0131. Bundan b\u00f6yle yenilenebilir enerji \u00e7\u00f6z\u00fcmleri ve yat\u0131r\u0131mlar\u0131 alan\u0131nda sahip olduklar\u0131 uzmanl\u0131klar\u0131n\u0131 ye\u015fil enerji alan\u0131nda kullanacak olan iki \u015firket, ye\u015fil hidrojen ve ye\u015fil amonyak \u00fcretimi yapacak.  Karbon yo\u011fun sekt\u00f6rlerde b\u00fcy\u00fck de\u011fi\u015fiklikler getirecek S\u0131n\u0131rda Karbon D\u00fczenleme Mekanizmas\u0131’n\u0131n (CBAM) 2026’da devreye girecek olmas\u0131, \u00f6zellikle AB \u00fclkelerine ihracat yapan firmalar i\u00e7in ciddi riskler bar\u0131nd\u0131r\u0131yor. Avrupa Birli\u011fi’nin (AB) iklim de\u011fi\u015fikli\u011fiyle m\u00fccadele amac\u0131yla hayata ge\u00e7irdi\u011fi CBAM kapsam\u0131nda sorun ya\u015fanmamas\u0131 i\u00e7in \u015firketler \u015fimdiden buna \u00e7\u00f6z\u00fcm aramaya ba\u015flad\u0131. AB d\u0131\u015f\u0131ndan ithal edilen \u00fcr\u00fcnlerin karbon i\u00e7eri\u011fine g\u00f6re vergilendirilmesini \u00f6ng\u00f6ren CBAM kapsam\u0131nda g\u00fcbre sekt\u00f6r\u00fc de bu d\u00fczenlemeden do\u011frudan etkilenecek ana i\u015f alanlar\u0131ndan biri olarak \u00f6ne \u00e7\u0131k\u0131yor.  Tekfen Grup  i\u015ftiraklerinden ve T\u00fcrkiye’nin en b\u00fcy\u00fck g\u00fcbre \u00fcreticilerinden Toros Tar\u0131m da hem yurt i\u00e7i hem yurt d\u0131\u015f\u0131 sat\u0131\u015flar\u0131nda kullanaca\u011f\u0131 d\u00fc\u015f\u00fck karbon ayak izine sahip ye\u015fil amonyak elde etmek \u00fczere Enerjisa \u00dcretim ile ortakla\u015fa tesis kurmak i\u00e7in i\u015f birli\u011fine gitti. &nbsp;B\u00f6ylece olas\u0131 CBAM tehditlerine kar\u015f\u0131 \u00f6nlem almay\u0131 hedefleyen Toros Tar\u0131m, rakiplerine kar\u015f\u0131 rekabet \u00fcst\u00fcnl\u00fc\u011f\u00fc sa\u011flamay\u0131 \u00f6ng\u00f6r\u00fcyor.  Tekfen, ye\u015fil hidrojen ve ye\u015fil amonyak taleplerini f\u0131rsat olarak g\u00f6r\u00fcyor Tekfen Grup \u015eirketler Ba\u015fkan\u0131 Hakan G\u00f6ral, d\u00fcnyada ye\u015fil hidrojen talebinin 2030’da 40 milyon tona ula\u015fmas\u0131n\u0131n beklendi\u011fini an\u0131msatarak, yenilenebilir enerji \u00e7\u00f6z\u00fcmleri ve yat\u0131r\u0131mlar\u0131 alan\u0131ndaki b\u00fcy\u00fcme stratejilerine dikkat \u00e7ekti. Tekfen'in ye\u015fil enerji odakl\u0131 d\u00f6n\u00fc\u015f\u00fcm\u00fcnde ‘ye\u015fil amonyak-ye\u015fil hidrojen’ konusunu \u00f6nemsediklerini ifade eden G\u00f6ral, “Bitki besin \u00fcr\u00fcnleri alan\u0131nda T\u00fcrkiye’nin en b\u00fcy\u00fck kurulu\u015fu olan i\u015ftirakimiz Toros Tar\u0131m'\u0131n karbon ayak izinin d\u00fc\u015f\u00fcr\u00fclmesinde ve yurt d\u0131\u015f\u0131 pazarlara eri\u015fiminde ye\u015fil amonyak kullan\u0131m\u0131 \u00f6nemli bir rol oynayacak. Bu ama\u00e7la, Enerjisa \u00dcretim ile yenilenebilir enerji kullanarak ye\u015fil hidrojen ve ye\u015fil amonyak \u00fcretimi yap\u0131lacak bir tesis kurulmas\u0131 hedefleniyor. B\u00f6ylece Toros bir yandan kendi hammadde ihtiyac\u0131n\u0131 kar\u015f\u0131larken ayn\u0131 zamanda \u00fcretiminin bir k\u0131sm\u0131n\u0131 i\u00e7 ve d\u0131\u015f m\u00fc\u015fterilerine satabilecek. Bu kapsamda, Enerjisa \u00dcretim ile bir Niyet Mektubuna imza att\u0131k. Hem Taahh\u00fct Grubumuzun tecr\u00fcbe ve deneyimi hem de Enerjisa \u00dcretim’in yenilenebilir enerji konusundaki birikimleri bu proje i\u00e7in \u00e7ok de\u011ferli. B\u00f6ylece Taahh\u00fct Grubumuz da edinece\u011fi yetkinlikle, \u00e7ok h\u0131zl\u0131 artmas\u0131 beklenen ye\u015fil hidrojen-ye\u015fil amonyak taleplerini bir f\u0131rsat olarak g\u00f6r\u00fcyor“ dedi. S\u00fcrd\u00fcr\u00fclebilir bir gelecek i\u00e7in \u00f6nemli ad\u0131m Ye\u015fil enerji  yat\u0131r\u0131mlar\u0131 alan\u0131nda Tekfen ile i\u015f birliklerini hedeflerine ula\u015fmada ivme kazand\u0131racak bir i\u015f birli\u011fi olaca\u011f\u0131n\u0131 kaydeden Enerjisa  \u00dcretim \u0130\u015fletme ve Teknik Genel M\u00fcd\u00fcr Yard\u0131mc\u0131s\u0131 Emre Erdo\u011fan da t\u00fcm operasyonlar\u0131nda s\u00fcrd\u00fcr\u00fclebilirlik konusunu en \u00f6nemli ba\u015fl\u0131k olarak ele ald\u0131klar\u0131n\u0131 s\u00f6yledi. Erdo\u011fan \u015f\u00f6yle devam etti: “Yenilik\u00e7i ve \u00e7evreci enerji teknolojilerinde son d\u00f6nemde \u00fclkemizde bir\u00e7ok ilki hayata ge\u00e7irdi\u011fimiz Band\u0131rma Enerji \u00dcss\u00fcm\u00fcz, sadece verimlili\u011fiyle de\u011fil, ayn\u0131 zamanda stratejik konumuyla da T\u00fcrkiye’nin enerji arz g\u00fcvenli\u011finin kalbinde yer al\u0131yor. &nbsp;Tekfen gibi \u00f6nemli bir kurulu\u015fla ye\u015fil amonyak tesisi kurulu\u015fu noktas\u0131nda ilk ad\u0131m\u0131 atmaktan b\u00fcy\u00fck memnuniyet duyuyoruz. Bu i\u015f birli\u011finin, s\u00fcrd\u00fcr\u00fclebilir bir gelecek in\u015fa etme noktas\u0131nda \u00f6nemli bir ad\u0131m olaca\u011f\u0131na inan\u0131yoruz.’’ ","protected":false},"author":1,"featured_media":0,"parent":731,"menu_order":0,"comment_status":"open","ping_status":"closed","template":"","meta":{"_links_to":"https:\/\/www.kadindostumarkalar.org\/yazilar\/yesil-donusum\/tekfen-ve-enerjisa-uretim-yesile-odaklandi","_links_to_target":"https:\/\/www.kadindostumarkalar.org\/yazilar\/yesil-donusum\/tekfen-ve-enerjisa-uretim-yesile-odaklandi"},"_links":{"self":[{"href":"https:\/\/www.kadindostumarkalar.org\/yazilar\/yesil-donusum\/tekfen-ve-enerjisa-uretim-yesile-odaklandi"}],"collection":[{"href":"urlver"}],"about":[{"href":""}],"author":[{"embeddable":true,"href":"https:\/\/www.kadindostumarkalar.org\/yazilar\/yesil-donusum\/tekfen-ve-enerjisa-uretim-yesile-odaklandi"}],"replies":[{"embeddable":true,"href":"https:\/\/www.kadindostumarkalar.org\/yazilar\/yesil-donusum\/tekfen-ve-enerjisa-uretim-yesile-odaklandi"}],"version-history":[{"count":1154,"href":"https:\/\/www.kadindostumarkalar.org\/yazilar\/yesil-donusum\/tekfen-ve-enerjisa-uretim-yesile-odaklandi"}],"predecessor-version":[{"id":731,"href":"https:\/\/www.kadindostumarkalar.org\/yazilar\/yesil-donusum\/tekfen-ve-enerjisa-uretim-yesile-odaklandi"}],"up":[{"embeddable":true,"href":"https:\/\/www.kadindostumarkalar.org\/yazilar\/yesil-donusum\/tekfen-ve-enerjisa-uretim-yesile-odaklandi"}],"wp:attachment":[{"href":"https:\/\/www.kadindostumarkalar.org\/img\/blog\/tekfen-ve-enerjisa-uretim-yesil-hidrojen-ve-yesil-amonyak-0-88288.jpg"}],"curies":[{"name":".Net","href":"https:\/\/api.w.org\/{rel}","templated":true}]}}