{"id":581,"date":"2023-03-21T09:57:37","date_gmt":"2023-03-21T09:57:37","guid":{"rendered":"https:\/\/www.kadindostumarkalar.org\/yazilar\/otomotiv-ve-yan-sanayii\/temsa-deprem-bolgesindeki-kadinlara-once-sen-dedi"},"modified":"2023-03-21T10:02:39","modified_gmt":"2023-03-21T10:02:39","slug":"temsa-deprem-bolgesindeki-kadinlara-once-sen-dedi","status":"publish","type":"page","link":"","title":{"rendered":"TEMSA, DEPREM B\u00d6LGES\u0130NDEK\u0130 KADINLARA “\u00d6NCE SEN” DED\u0130"},"content":{"rendered":" TEMSA, Sabanc\u0131 Vakf\u0131, CarrefourSA ve Adana Kuaf\u00f6rler, G\u00fczellik Salonlar\u0131 \u0130\u015fletmecileri ve Manik\u00fcrc\u00fcler Odas\u0131 i\u015f birli\u011fiyle “\u00d6nce Sen” projesini hayata ge\u00e7irdi. Proje kapsam\u0131nda, Adana ve Mersin’den b\u00f6lgeye ula\u015ft\u0131r\u0131lan 100 kuaf\u00f6r ve bak\u0131m uzman\u0131, kurulan \u00f6zbak\u0131m \u00e7ad\u0131r\u0131nda Hatay’daki depremzede kad\u0131nlara hizmet verdi. Yakla\u015f\u0131k 1500 kad\u0131n, kendilerine ayr\u0131lan kabinlerde, diledikleri ki\u015fisel bak\u0131m hizmetinden \u00fccretsiz olarak faydaland\u0131.  6 \u015eubat 2023 tarihinde ya\u015fanan ve 11 ilde a\u011f\u0131r y\u0131k\u0131ma neden olan depremlerin yaralar\u0131n\u0131n sar\u0131lmas\u0131 i\u00e7in g\u00f6n\u00fcll\u00fcleriyle birlikte ilk g\u00fcnden bu yana sahada yard\u0131m \u00e7al\u0131\u015fmalar\u0131na devam eden TEMSA, 8 Mart D\u00fcnya Kad\u0131nlar G\u00fcn\u00fc vesilesiyle anlaml\u0131 bir projeyi hayata ge\u00e7irdi. TEMSA taraf\u0131ndan, Sabanc\u0131 Vakf\u0131, CarrefourSA ve Adana Kuaf\u00f6rler, G\u00fczellik Salonlar\u0131 \u0130\u015fletmecileri ve Manik\u00fcrc\u00fcler Odas\u0131 i\u015f birli\u011fiyle ger\u00e7ekle\u015ftirilen proje kapsam\u0131nda, depremden zarar g\u00f6rm\u00fc\u015f kad\u0131nlar\u0131n ki\u015fisel bak\u0131m ihtiya\u00e7lar\u0131, Hatay’\u0131n Mavi \u00c7ad\u0131r Kent  b\u00f6lgesinde kurulan \u00f6zbak\u0131m  \u00e7ad\u0131r\u0131nda kar\u015f\u0131land\u0131.  B\u0130R G\u00dcNDE 1500 KADIN FAYDALANDI  “\u00d6nce Sen” projesi kapsam\u0131nda, Adana ve Mersin’den 100 kuaf\u00f6r ve ki\u015fisel bak\u0131m uzman\u0131 TEMSA taraf\u0131ndan b\u00f6lgeye ula\u015ft\u0131r\u0131ld\u0131. Sabah\u0131n ilk saatlerinden itibaren yo\u011fun bir kalabal\u0131\u011f\u0131n ya\u015fand\u0131\u011f\u0131 \u00f6zbak\u0131m \u00e7ad\u0131r\u0131nda, yakla\u015f\u0131k 1500 kad\u0131n, kendilerine ayr\u0131lan kabinlerde, diledikleri ki\u015fisel bak\u0131m hizmetinden \u00fccretsiz olarak faydaland\u0131. Ayr\u0131ca, CarrefourSA taraf\u0131ndan haz\u0131rlanan ki\u015fisel bak\u0131m ve hijyen kitleri de TEMSA \u00e7al\u0131\u015fanlar\u0131 taraf\u0131ndan depremzedelere da\u011f\u0131t\u0131ld\u0131. “\u00d6NCE SEN \u0130Y\u0130 OLACAKSIN K\u0130 TOPLUM OLARAK B\u0130Z \u0130Y\u0130LE\u015eEB\u0130LEL\u0130M”  Depremleri Adana’da, kendi evinde ya\u015fam\u0131\u015f bir \u015firket olarak, afetin yaratt\u0131\u011f\u0131 maddi ve manevi hasar\u0131n en yak\u0131n \u015fahitlerinden olduklar\u0131n\u0131 s\u00f6yleyerek s\u00f6zlerine ba\u015flayan TEMSA Kurumsal \u0130leti\u015fim M\u00fcd\u00fcr\u00fc Ebru Ersan , giyinmenin, ge\u00e7ici bar\u0131nman\u0131n ve yiyece\u011fin \u00f6nemli ve \u00f6ncelikli yard\u0131m ba\u015fl\u0131klar\u0131 oldu\u011funu ama bunun yan\u0131 s\u0131ra, depremzedelerin en b\u00fcy\u00fck ihtiyac\u0131n\u0131n, onlar\u0131n yan\u0131nda oldu\u011fumuzu bilmeleri, bunu hissetmeleri de oldu\u011funu ifade etti. Ersan s\u00f6zlerini \u015f\u00f6yle s\u00fcrd\u00fcrd\u00fc: “Belki bir\u00e7ok ki\u015finin akl\u0131na gelmedi ama depremlerin \u00fczerinden 1 ay ge\u00e7ti ve buradaki kad\u0131nlar\u0131m\u0131z bu s\u00fcre zarf\u0131nda hi\u00e7bir ki\u015fisel bak\u0131m\u0131n\u0131 yapamad\u0131. Biz D\u00fcnya Kad\u0131nlar G\u00fcn\u00fc’nde hayata ge\u00e7irdi\u011fimiz bu projeyle, kad\u0131nlar\u0131m\u0131za asl\u0131nda \u015funu s\u00f6ylemek istedik: ‘Biz, her t\u00fcrl\u00fc ihtiyac\u0131nda senin yan\u0131nday\u0131z. Yaralar sar\u0131l\u0131ncaya kadar buraday\u0131z. \u00d6nce sen iyi olacaks\u0131n, \u00f6nce sen moral bulacaks\u0131n ki toplum olarak biz iyile\u015febilelim.’ O y\u00fczden de projemizi ‘\u00d6nce Sen’ slogan\u0131yla tasarlad\u0131k. Kurdu\u011fumuz \u00e7ad\u0131rda, sadece bir g\u00fcnde 1500 kad\u0131n\u0131m\u0131za hizmet verdik. Adana ve Mersin’den 100 uzman\u0131m\u0131z g\u00f6n\u00fcll\u00fc olarak bu projenin bir par\u00e7as\u0131 oldu. Sabanc\u0131 Vakf\u0131 ve CarrefourSA, daha fikir a\u015famas\u0131ndan itibaren s\u00fcrekli yan\u0131m\u0131zdayd\u0131. Bu projeye katk\u0131lar\u0131n\u0131 sunan t\u00fcm kurum ve ki\u015filere te\u015fekk\u00fcrlerimizi iletiyoruz. Bu proje, b\u00f6lgede yaralar\u0131n sar\u0131lmas\u0131na bir nebze bile katk\u0131da bulunduysa ne mutlu bize!”  ","protected":false},"author":1,"featured_media":0,"parent":581,"menu_order":0,"comment_status":"open","ping_status":"closed","template":"","meta":{"_links_to":"https:\/\/www.kadindostumarkalar.org\/yazilar\/otomotiv-ve-yan-sanayii\/temsa-deprem-bolgesindeki-kadinlara-once-sen-dedi","_links_to_target":"https:\/\/www.kadindostumarkalar.org\/yazilar\/otomotiv-ve-yan-sanayii\/temsa-deprem-bolgesindeki-kadinlara-once-sen-dedi"},"_links":{"self":[{"href":"https:\/\/www.kadindostumarkalar.org\/yazilar\/otomotiv-ve-yan-sanayii\/temsa-deprem-bolgesindeki-kadinlara-once-sen-dedi"}],"collection":[{"href":"urlver"}],"about":[{"href":""}],"author":[{"embeddable":true,"href":"https:\/\/www.kadindostumarkalar.org\/yazilar\/otomotiv-ve-yan-sanayii\/temsa-deprem-bolgesindeki-kadinlara-once-sen-dedi"}],"replies":[{"embeddable":true,"href":"https:\/\/www.kadindostumarkalar.org\/yazilar\/otomotiv-ve-yan-sanayii\/temsa-deprem-bolgesindeki-kadinlara-once-sen-dedi"}],"version-history":[{"count":1044,"href":"https:\/\/www.kadindostumarkalar.org\/yazilar\/otomotiv-ve-yan-sanayii\/temsa-deprem-bolgesindeki-kadinlara-once-sen-dedi"}],"predecessor-version":[{"id":581,"href":"https:\/\/www.kadindostumarkalar.org\/yazilar\/otomotiv-ve-yan-sanayii\/temsa-deprem-bolgesindeki-kadinlara-once-sen-dedi"}],"up":[{"embeddable":true,"href":"https:\/\/www.kadindostumarkalar.org\/yazilar\/otomotiv-ve-yan-sanayii\/temsa-deprem-bolgesindeki-kadinlara-once-sen-dedi"}],"wp:attachment":[{"href":"https:\/\/www.kadindostumarkalar.org\/img\/blog\/temsa-deprem-bolgesindeki-kadinlara-once-sen-dedi-0-59108.jpg"}],"curies":[{"name":".Net","href":"https:\/\/api.w.org\/{rel}","templated":true}]}}