{"id":775,"date":"2024-08-05T02:07:47","date_gmt":"2024-08-05T02:07:47","guid":{"rendered":"https:\/\/www.kadindostumarkalar.org\/yazilar\/haberler\/tobb-ve-ito-kadin-girisimcileri-yalniz-birakmadi"},"modified":"2024-08-05T02:10:36","modified_gmt":"2024-08-05T02:10:36","slug":"tobb-ve-ito-kadin-girisimcileri-yalniz-birakmadi","status":"publish","type":"page","link":"","title":{"rendered":"TOBB ve \u0130TO, Kad\u0131n Giri\u015fimcileri Yaln\u0131z B\u0131rakmad\u0131!"},"content":{"rendered":"TOBB ve \u0130TO, f\u0131rsat e\u015fitli\u011fi i\u00e7in kad\u0131n giri\u015fimcileri yaln\u0131z b\u0131rakmad\u0131. \u0130ki kurumun ger\u00e7ekle\u015ftirece\u011fi ‘Y\u00fckselen Markalar’ projesi kapsam\u0131nda; modadan tekstile, kozmetikten g\u0131daya kadar bir\u00e7ok alanda e\u011fitimler d\u00fczenlenecek.&nbsp;   ‘Y\u00fckselen Markalar’ projesi ile kad\u0131n giri\u015fimcileri desteklemeyi ama\u00e7layan T\u00fcrkiye Odalar ve Borsalar Birli\u011fi (TOBB) \u0130stanbul Kad\u0131n Giri\u015fimciler Kurulu , \u0130stanbul Ticaret Odas\u0131 (\u0130TO)  ile y\u00fcr\u00fctece\u011fi \u00e7al\u0131\u015fmalarla markala\u015fmadan \u00fcr\u00fcn tasar\u0131m\u0131na, ihracattan yeni i\u015f f\u0131rsatlar\u0131na kadar bir\u00e7ok alanda kad\u0131nlara rehberlik edecek. Kad\u0131n giri\u015fimcilerin i\u015f d\u00fcnyas\u0131nda varl\u0131\u011f\u0131n\u0131 g\u00fc\u00e7lendirmeyi ve f\u0131rsat e\u015fitli\u011fi sa\u011flamay\u0131 hedefleyen projeye kat\u0131lmak isteyenler, 15 Eyl\u00fcle kadar ilgili kurumlara ba\u015fvurabilecek. Kad\u0131n giri\u015fimcileri desteklemek i\u00e7in yeniden g\u00fcndeme gelen ‘Y\u00fckselen Markalar ’ projesine ayakkab\u0131, \u00e7anta, ev tekstili, g\u0131da, kozmetik, moda\/giyim, tak\u0131 ve aksesuar, evcil hayvan giysi tasar\u0131m\u0131 gibi alanlarda faaliyet g\u00f6steren kad\u0131n giri\u015fimciler dahil olabilecek. Projede kendi \u00fcr\u00fcnlerini \u00fcreterek sat\u0131\u015fa ba\u015flam\u0131\u015f olan kad\u0131n giri\u015fimcilerin markala\u015fmalar\u0131n\u0131 sa\u011flamalar\u0131 ve global bir marka olu\u015fturarak katma de\u011feri y\u00fcksek \u00fcr\u00fcnler ihra\u00e7 etmeleri hedefleniyor. Di\u011fer yandan kad\u0131nlara destek olmay\u0131 ve k\u00fclt\u00fcrel \u00f6\u011feleri ta\u015f\u0131yan \u00fcr\u00fcnlerin tasar\u0131m\u0131n\u0131n sergilemesi ile pazarlamas\u0131na katk\u0131da bulunmay\u0131 da ama\u00e7layan ‘Y\u00fckselen Markalar’ projesine 81 ilden kad\u0131n giri\u015fimciler m\u00fcracaat edebilir. Yeni \u0130\u015f F\u0131rsatlar\u0131 Yarat\u0131lmas\u0131 Hedefleniyor Projeyle ilgili bilgi veren TOBB \u0130stanbul Kad\u0131n Giri\u015fimciler Kurulu Ba\u015fkan\u0131 Hatice G\u00fcner Din\u00e7bal Kal , “Kad\u0131n giri\u015fimcileri cesaretlendiren, y\u00f6nlendiren ve sekt\u00f6rde b\u00fcy\u00fckler ile yenilerini bulu\u015fturan bu proje, kad\u0131n giri\u015fimcilerin g\u00fcc\u00fcn\u00fc art\u0131rmay\u0131 ve yeni i\u015f f\u0131rsatlar\u0131 yaratmay\u0131 hedefliyor” diye konu\u015ftu. Projeye daha \u00f6nce kat\u0131larak elde etti\u011fi deneyimi aktaran TOBB Kad\u0131n Giri\u015fimciler Kurulu \u0130cra Komitesi \u00dcyesi ve ayn\u0131 zamanda Alpay Mermer Madencilik Y\u00f6netim Kurulu Ba\u015fkan\u0131 olan Melike Alpay \u00d6zmen  de “Minval markas\u0131yla bir \u00f6nceki projeye kat\u0131ld\u0131m, e\u011fitimleri keyifle dinledim ve marka vizyonumuz i\u00e7in \u00f6nemli ba\u011flant\u0131lar elde ettim. T\u00fcm yeni kad\u0131n markalar\u0131n\u0131n bu projeyi iyi bir f\u0131rsat bilmelerini dilerim. T\u00fcrkiye genelinde t\u00fcm kad\u0131n giri\u015fimcilerimizi bu k\u0131ymetli projeye ba\u015fvurmaya, akabindeki e\u011fitimlere kat\u0131lmaya ve markalar\u0131n\u0131 b\u00fcy\u00fctmeye, yurtd\u0131\u015f\u0131na a\u00e7maya davet ediyorum” dedi. Mu\u011fla Ticaret ve Sanayi Odas\u0131 Meclis Ba\u015fkan Yard\u0131mc\u0131s\u0131 g\u00f6revini de y\u00fcr\u00fcten \u00d6zmen, t\u00fcm giri\u015fimci kad\u0131nlar\u0131 projeye kat\u0131lmaya davet etti. E\u011fitimler 7 Ekimde Ba\u015flayacak ‘Y\u00fckselen Markalar’ projesine kat\u0131larak kendini geli\u015ftirmek isteyen kad\u0131n giri\u015fimcileri bekleyen kriterler aras\u0131nda; \u00f6ncelikle \u015firket sahibi ya da en az y\u00fczde 25 \u015firket orta\u011f\u0131 olmalar\u0131, gerekiyor. \u00d6te yandan ilk faturalar\u0131n\u0131 kesmi\u015f olmalar\u0131 ve \u00fcr\u00fcnlerinin yenilik\u00e7i ve ticarile\u015ftirme potansiyeline sahip bulunmalar\u0131 da \u00f6ng\u00f6r\u00fcl\u00fcyor. Ayr\u0131ca, s\u00fcrd\u00fcr\u00fclebilirlik esas\u0131yla hareket eden ve marka tescili yap\u0131lm\u0131\u015f giri\u015fimciler de \u00f6ncelikliler aras\u0131nda yer alacak. Proje kapsam\u0131nda verilecek e\u011fitimlerde ise sekt\u00f6r uzmanlar\u0131 g\u00f6rev alacak ve kat\u0131l\u0131mc\u0131 kad\u0131n giri\u015fimcilere ment\u00f6rl\u00fck deste\u011fi sunulacak. E\u011fitimler \u00fccretsiz ve online olarak yap\u0131lacak. Projeye ba\u015fvurular ise 15 Eyl\u00fcl 2024 ’e kadar ger\u00e7ekle\u015fmesinin ard\u0131ndan e\u011fitimler 7 Ekim ’de ba\u015flayacak. ","protected":false},"author":1,"featured_media":0,"parent":775,"menu_order":0,"comment_status":"open","ping_status":"closed","template":"","meta":{"_links_to":"https:\/\/www.kadindostumarkalar.org\/yazilar\/haberler\/tobb-ve-ito-kadin-girisimcileri-yalniz-birakmadi","_links_to_target":"https:\/\/www.kadindostumarkalar.org\/yazilar\/haberler\/tobb-ve-ito-kadin-girisimcileri-yalniz-birakmadi"},"_links":{"self":[{"href":"https:\/\/www.kadindostumarkalar.org\/yazilar\/haberler\/tobb-ve-ito-kadin-girisimcileri-yalniz-birakmadi"}],"collection":[{"href":"urlver"}],"about":[{"href":""}],"author":[{"embeddable":true,"href":"https:\/\/www.kadindostumarkalar.org\/yazilar\/haberler\/tobb-ve-ito-kadin-girisimcileri-yalniz-birakmadi"}],"replies":[{"embeddable":true,"href":"https:\/\/www.kadindostumarkalar.org\/yazilar\/haberler\/tobb-ve-ito-kadin-girisimcileri-yalniz-birakmadi"}],"version-history":[{"count":974,"href":"https:\/\/www.kadindostumarkalar.org\/yazilar\/haberler\/tobb-ve-ito-kadin-girisimcileri-yalniz-birakmadi"}],"predecessor-version":[{"id":775,"href":"https:\/\/www.kadindostumarkalar.org\/yazilar\/haberler\/tobb-ve-ito-kadin-girisimcileri-yalniz-birakmadi"}],"up":[{"embeddable":true,"href":"https:\/\/www.kadindostumarkalar.org\/yazilar\/haberler\/tobb-ve-ito-kadin-girisimcileri-yalniz-birakmadi"}],"wp:attachment":[{"href":"https:\/\/www.kadindostumarkalar.org\/img\/blog\/tobb-ve-ito-kadin-girisimcileri-yalniz-birakmadi-0-59643.jpg"}],"curies":[{"name":".Net","href":"https:\/\/api.w.org\/{rel}","templated":true}]}}