{"id":391,"date":"2022-06-17T17:48:52","date_gmt":"2022-06-17T17:48:52","guid":{"rendered":"https:\/\/www.kadindostumarkalar.org\/yazilar\/kariyer-basamaklari\/tuba-koseoglu-okcu"},"modified":"2022-06-17T18:08:04","modified_gmt":"2022-06-17T18:08:04","slug":"tuba-koseoglu-okcu","status":"publish","type":"page","link":"","title":{"rendered":"Tuba K\u00f6seo\u011flu Ok\u00e7u"},"content":{"rendered":"2020 y\u0131l\u0131ndan bu yana Garanti BBVA ’n\u0131n e\u011fitim direkt\u00f6rl\u00fc\u011f\u00fc g\u00f6revini s\u00fcrd\u00fcren Tuba K\u00f6seo\u011flu Ok\u00e7u , \u00f6\u011fretmenlerin ki\u015fisel ve mesleki geli\u015fimlerine destek sa\u011flamak amac\u0131yla 2008 y\u0131l\u0131nda Garanti BBVA  taraf\u0131ndan kurulan ve T\u00fcrkiye’de bu alana odaklanm\u0131\u015f ilk ve en etkin sivil toplum kurulu\u015fu olan \u00d6RAV ’\u0131n Genel M\u00fcd\u00fcrl\u00fck koltu\u011funa oturdu. Tuba K\u00f6seo\u011flu Ok\u00e7u ; Notre Dame De Sion Frans\u0131z Lisesi’ni takiben 1994 y\u0131l\u0131nda Bo\u011fazi\u00e7i \u00dcniversitesi M\u00fctercim-Terc\u00fcmanl\u0131k b\u00f6l\u00fcm\u00fcnden mezun oldu. K\u00f6seo\u011flu Ok\u00e7u, \u00e7al\u0131\u015fma hayat\u0131na 1994 y\u0131l\u0131nda sim\u00fcltane konferans terc\u00fcman\u0131 olarak ba\u015flad\u0131 ve Terc\u00fcme Konseyi’nde g\u00f6rev ald\u0131. Bo\u011fazi\u00e7i \u00dcniversitesi’nde \u00f6\u011fretim g\u00f6revlisi olarak \u00e7al\u0131\u015fan Tuba K\u00f6seo\u011flu Ok\u00e7u, 1997-2008 y\u0131llar\u0131 aras\u0131nda Do\u011fu\u015f Grubu  b\u00fcnyesinde g\u00f6rev yapt\u0131 ve s\u0131ras\u0131yla Garanti Bankas\u0131 E\u011fitim M\u00fcd\u00fcrl\u00fc\u011f\u00fc ’nde Performans Dan\u0131\u015fman\u0131, Humanitas Do\u011fu\u015f \u0130nsang\u00fcc\u00fc Y\u00f6netimi’nde \u00dcst D\u00fczey Y\u00f6netici Geli\u015ftirme M\u00fcd\u00fcr\u00fc, Do\u011fu\u015f Holding’de \u0130nsan Kaynaklar\u0131 B\u00f6l\u00fcm Ba\u015fkan\u0131 ve Do\u011fu\u015f Otomotiv’de \u0130nsan Kaynaklar\u0131 Koordinat\u00f6r\u00fc olarak g\u00f6rev ald\u0131. 2008-2012 aras\u0131 Easpharma Deva Holding \u0130nsan Kaynaklar\u0131 Organizasyonel Geli\u015fim Direkt\u00f6r\u00fc , 2012-2019 y\u0131llar\u0131 aras\u0131nda ise H\u00fcrriyet \u0130nsan Kaynaklar\u0131 Direkt\u00f6r\u00fc  ve \u0130cra Kurulu \u00dcyesi  olarak \u00e7al\u0131\u015fan Tuba K\u00f6seo\u011flu Ok\u00e7u , 1 Mart 2020’den bu yana y\u00fcr\u00fctt\u00fc\u011f\u00fc Garanti BBVA E\u011fitim Direkt\u00f6rl\u00fc\u011f\u00fc g\u00f6revine ek olarak, 1 \u015eubat 2022 itibariyle \u00d6\u011fretmen Akademisi Vakf\u0131 \u00d6RAV Genel M\u00fcd\u00fcrl\u00fc\u011f\u00fc g\u00f6revini de \u00fcstlenmi\u015ftir. ","protected":false},"author":1,"featured_media":0,"parent":391,"menu_order":0,"comment_status":"open","ping_status":"closed","template":"","meta":{"_links_to":"https:\/\/www.kadindostumarkalar.org\/yazilar\/kariyer-basamaklari\/tuba-koseoglu-okcu","_links_to_target":"https:\/\/www.kadindostumarkalar.org\/yazilar\/kariyer-basamaklari\/tuba-koseoglu-okcu"},"_links":{"self":[{"href":"https:\/\/www.kadindostumarkalar.org\/yazilar\/kariyer-basamaklari\/tuba-koseoglu-okcu"}],"collection":[{"href":"urlver"}],"about":[{"href":""}],"author":[{"embeddable":true,"href":"https:\/\/www.kadindostumarkalar.org\/yazilar\/kariyer-basamaklari\/tuba-koseoglu-okcu"}],"replies":[{"embeddable":true,"href":"https:\/\/www.kadindostumarkalar.org\/yazilar\/kariyer-basamaklari\/tuba-koseoglu-okcu"}],"version-history":[{"count":3283,"href":"https:\/\/www.kadindostumarkalar.org\/yazilar\/kariyer-basamaklari\/tuba-koseoglu-okcu"}],"predecessor-version":[{"id":391,"href":"https:\/\/www.kadindostumarkalar.org\/yazilar\/kariyer-basamaklari\/tuba-koseoglu-okcu"}],"up":[{"embeddable":true,"href":"https:\/\/www.kadindostumarkalar.org\/yazilar\/kariyer-basamaklari\/tuba-koseoglu-okcu"}],"wp:attachment":[{"href":"https:\/\/www.kadindostumarkalar.org\/img\/blog\/tuba-koseoglu-okcu-oravin-yeni-genel-muduru-oldu-0-6819.jpg"}],"curies":[{"name":".Net","href":"https:\/\/api.w.org\/{rel}","templated":true}]}}