{"id":253,"date":"2021-05-09T00:00:00","date_gmt":"2021-05-09T00:00:00","guid":{"rendered":"https:\/\/www.kadindostumarkalar.org\/yazilar\/kadin-dostu-markalar-tv\/turkcell-gelecegi-yazan-kadinlar-ve-bizceprojeleriyle-kadin-dostu-markalar-2021-farkindalik-odulunun-sahibi-oldu"},"modified":"2022-06-02T04:08:21","modified_gmt":"2022-06-02T04:08:21","slug":"turkcell-gelecegi-yazan-kadinlar-ve-bizceprojeleriyle-kadin-dostu-markalar-2021-farkindalik-odulunun-sahibi-oldu","status":"publish","type":"page","link":"","title":{"rendered":"TURKCELL “GELECE\u011e\u0130 YAZAN KADINLAR” VE “B\u0130ZCE”PROJELER\u0130YLE KADIN DOSTU MARKALAR 2021 FARKINDALIK \u00d6D\u00dcL\u00dcN\u00dcN SAH\u0130B\u0130 OLDU"},"content":{"rendered":"Turkcell,  TOBB  ve TOBB  Kad\u0131n Giri\u015fimciler  Kurulu i\u015f birli\u011fiyle hayata ge\u00e7irdi\u011fi ve T\u00fcrkiye’nin kad\u0131n giri\u015fimci li\u011fini destekleyen “Gelece\u011fi Yazan Kad\u0131nlar ” ve kad\u0131nlar\u0131n ekonomiye aktif kat\u0131l\u0131mlar\u0131na, kendilerini geli\u015ftirmelerine ve yan\u0131t arad\u0131klar\u0131 \u00f6nemli konularda \u00e7\u00f6z\u00fcm bulmalar\u0131na destek olan i\u00e7erikleriyle ve tasar\u0131m\u0131yla “Turkcell Bizce ” uygulamas\u0131 projeleriyle Kad\u0131n Dostu Markalar  2021 Fark\u0131ndal\u0131k  \u00d6d\u00fcl\u00fc&#8217;n\u00fcn sahibi oldu. \u00d6d\u00fcl\u00fc almak \u00fczere t\u00f6rene kat\u0131lan Turkcell  S\u00fcrd\u00fcr\u00fclebilirlik Projeleri Y\u00f6neticisi Sn. Hande G\u00fcrsoy  y apt\u0131\u011f\u0131 konu\u015fmada, Turkcell&#8217;de e\u015fit i\u015fe e\u015fit \u00fccret  politikas\u0131n\u0131n varl\u0131\u011f\u0131ndan ve teknoloji  alan\u0131ndaki kad\u0131n istihdam\u0131n\u0131n azl\u0131\u011f\u0131ndan bahsetti. ","protected":false},"author":1,"featured_media":0,"parent":253,"menu_order":0,"comment_status":"open","ping_status":"closed","template":"","meta":{"_links_to":"https:\/\/www.kadindostumarkalar.org\/yazilar\/kadin-dostu-markalar-tv\/turkcell-gelecegi-yazan-kadinlar-ve-bizceprojeleriyle-kadin-dostu-markalar-2021-farkindalik-odulunun-sahibi-oldu","_links_to_target":"https:\/\/www.kadindostumarkalar.org\/yazilar\/kadin-dostu-markalar-tv\/turkcell-gelecegi-yazan-kadinlar-ve-bizceprojeleriyle-kadin-dostu-markalar-2021-farkindalik-odulunun-sahibi-oldu"},"_links":{"self":[{"href":"https:\/\/www.kadindostumarkalar.org\/yazilar\/kadin-dostu-markalar-tv\/turkcell-gelecegi-yazan-kadinlar-ve-bizceprojeleriyle-kadin-dostu-markalar-2021-farkindalik-odulunun-sahibi-oldu"}],"collection":[{"href":"urlver"}],"about":[{"href":""}],"author":[{"embeddable":true,"href":"https:\/\/www.kadindostumarkalar.org\/yazilar\/kadin-dostu-markalar-tv\/turkcell-gelecegi-yazan-kadinlar-ve-bizceprojeleriyle-kadin-dostu-markalar-2021-farkindalik-odulunun-sahibi-oldu"}],"replies":[{"embeddable":true,"href":"https:\/\/www.kadindostumarkalar.org\/yazilar\/kadin-dostu-markalar-tv\/turkcell-gelecegi-yazan-kadinlar-ve-bizceprojeleriyle-kadin-dostu-markalar-2021-farkindalik-odulunun-sahibi-oldu"}],"version-history":[{"count":1838,"href":"https:\/\/www.kadindostumarkalar.org\/yazilar\/kadin-dostu-markalar-tv\/turkcell-gelecegi-yazan-kadinlar-ve-bizceprojeleriyle-kadin-dostu-markalar-2021-farkindalik-odulunun-sahibi-oldu"}],"predecessor-version":[{"id":253,"href":"https:\/\/www.kadindostumarkalar.org\/yazilar\/kadin-dostu-markalar-tv\/turkcell-gelecegi-yazan-kadinlar-ve-bizceprojeleriyle-kadin-dostu-markalar-2021-farkindalik-odulunun-sahibi-oldu"}],"up":[{"embeddable":true,"href":"https:\/\/www.kadindostumarkalar.org\/yazilar\/kadin-dostu-markalar-tv\/turkcell-gelecegi-yazan-kadinlar-ve-bizceprojeleriyle-kadin-dostu-markalar-2021-farkindalik-odulunun-sahibi-oldu"}],"wp:attachment":[{"href":"https:\/\/www.kadindostumarkalar.org\/img\/blog\/ekran-alintisi-turkcell.png"}],"curies":[{"name":".Net","href":"https:\/\/api.w.org\/{rel}","templated":true}]}}