{"id":727,"date":"2024-05-25T13:48:28","date_gmt":"2024-05-25T13:48:28","guid":{"rendered":"https:\/\/www.kadindostumarkalar.org\/yazilar\/turkiyenin-kadin-girisimcileri\/turkiye-de-ilk-yerli-mobil-teknoloji-fabrikasini-kuran-gercek-bir-amazon"},"modified":"2024-05-25T13:48:28","modified_gmt":"2024-05-25T13:48:28","slug":"turkiye-de-ilk-yerli-mobil-teknoloji-fabrikasini-kuran-gercek-bir-amazon","status":"publish","type":"page","link":"","title":{"rendered":"T\u00fcrkiye’de ilk yerli mobil teknoloji fabrikas\u0131n\u0131 kuran ger\u00e7ek bir amazon"},"content":{"rendered":"O bir amazon kad\u0131n\u0131. T\u00fcrkiye’de s\u0131f\u0131rdan bir teknoloji markas\u0131 yaratan ve T\u00fcrkiye’nin ilk yerli mobil teknoloji fabrikas\u0131n\u0131 kuran bir giri\u015fimci. Hen\u00fcz dokunmatik ekran\u0131n bile olmad\u0131\u011f\u0131 2010’da T\u00fcrkiye’yi ilk kez ‘e-kitap okuyucu’ ile tan\u0131\u015ft\u0131ran Sezen Sungur Saral’\u0131n kurdu\u011fu Reeder markas\u0131, bug\u00fcn cep telefonundan, tablete, giyilebilir teknolojiden, ak\u0131ll\u0131 ev aletlerine kadar geni\u015f \u00fcr\u00fcn yelpazesine sahip bir \u015firket haline geldi. T\u00fcrkiye’nin en b\u00fcy\u00fck yerli ak\u0131ll\u0131 telefon \u00fcreticisi olan Sungur Saral, “Hayallerimizin bile \u00f6tesine ge\u00e7tik. \u015eimdi ana hedefimiz T\u00fcrkiye’den global bir teknoloji markas\u0131 \u00e7\u0131karmak” diyor.  \u0130zmir’de do\u011fup b\u00fcy\u00fcyen Sezen Sungur Saral, 2005 y\u0131l\u0131nda Bo\u011fazi\u00e7i \u00dcniversitesi Uluslararas\u0131 Ticaret b\u00f6l\u00fcm\u00fcnden “Y\u00fcksek Onur” derecesiyle mezun oldu. Hemen sonra T\u00fcrkiye’nin en b\u00fcy\u00fck fuar \u015eirketi CNR Holding’de i\u015f hayat\u0131na ba\u015flad\u0131. Uluslararas\u0131 sat\u0131\u015f ve pazarlama b\u00f6l\u00fcmlerinde \u00e7al\u0131\u015fan ve 8 sene i\u00e7erisinde de Sat\u0131\u015f Temsilcili\u011finden Genel M\u00fcd\u00fcr Yard\u0131mc\u0131l\u0131\u011f\u0131na y\u00fckselen Sungur Saral, kozmetikten sanayiye, g\u0131dadan tekstile kadar her sekt\u00f6rde d\u00fcnyada organize edilen fuarlar\u0131 gezme ve oralarda stant a\u00e7an k\u00fc\u00e7\u00fck ve orta \u00f6l\u00e7ekli \u015firketlerle tan\u0131\u015fma imkan\u0131 buldu. \u00dcniversiteden mezun oldu\u011funda “giri\u015fimci” diye bir kelimeden haberi bile haberi olmayan Sungur Saral, CNR Holding’de bu s\u00fcre\u00e7te \u00f6zellikle k\u00fc\u00e7\u00fck firmalar\u0131n d\u00fcnya devleriyle nas\u0131l sava\u015ft\u0131\u011f\u0131n\u0131 g\u00f6rd\u00fc ve i\u00e7inde her zaman yanan \u00fcretim ve ticaret yapma ate\u015fiyle cesaretlendi. Ruhunu saran giri\u015fimcilik fitili bir i\u015f seyahatinde g\u00f6rd\u00fc\u011f\u00fc ve \u00e7ok heyecanland\u0131\u011f\u0131 e-kitap fikri ile ate\u015flendi. 2009 y\u0131l\u0131nda Amerika’da \u00e7\u0131kan e-kitap onu \u00e7ok heyecanland\u0131rd\u0131, bu T\u00fcrkiye’de olmayan bir teknolojiydi. Bir \u015fekilde yurt d\u0131\u015f\u0131ndan e-kitap okuyucu getirtti. Cihaz\u0131n devrimsel bir icat oldu\u011funu d\u00fc\u015f\u00fcnd\u00fc ve T\u00fcrkiye’de de bu cihaz\u0131n mutlaka bireylere ula\u015ft\u0131r\u0131lmas\u0131 gerekti\u011fine karar verdi. \u0130\u015f i\u00e7in \u00c7in’e gitti\u011fi bir d\u00f6nemde, i\u015f yerinden iki g\u00fcn ek izin ald\u0131 ve e-kitap okuyucu yu getirtti\u011fi Tayvan’a giderek, o firmadan distrib\u00fct\u00f6rl\u00fck istedi. Hi\u00e7bir ba\u011flant\u0131s\u0131 olmadan gitti\u011fi \u00fcretici ile anla\u015ft\u0131. Kafas\u0131nda bu icad\u0131 T\u00fcrkiye’de tan\u0131tan ilk insan olmak vard\u0131. Topluma faydal\u0131 bir \u015fey yapacakt\u0131. Y\u0131l 2010’du ve o tarihte tablet, ak\u0131ll\u0131 telefon yoktu. Ne kendisine ait bir firmas\u0131 ne de paras\u0131 vard\u0131. Arabas\u0131n\u0131 satt\u0131, bor\u00e7 ald\u0131, e\u015finin de deste\u011fiyle, birlikte T\u00fcrkiye’yi ilk kez ‘e-kitap okuyucu’ ile tan\u0131\u015ft\u0131ran Reeder markas\u0131n\u0131 kurdu. O y\u0131llarda bu i\u015fin pazar\u0131 olmad\u0131\u011f\u0131 i\u00e7in \u00fcr\u00fcn\u00fc az miktarda \u00fcrettirdi. B\u00fcy\u00fck bir elektronik zincirin genel m\u00fcd\u00fcrl\u00fc\u011f\u00fcne \u00fcr\u00fcnlerini satmalar\u0131 i\u00e7in, “Siz g\u00fc\u00e7l\u00fc bir kurumsunuz; ben de bunu buldum, getirdim. L\u00fctfen bana destek olun” dedi ve kar\u015f\u0131 taraf bu teklifi kabul ederek, 300 adet sipari\u015f verdi.&nbsp;Alt\u0131 ay kadar tek bir elektronik zincirde, kazand\u0131\u011f\u0131 paray\u0131 geri yat\u0131rarak bu i\u015fi yapt\u0131. Daha sonra cihazlar tabletlere evrildi ve Sungur Saral da y\u00f6n\u00fcn\u00fc o tarafa \u00e7evirdi. Do\u011fru hamle ile d\u00fcnyada kitaptan tablete do\u011fru ger\u00e7ekle\u015fen d\u00f6n\u00fc\u015f\u00fcm\u00fc do\u011fru tespit eden Sungur Saral, 2012’de T\u00fcrkiye’ye ilk 3G’li Android tableti getirerek Turkcell ile ilk perakende kampanyas\u0131n\u0131 ger\u00e7ekle\u015ftirdi. 2018’de \u00c7in ile ger\u00e7ekle\u015ftirdi\u011fi stratejik ortakl\u0131k ile y\u0131lda 600 adetlik \u00fcretim kapasiteli tablet, telefon ve ak\u0131ll\u0131 \u00fcr\u00fcnler fabrikas\u0131n\u0131, Karadeniz B\u00f6lgesi’nin ilk ve tek teknoloji yat\u0131r\u0131m\u0131 olarak, daha \u00f6nce hi\u00e7 mobil teknoloji yat\u0131r\u0131m\u0131 yap\u0131lmam\u0131\u015f; bir liman\u0131, iki \u00fcniversitesi ve bir teknopark\u0131 olan bir \u015fehir olan Samsun’da kurdu. Sungur Saral fabrikan\u0131n kapasitesini, Samsun \u00dcniversitesi’nde kiralad\u0131\u011f\u0131 alanlar ve yeni Ar-Ge Yaz\u0131l\u0131m Merkezi’nin yarataca\u011f\u0131 know-how’\u0131n da olu\u015fturaca\u011f\u0131 etkiyle birlikte en az \u00fc\u00e7 kat art\u0131rarak, ilk etapta y\u0131ll\u0131k 9 milyon adet \u00fcretim kapasitesine y\u00fckseltmeyi ama\u00e7l\u0131yor. E-kitap ile ba\u015flayan yolculukta Reeder’\u0131 h\u0131zla b\u00fcy\u00fcyen, dinamik bir \u015firket olarak cep telefonundan tablete, giyilebilir teknolojiden ak\u0131ll\u0131 ev aletlerine kadar geni\u015f bir \u00fcr\u00fcn \u00fcreten \u015firkete d\u00f6n\u00fc\u015ft\u00fcren Sungur Saral, T\u00fcrkiye’nin en b\u00fcy\u00fck yerli ak\u0131ll\u0131 telefon \u00fcreticisi oldu. Sungur Saral “K\u0131sacas\u0131 hayallerimizin bile \u00f6tesine ge\u00e7tik. \u015eimdi ana hedefimiz T\u00fcrkiye’den global bir teknoloji markas\u0131 \u00e7\u0131karmak” diyor. 2020 y\u0131l\u0131nda giyilebilir teknolojiler kategorisinde ak\u0131ll\u0131 \u00e7ocuk saati ve pandemi d\u00f6neminde kullan\u0131m alan\u0131 geni\u015fleyen k\u0131z\u0131l\u00f6tesi temass\u0131z ate\u015f \u00f6l\u00e7er \u00fcr\u00fcnlerinin T\u00fcrkiye’de ilk kez yerli \u00fcretimini ger\u00e7ekle\u015ftirmeye ba\u015flad\u0131klar\u0131n\u0131 ifade eden Sungur Saral, “Tablet bilgisayar, ak\u0131ll\u0131 telefon, saat, medikal teknolojiler ile ak\u0131ll\u0131 ev uygulamalar\u0131 dahil t\u00fcm mobil \u00fcr\u00fcnlerde yerli \u00fcretim ile \u00fclkemizde ekonomik kalk\u0131nmaya da katk\u0131 sa\u011flaman\u0131n mutlulu\u011funu ya\u015f\u0131yoruz” diye konu\u015fuyor. “Hedefimiz yerli \u00fcretimde T\u00fcrkiye’nin en b\u00fcy\u00fck teknoloji \u015firketlerinden biri olmak” diyen Sungur Saral, perakende taraf\u0131nda ise 2021 y\u0131l\u0131nda ilk ma\u011fazalar\u0131n\u0131 fabrikalar\u0131n\u0131n da bulundu\u011fu Samsun’da a\u00e7t\u0131klar\u0131n\u0131, yerli \u00fcretici olman\u0131n getirdi\u011fi f\u0131rsatlar ve yakla\u015f\u0131m ile bu say\u0131y\u0131 k\u0131sa s\u00fcrede 52 ilde 77 ma\u011fazaya \u00e7\u0131kard\u0131klar\u0131n\u0131 s\u00f6yl\u00fcyor. Sungur Saral, 100 ma\u011faza hedefi ile ReeD\u00fckkanlar a\u00e7maya devam ettiklerini s\u00f6zlerine ekliyor. Y\u00fczde 53 kad\u0131n \u00e7al\u0131\u015fan oran\u0131 Sadece T\u00fcrkiye i\u00e7in de\u011fil, uluslararas\u0131 s\u0131ralamada da kad\u0131nlar\u0131n \u00e7al\u0131\u015fmak isteyece\u011fi bir i\u015fveren olmak istediklerini ve y\u00fczde 53 kad\u0131n \u00e7al\u0131\u015fan oran\u0131na sahip olduklar\u0131n\u0131 vurgulayan Sezen Sungur Saral, “Biz Reeder olarak k\u0131z \u00f6\u011frencilerin yaz\u0131l\u0131m ve teknoloji alan\u0131nda geli\u015fimine katk\u0131 sa\u011flamak amac\u0131yla, Milli E\u011fitim Bakanl\u0131\u011f\u0131 Mesleki ve Teknik E\u011fitim Genel M\u00fcd\u00fcrl\u00fc\u011f\u00fc i\u015f birli\u011fi ile ‘K\u0131zlar Kodlar’ projemizi hayata ge\u00e7irdik. Kad\u0131nlar\u0131n istediklerinde ba\u015faramayacaklar\u0131 bir \u015fey olmad\u0131\u011f\u0131na inan\u0131yorum. Bu nedenle hayal eden, merak eden, ara\u015ft\u0131ran, deneyen, \u00e7al\u0131\u015fan, \u00f6\u011frenen gen\u00e7 k\u0131zlara, K\u0131zlar Kodlar ile biz de katk\u0131 sa\u011flayabileceksek ne mutlu bize! Proje i\u00e7eri\u011fini de onlar\u0131n ihtiya\u00e7 ve taleplerine g\u00f6re \u015fekillendirdik. STEAM yakla\u015f\u0131m\u0131yla alacaklar\u0131 kodlama, yaz\u0131l\u0131m, programlama e\u011fitimlerinden, uygulamal\u0131 at\u00f6lye \u00e7al\u0131\u015fmalar\u0131na, kariyer yolculuklar\u0131nda ihtiya\u00e7lar\u0131 olacak kat\u0131l\u0131m belgelerinden, staj program\u0131 ve Reeder yaz\u0131l\u0131m geli\u015ftirme ve tasar\u0131m yar\u0131\u015fmas\u0131na kadar, onlar i\u00e7in 360 derece yo\u011fun bir program haz\u0131rlad\u0131k. \u0130nan\u0131yoruz ki program sonunda binlerce Maker k\u0131z ba\u015far\u0131yla \u00f6nce kendilerini sonra bizi gururland\u0131racak, hatta belki de baz\u0131lar\u0131 \u00fclkemizi yurtd\u0131\u015f\u0131nda tan\u0131tacak. \u015eu anda en b\u00fcy\u00fck hayallerimden biri de bu” \u015feklinde konu\u015fuyor. Edebiyat tutkunu Sezen Sungur Saral  i\u00e7in okumak bir tutku ve s\u0131k\u0131 bir edebiyat okuyucusu. Rus ve d\u00fcnya klasiklerinin pek \u00e7o\u011funu okuyan Sungur Saral, Orhan Pamuk, Ahmet Hamdi Tanp\u0131nar, O\u011fuz Atay, Virgina Woolf, Sylvia Plath gibi yazarlar\u0131n kitaplar\u0131n\u0131 okumaktan keyif al\u0131yor. Ayn Rand ise kitaplar\u0131yla onu en \u00e7ok etkileyen yazarlardan birisi. Kendisini en \u00e7ok etkileyen ve s\u00fcrd\u00fcr\u00fclebilirlik d\u00f6n\u00fc\u015f\u00fcm\u00fcndeki \u00e7al\u0131\u015fmalar\u0131na da \u0131\u015f\u0131k tutan Mazars Denge CEO &amp; Kurumsal S\u00fcrd\u00fcr\u00fclebilirlik El\u00e7isi \u0130zel Levi Co\u015fkun’un S\u00fcreklilikten S\u00fcrd\u00fcr\u00fclebilirli\u011fe-Bir Kurumsal S\u00fcrd\u00fcr\u00fclebilirlik Yolculu\u011fu kitab\u0131 olmu\u015f. Bu kitab\u0131 okuduktan sonra y\u00f6netim felsefesini yeniden \u015fekillendirmi\u015f. \u00d6d\u00fcllerle ta\u00e7land\u0131r\u0131lan bir ba\u015far\u0131 hikayesi 2016 y\u0131l\u0131nda Amerikan Dan\u0131\u015fmanl\u0131k firmas\u0131 EY’\u0131n Global Giri\u015fimci Kad\u0131n Liderler program\u0131na se\u00e7ilen 10 kad\u0131ndan biri olan Sezen Sungur Saral, Garanti Bankas\u0131 taraf\u0131ndan KAG\u0130DER ve Ekonomist Dergisi deste\u011fi ile d\u00fczenlenen T\u00fcrkiye’nin Kad\u0131n Giri\u015fimcisi yar\u0131\u015fmas\u0131nda 2018 y\u0131l\u0131 birincisi se\u00e7ilerek b\u00fcy\u00fck \u00f6d\u00fcl\u00fc ald\u0131. 2019 y\u0131l\u0131nda EY taraf\u0131ndan d\u00fcnya \u00e7ap\u0131nda organize edilen Entrepreneur of the Year yar\u0131\u015fmas\u0131n\u0131n T\u00fcrkiye aya\u011f\u0131nda “Y\u0131l\u0131n Kad\u0131n Giri\u015fimcisi”  se\u00e7ilen Sungur Saral, 2022 y\u0131l\u0131nda Harvard Business School-Owner President Management (OPM) e\u011fitimini almaya hak kazand\u0131 ve program\u0131 tamamlayarak sertifikas\u0131n\u0131 ald\u0131. KAG\u0130DER Y\u00f6netim Kurulu \u00dcyesi olan Sezen Sungur Saral \u0130ngilizce biliyor. ","protected":false},"author":1,"featured_media":0,"parent":727,"menu_order":0,"comment_status":"open","ping_status":"closed","template":"","meta":{"_links_to":"https:\/\/www.kadindostumarkalar.org\/yazilar\/turkiyenin-kadin-girisimcileri\/turkiye-de-ilk-yerli-mobil-teknoloji-fabrikasini-kuran-gercek-bir-amazon","_links_to_target":"https:\/\/www.kadindostumarkalar.org\/yazilar\/turkiyenin-kadin-girisimcileri\/turkiye-de-ilk-yerli-mobil-teknoloji-fabrikasini-kuran-gercek-bir-amazon"},"_links":{"self":[{"href":"https:\/\/www.kadindostumarkalar.org\/yazilar\/turkiyenin-kadin-girisimcileri\/turkiye-de-ilk-yerli-mobil-teknoloji-fabrikasini-kuran-gercek-bir-amazon"}],"collection":[{"href":"urlver"}],"about":[{"href":""}],"author":[{"embeddable":true,"href":"https:\/\/www.kadindostumarkalar.org\/yazilar\/turkiyenin-kadin-girisimcileri\/turkiye-de-ilk-yerli-mobil-teknoloji-fabrikasini-kuran-gercek-bir-amazon"}],"replies":[{"embeddable":true,"href":"https:\/\/www.kadindostumarkalar.org\/yazilar\/turkiyenin-kadin-girisimcileri\/turkiye-de-ilk-yerli-mobil-teknoloji-fabrikasini-kuran-gercek-bir-amazon"}],"version-history":[{"count":2941,"href":"https:\/\/www.kadindostumarkalar.org\/yazilar\/turkiyenin-kadin-girisimcileri\/turkiye-de-ilk-yerli-mobil-teknoloji-fabrikasini-kuran-gercek-bir-amazon"}],"predecessor-version":[{"id":727,"href":"https:\/\/www.kadindostumarkalar.org\/yazilar\/turkiyenin-kadin-girisimcileri\/turkiye-de-ilk-yerli-mobil-teknoloji-fabrikasini-kuran-gercek-bir-amazon"}],"up":[{"embeddable":true,"href":"https:\/\/www.kadindostumarkalar.org\/yazilar\/turkiyenin-kadin-girisimcileri\/turkiye-de-ilk-yerli-mobil-teknoloji-fabrikasini-kuran-gercek-bir-amazon"}],"wp:attachment":[{"href":"https:\/\/www.kadindostumarkalar.org\/img\/blog\/turkiye-de-ilk-yerli-mobil-teknoloji-fabrikasini-kuran-gercek-bir-amazon-0-30763.jpg"}],"curies":[{"name":".Net","href":"https:\/\/api.w.org\/{rel}","templated":true}]}}