{"id":163,"date":"2021-10-12T00:00:00","date_gmt":"2021-10-12T00:00:00","guid":{"rendered":"https:\/\/www.kadindostumarkalar.org\/yazilar\/vakif-dernek\/turkiye-imsad-44-gundem-bulusmalarinin-konusu-yesil-mutabakat-oldu"},"modified":"2022-06-02T00:23:54","modified_gmt":"2022-06-02T00:23:54","slug":"turkiye-imsad-44-gundem-bulusmalarinin-konusu-yesil-mutabakat-oldu","status":"publish","type":"page","link":"","title":{"rendered":"T\u00dcRK\u0130YE \u0130MSAD 44. G\u00dcNDEM BULU\u015eMALARI’NIN KONUSU YE\u015e\u0130L MUTABAKAT OLDU"},"content":{"rendered":"T\u00fcrkiye \u0130MSAD G\u00fcndem Bulu\u015fmalar\u0131’n\u0131n 44’\u00fcnc\u00fcs\u00fc, ‘Ye\u015fil Mutabakata Haz\u0131r m\u0131y\u0131z?’ ba\u015fl\u0131\u011f\u0131 alt\u0131nda ger\u00e7ekle\u015ftirildi.   T\u00fcrkiye \u0130MSAD  (T\u00fcrkiye \u0130n\u015faat Malzemesi Sanayicileri Derne\u011fi) taraf\u0131ndan 44’\u00fcnc\u00fc kez d\u00fczenlenen‘G\u00fcndem Bulu\u015fmalar\u0131 ’, Demird\u00f6k\u00fcm  ve \u0130zocam ’\u0131n katk\u0131lar\u0131yla 30 Eyl\u00fcl Per\u015fembe g\u00fcn\u00fc online olarak ger\u00e7ekle\u015ftirildi. A\u00e7\u0131l\u0131\u015f\u0131n\u0131 T\u00fcrkiye \u0130MSAD  Y\u00f6netim Kurulu Ba\u015fkan\u0131 Tayfun K\u00fc\u00e7\u00fcko\u011flu,  moderat\u00f6rl\u00fc\u011f\u00fcn\u00fc T\u00fcrkiye \u0130MSAD  Ba\u015fkan Vekili Ferdi Erdo\u011fan ’\u0131n yapt\u0131\u011f\u0131 ‘Ye\u015fil Mutabakata Haz\u0131r m\u0131y\u0131z? ’ ba\u015fl\u0131kl\u0131 toplant\u0131, in\u015faat malzemesi  sanayicileri, i\u015f d\u00fcnyas\u0131ndan isimler ve sekt\u00f6r profesyonelleri taraf\u0131ndan ilgiyle takip edildi. Toplant\u0131n\u0131n konu\u015fmac\u0131s\u0131 HorizonConsultancy  Y\u00f6netici Orta\u011f\u0131 Eser Ergino\u011flu,  Ye\u015fil Mutabakat  ile ilgili merak edilen konular\u0131 kat\u0131l\u0131mc\u0131larla payla\u015ft\u0131. Konu\u015fmas\u0131nda g\u00fc\u00e7l\u00fc ve istikrarl\u0131 bir \u015fekilde, orta-uzun vadeli haz\u0131rl\u0131klara odaklanmak gerekti\u011finin alt\u0131n\u0131 \u00e7izen T\u00fcrkiye \u0130MSAD Ba\u015fkan\u0131 Tayfun K\u00fc\u00e7\u00fcko\u011flu , i\u00e7inde bulunulan s\u00fcre\u00e7te gelece\u011fi, sanayiyi ve ticareti \u015fekillendirecek uzun vadeli planlar\u0131n uluslararas\u0131 seviyede devreye al\u0131nmaya ba\u015flad\u0131\u011f\u0131n\u0131 aktard\u0131. “En etkili ve kapsaml\u0131 planlar\u0131n ba\u015f\u0131nda bizi \u00e7ok g\u00fc\u00e7l\u00fc bir \u015fekilde etkisi alt\u0131na alacak olan Ye\u015fil Mutabakat  geliyor.” diyen K\u00fc\u00e7\u00fcko\u011flu  AB’nin ye\u015fil d\u00f6n\u00fc\u015f\u00fcm \u00fc yasal bir boyuta da ta\u015f\u0131d\u0131\u011f\u0131na de\u011findi. \u00d6nemli bir k\u0131sm\u0131n\u0131 s\u0131n\u0131rda karbon d\u00fczenlemesinin olu\u015fturdu\u011fu Ye\u015fil Mutabakat\u0131n kapsad\u0131\u011f\u0131 enerji, sanayi, ula\u015f\u0131m ve binalarda enerji verimlili\u011fi ne y\u00f6nelik \u00f6nlemlerin, AB ile i\u015f birli\u011fi i\u00e7indeki t\u00fcm \u00fclkeleri do\u011frudan ve derinden etkileyece\u011fini ifade etti. Kaynaklar\u0131n verimli kullan\u0131lmas\u0131 gerekti\u011fine dikkat \u00e7eken Tayfun K\u00fc\u00e7\u00fcko\u011flu  \u015funlar\u0131 s\u00f6yledi: “G\u00fcn\u00fcm\u00fczde y\u00fckselen rekabet dolay\u0131s\u0131yla ‘az ile \u00e7ok’ yapabilmenin \u00f6nemi daha da art\u0131yor. ‘Az ile \u00e7ok’un anlam\u0131; s\u0131n\u0131rl\u0131 kaynaklar\u0131m\u0131z\u0131 daha iyi kullanarak, az kaynak ile daha \u00e7ok i\u015f ve \u00fcr\u00fcn \u00fcretebilmektir. Enerji, ham madde insan ve sermaye gibi… Gelecekte var olman\u0131n ve s\u00fcrd\u00fcr\u00fclebilir ba\u015far\u0131n\u0131n temel kural\u0131, ‘az ile \u00e7ok’ anlay\u0131\u015f\u0131n\u0131 her alanda, durmadan daha ileriye ta\u015f\u0131yabilmektir. S\u00fcrd\u00fcr\u00fclebilirlik konusu Ye\u015fil Mutabakat ile bu kadar ciddi bir boyuta gelmi\u015fken unutmamal\u0131y\u0131z ki \u00fclkemizde sanayicilerimizin ve \u00fcreticilerimizin bu durumdan etkilenmemesi gibi bir durum s\u00f6z konusu olmayacak. Gelecek nesiller i\u00e7in hayati \u00f6nemi olan kaynaklar\u0131m\u0131z\u0131 ihtiyac\u0131m\u0131z do\u011frultusunda en verimli \u015fekilde kullanabilmek ad\u0131na ge\u00e7 kalmadan gerekli hamleyi yapaca\u011f\u0131m\u0131za inan\u0131yorum. Ye\u015fil Mutabakat s\u00fcrecinde yap\u0131lmas\u0131 gerekenleri ertelemek, gelece\u011fe y\u00fcr\u00fcrken g\u00f6zlerimizi kapatmak olacakt\u0131r. Zaman varken tedbirlerimizi almak \u00f6nceli\u011fimiz olmal\u0131d\u0131r.” &#8220;Ye\u015fil Mutabakat bize kar\u015f\u0131 bir oyun de\u011fil&#8221;  Konu\u015fmas\u0131na, “Avrupa Ye\u015fil Mutabakat\u0131 ile ilgili s\u00f6ylenebilecek en do\u011fru \u015fey, bunun bize kar\u015f\u0131 oynanan bir oyun olmad\u0131\u011f\u0131d\u0131r.” diye ba\u015flayan Eser Ergino\u011flu , asl\u0131nda d\u00fcnyada yap\u0131lmas\u0131 gereken bir \u015feye AB’nin \u00f6nc\u00fcl\u00fck eti\u011fini belirtti. Paris \u0130klim Anla\u015fmas\u0131 ’nda da Kyoto Protokol\u00fc ’nde de iyi niyet \u00e7er\u00e7evesinde imzalar\u0131n at\u0131ld\u0131\u011f\u0131n\u0131 ancak imza atan \u00fclkelerin \u00e7ok bir \u015fey yapmad\u0131\u011f\u0131n\u0131 ifade eden Ergino\u011flu  s\u00f6zlerine \u015f\u00f6yle devam etti, “\u0130 lk defa AB cesaretle bunu bir hukuki \u00e7er\u00e7eveye, kurallara ba\u011flamak gibi bir inisiyatif ile yola \u00e7\u0131kt\u0131 ve kendisiyle ilgili de ‘2050’de karbon n\u00f6tr bir k\u0131ta olaca\u011f\u0131m’ diye bir hedef koydu. Bunu zaten 2005’ten beri kendi i\u00e7 sanayisine uyguluyordu. Bu uygulamay\u0131 \u015fu anda d\u0131\u015far\u0131da da yayg\u0131nla\u015ft\u0131rmak gibi bir amac\u0131 var.” AB, binalarda bir de\u011fi\u015fim d\u00f6n\u00fc\u015f\u00fcm s\u00fcreci ba\u015flat\u0131yor  Ye\u015fil Mutabakat\u0131n in\u015faat malzemeleri  sanayisi ve yap\u0131 sekt\u00f6r\u00fc ne \u00f6nemli etkilerinin olaca\u011f\u0131n\u0131 belirten Eser Ergino\u011flu , AB’nin karbon n\u00f6tr k\u0131ta olmak istedi\u011fini belirtti. Ergino\u011flu, “ AB i\u00e7erisinde karbon emisyonlar\u0131n\u0131n y\u00fczde 22’si binalar, y\u00fczde 31’i enerji kaynakl\u0131 ve sanayinin buradaki pay\u0131 y\u00fczde 22 gibi g\u00f6r\u00fcn\u00fcyor. Binalar, enerji \u00fcretimi ve sanayi \u00fcretimi kaynakl\u0131 b\u00fcy\u00fck bir emisyon s\u00f6z konusu. Avrupa’da binalar\u0131n \u00e7o\u011fu eski, altyap\u0131lar\u0131 k\u00f6t\u00fc durumda oldu\u011fu i\u00e7in y\u00fczde 97’sinde tadilat gerekiyor. Binalar \u00fczerinde bir de\u011fi\u015fim d\u00f6n\u00fc\u015f\u00fcm s\u00fcreci ba\u015flat\u0131l\u0131yor. Mevcut in\u015faat sekt\u00f6r\u00fcn\u00fcn \u00e7ok h\u0131zl\u0131 bir \u015fekilde \u00fc\u00e7 kat b\u00fcy\u00fcyece\u011fi \u00f6ng\u00f6r\u00fcl\u00fcyor. Bu y\u00fczden herkes hem yeni \u00fcr\u00fcnler pe\u015finde hem s\u00fcrd\u00fcr\u00fclebilir \u00fcr\u00fcnleri \u00f6ne \u00e7\u0131karmaya \u00e7al\u0131\u015f\u0131yor hem de malzemeleri farkl\u0131la\u015ft\u0131r\u0131yor. Bir yandan da \u015firketler bu malzemeleri verimli \u00fcretmeye \u00e7al\u0131\u015f\u0131yor. AB’nin stratejisinin i\u00e7erisinde en \u00e7ok da bina sekt\u00f6r\u00fcyle ilgili konular var. Bunun \u00e7evresel etki alan\u0131 \u00e7ok daha geni\u015f. En \u00e7ok de\u011fi\u015fikli\u011fi yapmas\u0131 beklenen sanayiler aras\u0131nda \u00e7imento, seramik, cam gibi enerji yo\u011fun sekt\u00f6rler \u00f6ne \u00e7\u0131k\u0131yor. \u00dclke olarak sadece bu sekt\u00f6rlerde 3,7 milyar dolarl\u0131k bir ihracat\u0131m\u0131z var ve bunun 1,7milyar dolarl\u0131k k\u0131sm\u0131n\u0131 AB \u00fclkelerine ger\u00e7ekle\u015ftiriyoruz.” \u015feklinde konu\u015ftu. ‘Yenileme Dalgas\u0131’ stratejisi ile 35 milyon bina yenilenecek  Binalar\u0131n yenilenmesi konusunun AB i\u00e7in \u00e7ok \u00f6nemli oldu\u011funu belirten Ergino\u011flu,  Ye\u015fil Mutabakat\u0131n f\u0131rsat oldu\u011funu s\u00f6yledi. 34 milyon Avrupal\u0131n\u0131n evlerini do\u011fru d\u00fczg\u00fcn \u0131s\u0131tmak konusunda imkans\u0131zl\u0131klar i\u00e7inde oldu\u011funu dile getiren Ergino\u011flu , “Hem elektrik faturalar\u0131n\u0131 \u00f6demekte zorlan\u0131yor hem de evlerini yenilemek i\u00e7in yeterli paray\u0131 bulam\u0131yorlar. AB’de binalar\u0131n y\u00fczde 85’i 20 ya\u015f\u0131n \u00fczerinde. Mevcut binalar\u0131 yenileyerek 2050’e gireceklerini de hesapl\u0131yorlar. ‘Yenileme Dalgas\u0131’ stratejisi ile 2030’a kadar 35 milyon binan\u0131n yenilenmesi gibi bir hedef koydular. Enerji verimlili\u011fini art\u0131rmak, yenilenebilir enerjiye ge\u00e7mek i\u00e7in belli fonlar\u0131n kulland\u0131r\u0131lmas\u0131 ve bu yenileme esnas\u0131nda malzemelerin geri kazand\u0131r\u0131lmas\u0131 da planlan\u0131yor. Herkesin bu de\u011fi\u015fime ayak uydurabilmesi i\u00e7in 72 milyar Euro’luk de\u011fi\u015fim ve d\u00f6n\u00fc\u015f\u00fcm paketi de 2032’ye kadar belli d\u00f6nemlerde kulland\u0131r\u0131lacak.” dedi. 14 Temmuz’da Fit for 55 ad\u0131ndan bir dok\u00fcman yay\u0131mland\u0131\u011f\u0131n\u0131, bu dok\u00fcmanla, 2030’da karbon sal\u0131m\u0131n\u0131 y\u00fczde 55 azaltmay\u0131 hedefleyen AB i\u00e7in bunun y\u00f6nteminin tarif edildi\u011fini aktaran Eser Ergino\u011flu,  konu\u015fmas\u0131n\u0131 \u015f\u00f6yle s\u00fcrd\u00fcrd\u00fc: “Sanayicimiz bu d\u00fczenlemeye, ‘eyvah ne oluyor, s\u0131n\u0131rda karbon d\u00fczenlemesi geliyor’ \u015feklinde yakla\u015ft\u0131. Asl\u0131nda mesele s\u0131n\u0131rda karbon vergisi de\u011fil. ‘Benim \u00fcr\u00fcn\u00fcm s\u0131n\u0131rda karbon vergisine dahil de\u011fil, o zaman benim bir \u015fey yapmama gerek yok’ diye asla d\u00fc\u015f\u00fcn\u00fclmemeli. Uyum sa\u011flamak i\u00e7in zaten bu yat\u0131r\u0131mlar\u0131 yapmak, bu yola girmek gerekiyor. Ayr\u0131ca Avrupa’da kamu binalar\u0131n\u0131n y\u00fczde 3’\u00fcn\u00fcn 2030’a kadar her y\u0131l yenilenmesi gerekiyor. Bu \u00f6n\u00fcm\u00fczdeki 10 y\u0131l boyunca kamu binalar\u0131n\u0131n y\u00fczde 30’unun yenilenece\u011fi anlam\u0131na geliyor. Bu da in\u015faat malzemesi sekt\u00f6r\u00fcm\u00fcz i\u00e7in \u00f6nemli bir f\u0131rsat yarat\u0131yor. Ayn\u0131 zamanda co\u011frafi konum olarak AB \u00fclkelerine \u00e7ok yak\u0131n olmam\u0131z da \u00f6nemli bir avantaj. Dolay\u0131s\u0131yla bu avantajlar\u0131 g\u00f6rmek ve \u015firketlerimizi bu s\u00fcrece haz\u0131rlamam\u0131z gerekiyor.” En b\u00fcy\u00fck pazar\u0131m\u0131z olan AB’den vazge\u00e7emeyiz  T\u00fcrkiye’nin, AB ile y\u0131llara dayal\u0131 bir ticari ortakl\u0131\u011f\u0131 oldu\u011funu vurgulayan T\u00fcrkiye \u0130MSAD  Ba\u015fkan Vekili Ferdi Erdo\u011fan  ise T\u00fcrkiye ile i\u015fbirliklerinin sadece d\u0131\u015f ticaret de\u011fil, Ar-Ge, inovasyon, tasar\u0131m  konular\u0131nda da bilgi ve insan g\u00fcc\u00fc y\u00f6n\u00fcnde oldu\u011funu belirtti. Erdo\u011fan, “ Onun i\u00e7in AB’nin rekabette bizim rekabet g\u00fcc\u00fc orta\u011f\u0131m\u0131z oldu\u011funu s\u00f6yleyebiliriz. AB’den vazge\u00e7ebilir miyiz? B\u00f6yle bir konfor saham\u0131z var m\u0131? Sanayiciler olarak tabii ki vazge\u00e7mek gibi bir d\u00fc\u015f\u00fcncemiz yok. Peki sanayimizin konumu nedir? Biz emek, enerji ve sermaye yo\u011fun bir sanayile\u015fmenin i\u00e7erisindeyiz. Dolay\u0131s\u0131yla toplam sanayi \u00fcretiminin, d\u0131\u015f ticaret i\u015fimizin y\u00fczde 65-70’ini bu emek-sermaye-enerji yo\u011fun sanayi \u00fcr\u00fcnleri kaps\u0131yor. Kalite-maliyet-fiyat ekseninde var olabilmenin g\u00fcc\u00fcyle rekabet ediyoruz. Teknolojik yat\u0131r\u0131mlara ay\u0131rd\u0131\u011f\u0131m\u0131z finansman nedeniyle belki de Ar-Ge  ve inovasyon a yeteri kadar zaman ay\u0131ram\u0131yoruz. Ayn\u0131 zamanda ‘az ile \u00e7ok’anlay\u0131\u015f\u0131 ile \u00fcretimin yolu, Ar-Ge  ve inovasyon dan, tasar\u0131m dan ge\u00e7iyor. Bizim teknolojik  d\u00f6n\u00fc\u015f\u00fcm e daha \u00e7ok para ve zaman ay\u0131rmam\u0131z, insan g\u00fcc\u00fc yeti\u015ftirmemiz, Ar-Ge ve tasar\u0131m konular\u0131nda taklit\u00e7ilik yapmak yerine sekt\u00f6rel i\u015fbirliklerini art\u0131rmak; dikey entegrasyon yerine yatay entegrasyona odaklanmak gerekiyor. T\u00fcrkiye’nin toplam ihracat\u0131 160-170 milyon ton ve bunun \u00f6nemli bir k\u0131sm\u0131n\u0131 in\u015faat malzemeleri ger\u00e7ekle\u015ftiriyor. Bu ihracat\u0131n da b\u00fcy\u00fck bir k\u0131sm\u0131n\u0131 AB’ye yap\u0131yoruz. En b\u00fcy\u00fck pazar\u0131m\u0131z AB \u00fclkeleri.” \u015feklinde konu\u015ftu. ","protected":false},"author":1,"featured_media":0,"parent":163,"menu_order":0,"comment_status":"open","ping_status":"closed","template":"","meta":{"_links_to":"https:\/\/www.kadindostumarkalar.org\/yazilar\/vakif-dernek\/turkiye-imsad-44-gundem-bulusmalarinin-konusu-yesil-mutabakat-oldu","_links_to_target":"https:\/\/www.kadindostumarkalar.org\/yazilar\/vakif-dernek\/turkiye-imsad-44-gundem-bulusmalarinin-konusu-yesil-mutabakat-oldu"},"_links":{"self":[{"href":"https:\/\/www.kadindostumarkalar.org\/yazilar\/vakif-dernek\/turkiye-imsad-44-gundem-bulusmalarinin-konusu-yesil-mutabakat-oldu"}],"collection":[{"href":"urlver"}],"about":[{"href":""}],"author":[{"embeddable":true,"href":"https:\/\/www.kadindostumarkalar.org\/yazilar\/vakif-dernek\/turkiye-imsad-44-gundem-bulusmalarinin-konusu-yesil-mutabakat-oldu"}],"replies":[{"embeddable":true,"href":"https:\/\/www.kadindostumarkalar.org\/yazilar\/vakif-dernek\/turkiye-imsad-44-gundem-bulusmalarinin-konusu-yesil-mutabakat-oldu"}],"version-history":[{"count":1038,"href":"https:\/\/www.kadindostumarkalar.org\/yazilar\/vakif-dernek\/turkiye-imsad-44-gundem-bulusmalarinin-konusu-yesil-mutabakat-oldu"}],"predecessor-version":[{"id":163,"href":"https:\/\/www.kadindostumarkalar.org\/yazilar\/vakif-dernek\/turkiye-imsad-44-gundem-bulusmalarinin-konusu-yesil-mutabakat-oldu"}],"up":[{"embeddable":true,"href":"https:\/\/www.kadindostumarkalar.org\/yazilar\/vakif-dernek\/turkiye-imsad-44-gundem-bulusmalarinin-konusu-yesil-mutabakat-oldu"}],"wp:attachment":[{"href":"https:\/\/www.kadindostumarkalar.org\/img\/blog\/44.-gb-2.jpg"}],"curies":[{"name":".Net","href":"https:\/\/api.w.org\/{rel}","templated":true}]}}