{"id":804,"date":"2024-10-01T23:33:44","date_gmt":"2024-10-01T23:33:44","guid":{"rendered":"https:\/\/www.kadindostumarkalar.org\/yazilar\/haberler\/turkiyede-bir-ilk-bekar-anneler-gunu"},"modified":"2024-10-01T23:34:34","modified_gmt":"2024-10-01T23:34:34","slug":"turkiyede-bir-ilk-bekar-anneler-gunu","status":"publish","type":"page","link":"","title":{"rendered":"T\u00dcRK\u0130YE’DE B\u0130R \u0130LK: BEKAR ANNELER G\u00dcN\u00dc"},"content":{"rendered":"Bekar Anneler Derne\u011fi, d\u00fczenledi\u011fi etkinlikle T\u00fcrkiye’de ilk kez “Bekar Anneler G\u00fcn\u00fc”n\u00fc kutlad\u0131. 23 Eyl\u00fcl’de ger\u00e7ekle\u015fen etkinli\u011fe alan\u0131nda uzman derneklerin ba\u015fkanlar\u0131 ve fikir liderleri de kat\u0131l\u0131m g\u00f6sterdi.  T\u00fcrkiye’de ve d\u00fcnyada say\u0131lar\u0131 her ge\u00e7en g\u00fcn artan bekar anneler in (single mom) sorunlar\u0131n\u0131 360 derece ele almak, g\u00fc\u00e7lenmelerini, toplumda kabul g\u00f6rmelerini, ekonomik ve entelekt\u00fcel anlamda desteklenmelerini sa\u011flamak ad\u0131na kurulan Bekar Anneler Derne\u011fi,  23 Eyl\u00fcl’de bir ilke imza att\u0131. Dernek, T\u00fcrkiye’de ilk kez Bekar Anneler G\u00fcn\u00fc ’n\u00fc kutlad\u0131.&nbsp; Bekar anne sorunlar\u0131n\u0131 360 derece ele almak i\u00e7in hayata ge\u00e7irilen etkinli\u011fin konuk listesinde Yan\u0131nday\u0131z Derne\u011fi,  YenidenBiz Derne\u011fi  ve A\u00c7EV  de yer ald\u0131. Etkinlik boyunca bekar anneleri g\u00fc\u00e7lendirecek konular ele al\u0131nd\u0131. A\u00e7\u0131l\u0131\u015f konu\u015fmas\u0131n\u0131 \u00dcsk\u00fcdar Belediye Ba\u015fkan\u0131 Sinem Dedeta\u015f  ger\u00e7ekle\u015ftirdi. Bekar Anneler Derne\u011fi Ba\u015fkan\u0131 Serap Yelkenci  de derne\u011fin ba\u015far\u0131lar\u0131na dair a\u00e7\u0131klamalarda bulundu. 21 MART 2024 tarihinde kurulan derne\u011fin ayn\u0131 g\u00fcn ger\u00e7ekle\u015fen ilk “Bekar Anneler Konferans\u0131”n\u0131 ger\u00e7ekle\u015ftirdiklerini belirten Yelkenci, bekar annelik kavram\u0131na ve annelerin ihtiya\u00e7 duydu\u011fu konulara de\u011findiklerinden bahsetti. Bu s\u00fcre\u00e7te MEB  ile “PDR ve S\u0131n\u0131f \u00d6\u011fretmenleri i\u00e7in Bekar Ebeveyn \u00c7ocuklar\u0131 Fark\u0131ndal\u0131\u011f\u0131 Seminerleri” g\u00f6r\u00fc\u015fmeleri de ger\u00e7ekle\u015ftirdiklerini ifade etti. \u0130BB  ile mahalle  evleri nin kullan\u0131m\u0131na ve bekar anneler i\u00e7in seminer\/ e\u011fitim alan\u0131 sa\u011flanmas\u0131 konusunda \u00e7al\u0131\u015fmalara ba\u015flad\u0131klar\u0131n\u0131 s\u00f6yleyen Yelkenci, hem sosyal medyada hem de web sitelerinde aktif olarak annelere ula\u015fmaya ve hedef topluluklar\u0131n\u0131 b\u00fcy\u00fctmeye devam ettiklerini dile getirdi.&nbsp; Derne\u011fin g\u00fc\u00e7lenmesi ve bekar annelere verimli bir i\u015fleyi\u015f sunmas\u0131 i\u00e7in firmalar\u0131n, pazarlama, medya d\u00fcnyas\u0131n\u0131n da deste\u011fine ihtiya\u00e7 oldu\u011funu vurgulayan Derne\u011fin y\u00f6netim kurulu \u00fcyeleri Hande Yinan\u00e7  ve Nihan Ece  de bekar annelerin toplumdaki varl\u0131\u011f\u0131n\u0131n ancak bu \u015fekilde g\u00fc\u00e7lendirilece\u011fine dikkat \u00e7ektiler. Ayn\u0131 zamanda istihdam, e\u011fitim, kurum i\u00e7i sadakat \u00e7al\u0131\u015fmalar\u0131 ile bu b\u00fcy\u00fcyen gruba eri\u015fmenin yolunun yine \u00f6zel sekt\u00f6r ve medya g\u00fcc\u00fcnden ge\u00e7ti\u011fini ifade ettiler.  Etkinlikte yer alan di\u011fer konuklar da bekar anneleri \u00e7ocuk geli\u015fimi , baba ve \u00e7ocuk ili\u015fkisi, ki\u015fisel fark\u0131ndal\u0131k, finansal okur yazarl\u0131k, esnek \u00e7al\u0131\u015fma  imkânlar\u0131, yeniden i\u015fe d\u00f6n\u00fc\u015f  imkanlar\u0131 ve ilham veren kariyer yolculuklar\u0131 konusunda bilgilendiren konu\u015fmalar ger\u00e7ekle\u015ftirdi. ","protected":false},"author":1,"featured_media":0,"parent":804,"menu_order":0,"comment_status":"open","ping_status":"closed","template":"","meta":{"_links_to":"https:\/\/www.kadindostumarkalar.org\/yazilar\/haberler\/turkiyede-bir-ilk-bekar-anneler-gunu","_links_to_target":"https:\/\/www.kadindostumarkalar.org\/yazilar\/haberler\/turkiyede-bir-ilk-bekar-anneler-gunu"},"_links":{"self":[{"href":"https:\/\/www.kadindostumarkalar.org\/yazilar\/haberler\/turkiyede-bir-ilk-bekar-anneler-gunu"}],"collection":[{"href":"urlver"}],"about":[{"href":""}],"author":[{"embeddable":true,"href":"https:\/\/www.kadindostumarkalar.org\/yazilar\/haberler\/turkiyede-bir-ilk-bekar-anneler-gunu"}],"replies":[{"embeddable":true,"href":"https:\/\/www.kadindostumarkalar.org\/yazilar\/haberler\/turkiyede-bir-ilk-bekar-anneler-gunu"}],"version-history":[{"count":1033,"href":"https:\/\/www.kadindostumarkalar.org\/yazilar\/haberler\/turkiyede-bir-ilk-bekar-anneler-gunu"}],"predecessor-version":[{"id":804,"href":"https:\/\/www.kadindostumarkalar.org\/yazilar\/haberler\/turkiyede-bir-ilk-bekar-anneler-gunu"}],"up":[{"embeddable":true,"href":"https:\/\/www.kadindostumarkalar.org\/yazilar\/haberler\/turkiyede-bir-ilk-bekar-anneler-gunu"}],"wp:attachment":[{"href":"https:\/\/www.kadindostumarkalar.org\/img\/blog\/turkiyede-bir-ilk-bekar-anneler-gunu-0-97045.jpg"}],"curies":[{"name":".Net","href":"https:\/\/api.w.org\/{rel}","templated":true}]}}