{"id":158,"date":"2021-04-22T00:00:00","date_gmt":"2021-04-22T00:00:00","guid":{"rendered":"https:\/\/www.kadindostumarkalar.org\/yazilar\/vakif-dernek\/turkiyenin-istanbul-sozlesmesinden-cikmasina-bir-tepki-de-egiaddan-geldi"},"modified":"2022-06-02T00:21:54","modified_gmt":"2022-06-02T00:21:54","slug":"turkiyenin-istanbul-sozlesmesinden-cikmasina-bir-tepki-de-egiaddan-geldi","status":"publish","type":"page","link":"","title":{"rendered":"T\u00dcRK\u0130YE’N\u0130N \u0130STANBUL S\u00d6ZLE\u015eMES\u0130’NDEN \u00c7IKMASINA B\u0130R TEPK\u0130 DE EG\u0130AD’DAN GELD\u0130"},"content":{"rendered":"T\u00fcrkiye’nin ilk imzac\u0131s\u0131 oldu\u011fu ve kad\u0131n\u0131n hukuki haklar\u0131n\u0131 g\u00fcvence alt\u0131na alan \u0130stanbul S\u00f6zle\u015fmesi’nden Cumhurba\u015fkan\u0131 kararnamesi ile \u00e7\u0131kmas\u0131, bir\u00e7ok kesim taraf\u0131ndan tepki ile kar\u015f\u0131land\u0131.   EG\u0130AD &#8211; Ege Gen\u00e7 \u0130\u015f \u0130nsanlar\u0131  Derne\u011fi Y\u00f6netim Kurulu ve EG\u0130AD  Ba\u015fkan\u0131 Alp Avni Yelkenbi\u00e7er  de konuya ili\u015fkin bir a\u00e7\u0131klama yapt\u0131. 1990 y\u0131l\u0131ndan bu yana, Ege  b\u00f6lgesindeki gen\u00e7 i\u015f insanlar\u0131 n\u0131 bir \u00e7at\u0131 alt\u0131nda toplayarak g\u00fc\u00e7l\u00fc i\u015fbirlikleri olu\u015fmas\u0131n\u0131 sa\u011flayan, demokrasi ve insan haklar\u0131 evrensel ilkelerine ba\u011fl\u0131, Atat\u00fcrk\u00e7\u00fc ve \u00e7a\u011fda\u015f bir dernek olan EG\u0130AD , T\u00fcrkiye’nin Cumhurba\u015fkan\u0131 kararnamesi ile \u0130stanbul S\u00f6zle\u015fmesi ’nden \u00e7\u0131kmas\u0131n\u0131n yanl\u0131\u015f bir karar oldu\u011funa vurgu yapt\u0131. EG\u0130AD ’\u0131n 30 y\u0131ll\u0131k ge\u00e7mi\u015finde cinsiyet e\u015fitli\u011finin  her zaman temel hassasiyetlerden biri oldu\u011funu s\u00f6yleyen EG\u0130AD  Ba\u015fkan\u0131 Alp Avni Yelkenbi\u00e7er,  toplumsal rekabet g\u00fcc\u00fcn\u00fc artt\u0131rman\u0131n; kad\u0131n ve erke\u011fe e\u015fit f\u0131rsat verilmesinin toplumsal cinsiyet e\u015fitli\u011fi nin en temel tan\u0131m\u0131 oldu\u011funa inand\u0131klar\u0131n\u0131 dile getirdi. Yelkenbi\u00e7er,  benimsedikleri prensipler temelinde \u00e7a\u011f\u0131n ve zaman\u0131n ruhuna g\u00f6re dinamik de\u011fi\u015fiklikler yapmak gerekti\u011finde de EG\u0130AD ’\u0131n \u00f6nemli ad\u0131mlar\u0131 \u00e7ekinmeden att\u0131\u011f\u0131n\u0131 hat\u0131rlatt\u0131. 2019 y\u0131l\u0131nda derne\u011fin isminde yer alan “\u0130\u015f Adamlar\u0131” ibaresini “\u0130\u015f \u0130nsanlar\u0131” olarak de\u011fi\u015ftirdiklerini, EG\u0130AD  i\u00e7inde kad\u0131n \u00fcye say\u0131s\u0131n\u0131n art\u0131r\u0131lmas\u0131n\u0131 da stratejik hedefler aras\u0131na koyduklar\u0131n\u0131 dile getiren Yelkenbi\u00e7er,  \u00e7e\u015fitli projelerde de kad\u0131nlar\u0131n g\u00fc\u00e7lendirilmesi konusunda yaln\u0131zca nicelik de\u011fil nitelik olarak etkin ad\u0131mlar atmay\u0131 hedeflediklerini belirtti. Yelkenbi\u00e7er,  “Geleneklerimizde kad\u0131n\u0131n yeri ve \u00f6nemi tart\u0131\u015f\u0131lmazd\u0131r. Ninemizin s\u00f6z\u00fc en az dedemizinki kadar de\u011ferlidir! Bizim i\u00e7in, \u00e7ocuklar\u0131m\u0131z i\u00e7in, ailemiz i\u00e7in kad\u0131n\u0131m\u0131z\u0131n “do\u011fru” dedi\u011fi, en az erke\u011fin dedi\u011fi kadar do\u011frudur. Bizim k\u0131z ya da erkek \u00e7ocu\u011fumuz yoktur, \u00e7ocuklar\u0131m\u0131z vard\u0131r.” diyerek, bir bak\u0131ma,  i\u00e7inde bulundu\u011fumuz toplum yap\u0131s\u0131n\u0131 da \u00f6zetlemi\u015f oldu. EG\u0130AD Ba\u015fkan\u0131 Alp Avni Yelkenbi\u00e7er  s\u00f6zlerine \u015f\u00f6yle devam etti: “11 May\u0131s 2011&#8217;de \u0130stanbul&#8217;da imzaya a\u00e7\u0131ld\u0131\u011f\u0131 i\u00e7in &#8216;\u0130stanbul S\u00f6zle\u015fmesi&#8217; ismiyle an\u0131lan Kad\u0131nlara Y\u00f6nelik \u015eiddet ve Aile \u0130\u00e7i \u015eiddetin \u00d6nlenmesi ve Bunlarla M\u00fccadeleye \u0130li\u015fkin Avrupa Konseyi S\u00f6zle\u015fmesi&#8217;ni imzalayan ve onaylayan ilk \u00fclke olmam\u0131z\u0131 \u00f6nemli ve de\u011ferli buldu\u011fumuzu daha \u00f6nce de ifade etmi\u015ftik. \u0130stanbul S\u00f6zle\u015fmesi’nden \u00e7ekilmenin kad\u0131n -erkek e\u015fitli\u011fi konusundaki \u00e7al\u0131\u015fmalar bak\u0131m\u0131ndan cesareti k\u0131raca\u011f\u0131ndan endi\u015fe ediyoruz. Erke\u011fin kad\u0131n  \u00fczerindeki tahakk\u00fcm\u00fc \u015feklinde tezah\u00fcr eden, ne yaz\u0131k ki aile hayat\u0131n\u0131n i\u00e7inde ba\u015flay\u0131p sosyal \u00e7evrede devam eden, i\u015f hayat\u0131n\u0131n her a\u015famas\u0131nda ve her g\u00fcn g\u00f6r\u00fclen, kanunlar\u0131m\u0131za kadar yans\u0131yan olguyu tersine \u00e7evirmek \u00f6ncelikli amac\u0131m\u0131zd\u0131r. Konu \u00f6zellikle T\u00fcrkiye’yle ilgili de\u011fildir, t\u00fcm d\u00fcnyada bu tahakk\u00fcm ge\u00e7erlidir. Tek v\u00fccut olarak temel hak ve \u00f6zg\u00fcrl\u00fcklerin savunulmas\u0131n\u0131 benimsemeyi ve \u00fclkemizin refah ve gelece\u011fi i\u00e7in toplum olarak i\u015fbirli\u011fi i\u00e7inde \u00e7al\u0131\u015fmay\u0131 umut ediyoruz.” ","protected":false},"author":1,"featured_media":0,"parent":158,"menu_order":0,"comment_status":"open","ping_status":"closed","template":"","meta":{"_links_to":"https:\/\/www.kadindostumarkalar.org\/yazilar\/vakif-dernek\/turkiyenin-istanbul-sozlesmesinden-cikmasina-bir-tepki-de-egiaddan-geldi","_links_to_target":"https:\/\/www.kadindostumarkalar.org\/yazilar\/vakif-dernek\/turkiyenin-istanbul-sozlesmesinden-cikmasina-bir-tepki-de-egiaddan-geldi"},"_links":{"self":[{"href":"https:\/\/www.kadindostumarkalar.org\/yazilar\/vakif-dernek\/turkiyenin-istanbul-sozlesmesinden-cikmasina-bir-tepki-de-egiaddan-geldi"}],"collection":[{"href":"urlver"}],"about":[{"href":""}],"author":[{"embeddable":true,"href":"https:\/\/www.kadindostumarkalar.org\/yazilar\/vakif-dernek\/turkiyenin-istanbul-sozlesmesinden-cikmasina-bir-tepki-de-egiaddan-geldi"}],"replies":[{"embeddable":true,"href":"https:\/\/www.kadindostumarkalar.org\/yazilar\/vakif-dernek\/turkiyenin-istanbul-sozlesmesinden-cikmasina-bir-tepki-de-egiaddan-geldi"}],"version-history":[{"count":932,"href":"https:\/\/www.kadindostumarkalar.org\/yazilar\/vakif-dernek\/turkiyenin-istanbul-sozlesmesinden-cikmasina-bir-tepki-de-egiaddan-geldi"}],"predecessor-version":[{"id":158,"href":"https:\/\/www.kadindostumarkalar.org\/yazilar\/vakif-dernek\/turkiyenin-istanbul-sozlesmesinden-cikmasina-bir-tepki-de-egiaddan-geldi"}],"up":[{"embeddable":true,"href":"https:\/\/www.kadindostumarkalar.org\/yazilar\/vakif-dernek\/turkiyenin-istanbul-sozlesmesinden-cikmasina-bir-tepki-de-egiaddan-geldi"}],"wp:attachment":[{"href":"https:\/\/www.kadindostumarkalar.org\/img\/blog\/istanbul-sozlesmesi-egiad-gorusu.jpg"}],"curies":[{"name":".Net","href":"https:\/\/api.w.org\/{rel}","templated":true}]}}