{"id":83,"date":"2022-05-16T00:00:00","date_gmt":"2022-05-16T00:00:00","guid":{"rendered":"https:\/\/www.kadindostumarkalar.org\/yazilar\/holding\/turkiyenin-muhendis-kizlari-ideathonda-yaristi"},"modified":"2022-05-31T03:56:35","modified_gmt":"2022-05-31T03:56:35","slug":"turkiyenin-muhendis-kizlari-ideathonda-yaristi","status":"publish","type":"page","link":"","title":{"rendered":"T\u00dcRK\u0130YE’N\u0130N M\u00dcHEND\u0130S KIZLARI, IDEATHON’DA YARI\u015eTI"},"content":{"rendered":"Erkek egemen ola m\u00fchendislik sekt\u00f6r\u00fcnde daha fazla kad\u0131n\u0131n yer almas\u0131n\u0131 ve e\u015fit ko\u015fullarda temsilini sa\u011flamak amac\u0131yla hayata ge\u00e7irilen T\u00fcrkiye’nin M\u00fchendis K\u0131zlar\u0131 (TMK) projesindeki gelece\u011fin m\u00fchendis adaylar\u0131 s\u00fcrd\u00fcr\u00fclebilir bir d\u00fcnya i\u00e7in Ideathon’da yar\u0131\u015ft\u0131.  Limak Vakf\u0131, Aile ve Sosyal Hizmetler Bakanl\u0131\u011f\u0131  ve Birle\u015fmi\u015f Milletler Kalk\u0131nma Program\u0131’n\u0131n payda\u015fl\u0131\u011f\u0131nda  y\u00fcr\u00fct\u00fclen T\u00fcrkiye’nin M\u00fchendis K\u0131zlar\u0131 (TMK ) projesinin \u00f6\u011frencilerine 21. &nbsp;y\u00fczy\u0131l yetkinliklerini kazand\u0131rmak amac\u0131yla Teknolojide Kad\u0131n Derne\u011fi  i\u015fbirli\u011finde “Yapay Zeka \u00c7a\u011f\u0131nda D\u00f6n\u00fc\u015fen Liderlik ” sertifika program\u0131 tasarland\u0131. Program kapsam\u0131nda, \u00f6\u011frencilere ald\u0131klar\u0131 e\u011fitimleri prati\u011fe d\u00f6kebilecekleri bir de Ideathon planland\u0131. Ideathon’a 37 farkl\u0131 \u00fcniversiteden 120 m\u00fchendislik  \u00f6\u011frencisi kat\u0131ld\u0131. 14 tak\u0131m halinde yar\u0131\u015fan \u00f6\u011frenciler, S\u00fcrd\u00fcr\u00fclebilir Kalk\u0131nma Ama\u00e7lar\u0131ndan “SKA 5: Toplumsal Cinsiyet E\u015fitli\u011fi ” ve “SKA 8: \u0130nsana Yak\u0131\u015f\u0131r \u0130\u015f ve Ekonomik B\u00fcy\u00fcme ” ba\u015fl\u0131klar\u0131nda yarat\u0131c\u0131 fikirler ortaya koyup proje \u00fcrettiler.  Finale kalan 6 tak\u0131m Limak \u015eirketler Grubu ve Limak Vakf\u0131 Y\u00f6netim Kurulu Ba\u015fkan\u0131 Ebru \u00d6zdemir,  Teknolojide Kad\u0131n Derne\u011fi Kurucu Y\u00f6netim Kurulu Ba\u015fkan\u0131 Zehra \u00d6ney , T.C. Aile ve Sosyal Hizmetler Bakanl\u0131\u011f\u0131 Kad\u0131n\u0131n Stat\u00fcs\u00fc Genel M\u00fcd\u00fcr\u00fc G\u00fclser Ustao\u011flu , Global Compact Genel Sekreteri Melda \u00c7ele , UNDP T\u00fcrkiye  Kapsay\u0131c\u0131  ve S\u00fcrd\u00fcr\u00fclebilir B\u00fcy\u00fcme  Portf\u00f6y Y\u00f6neticisi Pelin Rodoplu , T.C. Cumhurba\u015fkanl\u0131\u011f\u0131 Strateji ve B\u00fct\u00e7e Ba\u015fkanl\u0131\u011f\u0131 K\u0131demli Strateji ve B\u00fct\u00e7e Uzman\u0131 P\u0131nar \u00d6zel , Vodafone IT \u0130\u015f Biriminden Sorumlu \u0130cra Kurulu Ba\u015fkan Yard\u0131mc\u0131s\u0131 Ay\u015feg\u00fcl Ar\u0131can \u015eeker , System Optima Dan\u0131\u015fman ve Y\u00f6netim Kurulu \u00dcyesi Dilek Duman  ve Akbank  \u0130nsan ve K\u00fclt\u00fcr Genel M\u00fcd\u00fcr Yard\u0131mc\u0131s\u0131 P\u0131nar Anapa ’dan olu\u015fan final j\u00fcrisi taraf\u0131ndan de\u011ferlendirildi. “Engelsiz \u0130stihdam” projesi birinci se\u00e7ildi  Projelerin \u00f6zg\u00fcnl\u00fck, yarat\u0131c\u0131l\u0131k, s\u00fcrd\u00fcr\u00fclebilirlik, uygulanabilirlik , katt\u0131\u011f\u0131 de\u011fer ve sunum teknikleri kriterleri a\u00e7\u0131s\u0131ndan de\u011ferlendirildi\u011fi Ideathon’da, engelli bireyler e yetkinlikler kazand\u0131racak “Engelsiz \u0130stihdam ” projesi birinci se\u00e7ildi. Karbon emisyonu  takibi yapan yapay zeka  uygulamas\u0131 “Digigreen Economy ” projesi ikinci, \u00e7ocuklarda toplumsal cinsiyet e\u015fitli\u011fi fark\u0131ndal\u0131\u011f\u0131  kazand\u0131racak dijital oyun evreni “Equfree ” projesi ise \u00fc\u00e7\u00fcnc\u00fc oldu. Birinci se\u00e7ilen tak\u0131m\u0131n t\u00fcm \u00fcyelerine Udacity  taraf\u0131ndan Nanodegree  sertifikal\u0131 bir e\u011fitim program\u0131 hediye edilirken, ikinci tak\u0131m\u0131n \u00fcyelerine GittiGidiyor t araf\u0131ndan 250 liral\u0131k hediye \u00e7eki verildi. \u00dc\u00e7\u00fcnc\u00fc tak\u0131m\u0131n \u00fcyelerine ise Vodafone  Her \u015fey Yan\u0131mda  platformu \u00fczerinden 250 liral\u0131k \u00e7ek tan\u0131mland\u0131. \u0130lk 3’e giremeyen tak\u0131mlara ise Ercan Altu\u011f Y\u0131lmaz  taraf\u0131ndan kaleme al\u0131nan “Sekizinci Sanat Oyun ” adl\u0131 kitap hediye edildi.  Ideathon’u bu sene ilk kez d\u00fczenlediklerini belirten Limak \u015eirketler Grubu ve Limak Vakf\u0131 Y\u00f6netim Kurulu Ba\u015fkan\u0131 Ebru \u00d6zdemir, bu etkinlikle beraber, T\u00fcrkiye’nin farkl\u0131 \u015fehirlerindeki \u00fcniversitelerin farkl\u0131 m\u00fchendislik b\u00f6l\u00fcmlerinde okuyan T\u00fcrkiye’nin M\u00fchendis K\u0131zlar\u0131’n\u0131n g\u00fczel bir tak\u0131m \u00e7al\u0131\u015fmas\u0131 ortaya koyduklar\u0131n\u0131 dile getirdi. \u00d6\u011frencilerin, s\u00fcrd\u00fcr\u00fclebilir kalk\u0131nma  ama\u00e7lar\u0131n\u0131n rehberli\u011finde k\u00fcresel olarak kar\u015f\u0131 kar\u015f\u0131ya kal\u0131nan sorunlara yarat\u0131c\u0131 fikirler  sunarak projeler \u00f6nermesinden gurur duydu\u011funu vurgulayan \u00d6zdemir, Ideathon’da yar\u0131\u015fan t\u00fcm tak\u0131mlar\u0131 g\u00f6n\u00fclden tebrik etti\u011fini de s\u00f6zlerine ekledi.  T\u00fcrkiye’nin M\u00fchendis K\u0131zlar\u0131 projesine, Teknolojide Kad\u0131n Derne\u011fi olarak iki y\u0131ld\u0131r softskill e\u011fitimler verdiklerini belirten Teknolojide Kad\u0131n Derne\u011fi Kurucu Y\u00f6netim Kurulu Ba\u015fkan\u0131 Zehra \u00d6ney, bu desteklerinin yan\u0131 s\u0131ra bu y\u0131l bir de ek olarak Ideathon projesi d\u00fczenlenmesi i\u00e7in harekete ge\u00e7tiklerini ifade etti. S\u00fcrd\u00fcr\u00fclebilir kalk\u0131nma ama\u00e7lar\u0131ndan &#8216;toplumsal cinsiyet e\u015fitli\u011fi&#8217; ve &#8216;insana yak\u0131\u015f\u0131r i\u015f ve ekonomik b\u00fcy\u00fcme&#8217; ba\u015fl\u0131klar\u0131nda aksiyon al\u0131nmas\u0131ndan da son derece heyecan duyduklar\u0131n\u0131 bildiren \u00d6ney, bu kapsamda birbirinden de\u011ferli gruplar\u0131n fikirlerini ve \u00e7\u00f6z\u00fcm \u00f6nerilerini dinlediklerini anlatt\u0131. Finale kalan 6 projenin birincisini se\u00e7erken ise \u00e7ok zorland\u0131klar\u0131n\u0131 aktaran \u00d6ney, T\u00fcrkiye’nin M\u00fchendis K\u0131zlar\u0131’n\u0131n d\u00fcnyan\u0131n s\u00fcrd\u00fcr\u00fclebilirli\u011fine, toplumsal cinsiyet e\u015fitli\u011fine verdikleri katk\u0131 ve proje fikirlerinden \u00e7ok umutland\u0131klar\u0131n\u0131 dile getirdi. \u00d6ney, “Ne kadar g\u00fc\u00e7l\u00fc bir gen\u00e7li\u011fin geldi\u011fini bir kez daha g\u00f6rm\u00fc\u015f olduk. Bu de\u011ferli program\u0131n\u0131n hayata ge\u00e7mesinde ve y\u00f6netilmesine katk\u0131 veren Ebru \u00d6zdemir’e ve onun nezdinde destekleyen t\u00fcm kurumlara te\u015fekk\u00fcr ederim. T\u00fcrkiye’nin M\u00fchendis K\u0131zlar\u0131’n\u0131n destek\u00e7isi olmaya devam edece\u011fiz” diyerek s\u00f6zlerini sonland\u0131rd\u0131. ","protected":false},"author":1,"featured_media":0,"parent":83,"menu_order":0,"comment_status":"open","ping_status":"closed","template":"","meta":{"_links_to":"https:\/\/www.kadindostumarkalar.org\/yazilar\/holding\/turkiyenin-muhendis-kizlari-ideathonda-yaristi","_links_to_target":"https:\/\/www.kadindostumarkalar.org\/yazilar\/holding\/turkiyenin-muhendis-kizlari-ideathonda-yaristi"},"_links":{"self":[{"href":"https:\/\/www.kadindostumarkalar.org\/yazilar\/holding\/turkiyenin-muhendis-kizlari-ideathonda-yaristi"}],"collection":[{"href":"urlver"}],"about":[{"href":""}],"author":[{"embeddable":true,"href":"https:\/\/www.kadindostumarkalar.org\/yazilar\/holding\/turkiyenin-muhendis-kizlari-ideathonda-yaristi"}],"replies":[{"embeddable":true,"href":"https:\/\/www.kadindostumarkalar.org\/yazilar\/holding\/turkiyenin-muhendis-kizlari-ideathonda-yaristi"}],"version-history":[{"count":1238,"href":"https:\/\/www.kadindostumarkalar.org\/yazilar\/holding\/turkiyenin-muhendis-kizlari-ideathonda-yaristi"}],"predecessor-version":[{"id":83,"href":"https:\/\/www.kadindostumarkalar.org\/yazilar\/holding\/turkiyenin-muhendis-kizlari-ideathonda-yaristi"}],"up":[{"embeddable":true,"href":"https:\/\/www.kadindostumarkalar.org\/yazilar\/holding\/turkiyenin-muhendis-kizlari-ideathonda-yaristi"}],"wp:attachment":[{"href":"https:\/\/www.kadindostumarkalar.org\/img\/blog\/1651306122-tmk-e1652699728685.jpg"}],"curies":[{"name":".Net","href":"https:\/\/api.w.org\/{rel}","templated":true}]}}