{"id":255,"date":"2021-05-09T00:00:00","date_gmt":"2021-05-09T00:00:00","guid":{"rendered":"https:\/\/www.kadindostumarkalar.org\/yazilar\/kadin-dostu-markalar-tv\/vip-ahmet-kadin-tuketiciler-satis-zinciri-projesiyle-kadin-dostu-markalar-2021-farkindalik-odulunun-sahibi-oldu"},"modified":"2022-06-02T04:09:07","modified_gmt":"2022-06-02T04:09:07","slug":"vip-ahmet-kadin-tuketiciler-satis-zinciri-projesiyle-kadin-dostu-markalar-2021-farkindalik-odulunun-sahibi-oldu","status":"publish","type":"page","link":"","title":{"rendered":"V\u0130P AHMET “KADIN T\u00dcKET\u0130C\u0130LER SATI\u015e Z\u0130NC\u0130R\u0130” PROJES\u0130YLE KADIN DOSTU MARKALAR 2021 FARKINDALIK \u00d6D\u00dcL\u00dcN\u00dcN SAH\u0130B\u0130 OLDU"},"content":{"rendered":"Vip Ahmet,  ev ve mutfak  \u00fcr\u00fcnleri \u00fcretimlerinde kad\u0131n t\u00fcketicilerine de kulak veren, bu sayede daha kullan\u0131\u015fl\u0131 ve pratik kullan\u0131ma a\u00e7\u0131k \u00fcr\u00fcnler \u00fcreten ve bu \u00fcretimle olu\u015fturdu\u011fu “Kad\u0131n T\u00fcketiciler Sat\u0131\u015f Zinciri”  projesiyle Kad\u0131n Dostu Markalar  2021 Fark\u0131ndal\u0131k  \u00d6d\u00fcl\u00fc&#8217;n\u00fcn sahibi oldu. \u00d6d\u00fcl\u00fc almak \u00fczere t\u00f6rene kat\u0131lan Vip Ahmet  markas\u0131n\u0131n kurucusu Sn. Ahmet \u00c7ak\u0131c\u0131  yapt\u0131\u011f\u0131 konu\u015fmada, marka hikayesinin temelinde kad\u0131nlar  ve kad\u0131nlar\u0131n fikirlerinin yatt\u0131\u011f\u0131na vurgu yapt\u0131. Ev kad\u0131nlar\u0131 n\u0131n sat\u0131\u015f zincirine dahil olmas\u0131 \u00fczerine s\u00f6zlerine devam etti. Ve zincirin hangi boyutlara geldi\u011fi konusunda bilgi verdi. ","protected":false},"author":1,"featured_media":0,"parent":255,"menu_order":0,"comment_status":"open","ping_status":"closed","template":"","meta":{"_links_to":"https:\/\/www.kadindostumarkalar.org\/yazilar\/kadin-dostu-markalar-tv\/vip-ahmet-kadin-tuketiciler-satis-zinciri-projesiyle-kadin-dostu-markalar-2021-farkindalik-odulunun-sahibi-oldu","_links_to_target":"https:\/\/www.kadindostumarkalar.org\/yazilar\/kadin-dostu-markalar-tv\/vip-ahmet-kadin-tuketiciler-satis-zinciri-projesiyle-kadin-dostu-markalar-2021-farkindalik-odulunun-sahibi-oldu"},"_links":{"self":[{"href":"https:\/\/www.kadindostumarkalar.org\/yazilar\/kadin-dostu-markalar-tv\/vip-ahmet-kadin-tuketiciler-satis-zinciri-projesiyle-kadin-dostu-markalar-2021-farkindalik-odulunun-sahibi-oldu"}],"collection":[{"href":"urlver"}],"about":[{"href":""}],"author":[{"embeddable":true,"href":"https:\/\/www.kadindostumarkalar.org\/yazilar\/kadin-dostu-markalar-tv\/vip-ahmet-kadin-tuketiciler-satis-zinciri-projesiyle-kadin-dostu-markalar-2021-farkindalik-odulunun-sahibi-oldu"}],"replies":[{"embeddable":true,"href":"https:\/\/www.kadindostumarkalar.org\/yazilar\/kadin-dostu-markalar-tv\/vip-ahmet-kadin-tuketiciler-satis-zinciri-projesiyle-kadin-dostu-markalar-2021-farkindalik-odulunun-sahibi-oldu"}],"version-history":[{"count":2078,"href":"https:\/\/www.kadindostumarkalar.org\/yazilar\/kadin-dostu-markalar-tv\/vip-ahmet-kadin-tuketiciler-satis-zinciri-projesiyle-kadin-dostu-markalar-2021-farkindalik-odulunun-sahibi-oldu"}],"predecessor-version":[{"id":255,"href":"https:\/\/www.kadindostumarkalar.org\/yazilar\/kadin-dostu-markalar-tv\/vip-ahmet-kadin-tuketiciler-satis-zinciri-projesiyle-kadin-dostu-markalar-2021-farkindalik-odulunun-sahibi-oldu"}],"up":[{"embeddable":true,"href":"https:\/\/www.kadindostumarkalar.org\/yazilar\/kadin-dostu-markalar-tv\/vip-ahmet-kadin-tuketiciler-satis-zinciri-projesiyle-kadin-dostu-markalar-2021-farkindalik-odulunun-sahibi-oldu"}],"wp:attachment":[{"href":"https:\/\/www.kadindostumarkalar.org\/img\/blog\/ekran-alintisi-vip-ahmet.png"}],"curies":[{"name":".Net","href":"https:\/\/api.w.org\/{rel}","templated":true}]}}