{"id":314,"date":"2021-11-08T00:00:00","date_gmt":"2021-11-08T00:00:00","guid":{"rendered":"https:\/\/www.kadindostumarkalar.org\/yazilar\/yesil-donusum\/vodafone-yesil-gezegen-birlikte-mumkun-dedi"},"modified":"2022-06-06T13:09:29","modified_gmt":"2022-06-06T13:09:29","slug":"vodafone-yesil-gezegen-birlikte-mumkun-dedi","status":"publish","type":"page","link":"","title":{"rendered":"VODAFONE: “YE\u015e\u0130L GEZEGEN B\u0130RL\u0130KTE M\u00dcMK\u00dcN” DED\u0130"},"content":{"rendered":"\u00c7evresel s\u00fcrd\u00fcr\u00fclebilirlik alan\u0131ndaki \u00e7al\u0131\u015fmalar\u0131na h\u0131z veren Vodafone, \u00e7evresel fark\u0131ndal\u0131k yaratmak amac\u0131yla yeni bir proje ba\u015flatt\u0131.  T\u00fcrkiye Vodafone Vakf\u0131 ve Habitat Derne\u011fi i\u015fbirli\u011fiyle hayata ge\u00e7irilen “Ye\u015fil Gezegen Birlikte M\u00fcmk\u00fcn” s\u00fcrd\u00fcr\u00fclebilirlik projesiyle,  T\u00fcrkiye’nin farkl\u0131 illerinde  7-14 ya\u015f aras\u0131 \u00f6\u011frencilere  iklim de\u011fi\u015fikli\u011fi, elektronik at\u0131k d\u00f6n\u00fc\u015f\u00fcm\u00fc, geri d\u00f6n\u00fc\u015f\u00fcm, s\u00fcrd\u00fcr\u00fclebilirlik ve afet konular\u0131nda online e\u011fitimler verilecek. Proje kapsam\u0131nda 1.000 \u00f6\u011frenciye ula\u015f\u0131lmas\u0131 hedefleniyor.   “Ama\u00e7 odakl\u0131 \u015firket olma” hedefiyle faaliyetlerini s\u00fcrd\u00fcren Vodafone, s\u00fcrd\u00fcr\u00fclebilirlik  alan\u0131nda att\u0131\u011f\u0131 ad\u0131mlara bir yenisini daha ekledi. “Ye\u015fil Gezegen Birlikte M\u00fcmk\u00fcn”  s\u00fcrd\u00fcr\u00fclebilirlik projesiyle, T\u00fcrkiye’nin farkl\u0131 illerinde 7-14 ya\u015f aras\u0131 \u00f6\u011frencilere \u00e7e\u015fitli alanlarda fark\u0131ndal\u0131k  kazand\u0131rmay\u0131 hedefliyor. T\u00fcrkiye Vodafone Vakf\u0131 ve Habitat Derne\u011fi i\u015fbirli\u011fiyle hayata ge\u00e7irilen projeyle, \u00f6\u011frencilere iklim de\u011fi\u015fikli\u011fi, elektronik at\u0131k d\u00f6n\u00fc\u015f\u00fcm\u00fc, geri d\u00f6n\u00fc\u015f\u00fcm, s\u00fcrd\u00fcr\u00fclebilirlik ve afet  konular\u0131nda online e\u011fitimler verilecek. E\u011fitimlerin ard\u0131ndan proje kat\u0131l\u0131mc\u0131lar\u0131 aras\u0131nda bir fikir maratonuda d\u00fczenlenecek. Proje kapsam\u0131nda, g\u00f6n\u00fcll\u00fclerden olu\u015fan 50 ki\u015filik e\u011fitmen kadrosuyla ilk a\u015famada toplam 1.000 \u00f6\u011frenciye ula\u015f\u0131lmas\u0131 hedefleniyor. Bug\u00fcne kadar “Bu At\u0131klar Kod Yaz\u0131yor” ve “ReWorld A\u00e7\u0131k \u0130novasyon Program\u0131” gibi giri\u015fimlerle e-at\u0131klar\u0131n y\u00f6netilmesine ve geri d\u00f6n\u00fc\u015ft\u00fcr\u00fclmesine destek veren Vodafone, son projesi olan “Ye\u015fil Gezegen Birlikte M\u00fcmk\u00fcn” projesini, T\u00fcrkiye  Vodafone Vakf\u0131  Y\u00f6netim Kurulu Ba\u015fkan\u0131 Hasan S\u00fcel  ve Habitat Derne\u011fi  Y\u00f6netim Kurulu Ba\u015fkan\u0131 Sezai Haz\u0131r’ \u0131n kat\u0131l\u0131m\u0131yla d\u00fczenlenen bas\u0131n toplant\u0131s\u0131nda tan\u0131tt\u0131. \u00c7evresel sorunlar\u0131n t\u00fcm d\u00fcnyan\u0131n ortak meselesioldu\u011funa dikkat \u00e7eken Hasan S\u00fcel , Vodafone olarak ama\u00e7 odakl\u0131 \u015firket yakla\u015f\u0131mlar\u0131n\u0131n temelinde telekom\u00fcnikasyon ve ileti\u015fim teknolojileri sekt\u00f6r\u00fcn\u00fcn k\u00fcresel ve yerel sorunlara \u00e7\u00f6z\u00fcm olma potansiyelini ortaya \u00e7\u0131karman\u0131n yer ald\u0131\u011f\u0131n\u0131 belirtti. Payda\u015flar\u0131 i\u00e7in de de\u011fer yaratmay\u0131 etki odakl\u0131 \u00fcr\u00fcn ve hizmetler, program ve projeler geli\u015ftirmeyi hedeflediklerini, bu do\u011frultuda s\u00fcrd\u00fcr\u00fclebilirlik konusuna b\u00fcy\u00fck \u00f6nem verdiklerini ifade eden S\u00fcel, 2 y\u0131l \u00f6nce hayata ge\u00e7irdikleri ‘Bu At\u0131klar Kod Yaz\u0131yor’ projesiyle, \u00e7al\u0131\u015fanlar ve i\u015f ortaklar\u0131n\u0131n katk\u0131lar\u0131yla toplad\u0131klar\u0131 e-at\u0131klar\u0131n geri d\u00f6n\u00fc\u015ft\u00fcr\u00fclmesinden elde edilen gelirle okullarda kodlama s\u0131n\u0131flar\u0131 a\u00e7t\u0131klar\u0131n\u0131 da aktard\u0131. Ge\u00e7en y\u0131l ba\u015flatt\u0131klar\u0131 ‘ReWorld A\u00e7\u0131k \u0130novasyon Program\u0131’ ile e-at\u0131k sorununa gen\u00e7lerle birlikte kapsay\u0131c\u0131 ve s\u00fcrd\u00fcr\u00fclebilir \u00e7\u00f6z\u00fcmler arad\u0131klar\u0131n\u0131 da dile getiren S\u00fcel, “Ye\u015fil Gezegen Birlikte M\u00fcmk\u00fcn” s\u00fcrd\u00fcr\u00fclebilirlik projesini tasarlaken ise ‘a\u011fa\u00e7 ya\u015fken e\u011filir’ s\u00f6z\u00fcnden hareketle yola \u00e7\u0131kt\u0131klar\u0131n\u0131 belirtti. \u00c7evre sorunlar\u0131 hakk\u0131nda \u00e7ocuklara k\u00fc\u00e7\u00fck ya\u015fta fark\u0131ndal\u0131k kazand\u0131rman\u0131n ve alacaklar\u0131 e\u011fitimlerin do\u011fru zamanda, do\u011fru \u015fekilde verilmesinin b\u00fcy\u00fck \u00f6nem ta\u015f\u0131d\u0131\u011f\u0131na dikkat \u00e7eken S\u00fcel, \u00e7evreye duyarl\u0131 bireylerin yeti\u015fmesini sa\u011flaman\u0131n ve ileride s\u00fcrd\u00fcr\u00fclebilirlik fark\u0131ndal\u0131\u011f\u0131na sahip nesiller yeti\u015ftirmenin olduk\u00e7a T\u00fcrkiye i\u00e7in kritik oldu\u011funun alt\u0131n\u0131 \u00e7izdi. D\u00fcnyada iklim de\u011fi\u015fikli\u011finin etkilerini son y\u0131llarda daha \u00e7ok hissedildi\u011fine de de\u011finen S\u00fcel, 2020 y\u0131l\u0131n\u0131n Avrupa’da en y\u00fcksek s\u0131cakl\u0131klar\u0131n, Avustralya ve ABD’de yang\u0131nlar\u0131n, G\u00fcney Asya’da sellerin g\u00f6r\u00fcld\u00fc\u011f\u00fc; a\u015f\u0131r\u0131 hava ko\u015fullar\u0131n\u0131n \u00e7e\u015fitli olumsuz etkilerinin artt\u0131\u011f\u0131 bir y\u0131l oldu\u011funa vurgu yapt\u0131. T\u00fcrkiye’yi de etkisi alt\u0131na alan ve herkesi derinden etkileyen sel ve orman yang\u0131nlar\u0131 gelecek nesillerin bu alandaki fark\u0131ndal\u0131\u011f\u0131n\u0131n daha da art\u0131r\u0131lmas\u0131 gerekti\u011fini ortaya koydu\u011funu belirten S\u00fcel, “Ye\u015fil Gezegen Birlikte M\u00fcmk\u00fcn” projesiyle yapmak istediklerinin tam olarak bu oldu\u011funu anlatt\u0131. Habitat Derne\u011fi  Habitat Derne\u011fi  Y\u00f6netim Kurulu Ba\u015fkan\u0131 Sezai Haz\u0131r  projeye ili\u015fkin yapt\u0131\u011f\u0131 a\u00e7\u0131klamada,  “\u0130nsan kaynakl\u0131 iklim de\u011fi\u015fikli\u011finin etkilerini s\u00fcrekli g\u00f6zlemlemekteyiz. Artan afetlerin sonucunda bir\u00e7ok canl\u0131 zarar g\u00f6rmekte. Habitat Derne\u011fi olarak bu alanda fark\u0131ndal\u0131k yaratmak ve \u00e7\u00f6z\u00fcmler geli\u015ftirmek i\u00e7in uzun s\u00fcredir \u00e7al\u0131\u015f\u0131yoruz. Proje kapsam\u0131nda hedefledi\u011fimiz 1000 \u00f6\u011frenciye ve dolayl\u0131 olarak ebeveynlere gerekli bilgi birikiminin ve fark\u0131ndal\u0131\u011f\u0131n kazand\u0131r\u0131lmas\u0131n\u0131 hedefliyoruz. Ayr\u0131ca proje kapsam\u0131nda ger\u00e7ekle\u015ftirece\u011fimiz fikir maratonlar\u0131 ile \u00e7ocuklar\u0131n s\u00fcrd\u00fcr\u00fclebilirlik alan\u0131nda fikirlerini ortaya \u00e7\u0131karmalar\u0131na, geli\u015ftirmelerine ve hayata ge\u00e7irmelerine olanak sa\u011flayaca\u011f\u0131z. B\u00f6ylelikle daha ya\u015fan\u0131labilir bir d\u00fcnya i\u00e7in \u00f6nemli bir ad\u0131ma katk\u0131 sa\u011flam\u0131\u015f olaca\u011f\u0131z. Unutmayal\u0131m ki daha ya\u015fan\u0131labilir bir d\u00fcnya ve gelecek m\u00fcmk\u00fcn!” \u015feklinde konu\u015ftu. 50 e\u011fitmenle 1.000 \u00f6\u011frenciye ula\u015facak  T\u00fcrkiye Vodafone Vakf\u0131 ve Habitat Derne\u011fi i\u015fbirli\u011fiyle y\u00fcr\u00fct\u00fclmekte olan “Yar\u0131n\u0131 Kodlayanlar ” projesinin bir alt kolu olarak tasarlanan “Ye\u015fil Gezegen Birlikte M\u00fcmk\u00fcn ” projesiyle,T\u00fcrkiye’nin farkl\u0131 illerinde ya\u015fayan 7-14 ya\u015f aras\u0131 \u00e7ocuklar i\u00e7in iklim de\u011fi\u015fikli\u011fi, elektronik at\u0131k d\u00f6n\u00fc\u015f\u00fcm\u00fc, geri d\u00f6n\u00fc\u015f\u00fcm, s\u00fcrd\u00fcr\u00fclebilirlik ve afet konular\u0131nda fark\u0131ndal\u0131k kazand\u0131rmak amac\u0131yla senkron ve asenkron e\u011fitimler d\u00fczenlenecek. 50 ki\u015filik  bir e\u011fitmen kadrosunun g\u00f6n\u00fcll\u00fc g\u00f6rev yapaca\u011f\u0131 projeyle toplam 1.000 \u00f6\u011frenciye  ula\u015f\u0131lmas\u0131 hedefleniyor. Yakla\u015f\u0131k 6 ay  s\u00fcrecek proje kapsam\u0131nda, e\u011fitici e\u011fitimleri ve fark\u0131ndal\u0131k e\u011fitimlerinden olu\u015fan 2 a\u015famal\u0131 bir program uygulanacak. E\u011fiticilere aktif \u00f6\u011frenme yakla\u015f\u0131m\u0131  E\u011fitici e\u011fitimlerine Vodafone G\u00f6n\u00fcll\u00fcleri , Habitat G\u00f6n\u00fcll\u00fcleri  ve e\u011fitmenleri kat\u0131lacak. \u0130klim de\u011fi\u015fikli\u011fi, elektronik at\u0131k d\u00f6n\u00fc\u015f\u00fcm\u00fc, geri d\u00f6n\u00fc\u015f\u00fcm, s\u00fcrd\u00fcr\u00fclebilirlik ve afet konular\u0131nda verilecek e\u011fitimler, kat\u0131l\u0131mc\u0131lar\u0131n i\u00e7erik ve y\u00f6ntemle ilgili bilgi ve beceri kazanabilecekleri, tamamen aktif \u00f6\u011frenme y\u00f6ntemlerinin kullan\u0131ld\u0131\u011f\u0131 bir yakla\u015f\u0131mla haz\u0131rlanacak. E\u011fiticilerin yerelde kullanacaklar\u0131 etkinlik uygulamalar\u0131 ve e\u011fitim y\u00f6ntemleri birlikte deneyimlenecek. Fark\u0131ndal\u0131k i\u00e7in online e\u011fitim  Fark\u0131ndal\u0131k e\u011fitimlerine T\u00fcrkiye’nin farkl\u0131 illerinden 7-14 ya\u015f aras\u0131 \u00e7ocuklar kat\u0131lacak. \u00c7ocuklar\u0131n e\u011fitime haz\u0131rl\u0131kl\u0131 gelmelerini sa\u011flamak amac\u0131yla merak uyand\u0131r\u0131c\u0131 bir i\u00e7erik haz\u0131rlanacak. Bu videoyu izleyen \u00e7ocuklara g\u00f6n\u00fcll\u00fc e\u011fitmenler taraf\u0131ndan online e\u011fitimler verilecek. Bu e\u011fitimlerde, “\u00c7evre Nedir?”, “S\u00fcrd\u00fcr\u00fclebilirlik ve \u0130klim De\u011fi\u015fikli\u011fi”, “At\u0131klar, Geri D\u00f6n\u00fc\u015f\u00fcm ve Elektronik At\u0131klar”, “Afet E\u011fitimi” konular\u0131 i\u015flenecek.Bu konular\u0131n ard\u0131ndan \u00f6\u011frencilere \u00e7evre bilinci e\u011fitimi verilip online e\u011fitim basama\u011f\u0131n\u0131n tamamlanmas\u0131 hedefleniyor.Online e\u011fitimin bitiminde Yar\u0131n\u0131 Kodlayanlar e\u011fitimi devam edecek. Bu e\u011fitimle de \u00e7ocuklar\u0131n \u00f6\u011frendikleri bilgileri peki\u015ftirerek d\u00fcnya sorunlar\u0131na \u00e7\u00f6z\u00fcm \u00fcretmelerihedefleniyor. \u00c7ocuklar, t\u00fcm e\u011fitimleri bittikten sonra online platformda payla\u015f\u0131lacak ve s\u00fcrd\u00fcr\u00fclebilirlik ve afet konular\u0131nda fark\u0131ndal\u0131klar\u0131n\u0131n artmas\u0131n\u0131 sa\u011flayacak “Peki \u015fimdi ne yapabilirim?” i\u00e7eriklerini izleyebilecek. Son a\u015fama kidathon olacak  “Ye\u015fil Gezegen Birlikte M\u00fcmk\u00fcn” projesinin son a\u015famas\u0131 ise “kidathon” ad\u0131yla d\u00fczenlenecek yar\u0131\u015fma olacak. \u0130klim de\u011fi\u015fikli\u011fi, elektronik at\u0131k d\u00f6n\u00fc\u015f\u00fcm\u00fc, geri d\u00f6n\u00fc\u015f\u00fcm, s\u00fcrd\u00fcr\u00fclebilirlik ve afet konular\u0131nda 2 kademeli olarak d\u00fczenlenecek yar\u0131\u015fmada, daha \u00f6nce fark\u0131ndal\u0131k e\u011fitimlerine kat\u0131lan \u00f6\u011frencilerden d\u00fcnya sorunlar\u0131yla ilgili \u00e7\u00f6z\u00fcmler \u00fcretmeleri istenecek.Minimum 150 ki\u015finin kat\u0131l\u0131m\u0131n\u0131n hedeflendi\u011fi yar\u0131\u015fmada, j\u00fcri taraf\u0131ndan se\u00e7ilecek ilk 3 ilkokul tak\u0131m\u0131na ve ilk 3 ortaokul tak\u0131m\u0131na \u00f6d\u00fcl verilecek. Vodafone’dan \u00e7evreci projeler  Vodafone’un 2019 y\u0131l\u0131nda ba\u015flatt\u0131\u011f\u0131“Bu At\u0131klar Kod Yaz\u0131yor”  projesiyle, \u00e7al\u0131\u015fanlar\u0131n ve i\u015f ortaklar\u0131n\u0131n evlerinden getirdi\u011fi e-at\u0131klar\u0131n geri d\u00f6n\u00fc\u015f\u00fcm\u00fcnden elde edilen ekonomik gelirle, “Yar\u0131n\u0131 Kodlayanlar” projesi kapsam\u0131nda okullarda kodlama s\u0131n\u0131f\u0131 kuruluyor. Bug\u00fcne kadar 22 kurumsal i\u015f orta\u011f\u0131n\u0131n dahil oldu\u011fu proje kapsam\u0131nda Mardin, Samsun, Adana, Gaziantep, U\u015fak, Bing\u00f6l ve \u00c7anakkale’de  kodlama s\u0131n\u0131flar\u0131 a\u00e7\u0131ld\u0131. Vodafone’un ge\u00e7en y\u0131l hayata ge\u00e7irdi\u011fi “ReWorld A\u00e7\u0131k \u0130novasyon Program\u0131”nda  ise gen\u00e7lere e-at\u0131k sorununa y\u00f6nelik kapsay\u0131c\u0131 ve s\u00fcrd\u00fcr\u00fclebilir \u00e7\u00f6z\u00fcmler bulma f\u0131rsat\u0131 sunuldu.Toplam 121 tak\u0131m\u0131n ba\u015fvurdu\u011fu programda,\u00f6n kulu\u00e7ka ve kulu\u00e7ka s\u00fcre\u00e7lerinin ard\u0131ndan kat\u0131l\u0131mc\u0131lara B\u00dcYEM  sertifikal\u0131 “S\u00fcrd\u00fcr\u00fclebilirlik Liderli\u011fi” e\u011fitimleri verildi. S\u00fcre\u00e7, gen\u00e7lerin sertifikalar\u0131n\u0131 almalar\u0131yla sonland\u0131. ","protected":false},"author":1,"featured_media":0,"parent":314,"menu_order":0,"comment_status":"open","ping_status":"closed","template":"","meta":{"_links_to":"https:\/\/www.kadindostumarkalar.org\/yazilar\/yesil-donusum\/vodafone-yesil-gezegen-birlikte-mumkun-dedi","_links_to_target":"https:\/\/www.kadindostumarkalar.org\/yazilar\/yesil-donusum\/vodafone-yesil-gezegen-birlikte-mumkun-dedi"},"_links":{"self":[{"href":"https:\/\/www.kadindostumarkalar.org\/yazilar\/yesil-donusum\/vodafone-yesil-gezegen-birlikte-mumkun-dedi"}],"collection":[{"href":"urlver"}],"about":[{"href":""}],"author":[{"embeddable":true,"href":"https:\/\/www.kadindostumarkalar.org\/yazilar\/yesil-donusum\/vodafone-yesil-gezegen-birlikte-mumkun-dedi"}],"replies":[{"embeddable":true,"href":"https:\/\/www.kadindostumarkalar.org\/yazilar\/yesil-donusum\/vodafone-yesil-gezegen-birlikte-mumkun-dedi"}],"version-history":[{"count":1626,"href":"https:\/\/www.kadindostumarkalar.org\/yazilar\/yesil-donusum\/vodafone-yesil-gezegen-birlikte-mumkun-dedi"}],"predecessor-version":[{"id":314,"href":"https:\/\/www.kadindostumarkalar.org\/yazilar\/yesil-donusum\/vodafone-yesil-gezegen-birlikte-mumkun-dedi"}],"up":[{"embeddable":true,"href":"https:\/\/www.kadindostumarkalar.org\/yazilar\/yesil-donusum\/vodafone-yesil-gezegen-birlikte-mumkun-dedi"}],"wp:attachment":[{"href":"https:\/\/www.kadindostumarkalar.org\/img\/blog\/1636016088-kv-e1636359950549.jpg"}],"curies":[{"name":".Net","href":"https:\/\/api.w.org\/{rel}","templated":true}]}}