{"id":91,"date":"2022-02-04T00:00:00","date_gmt":"2022-02-04T00:00:00","guid":{"rendered":"https:\/\/www.kadindostumarkalar.org\/yazilar\/iletisim\/vodafonedan-ben-varim-belgeseli"},"modified":"2022-05-31T03:59:15","modified_gmt":"2022-05-31T03:59:15","slug":"vodafonedan-ben-varim-belgeseli","status":"publish","type":"page","link":"","title":{"rendered":"VODAFONE’DAN “BEN VARIM” BELGESEL\u0130"},"content":{"rendered":"Vodafone,  kad\u0131nlar\u0131n g\u00fc\u00e7lenmesi vizyonuyla 9 y\u0131ld\u0131r destek verdi\u011fi Be\u015fikta\u015f Vodafone Kad\u0131n Futbol Tak\u0131m\u0131 ile “Ben Var\u0131m” belgeselini \u00e7ekti. Y\u00f6netmenli\u011fini Zeynep Dilara’n\u0131n, g\u00f6r\u00fcnt\u00fc y\u00f6netmenli\u011fini ise Kerem alt\u0131n’\u0131n \u00fcstlendi\u011fi 20 dakikal\u0131k belgeselde, Be\u015fikta\u015fl\u0131 kad\u0131n futbolcular\u0131n hikâyelerine yer veriliyor.  Kad\u0131n futbolunun en b\u00fcy\u00fck destek\u00e7ilerinden biri olan Vodafone, 9 y\u0131ld\u0131r sponsorlu\u011funu \u00fcstlendi\u011fi Be\u015fikta\u015f Vodafone Kad\u0131n Futbol Tak\u0131m\u0131  ile “Ben Var\u0131m” belgeseli ni \u00e7ekti. Y\u00f6netmenli\u011fini Zeynep Dilara’n\u0131n , g\u00f6r\u00fcnt\u00fc y\u00f6netmenli\u011fini ise Kerem alt\u0131n’\u0131n  \u00fcstlendi\u011fi 20 dakikal\u0131k belgesel, YouTube’da 4 haftada 3,3 milyon izlenmeye ula\u015ft\u0131. Vodafone taraf\u0131ndan teknoloji den futbol a her alanda cinsiyet\u00e7i  alg\u0131n\u0131n  k\u0131r\u0131lmas\u0131 hedefiyle ba\u015flat\u0131lan “Ben Var\u0131m ” hareketi kapsam\u0131nda hayata ge\u00e7irilen belgeselde, “E\u015fitlik i\u00e7in Ben Var\u0131m ” diyen kad\u0131nlar\u0131n hikâyesi anlat\u0131l\u0131yor. Belgesel, kad\u0131n futbolcu lar\u0131n sahadaki varl\u0131klar\u0131n\u0131 s\u00fcrd\u00fcrebilmek i\u00e7in verdikleri m\u00fccadeleye dikkat \u00e7ekiyor. “T\u00fcm alanlarda cinsiyet e\u015fitli\u011fini  savunmaya devam etti\u011fimiz gibi futbolda da kad\u0131nlar\u0131n varl\u0131\u011f\u0131n\u0131 desteklemek ve art\u0131rmak istiyoruz” \u015feklinde konu\u015fan Vodafone T\u00fcrkiye  \u0130cra Kurulu Ba\u015fkan Yard\u0131mc\u0131s\u0131 Meltem Bakiler \u015eahin,  belgeseli de\u011ferlendirdi. ‘Kad\u0131nlar futbol oynayamaz’ \u015feklindeki bilin\u00e7siz \u00f6nyarg\u0131n\u0131n, y\u0131llarca kad\u0131nlar\u0131 futboldan uzak tuttu\u011funu belirten Bakiler \u015eahin, toplumda yerle\u015fik olan ve spora da yans\u0131yan bu cinsiyet\u00e7i yap\u0131n\u0131n de\u011fi\u015fmesi gerekti\u011fini ifade etti. Toplumun genelinde erkeklere bi\u00e7ilmi\u015f rol tan\u0131mlar\u0131nda kad\u0131nlar\u0131n da yerinin oldu\u011funa ve bunun cesaretle \u00f6n plana \u00e7\u0131kar\u0131lmas\u0131 gerekti\u011fine y\u00fcrekten inand\u0131klar\u0131n\u0131 vurgulayan Bakiler \u015eahin, bu inan\u00e7la, futbolda ‘Ben Var\u0131m’ diyen Be\u015fikta\u015fl\u0131 kad\u0131n sporcular\u0131 tam 9 y\u0131ld\u0131r desteklediklerini ve tak\u0131ma hem isim hem de g\u00f6\u011f\u00fcs sponsoru olmaktan gurur duyduklar\u0131n\u0131 dile getirdi. Be\u015fikta\u015f Vodafone Kad\u0131n Futbol Tak\u0131m\u0131 ile \u00e7ekilen belgeselde de kad\u0131n futbolcular\u0131n hikâyelerine yer verdiklerini s\u00f6yleyen Bakiler \u015eahin, bu hikâyelerin, T\u00fcrkiye&#8217;de kad\u0131n futbolunun d\u00fcn\u00fc, bug\u00fcn\u00fc ve gelece\u011fini anlamak a\u00e7\u0131s\u0131ndan \u00f6nemli oldu\u011funun alt\u0131n\u0131 \u00e7izdi. Meltem Bakiler \u015eahin; “ Belgeselimizin g\u00f6rd\u00fc\u011f\u00fc ilgiden mutluyuz.\u0130lk haftalardaki y\u00fcksek izlenme oran\u0131 bizi mutlu ediyor. Tam olarak yaratmak istedi\u011fimiz etki, bu ba\u015far\u0131 hikâyeleriyle ilham vermekti. Belgeselimizin, bu yolda ilerlemek isteyen k\u0131z \u00e7ocuklar\u0131m\u0131za ve gen\u00e7 k\u0131zlar\u0131m\u0131za ilham olmas\u0131n\u0131 diliyoruz. Ayr\u0131ca, toplumsal cinsiyet e\u015fitli\u011fi  konusunda fark\u0131ndal\u0131\u011f\u0131n art\u0131r\u0131lmas\u0131na katk\u0131da bulunmas\u0131n\u0131 temenni ediyoruz” \u015feklinde s\u00f6zlerini tamamlad\u0131. Belgesel 6 ayda tamamland\u0131  Zeynep Dilara ’n\u0131n yaz\u0131p y\u00f6netti\u011fi “Ben Var\u0131m ” belgeseli, 17 Nisan &#8211; 5 May\u0131s 2021 tarihleri aras\u0131nda Kad\u0131n Ligi  s\u00fcrecini de i\u00e7ine alan 21 g\u00fcnl\u00fck kamp d\u00f6neminde \u00e7ekildi. Be\u015fikta\u015fl\u0131 kad\u0131n futbolcular Ba\u015fak G\u00fcndo\u011fdu, Fatma \u015eahin ve Esra Erol’un  yan\u0131 s\u0131ra Be\u015fikta\u015f Kad\u0131n Futbol altyap\u0131 ve T\u00fcm Bran\u015flardan Sorumlu Y\u00f6netim Kurulu \u00dcyesi F\u0131rat Fidan  ile yap\u0131lan r\u00f6portajlardan olu\u015fan belgesel, 6 ayl\u0131k bir \u00fcretim s\u00fcrecinin ard\u0131ndan tamamland\u0131. Kad\u0131n futbolcular\u0131n her birinin s\u0131radan bir g\u00fcn\u00fcne e\u015flik ederken ger\u00e7ekle\u015fen sohbetlerin kay\u0131tlar\u0131, belgeselin \u00fcretiminde \u00f6nemli bir belirleyici oldu. F\u0131rat Fidan ise uzman g\u00f6r\u00fc\u015f\u00fcn\u00fc temsilen mevcut ve potansiyel zorluklara dair fark\u0131ndal\u0131k  kazand\u0131rarak filme \u00f6nemli katk\u0131 sa\u011flad\u0131. ","protected":false},"author":1,"featured_media":0,"parent":91,"menu_order":0,"comment_status":"open","ping_status":"closed","template":"","meta":{"_links_to":"https:\/\/www.kadindostumarkalar.org\/yazilar\/iletisim\/vodafonedan-ben-varim-belgeseli","_links_to_target":"https:\/\/www.kadindostumarkalar.org\/yazilar\/iletisim\/vodafonedan-ben-varim-belgeseli"},"_links":{"self":[{"href":"https:\/\/www.kadindostumarkalar.org\/yazilar\/iletisim\/vodafonedan-ben-varim-belgeseli"}],"collection":[{"href":"urlver"}],"about":[{"href":""}],"author":[{"embeddable":true,"href":"https:\/\/www.kadindostumarkalar.org\/yazilar\/iletisim\/vodafonedan-ben-varim-belgeseli"}],"replies":[{"embeddable":true,"href":"https:\/\/www.kadindostumarkalar.org\/yazilar\/iletisim\/vodafonedan-ben-varim-belgeseli"}],"version-history":[{"count":1024,"href":"https:\/\/www.kadindostumarkalar.org\/yazilar\/iletisim\/vodafonedan-ben-varim-belgeseli"}],"predecessor-version":[{"id":91,"href":"https:\/\/www.kadindostumarkalar.org\/yazilar\/iletisim\/vodafonedan-ben-varim-belgeseli"}],"up":[{"embeddable":true,"href":"https:\/\/www.kadindostumarkalar.org\/yazilar\/iletisim\/vodafonedan-ben-varim-belgeseli"}],"wp:attachment":[{"href":"https:\/\/www.kadindostumarkalar.org\/img\/blog\/ben-varim.jpg"}],"curies":[{"name":".Net","href":"https:\/\/api.w.org\/{rel}","templated":true}]}}