{"id":137,"date":"2021-10-11T00:00:00","date_gmt":"2021-10-11T00:00:00","guid":{"rendered":"https:\/\/www.kadindostumarkalar.org\/yazilar\/otomotiv-ve-sanayi\/yamaha-kadinlari-motosiklete-yonlendirmek-icin-kollari-sivadi"},"modified":"2022-05-31T10:08:03","modified_gmt":"2022-05-31T10:08:03","slug":"yamaha-kadinlari-motosiklete-yonlendirmek-icin-kollari-sivadi","status":"publish","type":"page","link":"","title":{"rendered":"YAMAHA, KADINLARI MOTOS\u0130KLETE Y\u00d6NLEND\u0130RMEK \u0130\u00c7\u0130N KOLLARI SIVADI"},"content":{"rendered":"S\u00fcrd\u00fcr\u00fclebilir ya\u015fam i\u00e7in olu\u015fturdu\u011fu ve sekt\u00f6rde sorumluluk bilincini y\u00fckseltmeyi hedefledi\u011fi duyarl\u0131l\u0131k projeleriyle 2021’de iddias\u0131n\u0131 s\u00fcrd\u00fcren Yamaha, Kad\u0131n Ustalar Platformu ile yapt\u0131\u011f\u0131 i\u015fbirli\u011fi \u00e7er\u00e7evesinde R25 Kad\u0131nlar Kupas\u0131’n\u0131 d\u00fczenledi.   Yamaha Motor T\u00fcrkiye trafikte kad\u0131n s\u00fcr\u00fcc\u00fclerin say\u0131s\u0131n\u0131 artt\u0131rmak, daha e\u015fitlik\u00e7i bir yol payla\u015f\u0131m\u0131 sa\u011flamak, pandemi ile birlikte art\u0131\u015f g\u00f6steren kurye sekt\u00f6r\u00fcnde kad\u0131n istihdam\u0131na y\u00f6nelik fayda sa\u011flamak ve kad\u0131nlar\u0131 cesaretlendirmek amac\u0131yla bir dizi proje hayata ge\u00e7iriyor. Ge\u00e7ti\u011fimiz ay kad\u0131nlara \u00fccretsiz motosiklet e\u011fitimi vermeye ba\u015flayan Yamaha, Kad\u0131n Ustalar Platformu’na da destek olmaya ba\u015flad\u0131. Kad\u0131n Ustalar olu\u015fumunda hizmet verecek Cargo Plus b\u00fcnyesindeki kad\u0131n motokuryelerin e\u011fitimini \u00fcstlenen Yamaha \u015fimdiden 36 kad\u0131na e\u011fitim vererek projenin ba\u015flang\u0131c\u0131n\u0131 yapt\u0131. Kad\u0131nlar\u0131n ger\u00e7ek g\u00fcc\u00fcn\u00fcn; yetene\u011finin, \u00e7al\u0131\u015fma azmi ve titizli\u011finin en az erkekler kadar mevcut oldu\u011funu g\u00f6stermek ad\u0131na yola \u00e7\u0131kt\u0131klar\u0131n\u0131 anlatan Kad\u0131n Ustalar Platformu  Kurucu ve Genel M\u00fcd\u00fcr\u00fc Seyhun Ayhan,  bu platformla kad\u0131nlar\u0131n \u00e7e\u015fitli i\u015f kollar\u0131nda e\u011fitim almas\u0131n\u0131 ve istihdam edilmesini ama\u00e7lad\u0131klar\u0131n\u0131n da alt\u0131n\u0131 \u00e7izdi. Yamaha ile yapt\u0131klar\u0131 i\u015fbirli\u011fi sonucu motosiklet e\u011fitimlerine yo\u011fun ilgi olu\u015ftu\u011funa de\u011finen Ayhan , projenin olduk\u00e7a verimli oldu\u011funu ve bu sayede i\u015f sahibi olan, meslekler edinen kad\u0131nlar\u0131n ba\u015far\u0131 hikayelerine tan\u0131kl\u0131k ettiklerini belirtti. K\u0131sa vadede Yamaha taraf\u0131ndan farkl\u0131 projelerle de desteklenecek Kad\u0131n Ustalar Platformu  “erkek mesle\u011fi” san\u0131lan onlarca i\u015f kolunda mesleki e\u011fitiminden ba\u015flay\u0131p istihdama uzanan s\u00fcre\u00e7te kad\u0131nlara destek veriyor. Yine bu y\u0131l kad\u0131n yetenekleri pistlere ta\u015f\u0131mak ve motosiklet  d\u00fcnyas\u0131nda kad\u0131n g\u00fcc\u00fc n\u00fc ortaya koymak i\u00e7in TMF (T\u00fcrkiye Motosiklet Federasyonu)  i\u015fbirli\u011fi ile R25 Kad\u0131nlar Kupas\u0131 ’n\u0131 d\u00fczenleyen Yamaha Motor T\u00fcrkiye kad\u0131n  yar\u0131\u015f\u00e7\u0131lara \u00f6nemli bir f\u0131rsat yaratt\u0131. ","protected":false},"author":1,"featured_media":0,"parent":137,"menu_order":0,"comment_status":"open","ping_status":"closed","template":"","meta":{"_links_to":"https:\/\/www.kadindostumarkalar.org\/yazilar\/otomotiv-ve-sanayi\/yamaha-kadinlari-motosiklete-yonlendirmek-icin-kollari-sivadi","_links_to_target":"https:\/\/www.kadindostumarkalar.org\/yazilar\/otomotiv-ve-sanayi\/yamaha-kadinlari-motosiklete-yonlendirmek-icin-kollari-sivadi"},"_links":{"self":[{"href":"https:\/\/www.kadindostumarkalar.org\/yazilar\/otomotiv-ve-sanayi\/yamaha-kadinlari-motosiklete-yonlendirmek-icin-kollari-sivadi"}],"collection":[{"href":"urlver"}],"about":[{"href":""}],"author":[{"embeddable":true,"href":"https:\/\/www.kadindostumarkalar.org\/yazilar\/otomotiv-ve-sanayi\/yamaha-kadinlari-motosiklete-yonlendirmek-icin-kollari-sivadi"}],"replies":[{"embeddable":true,"href":"https:\/\/www.kadindostumarkalar.org\/yazilar\/otomotiv-ve-sanayi\/yamaha-kadinlari-motosiklete-yonlendirmek-icin-kollari-sivadi"}],"version-history":[{"count":1090,"href":"https:\/\/www.kadindostumarkalar.org\/yazilar\/otomotiv-ve-sanayi\/yamaha-kadinlari-motosiklete-yonlendirmek-icin-kollari-sivadi"}],"predecessor-version":[{"id":137,"href":"https:\/\/www.kadindostumarkalar.org\/yazilar\/otomotiv-ve-sanayi\/yamaha-kadinlari-motosiklete-yonlendirmek-icin-kollari-sivadi"}],"up":[{"embeddable":true,"href":"https:\/\/www.kadindostumarkalar.org\/yazilar\/otomotiv-ve-sanayi\/yamaha-kadinlari-motosiklete-yonlendirmek-icin-kollari-sivadi"}],"wp:attachment":[{"href":"https:\/\/www.kadindostumarkalar.org\/img\/blog\/yamaha-motor-turkiye-2021i-yuzde-20-buyume-ile-kapatacak.jpg"}],"curies":[{"name":".Net","href":"https:\/\/api.w.org\/{rel}","templated":true}]}}