{"id":673,"date":"2024-02-29T13:19:45","date_gmt":"2024-02-29T13:19:45","guid":{"rendered":"https:\/\/www.kadindostumarkalar.org\/yazilar\/haberler\/yanindayiz-dernegi-8-martta-bir-sozum-var-diyecek"},"modified":"2024-02-29T13:19:45","modified_gmt":"2024-02-29T13:19:45","slug":"yanindayiz-dernegi-8-martta-bir-sozum-var-diyecek","status":"publish","type":"page","link":"","title":{"rendered":"YANINDAYIZ DERNE\u011e\u0130 8 MART’TA “B\u0130R S\u00d6Z\u00dcM VAR!” D\u0130YECEK"},"content":{"rendered":"Yan\u0131nday\u0131z Derne\u011fi, 8 Mart D\u00fcnya Emek\u00e7i Kad\u0131nlar G\u00fcn\u00fc’ne \u00f6zel olarak bir ileti\u015fim kampanyas\u0131 haz\u0131rlad\u0131. Bu kampanya kapsam\u0131 ile herkesi “Bir S\u00f6z\u00fcm Var” diyerek e\u015fitlikte bulu\u015fmaya davet ediyor!  Pro-feminist  hareketi sahiplenmi\u015f bir hak savunucusu  olarak toplumda kad\u0131n erkek e\u015fitli\u011fini  savunan i\u015flere imza atan Yan\u0131nday\u0131z Derne\u011fi , yeni bir ileti\u015fim kampanyas\u0131 ile fark\u0131ndal\u0131k  yaratmaya devam ediyor. Toplumu etkileyen erkekler ve kad\u0131nlar ‘Bir S\u00f6z\u00fcm Var !’ diyecekleri ve kad\u0131n haklar\u0131, f\u0131rsat e\u015fitli\u011fi , \u00f6n yarg\u0131lar\u0131 a\u015fmak ad\u0131na kavramlar \u00fczerine bir s\u00f6z s\u00f6yleyecekleri kampanya, ‘S\u00f6z\u00fcm Var’ vurgusu hem ‘benim de bu konuda bir s\u00f6yleyece\u011fim var’\u0131n alt\u0131n\u0131 \u00e7iziyor hem de ileriye d\u00f6n\u00fck bir anla\u015fma, s\u00f6z verme anlam\u0131n\u0131 ta\u015f\u0131yor. Birle\u015fmi\u015f Milletler  taraf\u0131ndan 1977 y\u0131l\u0131nda ilan edilen D\u00fcnya Emek\u00e7i Kad\u0131nlar G\u00fcn\u00fc , kad\u0131nlar\u0131n toplumdaki stat\u00fcs\u00fcn\u00fcn iyile\u015ftirilmesi ve hak m\u00fccadelelerinde bug\u00fcnlere nas\u0131l geldi\u011fimizi hat\u0131rlamam\u0131z ad\u0131na olduk\u00e7a \u00f6zel bir g\u00fcn 8 Mart.  Kad\u0131nlar\u0131n okuma-yazma oran\u0131, e\u011fitim d\u00fczeyi, \u00e7al\u0131\u015fma ya\u015fam\u0131na ve siyasi ya\u015fama aktif kat\u0131l\u0131m\u0131 ve kad\u0131n sa\u011fl\u0131\u011f\u0131  konusundaki g\u00f6stergelere bakt\u0131\u011f\u0131m\u0131zda t\u00fcm \u00e7abalara ve ilerlemelere ra\u011fmen hala olmas\u0131 gerekenden \u00e7ok uzak noktaday\u0131z.  8 Mart’\u0131n \u00f6z\u00fcn\u00fcn, emek\u00e7i kad\u0131nlar\u0131n m\u00fccadele gelene\u011fine ve azmine dayand\u0131\u011f\u0131na dikkat \u00e7ekerek a\u00e7\u0131klamas\u0131na ba\u015flayan Yan\u0131nday\u0131z Dene\u011fi Y\u00f6netim Kurulu Ba\u015fkan\u0131 Selen Okay Ak\u00e7al\u0131 , bunu unutmadan y\u00fcr\u00fct\u00fclen t\u00fcm fark\u0131ndal\u0131k \u00e7al\u0131\u015fmalar\u0131n\u0131 Yan\u0131nday\u0131z Derne\u011fi olarak \u00e7ok \u00f6nemsediklerini ifade etti. Ak\u00e7al\u0131 s\u00f6zlerine \u015fu \u015feklide devam etti: “Kad\u0131nlar\u0131n siyasi ve sosyal bilincinin geli\u015ftirilmesine, ekonomik, siyasi ve sosyal ba\u015far\u0131lar\u0131n\u0131n kutlanmas\u0131na ay\u0131rd\u0131\u011f\u0131m\u0131z bug\u00fcn\u00fc toplumun her kesiminde fark\u0131ndal\u0131k yaratmak, \u00f6zellikle de erkekleri bu konuda aksiyona davet etmek i\u00e7in \u00f6nemli bir f\u0131rsat olarak g\u00f6r\u00fcyoruz. Buradan yola \u00e7\u0131karak bir sosyal medya kampanyas\u0131 haz\u0131rlad\u0131k.” Yan\u0131nday\u0131z Derne\u011fi bu ileti\u015fim kampanyas\u0131 ile 8 Mart’\u0131 yaln\u0131zca tek bir g\u00fcn \u00fczerine s\u00f6z s\u00f6yleyip hi\u00e7bir eylemde bulunmadan devam edilen bir g\u00fcn olmaktan \u00e7\u0131karmak, y\u0131l\u0131n her g\u00fcn\u00fc toplumu daha ileriye g\u00f6t\u00fcrme \u00e7abas\u0131na d\u00f6n\u00fc\u015ft\u00fcrmek istiyor.  Yan\u0131nday\u0131z Derne\u011fi, kad\u0131nlar\u0131n ve erkeklerin birlikte ayn\u0131 \u00e7abada olmalar\u0131n\u0131, ayn\u0131 y\u00f6ne bakmalar\u0131n\u0131 \u00e7ok \u00f6nemsedi\u011fi i\u00e7in \u00fcyelerini ve i\u015f d\u00fcnyas\u0131 insanlar\u0131n\u0131, akademisyenleri, \u00f6zetle toplumun her kesiminden kad\u0131n ve erkek fikir \u00f6nderlerini bu kampanyaya kat\u0131lmaya davet ediyor. Kampanya hakk\u0131nda bilgi almak ve kampanyaya kat\u0131lmak i\u00e7in https:\/\/vimeo.com\/916485515\/517bdf8a28?share=copy  linkinden ula\u015fabilirsiniz. ","protected":false},"author":1,"featured_media":0,"parent":673,"menu_order":0,"comment_status":"open","ping_status":"closed","template":"","meta":{"_links_to":"https:\/\/www.kadindostumarkalar.org\/yazilar\/haberler\/yanindayiz-dernegi-8-martta-bir-sozum-var-diyecek","_links_to_target":"https:\/\/www.kadindostumarkalar.org\/yazilar\/haberler\/yanindayiz-dernegi-8-martta-bir-sozum-var-diyecek"},"_links":{"self":[{"href":"https:\/\/www.kadindostumarkalar.org\/yazilar\/haberler\/yanindayiz-dernegi-8-martta-bir-sozum-var-diyecek"}],"collection":[{"href":"urlver"}],"about":[{"href":""}],"author":[{"embeddable":true,"href":"https:\/\/www.kadindostumarkalar.org\/yazilar\/haberler\/yanindayiz-dernegi-8-martta-bir-sozum-var-diyecek"}],"replies":[{"embeddable":true,"href":"https:\/\/www.kadindostumarkalar.org\/yazilar\/haberler\/yanindayiz-dernegi-8-martta-bir-sozum-var-diyecek"}],"version-history":[{"count":1219,"href":"https:\/\/www.kadindostumarkalar.org\/yazilar\/haberler\/yanindayiz-dernegi-8-martta-bir-sozum-var-diyecek"}],"predecessor-version":[{"id":673,"href":"https:\/\/www.kadindostumarkalar.org\/yazilar\/haberler\/yanindayiz-dernegi-8-martta-bir-sozum-var-diyecek"}],"up":[{"embeddable":true,"href":"https:\/\/www.kadindostumarkalar.org\/yazilar\/haberler\/yanindayiz-dernegi-8-martta-bir-sozum-var-diyecek"}],"wp:attachment":[{"href":"https:\/\/www.kadindostumarkalar.org\/img\/blog\/yanindayiz-dernegi-8-martta-bir-sozum-var-diyecek-0-58335.jpg"}],"curies":[{"name":".Net","href":"https:\/\/api.w.org\/{rel}","templated":true}]}}