{"id":368,"date":"2022-06-04T00:00:00","date_gmt":"2022-06-04T00:00:00","guid":{"rendered":"https:\/\/www.kadindostumarkalar.org\/yazilar\/haberler\/yanindayiz-derneginden-kadinerkekesittirnokta-konferansi"},"modified":"2022-06-06T17:23:53","modified_gmt":"2022-06-06T17:23:53","slug":"yanindayiz-derneginden-kadinerkekesittirnokta-konferansi","status":"publish","type":"page","link":"","title":{"rendered":"YANINDAYIZ DERNE\u011e\u0130’NDEN “KADINERKEKE\u015e\u0130TT\u0130RNOKTA” KONFERANSI"},"content":{"rendered":"Toplumsal cinsiyet e\u015fitli\u011fi savunusunu yapmak \u00fczere yola \u00e7\u0131kan  YANINDAYIZ  Derne\u011fi, 6-7 Haziran 2022 tarihleri aras\u0131nda online olarak yay\u0131nlanacak,  “21. Y\u00fczy\u0131lda E\u015fitlik” konusunun t\u00fcm y\u00f6nleri ile tart\u0131\u015f\u0131laca\u011f\u0131“Kad\u0131nErkekE\u015fittirNokta” Konferans\u0131n\u0131 d\u00fczenliyor .  Toplumsal cinsiyet e\u015fitsizli\u011fi ne yol a\u00e7an her t\u00fcrl\u00fc etken ve \u00f6nyarg\u0131yla m\u00fccadele etmek i\u00e7in kurulan, hedef kitlesi ile rol modelleri erkekler olan ve erkeklerden erkeklere k\u00f6pr\u00fc olmak amac\u0131yla kurulan T\u00fcrkiye’deki ilk sivil toplum kurulu\u015fu olan YANINDAYIZ Derne\u011fi, ekonomik, sosyal ve siyasi ya\u015famda cinsiyet e\u015fitli\u011fi konusunda fark\u0131ndal\u0131k  olu\u015fturmak i\u00e7in 6 – 7 Haziran 2022 tarihleri aras\u0131nda online olarak “Kad\u0131nErkekE\u015fittirNokta” temal\u0131 konferans d\u00fczenliyor.  Oyuncu Mert F\u0131rat ’\u0131n sunuculu\u011funu yapaca\u011f\u0131 konferansta  “Yeni Teknolojiler ve T\u00fcrkiye’de Toplumsal Cinsiyet E\u015fitli\u011fi ”, “Mekan Ba\u011f\u0131ms\u0131z Yetenek: Riskler ve F\u0131rsatlar ”, “\u0130klim Krizi ve Toplumsal Cinsiyet E\u015fitli\u011fi ”, “Edebiyat ve Toplumsal Cinsiyet E\u015fitli\u011fi ”  ad\u0131 alt\u0131nda d\u00fczenlenen d\u00f6rt ana oturumda “21. Y\u00fczy\u0131lda E\u015fitlik ” konusu t\u00fcm y\u00f6nleri ile tart\u0131\u015f\u0131lacak. YANINDAYIZ Derne\u011fi Kurucu Ba\u015fkan\u0131 Nur Ger ’in a\u00e7\u0131l\u0131\u015f konu\u015fmas\u0131 ile ba\u015flayacak olan etkinlikte Ara\u015ft\u0131rmac\u0131 – Yazar Evrim Kuran , T\u00fcrkiye’nin Gen\u00e7likte Toplumsal Cinsiyet E\u015fitli\u011fi Alg\u0131 Ara\u015ft\u0131rmas\u0131 sonu\u00e7lar\u0131n\u0131 kat\u0131l\u0131mc\u0131larla payla\u015facak. Akademisyen U\u011fur Bat\u0131  moderat\u00f6rl\u00fc\u011f\u00fcnde ger\u00e7ekle\u015ftirilecek olan 1. oturumda Sabanc\u0131Dx  Sat\u0131\u015f ve Pazarlamadan Sorumlu Genel M\u00fcd\u00fcr Yard\u0131mc\u0131s\u0131 \u00d6zlem Kalkan  ve Teknolojide Kad\u0131n Derne\u011fi  Kurucu Ba\u015fkan\u0131 Zehra \u00d6ney , sosyal medya kullan\u0131mlar\u0131n\u0131n gen\u00e7 kad\u0131nlarda neden oldu\u011fu sorunlar\u0131, teknoloji \u00fcretimine kad\u0131n\u0131n nas\u0131l daha \u00e7ok dahil olabilece\u011fini, Metaverse  platformu ba\u015fta olmak \u00fczere teknoloji geli\u015ftiren \u015firketlerin dikkate almas\u0131 gereken riskleri ve yeni i\u015f f\u0131rsatlar\u0131n\u0131 t\u00fcm y\u00f6nleri ile masaya yat\u0131racak.  Arkas Holding ’in ana sponsorlu\u011funda ger\u00e7ekle\u015ftirilen online etkinlikte Akademisyen \u00c7a\u011fla G\u00fcl \u015eenkarde\u015f ’in moderat\u00f6rl\u00fc\u011f\u00fcnde ger\u00e7ekle\u015ftirilecek olan 2. panelde Kariyer.net  \u0130nsan Kaynaklar\u0131 ve E\u011fitim Genel M\u00fcd\u00fcr Yard\u0131mc\u0131s\u0131 \u00c7a\u011flayan Karalar  ve UNFPA  Toplumsal Cinsiyet E\u015fitli\u011fi Program\u0131 Direkt\u00f6r\u00fc Yasemin Kalayl\u0131o\u011flu ; insan kaynaklar\u0131  alan\u0131nda yeni d\u00fcnyan\u0131n yeni yetenek gereksinimleri ve eski d\u00fcnyan\u0131n miras b\u0131rakt\u0131\u011f\u0131 geleneksel cinsiyet sorunlar\u0131 temelinde; kapsay\u0131c\u0131, esnekli\u011fi ve g\u00fcvenceyi bulu\u015fturan ve d\u00f6n\u00fc\u015f\u00fcm\u00fc kolayla\u015ft\u0131ran politikalar\u0131n nas\u0131l hayata ge\u00e7irilebilece\u011fini tart\u0131\u015facak. Akademisyen It\u0131r Erhart ,&nbsp; Tabit  Kurucusu T\u00fclin Ak\u0131n  ve S\u00fcrd\u00fcr\u00fclebilir Kalk\u0131nma  Uzman\u0131 Aylin Gezg\u00fc\u00e7  ile tar\u0131ma yat\u0131r\u0131m  yapan gen\u00e7 ku\u015faklara toplumsal cinsiyet e\u015fitli\u011fi ekseninde tavsiyelerde bulunacak ve geleneksel y\u00f6ntemler d\u0131\u015f\u0131ndaki tar\u0131m teknolojileri  hakk\u0131nda kat\u0131l\u0131mc\u0131lar\u0131 bilgilendirecek. Online zirvenin son oturumunda ise yeni nesil sanat g\u00fcndeme getirilecek. Oyuncu Evren Bing\u00f6l  ve T\u00fclin \u00d6zen,  Yazar Buket Uzuner  ile birlikte “Sanat d\u00fcnyas\u0131nda daha \u00e7ok kad\u0131n\u0131n yer almas\u0131 i\u00e7in ne yap\u0131labilir? Kad\u0131nlar nas\u0131l desteklenebilir? Sanatta kad\u0131n \u0131n g\u00f6r\u00fcn\u00fcrl\u00fc\u011f\u00fc nas\u0131l sa\u011flanabilir?”&nbsp; gibi konular\u0131 tart\u0131\u015fmaya a\u00e7acak. Konferansta konu\u015fmac\u0131 olacak UN Woman  T\u00fcrkiye  \u00dclke Direkt\u00f6r\u00fc Asya Varbanoba  ise,  d\u00fcnya genelinde global \u00f6l\u00e7ekte krizlerin \u00e7\u00f6z\u00fcm\u00fc i\u00e7in toplumsal cinsiyet dengesinin sa\u011flanmas\u0131na ve kamu kurumlar\u0131, \u00f6zel sekt\u00f6r  ve sivil toplum kurulu\u015flar\u0131 nda kad\u0131nlar\u0131n karar alma mekanizmalar\u0131na daha fazla kat\u0131l\u0131m\u0131n\u0131n \u00f6nemine dikkat \u00e7ekecek.  Ekinlikte toplumsal cinsiyet e\u015fitli\u011fine dair i\u015f d\u00fcnyas\u0131ndan \u00f6rnek uygulamalar da g\u00fcndeme ta\u015f\u0131nacak. &nbsp;Oturum aralar\u0131nda alternatifbank, Shell, Teknosa, BP, Borusan Holding  ve Zorlu Holding  gibi firmalar\u0131n\u0131n y\u00f6neticileri kendi \u015firketlerinin kad\u0131n dostu  projelerini izleyenlerle payla\u015farak rol model olacaklar. Kad\u0131nErkekE\u015fittirNokta Konferans\u0131 6 – 7 Haziran tarihleri aras\u0131ndaYANINDAYIZ Derne\u011fi’nin   Youtube &nbsp;kanal\u0131ndan canl\u0131 olarak yay\u0131nlanacak. ","protected":false},"author":1,"featured_media":0,"parent":368,"menu_order":0,"comment_status":"open","ping_status":"closed","template":"","meta":{"_links_to":"https:\/\/www.kadindostumarkalar.org\/yazilar\/haberler\/yanindayiz-derneginden-kadinerkekesittirnokta-konferansi","_links_to_target":"https:\/\/www.kadindostumarkalar.org\/yazilar\/haberler\/yanindayiz-derneginden-kadinerkekesittirnokta-konferansi"},"_links":{"self":[{"href":"https:\/\/www.kadindostumarkalar.org\/yazilar\/haberler\/yanindayiz-derneginden-kadinerkekesittirnokta-konferansi"}],"collection":[{"href":"urlver"}],"about":[{"href":""}],"author":[{"embeddable":true,"href":"https:\/\/www.kadindostumarkalar.org\/yazilar\/haberler\/yanindayiz-derneginden-kadinerkekesittirnokta-konferansi"}],"replies":[{"embeddable":true,"href":"https:\/\/www.kadindostumarkalar.org\/yazilar\/haberler\/yanindayiz-derneginden-kadinerkekesittirnokta-konferansi"}],"version-history":[{"count":1391,"href":"https:\/\/www.kadindostumarkalar.org\/yazilar\/haberler\/yanindayiz-derneginden-kadinerkekesittirnokta-konferansi"}],"predecessor-version":[{"id":368,"href":"https:\/\/www.kadindostumarkalar.org\/yazilar\/haberler\/yanindayiz-derneginden-kadinerkekesittirnokta-konferansi"}],"up":[{"embeddable":true,"href":"https:\/\/www.kadindostumarkalar.org\/yazilar\/haberler\/yanindayiz-derneginden-kadinerkekesittirnokta-konferansi"}],"wp:attachment":[{"href":"https:\/\/www.kadindostumarkalar.org\/img\/blog\/yanindayiz-derneginden-kadinerkekesittirnokta-konferansi.jpg"}],"curies":[{"name":".Net","href":"https:\/\/api.w.org\/{rel}","templated":true}]}}