{"id":460,"date":"2022-10-06T21:47:59","date_gmt":"2022-10-06T21:47:59","guid":{"rendered":"https:\/\/www.kadindostumarkalar.org\/yazilar\/kariyer-basamaklari\/yasemin-kerimoglu-ucar-six-senses-kaplankaya-direktoru-oldu"},"modified":"2022-10-06T21:48:40","modified_gmt":"2022-10-06T21:48:40","slug":"yasemin-kerimoglu-ucar-six-senses-kaplankaya-direktoru-oldu","status":"publish","type":"page","link":"","title":{"rendered":"YASEM\u0130N KER\u0130MO\u011eLU U\u00c7AR, S\u0130X SENSES KAPLANKAYA D\u0130REKT\u00d6R\u00dc OLDU"},"content":{"rendered":"D\u00fcnyaca \u00fcnl\u00fc s\u00fcrd\u00fcr\u00fclebilir sa\u011fl\u0131kl\u0131 ya\u015fam felsefesiyle dikkat \u00e7eken Six Senses Hotels  Resorts Spas b\u00fcnyesinde yer alan; Ege ’nin e\u015fsiz do\u011fas\u0131nda se\u00e7kin mimarisi ve konforu ile b\u00fct\u00fcnsel wellness  deneyimi sunan Six Senses Kaplankaya ’n\u0131n Pazarlama ve \u0130leti\u015fim Direkt\u00f6rl\u00fc\u011f\u00fc poziyonuna, markan\u0131n 2020 y\u0131l\u0131ndan itibaren Pazarlama \u0130leti\u015fimi M\u00fcd\u00fcrl\u00fc\u011f\u00fcn\u00fc \u00fcstlenen Yasemin Kerimo\u011flu U\u00e7ar atand\u0131. Condé Nast Traveller, Travel and Leisure USA  ve Hotel&amp;Lodge Fransa  gibi D\u00fcnya \u00e7ap\u0131nda otoritelerden, en iyi Resort ve Spa \u00f6d\u00fcl\u00fcne pek \u00e7ok kez lay\u0131k g\u00f6r\u00fclen Six Senses Kaplankaya’n\u0131n Pazarlama ve \u0130leti\u015fim Direkt\u00f6rl\u00fc\u011f\u00fc g\u00f6revini \u00fcstlenen Yasemin Kerimo\u011flu U\u00e7ar, markan\u0131n s\u00fcrd\u00fcr\u00fclebilir felsefesi \u0131\u015f\u0131\u011f\u0131nda \u00e7al\u0131\u015fmalar\u0131n\u0131 s\u00fcrd\u00fcr\u00fcyor. Yasemin Kerimo\u011flu U\u00e7ar , Reklam ve Pazarlama e\u011fitiminin ard\u0131ndan kariyerine 1999 y\u0131l\u0131nda ba\u015flad\u0131. U\u00e7ar, ileti\u015fim alan\u0131ndaki tecr\u00fcbesini Grey Worldwide, Garanti Bankas\u0131, Swissotel The Bosphorus  ve Four Seasons Hotels  Istanbul’da edindi\u011fi deneyimlerle per\u00e7inledi. 2020 y\u0131l\u0131ndan itibaren Six Senses Kaplankaya Pazarlama \u0130leti\u015fimi M\u00fcd\u00fcrl\u00fc\u011f\u00fcn\u00fc s\u00fcrd\u00fcrmekte olan Yasemin Kerimo\u011flu U\u00e7ar, \u015eubat 2022 itibariyle markan\u0131n Pazarlama ve \u0130leti\u015fim Direkt\u00f6rl\u00fc\u011f\u00fc  g\u00f6revini \u00fcstlendi. Kariyer yolculu\u011funu global e\u011fitim ve seminerlerle s\u00fcrekli aktif tutan Yasemin Kerimo\u011flu U\u00e7ar, i\u015f d\u0131\u015f\u0131nda foto\u011fraf\u00e7\u0131l\u0131k ve tenis ile ilgileniyor. ","protected":false},"author":1,"featured_media":0,"parent":460,"menu_order":0,"comment_status":"open","ping_status":"closed","template":"","meta":{"_links_to":"https:\/\/www.kadindostumarkalar.org\/yazilar\/kariyer-basamaklari\/yasemin-kerimoglu-ucar-six-senses-kaplankaya-direktoru-oldu","_links_to_target":"https:\/\/www.kadindostumarkalar.org\/yazilar\/kariyer-basamaklari\/yasemin-kerimoglu-ucar-six-senses-kaplankaya-direktoru-oldu"},"_links":{"self":[{"href":"https:\/\/www.kadindostumarkalar.org\/yazilar\/kariyer-basamaklari\/yasemin-kerimoglu-ucar-six-senses-kaplankaya-direktoru-oldu"}],"collection":[{"href":"urlver"}],"about":[{"href":""}],"author":[{"embeddable":true,"href":"https:\/\/www.kadindostumarkalar.org\/yazilar\/kariyer-basamaklari\/yasemin-kerimoglu-ucar-six-senses-kaplankaya-direktoru-oldu"}],"replies":[{"embeddable":true,"href":"https:\/\/www.kadindostumarkalar.org\/yazilar\/kariyer-basamaklari\/yasemin-kerimoglu-ucar-six-senses-kaplankaya-direktoru-oldu"}],"version-history":[{"count":1108,"href":"https:\/\/www.kadindostumarkalar.org\/yazilar\/kariyer-basamaklari\/yasemin-kerimoglu-ucar-six-senses-kaplankaya-direktoru-oldu"}],"predecessor-version":[{"id":460,"href":"https:\/\/www.kadindostumarkalar.org\/yazilar\/kariyer-basamaklari\/yasemin-kerimoglu-ucar-six-senses-kaplankaya-direktoru-oldu"}],"up":[{"embeddable":true,"href":"https:\/\/www.kadindostumarkalar.org\/yazilar\/kariyer-basamaklari\/yasemin-kerimoglu-ucar-six-senses-kaplankaya-direktoru-oldu"}],"wp:attachment":[{"href":"https:\/\/www.kadindostumarkalar.org\/img\/blog\/yasemin-kerimoglu-ucar-six-senses-kaplankaya-direktoru-oldu-0-12623.jpg"}],"curies":[{"name":".Net","href":"https:\/\/api.w.org\/{rel}","templated":true}]}}