{"id":48,"date":"2021-04-15T00:00:00","date_gmt":"2021-04-15T00:00:00","guid":{"rendered":"https:\/\/www.kadindostumarkalar.org\/yazilar\/gida\/yayla-agro8217dan-kadin-el-emegine-destek"},"modified":"2022-05-31T03:44:43","modified_gmt":"2022-05-31T03:44:43","slug":"yayla-agro8217dan-kadin-el-emegine-destek","status":"publish","type":"page","link":"","title":{"rendered":"YAYLA AGRO'DAN KADIN EL EME\u011e\u0130NE DESTEK"},"content":{"rendered":"Geli\u015fmi\u015f teknolojisi, y\u00fcksek kapasiteli \u00fcretimi ve katma de\u011ferli \u00fcr\u00fcn gam\u0131yla T\u00fcrkiye’nin g\u00fcvenilir markalar\u0131ndan olan Yayla Agro, kad\u0131n el eme\u011fine de\u011fer veren, toplumda y\u00fcksek oranda bir fark\u0131ndal\u0131k yaratacak “\u00dcreten Kad\u0131na Destek” projesini hayata ge\u00e7iriyor.   Yayla Agro , T\u00fcrkiye’nin d\u00f6rt bir yan\u0131nda el eme\u011fi  ile \u00fcretim  yaparak var olma m\u00fccadelesi veren kad\u0131n lara destek olmak i\u00e7in 8 Mart D\u00fcnya Emek\u00e7i Kad\u0131nlar G\u00fcn\u00fc ’nde harekete ge\u00e7erek “\u00dcreten Kad\u0131na Destek ” projesini ba\u015flatt\u0131. Projeyle kad\u0131nlar\u0131n el eme\u011fi \u00fcretimlerinin aktif ekonomi i\u00e7erisinde yer almas\u0131 ve s\u00fcrd\u00fcr\u00fclebilir olmas\u0131 hedefleniyor. Farkl\u0131 e\u011fitim, meslek ve ya\u015f gruplar\u0131ndan \u00e7ok say\u0131da kad\u0131n\u0131n desteklenece\u011fi proje kapsam\u0131nda ilk etapta el eme\u011fi ile \u00fcretilen bakliyat  torbalar\u0131  ve mutfak \u00f6nl\u00fckleri  Yayla Agro  taraf\u0131ndan sahada ve online sat\u0131\u015f kanallar\u0131nda y\u00fcr\u00fct\u00fclen promosyonlarda kullan\u0131lacak. Yayla Agro , ekonomik \u00f6zg\u00fcrl\u00fck yolculuklar\u0131nda kad\u0131nlar\u0131n emeklerine sahip \u00e7\u0131karak tarladan \u00e7atala uzanan emek zincirine dâhil ediyor. Kad\u0131n  ve erkek e\u015fitli\u011fini \u015firket politikas\u0131 olarak benimseyen marka, 8 Mart D\u00fcnya Emek\u00e7i Kad\u0131nlar G\u00fcn\u00fc ’nde ba\u015flatt\u0131\u011f\u0131 “\u00dcreten Kad\u0131na Destek ” projesi ile dezavantajl\u0131 konumdaki kad\u0131nlar\u0131n ekonomik \u00f6zg\u00fcrl\u00fcklerini kazanmalar\u0131na katk\u0131 sunmak amac\u0131yla el emek lerini gelir kayna\u011f\u0131na d\u00f6n\u00fc\u015ft\u00fcrecek. Eme\u011fini de\u011fer \u00fcretmeye adayan kad\u0131nlar\u0131n yan\u0131nda olmay\u0131 hedef edinen Yayla Agro , “\u00dcreten Kad\u0131na Destek ” projesini hayata ge\u00e7irirken Birle\u015fmi\u015f Kad\u0131nlar  \u00dcretim ve \u0130\u015fletme Kooperatifi (B\u0130KA ) ve Leap Natural  ile i\u015f birli\u011fine imza att\u0131. Proje kapsam\u0131nda anla\u015fmal\u0131 kooperatiflerin \u00e7at\u0131s\u0131 alt\u0131nda \u00fcretim yapan kad\u0131nlar\u0131n el eme\u011fi  ile haz\u0131rlayaca\u011f\u0131 bakliyat  torbalar\u0131  ve mutfak  \u00f6nl\u00fckleri  promosyon malzemesi olarak kullan\u0131lacak.  Yayla Agro , bu proje ile \u00fcreten kad\u0131nlar \u0131n yan\u0131 s\u0131ra ekonomik ve sosyal kalk\u0131nmada b\u00fcy\u00fck rol oynayan kooperatifleri de desteklemi\u015f olacak. ","protected":false},"author":1,"featured_media":0,"parent":48,"menu_order":0,"comment_status":"open","ping_status":"closed","template":"","meta":{"_links_to":"https:\/\/www.kadindostumarkalar.org\/yazilar\/gida\/yayla-agro8217dan-kadin-el-emegine-destek","_links_to_target":"https:\/\/www.kadindostumarkalar.org\/yazilar\/gida\/yayla-agro8217dan-kadin-el-emegine-destek"},"_links":{"self":[{"href":"https:\/\/www.kadindostumarkalar.org\/yazilar\/gida\/yayla-agro8217dan-kadin-el-emegine-destek"}],"collection":[{"href":"urlver"}],"about":[{"href":""}],"author":[{"embeddable":true,"href":"https:\/\/www.kadindostumarkalar.org\/yazilar\/gida\/yayla-agro8217dan-kadin-el-emegine-destek"}],"replies":[{"embeddable":true,"href":"https:\/\/www.kadindostumarkalar.org\/yazilar\/gida\/yayla-agro8217dan-kadin-el-emegine-destek"}],"version-history":[{"count":1009,"href":"https:\/\/www.kadindostumarkalar.org\/yazilar\/gida\/yayla-agro8217dan-kadin-el-emegine-destek"}],"predecessor-version":[{"id":48,"href":"https:\/\/www.kadindostumarkalar.org\/yazilar\/gida\/yayla-agro8217dan-kadin-el-emegine-destek"}],"up":[{"embeddable":true,"href":"https:\/\/www.kadindostumarkalar.org\/yazilar\/gida\/yayla-agro8217dan-kadin-el-emegine-destek"}],"wp:attachment":[{"href":"https:\/\/www.kadindostumarkalar.org\/img\/blog\/yayla-agro-ureten-kadina-destek-projesi-1-scaled.jpg"}],"curies":[{"name":".Net","href":"https:\/\/api.w.org\/{rel}","templated":true}]}}